{"id":2,"date":"2024-03-06T10:01:15","date_gmt":"2024-03-06T09:01:15","guid":{"rendered":"https:\/\/blogs.groupevaleco.com\/site-modele\/?page_id=2"},"modified":"2025-11-26T10:24:05","modified_gmt":"2025-11-26T09:24:05","slug":"page-d-exemple","status":"publish","type":"page","link":"https:\/\/blogvaleco.com\/projeteoliendethoiresurdinan\/","title":{"rendered":"Accueil"},"content":{"rendered":"\n<div class=\"wp-block-cover alignfull has-custom-content-position is-position-bottom-center\" style=\"padding-bottom:var(--wp--preset--spacing--80);min-height:350px;aspect-ratio:unset;\"><img loading=\"lazy\" decoding=\"async\" width=\"2560\" height=\"1497\" class=\"wp-block-cover__image-background wp-image-551\" alt=\"\" src=\"https:\/\/blogvaleco.com\/projeteoliendethoiresurdinan\/wp-content\/uploads\/sites\/33\/2024\/07\/Audincthun-3-scaled.jpg\" style=\"object-position:54% 60%\" data-object-fit=\"cover\" data-object-position=\"54% 60%\" srcset=\"https:\/\/blogvaleco.com\/projeteoliendethoiresurdinan\/wp-content\/uploads\/sites\/33\/2024\/07\/Audincthun-3-scaled.jpg 2560w, https:\/\/blogvaleco.com\/projeteoliendethoiresurdinan\/wp-content\/uploads\/sites\/33\/2024\/07\/Audincthun-3-300x175.jpg 300w, https:\/\/blogvaleco.com\/projeteoliendethoiresurdinan\/wp-content\/uploads\/sites\/33\/2024\/07\/Audincthun-3-1024x599.jpg 1024w, https:\/\/blogvaleco.com\/projeteoliendethoiresurdinan\/wp-content\/uploads\/sites\/33\/2024\/07\/Audincthun-3-768x449.jpg 768w, https:\/\/blogvaleco.com\/projeteoliendethoiresurdinan\/wp-content\/uploads\/sites\/33\/2024\/07\/Audincthun-3-1536x898.jpg 1536w, https:\/\/blogvaleco.com\/projeteoliendethoiresurdinan\/wp-content\/uploads\/sites\/33\/2024\/07\/Audincthun-3-2048x1198.jpg 2048w\" sizes=\"auto, (max-width: 2560px) 100vw, 2560px\" \/><span aria-hidden=\"true\" class=\"wp-block-cover__background has-primary-background-color has-background-dim-60 has-background-dim\"><\/span><div class=\"wp-block-cover__inner-container is-layout-constrained wp-block-cover-is-layout-constrained\">\n    <div  class=\"bf-timeline-horizontal bf-timeline-horizontal__theme-light\" data-dot=\"8\">\n        <div class=\"bf-timeline-horizontal__container\">\n                            <div class=\"bf-timeline-horizontal__event \">\n                    <span class=\"bf-timeline-horizontal__event-effect\"><\/span>\n                    <span class=\"bf-timeline-horizontal__event-element\" data-year=\"2021\" data-info=\"Pr\u00e9faisabilit\u00e9\"><\/span>\n                <\/div>\n\n                            <div class=\"bf-timeline-horizontal__event \">\n                    <span class=\"bf-timeline-horizontal__event-effect\"><\/span>\n                    <span class=\"bf-timeline-horizontal__event-element\" data-year=\"2024\" data-info=\"D\u00e9veloppement\"><\/span>\n                <\/div>\n\n                            <div class=\"bf-timeline-horizontal__event \">\n                    <span class=\"bf-timeline-horizontal__event-effect\"><\/span>\n                    <span class=\"bf-timeline-horizontal__event-element\" data-year=\"2025\" data-info=\"Instruction\"><\/span>\n                <\/div>\n\n                            <div class=\"bf-timeline-horizontal__event active\">\n                    <span class=\"bf-timeline-horizontal__event-effect\"><\/span>\n                    <span class=\"bf-timeline-horizontal__event-element\" data-year=\"2025\" data-info=\"Suspension du projet \u00e9olien\"><\/span>\n                <\/div>\n\n                            <div class=\"bf-timeline-horizontal__event \">\n                    <span class=\"bf-timeline-horizontal__event-effect\"><\/span>\n                    <span class=\"bf-timeline-horizontal__event-element\" data-year=\"2027\" data-info=\"Pr\u00e9-construction\"><\/span>\n                <\/div>\n\n                            <div class=\"bf-timeline-horizontal__event \">\n                    <span class=\"bf-timeline-horizontal__event-effect\"><\/span>\n                    <span class=\"bf-timeline-horizontal__event-element\" data-year=\"2030\" data-info=\"Construction\"><\/span>\n                <\/div>\n\n                            <div class=\"bf-timeline-horizontal__event \">\n                    <span class=\"bf-timeline-horizontal__event-effect\"><\/span>\n                    <span class=\"bf-timeline-horizontal__event-element\" data-year=\"2031\" data-info=\"Production\"><\/span>\n                <\/div>\n\n                            <div class=\"bf-timeline-horizontal__event \">\n                    <span class=\"bf-timeline-horizontal__event-effect\"><\/span>\n                    <span class=\"bf-timeline-horizontal__event-element\" data-year=\"+\/- 2055\" data-info=\"D\u00e9mant\u00e8lement\"><\/span>\n                <\/div>\n\n                    <\/div>\n    <\/div>\n<\/div><\/div>\n\n\n\n<div class=\"wp-block-group alignfull has-background is-layout-constrained wp-block-group-is-layout-constrained\" style=\"background-color:#efefef;margin-top:0;padding-top:var(--wp--preset--spacing--70);padding-bottom:var(--wp--preset--spacing--70)\">\n<div class=\"wp-block-columns is-layout-flex wp-container-core-columns-is-layout-28f84493 wp-block-columns-is-layout-flex\">\n<div class=\"wp-block-column is-layout-flow wp-block-column-is-layout-flow\" style=\"flex-basis:70%\">\n<h2 class=\"wp-block-heading has-text-align-center\">D\u00e9couvrez le projet parc \u00e9olien sur la commune de Thoir\u00e9-sur-Dinan en chiffres<\/h2>\n\n\n\n<div class=\"wp-block-columns cta-block-1 is-layout-flex wp-container-core-columns-is-layout-159f51c6 wp-block-columns-is-layout-flex\" style=\"margin-top:0\">\n<div class=\"wp-block-column has-white-background-color has-background is-layout-flow wp-container-core-column-is-layout-1d0ad487 wp-block-column-is-layout-flow\" style=\"padding-top:var(--wp--preset--spacing--50);padding-right:var(--wp--preset--spacing--40);padding-bottom:var(--wp--preset--spacing--50);padding-left:var(--wp--preset--spacing--40)\">\n<figure class=\"wp-block-image aligncenter size-full is-resized\"><img loading=\"lazy\" decoding=\"async\" width=\"300\" height=\"300\" src=\"https:\/\/blogvaleco.com\/projeteoliendethoiresurdinan\/wp-content\/uploads\/sites\/33\/2024\/03\/icone-eolienne.png\" alt=\"\" class=\"wp-image-62\" style=\"width:110px\" srcset=\"https:\/\/blogvaleco.com\/projeteoliendethoiresurdinan\/wp-content\/uploads\/sites\/33\/2024\/03\/icone-eolienne.png 300w, https:\/\/blogvaleco.com\/projeteoliendethoiresurdinan\/wp-content\/uploads\/sites\/33\/2024\/03\/icone-eolienne-150x150.png 150w\" sizes=\"auto, (max-width: 300px) 100vw, 300px\" \/><\/figure>\n\n\n\n<h3 class=\"wp-block-heading has-text-align-center has-black-color has-text-color has-link-color wp-elements-0fb5ed9893c57d8b04125a8be881f5fd\">2 \u00e9oliennes<\/h3>\n\n\n\n<p class=\"has-text-align-center has-text-color has-link-color wp-elements-75a7a03b61932f523836c45197322ceb\" style=\"color:#6a6a6a\">Potentiel du site<\/p>\n<\/div>\n\n\n\n<div class=\"wp-block-column has-white-background-color has-background is-layout-flow wp-container-core-column-is-layout-1d0ad487 wp-block-column-is-layout-flow\" style=\"padding-top:var(--wp--preset--spacing--50);padding-right:var(--wp--preset--spacing--40);padding-bottom:var(--wp--preset--spacing--50);padding-left:var(--wp--preset--spacing--40)\">\n<figure class=\"wp-block-image aligncenter size-full is-resized\"><img loading=\"lazy\" decoding=\"async\" width=\"300\" height=\"300\" src=\"https:\/\/blogvaleco.com\/projeteoliendethoiresurdinan\/wp-content\/uploads\/sites\/33\/2024\/03\/icone-energie.png\" alt=\"\" class=\"wp-image-61\" style=\"width:110px\" srcset=\"https:\/\/blogvaleco.com\/projeteoliendethoiresurdinan\/wp-content\/uploads\/sites\/33\/2024\/03\/icone-energie.png 300w, https:\/\/blogvaleco.com\/projeteoliendethoiresurdinan\/wp-content\/uploads\/sites\/33\/2024\/03\/icone-energie-150x150.png 150w\" sizes=\"auto, (max-width: 300px) 100vw, 300px\" \/><\/figure>\n\n\n\n<h3 class=\"wp-block-heading has-text-align-center has-black-color has-text-color has-link-color wp-elements-ace501fc197dbdbc81f67891cdf338b8\">9.6 MW<\/h3>\n\n\n\n<p class=\"has-text-align-center has-text-color has-link-color wp-elements-a5a8fb6db9edd64dbbdc3a16280af0f8\" style=\"color:#6a6a6a\">Puissance totale du projet<\/p>\n<\/div>\n\n\n\n<div class=\"wp-block-column has-white-background-color has-background is-layout-flow wp-container-core-column-is-layout-1d0ad487 wp-block-column-is-layout-flow\" style=\"padding-top:var(--wp--preset--spacing--50);padding-right:var(--wp--preset--spacing--40);padding-bottom:var(--wp--preset--spacing--50);padding-left:var(--wp--preset--spacing--40)\">\n<figure class=\"wp-block-image aligncenter size-full is-resized\"><img loading=\"lazy\" decoding=\"async\" width=\"300\" height=\"300\" src=\"https:\/\/blogvaleco.com\/projeteoliendethoiresurdinan\/wp-content\/uploads\/sites\/33\/2024\/03\/icone-energie.png\" alt=\"\" class=\"wp-image-61\" style=\"width:110px\" srcset=\"https:\/\/blogvaleco.com\/projeteoliendethoiresurdinan\/wp-content\/uploads\/sites\/33\/2024\/03\/icone-energie.png 300w, https:\/\/blogvaleco.com\/projeteoliendethoiresurdinan\/wp-content\/uploads\/sites\/33\/2024\/03\/icone-energie-150x150.png 150w\" sizes=\"auto, (max-width: 300px) 100vw, 300px\" \/><\/figure>\n\n\n\n<h3 class=\"wp-block-heading has-text-align-center has-black-color has-text-color has-link-color wp-elements-acfa821000c40940bc7b1a98701e7159\">23 000 MWh\/an<\/h3>\n\n\n\n<p class=\"has-text-align-center has-text-color has-link-color wp-elements-f04400e5b9ad16d89249436665c43167\" style=\"color:#6a6a6a\">Production annuelle attendue<\/p>\n<\/div>\n\n\n\n<div class=\"wp-block-column has-white-background-color has-background is-layout-flow wp-container-core-column-is-layout-1d0ad487 wp-block-column-is-layout-flow\" style=\"padding-top:var(--wp--preset--spacing--50);padding-right:var(--wp--preset--spacing--40);padding-bottom:var(--wp--preset--spacing--50);padding-left:var(--wp--preset--spacing--40)\">\n<figure class=\"wp-block-image aligncenter size-full is-resized\"><img loading=\"lazy\" decoding=\"async\" width=\"300\" height=\"300\" src=\"https:\/\/blogvaleco.com\/projeteoliendethoiresurdinan\/wp-content\/uploads\/sites\/33\/2024\/03\/icone-foyer.png\" alt=\"\" class=\"wp-image-63\" style=\"width:110px\" srcset=\"https:\/\/blogvaleco.com\/projeteoliendethoiresurdinan\/wp-content\/uploads\/sites\/33\/2024\/03\/icone-foyer.png 300w, https:\/\/blogvaleco.com\/projeteoliendethoiresurdinan\/wp-content\/uploads\/sites\/33\/2024\/03\/icone-foyer-150x150.png 150w\" sizes=\"auto, (max-width: 300px) 100vw, 300px\" \/><\/figure>\n\n\n\n<h3 class=\"wp-block-heading has-text-align-center has-black-color has-text-color has-link-color wp-elements-77026614296618fe785371972a43c4af\">5 500 foyers<\/h3>\n\n\n\n<p class=\"has-text-align-center has-text-color has-link-color wp-elements-d57cbb5d1cf7d09d7e154aaf540ba769\" style=\"color:#6a6a6a\">Equivalent en consommation d&rsquo;\u00e9lectricit\u00e9<\/p>\n<\/div>\n\n\n\n<div class=\"wp-block-column has-white-background-color has-background is-layout-flow wp-container-core-column-is-layout-1d0ad487 wp-block-column-is-layout-flow\" style=\"padding-top:var(--wp--preset--spacing--50);padding-right:var(--wp--preset--spacing--40);padding-bottom:var(--wp--preset--spacing--50);padding-left:var(--wp--preset--spacing--40)\">\n<figure class=\"wp-block-image aligncenter size-full is-resized\"><img loading=\"lazy\" decoding=\"async\" width=\"300\" height=\"300\" src=\"https:\/\/blogvaleco.com\/projeteoliendethoiresurdinan\/wp-content\/uploads\/sites\/33\/2024\/03\/icone-eco.png\" alt=\"\" class=\"wp-image-60\" style=\"width:110px\" srcset=\"https:\/\/blogvaleco.com\/projeteoliendethoiresurdinan\/wp-content\/uploads\/sites\/33\/2024\/03\/icone-eco.png 300w, https:\/\/blogvaleco.com\/projeteoliendethoiresurdinan\/wp-content\/uploads\/sites\/33\/2024\/03\/icone-eco-150x150.png 150w\" sizes=\"auto, (max-width: 300px) 100vw, 300px\" \/><\/figure>\n\n\n\n<h3 class=\"wp-block-heading has-text-align-center has-black-color has-text-color has-link-color wp-elements-405a384e33298156bb5f527dd4853e7d\">11 200 tonnes de co2<\/h3>\n\n\n\n<p class=\"has-text-align-center has-text-color has-link-color wp-elements-d75367e68f0367f00547fe2582951ef6\" style=\"color:#6a6a6a\">Rejet de CO2 \u00e9vit\u00e9 dans l&rsquo;atmosph\u00e8re<\/p>\n<\/div>\n<\/div>\n\n\n\n<div class=\"wp-block-buttons is-content-justification-center is-layout-flex wp-container-core-buttons-is-layout-ba9ea59f wp-block-buttons-is-layout-flex\" style=\"margin-top:var(--wp--preset--spacing--60)\">\n<div class=\"wp-block-button\"><a class=\"wp-block-button__link has-secondary-background-color has-background wp-element-button\" href=\"https:\/\/blogvaleco.com\/projeteoliendethoiresurdinan\/projet\/\">En savoir plus sur le projet<\/a><\/div>\n<\/div>\n<\/div>\n\n\n\n<div class=\"wp-block-column home-sidebar is-layout-flow wp-block-column-is-layout-flow\" style=\"flex-basis:30%\">\n<div class=\"wp-block-group has-secondary-background-color has-background is-layout-constrained wp-container-core-group-is-layout-97829e9f wp-block-group-is-layout-constrained\" style=\"border-radius:20px;padding-right:var(--wp--preset--spacing--40);padding-left:var(--wp--preset--spacing--40)\">\n<h3 class=\"wp-block-heading has-text-align-center\">O\u00f9 en est le projet ?<\/h3>\n\n\n\n<div class=\"wp-block-group is-nowrap is-layout-flex wp-container-core-group-is-layout-6c531013 wp-block-group-is-layout-flex\">\n<figure class=\"wp-block-image size-full is-resized\"><img loading=\"lazy\" decoding=\"async\" width=\"300\" height=\"300\" src=\"https:\/\/blogvaleco.com\/projeteoliendethoiresurdinan\/wp-content\/uploads\/sites\/33\/2024\/03\/icone-projet.png\" alt=\"\" class=\"wp-image-101\" style=\"width:150px\" srcset=\"https:\/\/blogvaleco.com\/projeteoliendethoiresurdinan\/wp-content\/uploads\/sites\/33\/2024\/03\/icone-projet.png 300w, https:\/\/blogvaleco.com\/projeteoliendethoiresurdinan\/wp-content\/uploads\/sites\/33\/2024\/03\/icone-projet-150x150.png 150w\" sizes=\"auto, (max-width: 300px) 100vw, 300px\" \/><\/figure>\n\n\n\n<p class=\"has-primary-color has-text-color has-link-color wp-elements-74c174a71c4cd8662e9ec769c6cea2d1\">Le projet du parc \u00e9olien de la Croix de l&rsquo;Hommeau est actuellement en phase d&rsquo;instruction<\/p>\n<\/div>\n<\/div>\n\n\n\n<div class=\"wp-block-group has-white-color has-primary-background-color has-text-color has-background has-link-color wp-elements-793b6b983bcea432abcd0f5088cf3a1e is-layout-constrained wp-container-core-group-is-layout-97829e9f wp-block-group-is-layout-constrained\" style=\"border-radius:20px;padding-right:var(--wp--preset--spacing--40);padding-left:var(--wp--preset--spacing--40)\">\n<h3 class=\"wp-block-heading has-text-align-center has-white-color has-text-color has-link-color wp-elements-ddb6c94cdcfb487a1845bb494c5f9890\">Interlocuteur<\/h3>\n\n\n\n<div class=\"wp-block-group has-background is-nowrap is-layout-flex wp-container-core-group-is-layout-af397ba8 wp-block-group-is-layout-flex\" style=\"border-radius:10px;background-color:#ffffff1c;padding-top:var(--wp--preset--spacing--30);padding-right:var(--wp--preset--spacing--30);padding-bottom:var(--wp--preset--spacing--30);padding-left:var(--wp--preset--spacing--30)\">\n<figure class=\"wp-block-image size-full is-resized has-custom-border\"><img loading=\"lazy\" decoding=\"async\" width=\"1848\" height=\"2560\" src=\"https:\/\/blogvaleco.com\/projeteoliendethoiresurdinan\/wp-content\/uploads\/sites\/33\/2025\/02\/Melody_Darsoulant-scaled.jpg\" alt=\"\" class=\"wp-image-866\" style=\"border-radius:100px;width:50px\" srcset=\"https:\/\/blogvaleco.com\/projeteoliendethoiresurdinan\/wp-content\/uploads\/sites\/33\/2025\/02\/Melody_Darsoulant-scaled.jpg 1848w, https:\/\/blogvaleco.com\/projeteoliendethoiresurdinan\/wp-content\/uploads\/sites\/33\/2025\/02\/Melody_Darsoulant-217x300.jpg 217w, https:\/\/blogvaleco.com\/projeteoliendethoiresurdinan\/wp-content\/uploads\/sites\/33\/2025\/02\/Melody_Darsoulant-739x1024.jpg 739w, https:\/\/blogvaleco.com\/projeteoliendethoiresurdinan\/wp-content\/uploads\/sites\/33\/2025\/02\/Melody_Darsoulant-768x1064.jpg 768w, https:\/\/blogvaleco.com\/projeteoliendethoiresurdinan\/wp-content\/uploads\/sites\/33\/2025\/02\/Melody_Darsoulant-1109x1536.jpg 1109w, https:\/\/blogvaleco.com\/projeteoliendethoiresurdinan\/wp-content\/uploads\/sites\/33\/2025\/02\/Melody_Darsoulant-1478x2048.jpg 1478w\" sizes=\"auto, (max-width: 1848px) 100vw, 1848px\" \/><\/figure>\n\n\n\n<div class=\"wp-block-group is-vertical is-layout-flex wp-container-core-group-is-layout-4b827052 wp-block-group-is-layout-flex\">\n<p style=\"font-style:normal;font-weight:700\"><strong>M\u00e9lody DARSOULANT<\/strong><\/p>\n\n\n\n<p class=\"has-secondary-color has-text-color has-link-color has-small-font-size wp-elements-a5114463905975b8bd6d1135b736acc6\">Cheffe de projet<\/p>\n\n\n\n<p style=\"font-size:13px\">melodydarsoulant@groupevaleco.com<\/p>\n<\/div>\n<\/div>\n\n\n\n<div class=\"wp-block-group is-nowrap is-layout-flex wp-container-core-group-is-layout-6c531013 wp-block-group-is-layout-flex\">\n<figure class=\"wp-block-image size-full is-resized\"><img loading=\"lazy\" decoding=\"async\" width=\"512\" height=\"502\" src=\"https:\/\/blogvaleco.com\/projeteoliendethoiresurdinan\/wp-content\/uploads\/sites\/33\/2024\/03\/favicon-groupevaleco.png\" alt=\"\" class=\"wp-image-8\" style=\"width:30px\" srcset=\"https:\/\/blogvaleco.com\/projeteoliendethoiresurdinan\/wp-content\/uploads\/sites\/33\/2024\/03\/favicon-groupevaleco.png 512w, https:\/\/blogvaleco.com\/projeteoliendethoiresurdinan\/wp-content\/uploads\/sites\/33\/2024\/03\/favicon-groupevaleco-300x294.png 300w\" sizes=\"auto, (max-width: 512px) 100vw, 512px\" \/><\/figure>\n\n\n\n<p class=\"has-white-color has-text-color has-link-color has-small-font-size wp-elements-5a563074dd68c9f525a0fdf6375d85cc\">Agence de Montpellier<br>188 rue Maurice Bejart \u2013 CS 57392 34184 Montpellier<\/p>\n<\/div>\n\n\n\n<div class=\"wp-block-buttons is-content-justification-center is-layout-flex wp-container-core-buttons-is-layout-a89b3969 wp-block-buttons-is-layout-flex\">\n<div class=\"wp-block-button\"><a class=\"wp-block-button__link has-primary-color has-white-background-color has-text-color has-background has-link-color wp-element-button\" href=\"https:\/\/blogvaleco.com\/projeteoliendethoiresurdinan\/contact\/\"><img loading=\"lazy\" decoding=\"async\" width=\"6\" height=\"13\" class=\"wp-image-200\" style=\"width: 6px\" src=\"https:\/\/blogvaleco.com\/projeteoliendethoiresurdinan\/wp-content\/uploads\/sites\/33\/2024\/03\/icone-fleche-bleu.svg\" alt=\"\"> Poser une question<\/a><\/div>\n<\/div>\n<\/div>\n<\/div>\n<\/div>\n<\/div>\n\n\n\n<div class=\"wp-block-group alignfull is-layout-constrained wp-block-group-is-layout-constrained has-background\" style=\"margin-top:0;padding-top:var(--wp--preset--spacing--70);padding-bottom:var(--wp--preset--spacing--70);background-image:url(&apos;https:\/\/blogvaleco.com\/projeteoliendethoiresurdinan\/wp-content\/uploads\/sites\/33\/2024\/05\/DSC09815-2-scaled.jpg&apos;);background-position:46% 61%;background-size:cover;\">\n<div class=\"wp-block-query cta-actus is-layout-flow wp-block-query-is-layout-flow\"><ul class=\"columns-3 wp-block-post-template is-layout-grid wp-container-core-post-template-is-layout-6d3fbd8f wp-block-post-template-is-layout-grid\"><li class=\"wp-block-post post-927 post type-post status-publish format-standard hentry category-non-classe\">\n\n<div class=\"wp-block-group has-white-background-color has-background is-layout-constrained wp-container-core-group-is-layout-e0082cf6 wp-block-group-is-layout-constrained\" style=\"border-radius:20px\">\n<div class=\"wp-block-group is-nowrap is-layout-flex wp-container-core-group-is-layout-0e233f1e wp-block-group-is-layout-flex\">\n<figure class=\"wp-block-image size-large\"><img loading=\"lazy\" decoding=\"async\" width=\"12\" height=\"13\" src=\"https:\/\/blogvaleco.com\/projeteoliendethoiresurdinan\/wp-content\/uploads\/sites\/33\/2024\/03\/icone-calendrier.svg\" alt=\"\" class=\"wp-image-122\"\/><\/figure>\n\n\n<div class=\"wp-block-post-date\"><time datetime=\"2025-09-01T16:03:53+02:00\">1 septembre 2025<\/time><\/div><\/div>\n\n\n<h2 style=\"font-size:18px;font-style:normal;font-weight:600;text-transform:none;\" class=\"wp-block-post-title\"><a href=\"https:\/\/blogvaleco.com\/projeteoliendethoiresurdinan\/2025\/09\/01\/suspension-du-projet-eolien-de-la-croix-de-lhommeau\/\" target=\"_self\" >Suspension du projet \u00e9olien de la Croix de l\u2019Hommeau<\/a><\/h2>\n\n<div class=\"wp-block-post-excerpt\"><p class=\"wp-block-post-excerpt__excerpt\">La soci\u00e9t\u00e9 VALECO et la commune de Thoir\u00e9-sur-Dinan souhaitent informer\u2026 <\/p><\/div>\n\n\n<div class=\"wp-block-group is-nowrap is-layout-flex wp-container-core-group-is-layout-8a75d646 wp-block-group-is-layout-flex\" style=\"padding-top:var(--wp--preset--spacing--30)\">\n<figure class=\"wp-block-image size-large\"><img loading=\"lazy\" decoding=\"async\" width=\"5\" height=\"10\" src=\"https:\/\/blogvaleco.com\/projeteoliendethoiresurdinan\/wp-content\/uploads\/sites\/33\/2024\/03\/icone-fleche.svg\" alt=\"\" class=\"wp-image-124\"\/><\/figure>\n\n\n<a style=\"color:#7c7c7c;\" class=\"wp-elements-373d403f744cf76ac8657d781181aaaf wp-block-read-more has-text-color\" href=\"https:\/\/blogvaleco.com\/projeteoliendethoiresurdinan\/2025\/09\/01\/suspension-du-projet-eolien-de-la-croix-de-lhommeau\/\" target=\"_self\">Lire la suite<span class=\"screen-reader-text\">\u00a0: Suspension du projet \u00e9olien de la Croix de l\u2019Hommeau<\/span><\/a><\/div>\n<\/div>\n\n<\/li><li class=\"wp-block-post post-922 post type-post status-publish format-standard hentry category-non-classe\">\n\n<div class=\"wp-block-group has-white-background-color has-background is-layout-constrained wp-container-core-group-is-layout-e0082cf6 wp-block-group-is-layout-constrained\" style=\"border-radius:20px\">\n<div class=\"wp-block-group is-nowrap is-layout-flex wp-container-core-group-is-layout-0e233f1e wp-block-group-is-layout-flex\">\n<figure class=\"wp-block-image size-large\"><img loading=\"lazy\" decoding=\"async\" width=\"12\" height=\"13\" src=\"https:\/\/blogvaleco.com\/projeteoliendethoiresurdinan\/wp-content\/uploads\/sites\/33\/2024\/03\/icone-calendrier.svg\" alt=\"\" class=\"wp-image-122\"\/><\/figure>\n\n\n<div class=\"wp-block-post-date\"><time datetime=\"2024-12-06T17:19:04+01:00\">6 d\u00e9cembre 2024<\/time><\/div><\/div>\n\n\n<h2 style=\"font-size:18px;font-style:normal;font-weight:600;text-transform:none;\" class=\"wp-block-post-title\"><a href=\"https:\/\/blogvaleco.com\/projeteoliendethoiresurdinan\/2024\/12\/06\/depot-de-la-demande-dautorisation-environnementale-decembre-2024\/\" target=\"_self\" >D\u00e9p\u00f4t de la demande d&rsquo;autorisation environnementale &#8211; D\u00e9cembre 2024<\/a><\/h2>\n\n<div class=\"wp-block-post-excerpt\"><p class=\"wp-block-post-excerpt__excerpt\">L\u2019Equipe Projet souhaite vous informer que le 06 d\u00e9cembre 2024,\u2026 <\/p><\/div>\n\n\n<div class=\"wp-block-group is-nowrap is-layout-flex wp-container-core-group-is-layout-8a75d646 wp-block-group-is-layout-flex\" style=\"padding-top:var(--wp--preset--spacing--30)\">\n<figure class=\"wp-block-image size-large\"><img loading=\"lazy\" decoding=\"async\" width=\"5\" height=\"10\" src=\"https:\/\/blogvaleco.com\/projeteoliendethoiresurdinan\/wp-content\/uploads\/sites\/33\/2024\/03\/icone-fleche.svg\" alt=\"\" class=\"wp-image-124\"\/><\/figure>\n\n\n<a style=\"color:#7c7c7c;\" class=\"wp-elements-373d403f744cf76ac8657d781181aaaf wp-block-read-more has-text-color\" href=\"https:\/\/blogvaleco.com\/projeteoliendethoiresurdinan\/2024\/12\/06\/depot-de-la-demande-dautorisation-environnementale-decembre-2024\/\" target=\"_self\">Lire la suite<span class=\"screen-reader-text\">\u00a0: D\u00e9p\u00f4t de la demande d&rsquo;autorisation environnementale &#8211; D\u00e9cembre 2024<\/span><\/a><\/div>\n<\/div>\n\n<\/li><li class=\"wp-block-post post-107 post type-post status-publish format-standard hentry category-non-classe\">\n\n<div class=\"wp-block-group has-white-background-color has-background is-layout-constrained wp-container-core-group-is-layout-e0082cf6 wp-block-group-is-layout-constrained\" style=\"border-radius:20px\">\n<div class=\"wp-block-group is-nowrap is-layout-flex wp-container-core-group-is-layout-0e233f1e wp-block-group-is-layout-flex\">\n<figure class=\"wp-block-image size-large\"><img loading=\"lazy\" decoding=\"async\" width=\"12\" height=\"13\" src=\"https:\/\/blogvaleco.com\/projeteoliendethoiresurdinan\/wp-content\/uploads\/sites\/33\/2024\/03\/icone-calendrier.svg\" alt=\"\" class=\"wp-image-122\"\/><\/figure>\n\n\n<div class=\"wp-block-post-date\"><time datetime=\"2024-09-11T14:32:00+02:00\">11 septembre 2024<\/time><\/div><\/div>\n\n\n<h2 style=\"font-size:18px;font-style:normal;font-weight:600;text-transform:none;\" class=\"wp-block-post-title\"><a href=\"https:\/\/blogvaleco.com\/projeteoliendethoiresurdinan\/2024\/09\/11\/actualite-2\/\" target=\"_self\" >Comit\u00e9 de projet<\/a><\/h2>\n\n<div class=\"wp-block-post-excerpt\"><p class=\"wp-block-post-excerpt__excerpt\">Contexte r\u00e9glementaire Suite \u00e0 la loi n\u00b0 2023-175 du 10\u2026 <\/p><\/div>\n\n\n<div class=\"wp-block-group is-nowrap is-layout-flex wp-container-core-group-is-layout-8a75d646 wp-block-group-is-layout-flex\" style=\"padding-top:var(--wp--preset--spacing--30)\">\n<figure class=\"wp-block-image size-large\"><img loading=\"lazy\" decoding=\"async\" width=\"5\" height=\"10\" src=\"https:\/\/blogvaleco.com\/projeteoliendethoiresurdinan\/wp-content\/uploads\/sites\/33\/2024\/03\/icone-fleche.svg\" alt=\"\" class=\"wp-image-124\"\/><\/figure>\n\n\n<a style=\"color:#7c7c7c;\" class=\"wp-elements-373d403f744cf76ac8657d781181aaaf wp-block-read-more has-text-color\" href=\"https:\/\/blogvaleco.com\/projeteoliendethoiresurdinan\/2024\/09\/11\/actualite-2\/\" target=\"_self\">Lire la suite<span class=\"screen-reader-text\">\u00a0: Comit\u00e9 de projet<\/span><\/a><\/div>\n<\/div>\n\n<\/li><\/ul>\n\n<\/div>\n\n\n\n<div class=\"wp-block-buttons is-content-justification-center is-layout-flex wp-container-core-buttons-is-layout-a89b3969 wp-block-buttons-is-layout-flex\">\n<div class=\"wp-block-button\"><a class=\"wp-block-button__link has-secondary-background-color has-background wp-element-button\" href=\"https:\/\/blogvaleco.com\/projeteoliendethoiresurdinan\/actualites\/\">Voir toutes les actus<\/a><\/div>\n<\/div>\n<\/div>\n","protected":false},"excerpt":{"rendered":"<p>D\u00e9couvrez le projet parc \u00e9olien sur la commune de Thoir\u00e9-sur-Dinan en chiffres O\u00f9 en est le projet ? Le projet du parc \u00e9olien de la Croix de l&rsquo;Hommeau est actuellement en phase d&rsquo;instruction Interlocuteur M\u00e9lody DARSOULANT Cheffe de projet melodydarsoulant@groupevaleco.com Agence de Montpellier188 rue Maurice Bejart \u2013 CS 57392 34184 Montpellier<\/p>\n","protected":false},"author":1,"featured_media":533,"parent":0,"menu_order":0,"comment_status":"closed","ping_status":"open","template":"","meta":{"_acf_changed":false,"inline_featured_image":false,"footnotes":""},"class_list":["post-2","page","type-page","status-publish","has-post-thumbnail","hentry"],"acf":[],"_links":{"self":[{"href":"https:\/\/blogvaleco.com\/projeteoliendethoiresurdinan\/wp-json\/wp\/v2\/pages\/2","targetHints":{"allow":["GET"]}}],"collection":[{"href":"https:\/\/blogvaleco.com\/projeteoliendethoiresurdinan\/wp-json\/wp\/v2\/pages"}],"about":[{"href":"https:\/\/blogvaleco.com\/projeteoliendethoiresurdinan\/wp-json\/wp\/v2\/types\/page"}],"author":[{"embeddable":true,"href":"https:\/\/blogvaleco.com\/projeteoliendethoiresurdinan\/wp-json\/wp\/v2\/users\/1"}],"replies":[{"embeddable":true,"href":"https:\/\/blogvaleco.com\/projeteoliendethoiresurdinan\/wp-json\/wp\/v2\/comments?post=2"}],"version-history":[{"count":114,"href":"https:\/\/blogvaleco.com\/projeteoliendethoiresurdinan\/wp-json\/wp\/v2\/pages\/2\/revisions"}],"predecessor-version":[{"id":930,"href":"https:\/\/blogvaleco.com\/projeteoliendethoiresurdinan\/wp-json\/wp\/v2\/pages\/2\/revisions\/930"}],"wp:featuredmedia":[{"embeddable":true,"href":"https:\/\/blogvaleco.com\/projeteoliendethoiresurdinan\/wp-json\/wp\/v2\/media\/533"}],"wp:attachment":[{"href":"https:\/\/blogvaleco.com\/projeteoliendethoiresurdinan\/wp-json\/wp\/v2\/media?parent=2"}],"curies":[{"name":"wp","href":"https:\/\/api.w.org\/{rel}","templated":true}]}}