{"id":157,"date":"2024-03-07T18:00:45","date_gmt":"2024-03-07T17:00:45","guid":{"rendered":"https:\/\/blogs.groupevaleco.com\/site-modele\/?page_id=157"},"modified":"2025-02-20T17:06:14","modified_gmt":"2025-02-20T16:06:14","slug":"le-territoire","status":"publish","type":"page","link":"https:\/\/blogvaleco.com\/projeteoliendethoiresurdinan\/projet\/le-territoire\/","title":{"rendered":"Le territoire"},"content":{"rendered":"\n<p><\/p>\n\n\n\n<p><\/p>\n\n\n\n<h2 class=\"wp-block-heading has-secondary-color has-text-color has-link-color has-large-font-size wp-elements-9408a88effebce5b9cbad93c07b47415\">Les documents d&rsquo;informations diffus\u00e9s sur le projet<strong> <\/strong><\/h2>\n\n\n\n<div class=\"wp-block-group alignfull has-light-grey-background-color has-background is-layout-constrained wp-block-group-is-layout-constrained\" style=\"padding-top:var(--wp--preset--spacing--60);padding-bottom:var(--wp--preset--spacing--60)\">\n<div class=\"wp-block-columns cta-block-1 is-layout-flex wp-container-core-columns-is-layout-28f84493 wp-block-columns-is-layout-flex\">\n<div class=\"wp-block-column has-white-background-color has-background is-layout-flow wp-block-column-is-layout-flow\" style=\"padding-top:var(--wp--preset--spacing--50);padding-right:var(--wp--preset--spacing--60);padding-bottom:var(--wp--preset--spacing--50);padding-left:var(--wp--preset--spacing--60);flex-basis:33.333333%\">\n<p class=\"has-primary-color has-text-color has-link-color has-lato-font-family wp-elements-621ce8fa9b08151a7e754ef5553de0c8\" style=\"font-size:18px;font-style:normal;font-weight:600\">Lettre d&rsquo;information n\u00b02<\/p>\n\n\n\n<p class=\"has-text-color has-link-color wp-elements-60d06bd61419a90b092736aad44c5ad6\" style=\"color:#7c7c7c\">F\u00e9vrier 2024<\/p>\n\n\n\n<div data-wp-interactive=\"core\/file\" class=\"wp-block-file\"><object data-wp-bind--hidden=\"!state.hasPdfPreview\" hidden class=\"wp-block-file__embed\" data=\"https:\/\/blogvaleco.com\/projeteoliendethoiresurdinan\/wp-content\/uploads\/sites\/33\/2025\/02\/Lettre_d_info_Thoire_n\u00b02_imp.pdf\" type=\"application\/pdf\" style=\"width:100%;height:600px\" aria-label=\"Contenu embarqu\u00e9 Lettre_d_info_Thoir\u00e9_n\u00b02_imp.\"><\/object><a id=\"wp-block-file--media-b5c692df-58bd-4768-92b3-819550f21d60\" href=\"https:\/\/blogvaleco.com\/projeteoliendethoiresurdinan\/wp-content\/uploads\/sites\/33\/2025\/02\/Lettre_d_info_Thoire_n\u00b02_imp.pdf\">Lettre_d_info_Thoir\u00e9_n\u00b02_imp<\/a><a href=\"https:\/\/blogvaleco.com\/projeteoliendethoiresurdinan\/wp-content\/uploads\/sites\/33\/2025\/02\/Lettre_d_info_Thoire_n\u00b02_imp.pdf\" class=\"wp-block-file__button wp-element-button\" download aria-describedby=\"wp-block-file--media-b5c692df-58bd-4768-92b3-819550f21d60\">T\u00e9l\u00e9charger<\/a><\/div>\n<\/div>\n\n\n\n<div class=\"wp-block-column has-white-background-color has-background is-layout-flow wp-block-column-is-layout-flow\" style=\"padding-top:var(--wp--preset--spacing--50);padding-right:var(--wp--preset--spacing--60);padding-bottom:var(--wp--preset--spacing--50);padding-left:var(--wp--preset--spacing--60);flex-basis:33.333333%\">\n<p class=\"has-primary-color has-text-color has-link-color has-lato-font-family wp-elements-adb5952271be86c79d760dd0ba3eb575\" style=\"font-size:18px;font-style:normal;font-weight:600\">Panneau d&rsquo;affichage m\u00e2t de mesure<\/p>\n\n\n\n<p class=\"has-text-color has-link-color wp-elements-5af586f6b304f6f2f3f4470b51252138\" style=\"color:#7c7c7c\">Ao\u00fbt 2022<\/p>\n\n\n\n<div data-wp-interactive=\"core\/file\" class=\"wp-block-file\"><object data-wp-bind--hidden=\"!state.hasPdfPreview\" hidden class=\"wp-block-file__embed\" data=\"https:\/\/blogvaleco.com\/projeteoliendethoiresurdinan\/wp-content\/uploads\/sites\/33\/2025\/02\/220825-Mat_de_mesure_Thoire-sur-Dinan_impression.pdf\" type=\"application\/pdf\" style=\"width:100%;height:600px\" aria-label=\"Contenu embarqu\u00e9 220825 M\u00e2t_de_mesure_Thoir\u00e9-sur-Dinan_impression.\"><\/object><a id=\"wp-block-file--media-069f93ef-9c55-4d55-ab67-60d2b98205cf\" href=\"https:\/\/blogvaleco.com\/projeteoliendethoiresurdinan\/wp-content\/uploads\/sites\/33\/2025\/02\/220825-Mat_de_mesure_Thoire-sur-Dinan_impression.pdf\">220825 M\u00e2t_de_mesure_Thoir\u00e9-sur-Dinan_impression<\/a><a href=\"https:\/\/blogvaleco.com\/projeteoliendethoiresurdinan\/wp-content\/uploads\/sites\/33\/2025\/02\/220825-Mat_de_mesure_Thoire-sur-Dinan_impression.pdf\" class=\"wp-block-file__button wp-element-button\" download aria-describedby=\"wp-block-file--media-069f93ef-9c55-4d55-ab67-60d2b98205cf\">T\u00e9l\u00e9charger<\/a><\/div>\n<\/div>\n\n\n\n<div class=\"wp-block-column has-white-background-color has-background is-layout-flow wp-block-column-is-layout-flow\" style=\"padding-top:var(--wp--preset--spacing--50);padding-right:var(--wp--preset--spacing--60);padding-bottom:var(--wp--preset--spacing--50);padding-left:var(--wp--preset--spacing--60);flex-basis:33.333333%\">\n<p class=\"has-primary-color has-text-color has-link-color has-lato-font-family wp-elements-8cf5fc2b4e304d0926710e3b07e605e4\" style=\"font-size:18px;font-style:normal;font-weight:600\">Bilan de concertation<\/p>\n\n\n\n<p class=\"has-text-color has-link-color wp-elements-15b2d3afa5f6d7eafd2232d578cf780a\" style=\"color:#7c7c7c\">Avril 2024<\/p>\n\n\n\n<div data-wp-interactive=\"core\/file\" class=\"wp-block-file\"><object data-wp-bind--hidden=\"!state.hasPdfPreview\" hidden class=\"wp-block-file__embed\" data=\"https:\/\/blogvaleco.com\/projeteoliendethoiresurdinan\/wp-content\/uploads\/sites\/33\/2025\/02\/240418_Bilan-de-concertation_PE-de-la-Croix-de-lHommeau.pdf\" type=\"application\/pdf\" style=\"width:100%;height:600px\" aria-label=\"Contenu embarqu\u00e9 240418_Bilan de concertation_PE de la Croix de l&apos;Hommeau.\"><\/object><a id=\"wp-block-file--media-3540453e-b5a2-4c53-95e9-9f44cb11d752\" href=\"https:\/\/blogvaleco.com\/projeteoliendethoiresurdinan\/wp-content\/uploads\/sites\/33\/2025\/02\/240418_Bilan-de-concertation_PE-de-la-Croix-de-lHommeau.pdf\">240418_Bilan de concertation_PE de la Croix de l&rsquo;Hommeau<\/a><a href=\"https:\/\/blogvaleco.com\/projeteoliendethoiresurdinan\/wp-content\/uploads\/sites\/33\/2025\/02\/240418_Bilan-de-concertation_PE-de-la-Croix-de-lHommeau.pdf\" class=\"wp-block-file__button wp-element-button\" download aria-describedby=\"wp-block-file--media-3540453e-b5a2-4c53-95e9-9f44cb11d752\">T\u00e9l\u00e9charger<\/a><\/div>\n<\/div>\n<\/div>\n<\/div>\n\n\n\n<h2 class=\"wp-block-heading has-primary-color has-text-color has-link-color has-large-font-size wp-elements-887a5ba6c16bb5df522816c3892be46d\">La concertation avec le territoire<strong> <\/strong><\/h2>\n\n\n\n<p>Un projet \u00e9olien s\u2019int\u00e8gre durablement dans son territoire lorsqu\u2019il repose sur un dialogue ouvert et constructif avec les acteurs locaux. D\u00e8s les premi\u00e8res \u00e9tapes de d\u00e9veloppement, nous avons engag\u00e9 une&nbsp;<strong>concertation approfondie<\/strong>&nbsp;afin d\u2019\u00e9changer avec les habitants, les \u00e9lus et les parties prenantes, en veillant \u00e0 informer, \u00e9couter et co-construire.<\/p>\n\n\n\n<p>Les&nbsp;<strong>\u00e9lus locaux<\/strong>&nbsp;ont \u00e9t\u00e9 r\u00e9guli\u00e8rement consult\u00e9s pour partager leur vision du territoire et exprimer leurs attentes. En parall\u00e8le, des&nbsp;<strong>groupes de travail riverains<\/strong>&nbsp;ont \u00e9t\u00e9 mis en place afin de recueillir les perceptions des habitants et d\u2019adapter au mieux le projet \u00e0 leur cadre de vie.<\/p>\n\n\n\n<p>Pour garantir une&nbsp;<strong>transparence maximale<\/strong>, plusieurs canaux d\u2019information ont \u00e9t\u00e9 d\u00e9ploy\u00e9s :<br>\ud83d\udce9&nbsp;<strong>Lettres d\u2019information<\/strong>&nbsp;distribu\u00e9es \u00e0 chaque grande \u00e9tape du projet, d\u00e9taillant l\u2019avancement des \u00e9tudes et les prochaines \u00e9ch\u00e9ances.<br>\ud83d\udde3&nbsp;<strong>Ateliers participatifs<\/strong>&nbsp;permettant d\u2019\u00e9changer sur des th\u00e9matiques cl\u00e9s, comme l\u2019int\u00e9gration paysag\u00e8re, l\u2019environnement ou les retomb\u00e9es locales.<br>\ud83e\udd1d&nbsp;<strong>Comit\u00e9 local de suivi<\/strong>, r\u00e9unissant des repr\u00e9sentants du territoire pour suivre l\u2019\u00e9volution du projet et faire remonter les pr\u00e9occupations.<br>\ud83c\udfe1&nbsp;<strong>Porte-\u00e0-porte et rencontres individuelles<\/strong>, pour dialoguer directement avec les riverains et r\u00e9pondre \u00e0 leurs interrogations de mani\u00e8re personnalis\u00e9e.<\/p>\n\n\n\n<p>Cette d\u00e9marche de dialogue continu nous permet d\u2019affiner le projet en prenant en compte les enjeux du territoire et les attentes locales. Nous restons engag\u00e9s \u00e0 poursuivre cette concertation tout au long du d\u00e9veloppement afin d\u2019assurer une implantation respectueuse et b\u00e9n\u00e9fique pour tous.<\/p>\n\n\n\n<div class=\"wp-block-columns is-layout-flex wp-container-core-columns-is-layout-28f84493 wp-block-columns-is-layout-flex\"><\/div>\n\n\n\n<div class=\"wp-block-columns is-layout-flex wp-container-core-columns-is-layout-28f84493 wp-block-columns-is-layout-flex\"><\/div>\n\n\n\n<p>  <\/p>\n\n\n\n    <div  class=\"bf-timeline-horizontal alignfull bf-timeline-horizontal__theme-dark\" data-dot=\"8\">\n        <div class=\"bf-timeline-horizontal__container\">\n                            <div class=\"bf-timeline-horizontal__event \">\n                    <span class=\"bf-timeline-horizontal__event-effect\"><\/span>\n                    <span class=\"bf-timeline-horizontal__event-element\" data-year=\"2021\" data-info=\"Rencontre \u00e9lus\"><\/span>\n                <\/div>\n\n                            <div class=\"bf-timeline-horizontal__event \">\n                    <span class=\"bf-timeline-horizontal__event-effect\"><\/span>\n                    <span class=\"bf-timeline-horizontal__event-element\" data-year=\"2021\" data-info=\"Pr\u00e9sentation de l&#039;avancement du projet au conseil municipal\"><\/span>\n                <\/div>\n\n                            <div class=\"bf-timeline-horizontal__event \">\n                    <span class=\"bf-timeline-horizontal__event-effect\"><\/span>\n                    <span class=\"bf-timeline-horizontal__event-element\" data-year=\"2021\" data-info=\"Cr\u00e9ation du site internet \/ Blog projet\"><\/span>\n                <\/div>\n\n                            <div class=\"bf-timeline-horizontal__event \">\n                    <span class=\"bf-timeline-horizontal__event-effect\"><\/span>\n                    <span class=\"bf-timeline-horizontal__event-element\" data-year=\"2022\" data-info=\"Lettre d&#039;information n\u00b01\"><\/span>\n                <\/div>\n\n                            <div class=\"bf-timeline-horizontal__event \">\n                    <span class=\"bf-timeline-horizontal__event-effect\"><\/span>\n                    <span class=\"bf-timeline-horizontal__event-element\" data-year=\"2022\" data-info=\"Panneau d&#039;affichage install\u00e9 au pied du m\u00e2t de mesure\"><\/span>\n                <\/div>\n\n                            <div class=\"bf-timeline-horizontal__event \">\n                    <span class=\"bf-timeline-horizontal__event-effect\"><\/span>\n                    <span class=\"bf-timeline-horizontal__event-element\" data-year=\"2024\" data-info=\"Lettre d&#039;information n\u00b02\"><\/span>\n                <\/div>\n\n                            <div class=\"bf-timeline-horizontal__event active\">\n                    <span class=\"bf-timeline-horizontal__event-effect\"><\/span>\n                    <span class=\"bf-timeline-horizontal__event-element\" data-year=\"2024\" data-info=\"Concertation publique et permanence d&#039;information\"><\/span>\n                <\/div>\n\n                            <div class=\"bf-timeline-horizontal__event \">\n                    <span class=\"bf-timeline-horizontal__event-effect\"><\/span>\n                    <span class=\"bf-timeline-horizontal__event-element\" data-year=\"2025\" data-info=\"Enqu\u00eate publique\"><\/span>\n                <\/div>\n\n                    <\/div>\n    <\/div>\n\n\n\n<h2 class=\"wp-block-heading\">Des retomb\u00e9es locales<\/h2>\n\n\n\n<p>Le projet \u00e9olien est un r\u00e9el projet d&rsquo;int\u00e9r\u00eat collectif au service du territoire. Au travers des \u00e9tudes en cours, une d\u00e9marche est en \u0153uvre pour identifier des&nbsp;<strong>mesures cibl\u00e9es<\/strong>, d&rsquo;int\u00e9r\u00eat environnemental et en ad\u00e9quation avec les attentes du territoire, qui seront \u00e0 mettre en place dans le cadre du projet.<\/p>\n\n\n\n<p>Un tel projet g\u00e9n\u00e8re \u00e9galement des&nbsp;<strong>retomb\u00e9es fiscales annuelles<\/strong>, permettant de contribuer au d\u00e9veloppement territorial local. L\u2019<strong>IFER<\/strong> (Imposition Forfaitaire sur les Entreprises et R\u00e9seaux), la <strong>CFE<\/strong> (cotisation fonci\u00e8re des entreprises), ou encore la <strong>taxe fonci\u00e8re<\/strong> sur les propri\u00e9t\u00e9s b\u00e2ties sont autant de ressources pour la commune, la communaut\u00e9 de communes et le d\u00e9partement. Ces taxes b\u00e9n\u00e9ficient donc indirectement \u00e0 l&rsquo;ensemble des habitants du territoire au travers des projets r\u00e9alis\u00e9s par les collectivit\u00e9s.<\/p>\n\n\n\n<p>Enfin, Valeco aura \u00e0 c\u0153ur de&nbsp;<strong>valoriser les comp\u00e9tences locales<\/strong>, en sollicitant des entreprises r\u00e9gionales pour la construction de la centrale et via la potentielle cr\u00e9ation d&rsquo;un emploi sur la base de maintenance.<\/p>\n\n\n\n<p><\/p>\n\n\n\n<h2 class=\"wp-block-heading has-large-font-size\">Valeco sur le territoire national<\/h2>\n\n\n\n<figure class=\"wp-block-image size-large\"><img loading=\"lazy\" decoding=\"async\" width=\"1024\" height=\"720\" src=\"https:\/\/blogvaleco.com\/projeteoliendethoiresurdinan\/wp-content\/uploads\/sites\/33\/2024\/07\/valeco_territoire-1024x720.png\" alt=\"\" class=\"wp-image-668\" srcset=\"https:\/\/blogvaleco.com\/projeteoliendethoiresurdinan\/wp-content\/uploads\/sites\/33\/2024\/07\/valeco_territoire-1024x720.png 1024w, https:\/\/blogvaleco.com\/projeteoliendethoiresurdinan\/wp-content\/uploads\/sites\/33\/2024\/07\/valeco_territoire-300x211.png 300w, https:\/\/blogvaleco.com\/projeteoliendethoiresurdinan\/wp-content\/uploads\/sites\/33\/2024\/07\/valeco_territoire-768x540.png 768w, https:\/\/blogvaleco.com\/projeteoliendethoiresurdinan\/wp-content\/uploads\/sites\/33\/2024\/07\/valeco_territoire-1536x1080.png 1536w, https:\/\/blogvaleco.com\/projeteoliendethoiresurdinan\/wp-content\/uploads\/sites\/33\/2024\/07\/valeco_territoire-2048x1440.png 2048w\" sizes=\"auto, (max-width: 1024px) 100vw, 1024px\" \/><\/figure>\n\n\n\n<p><\/p>\n\n\n\n<h2 class=\"wp-block-heading\">Et dans votre r\u00e9gion<\/h2>\n\n\n\n<p><a href=\"https:\/\/groupevaleco.com\/presence-france\/region-pays-loire\/\" data-type=\"link\" data-id=\"https:\/\/www.groupevaleco.com\/presence-france\/\">Retrouvez les activit\u00e9s de Valeco dans la r\u00e9gion Pays-de-la-Loire au lien suivant.<\/a><\/p>\n\n\n\n<figure class=\"wp-block-image size-large\"><a href=\"https:\/\/groupevaleco.com\/presence-france\/region-pays-loire\/\"><img loading=\"lazy\" decoding=\"async\" width=\"1024\" height=\"575\" src=\"https:\/\/blogvaleco.com\/projeteoliendethoiresurdinan\/wp-content\/uploads\/sites\/33\/2025\/02\/Carte-france-Valeco-1024x575.png\" alt=\"\" class=\"wp-image-898\" srcset=\"https:\/\/blogvaleco.com\/projeteoliendethoiresurdinan\/wp-content\/uploads\/sites\/33\/2025\/02\/Carte-france-Valeco-1024x575.png 1024w, https:\/\/blogvaleco.com\/projeteoliendethoiresurdinan\/wp-content\/uploads\/sites\/33\/2025\/02\/Carte-france-Valeco-300x169.png 300w, https:\/\/blogvaleco.com\/projeteoliendethoiresurdinan\/wp-content\/uploads\/sites\/33\/2025\/02\/Carte-france-Valeco-768x431.png 768w, https:\/\/blogvaleco.com\/projeteoliendethoiresurdinan\/wp-content\/uploads\/sites\/33\/2025\/02\/Carte-france-Valeco.png 1175w\" sizes=\"auto, (max-width: 1024px) 100vw, 1024px\" \/><\/a><\/figure>\n\n\n\n<p><\/p>\n\n\n\n<p><\/p>\n","protected":false},"excerpt":{"rendered":"<p>Les documents d&rsquo;informations diffus\u00e9s sur le projet Lettre d&rsquo;information n\u00b02 F\u00e9vrier 2024 Panneau d&rsquo;affichage m\u00e2t de mesure Ao\u00fbt 2022 Bilan de concertation Avril 2024 La concertation avec le territoire Un projet \u00e9olien s\u2019int\u00e8gre durablement dans son territoire lorsqu\u2019il repose sur un dialogue ouvert et constructif avec les acteurs locaux. D\u00e8s les premi\u00e8res \u00e9tapes de d\u00e9veloppement, [&hellip;]<\/p>\n","protected":false},"author":1,"featured_media":578,"parent":15,"menu_order":0,"comment_status":"open","ping_status":"closed","template":"","meta":{"_acf_changed":false,"inline_featured_image":false,"footnotes":""},"class_list":["post-157","page","type-page","status-publish","has-post-thumbnail","hentry"],"acf":[],"_links":{"self":[{"href":"https:\/\/blogvaleco.com\/projeteoliendethoiresurdinan\/wp-json\/wp\/v2\/pages\/157","targetHints":{"allow":["GET"]}}],"collection":[{"href":"https:\/\/blogvaleco.com\/projeteoliendethoiresurdinan\/wp-json\/wp\/v2\/pages"}],"about":[{"href":"https:\/\/blogvaleco.com\/projeteoliendethoiresurdinan\/wp-json\/wp\/v2\/types\/page"}],"author":[{"embeddable":true,"href":"https:\/\/blogvaleco.com\/projeteoliendethoiresurdinan\/wp-json\/wp\/v2\/users\/1"}],"replies":[{"embeddable":true,"href":"https:\/\/blogvaleco.com\/projeteoliendethoiresurdinan\/wp-json\/wp\/v2\/comments?post=157"}],"version-history":[{"count":43,"href":"https:\/\/blogvaleco.com\/projeteoliendethoiresurdinan\/wp-json\/wp\/v2\/pages\/157\/revisions"}],"predecessor-version":[{"id":902,"href":"https:\/\/blogvaleco.com\/projeteoliendethoiresurdinan\/wp-json\/wp\/v2\/pages\/157\/revisions\/902"}],"up":[{"embeddable":true,"href":"https:\/\/blogvaleco.com\/projeteoliendethoiresurdinan\/wp-json\/wp\/v2\/pages\/15"}],"wp:featuredmedia":[{"embeddable":true,"href":"https:\/\/blogvaleco.com\/projeteoliendethoiresurdinan\/wp-json\/wp\/v2\/media\/578"}],"wp:attachment":[{"href":"https:\/\/blogvaleco.com\/projeteoliendethoiresurdinan\/wp-json\/wp\/v2\/media?parent=157"}],"curies":[{"name":"wp","href":"https:\/\/api.w.org\/{rel}","templated":true}]}}