{"id":155,"date":"2024-03-07T18:00:37","date_gmt":"2024-03-07T17:00:37","guid":{"rendered":"https:\/\/blogs.groupevaleco.com\/site-modele\/?page_id=155"},"modified":"2025-02-20T16:57:46","modified_gmt":"2025-02-20T15:57:46","slug":"les-etudes","status":"publish","type":"page","link":"https:\/\/blogvaleco.com\/projeteoliendethoiresurdinan\/projet\/les-etudes\/","title":{"rendered":"Les \u00e9tudes"},"content":{"rendered":"\n<h2 class=\"wp-block-heading\">Etudes r\u00e9alis\u00e9es<\/h2>\n\n\n\n<div class=\"wp-block-group is-layout-constrained wp-block-group-is-layout-constrained\">\n<blockquote class=\"wp-block-quote is-layout-flow wp-block-quote-is-layout-flow\">\n<p class=\"has-text-align-left has-normal-font-size\">Depuis 2011, les \u00e9oliennes sont soumises au r\u00e9gime des Installations Class\u00e9es pour la protection de l&rsquo;Environnement (ICPE &#8211; R\u00e9gime autorisation), et font l&rsquo;objet d&rsquo;un examen minutieux pour l&rsquo;identification de leurs impacts et la prescription de mesures d&rsquo;\u00e9vitement, de r\u00e9duction et de compensation adapt\u00e9es, ainsi qu&rsquo;un suivi environnemental adapt\u00e9 tout au long de leur exploitation. Dans ce contexte, un dossier de demande d&rsquo;autorisation environnementale doit \u00eatre r\u00e9alis\u00e9 et pr\u00e9sent\u00e9 aux services de l&rsquo;\u00e9tat courant 2025. Celui-ci contient de nombreuses \u00e9tudes techniques, des documents administratifs, plans et pi\u00e8ces r\u00e9glementaires.<\/p>\n\n\n\n<p class=\"has-text-align-left has-normal-font-size\">Depuis 2022, de nombreuses \u00e9tudes ont \u00e9t\u00e9 r\u00e9alis\u00e9es pour ce projet:<\/p>\n<\/blockquote>\n\n\n\n<div class=\"wp-block-columns is-layout-flex wp-container-core-columns-is-layout-28f84493 wp-block-columns-is-layout-flex\">\n<div class=\"wp-block-column is-layout-flow wp-block-column-is-layout-flow\" style=\"flex-basis:100%\"><\/div>\n<\/div>\n\n\n\n<div class=\"wp-block-columns is-layout-flex wp-container-core-columns-is-layout-28f84493 wp-block-columns-is-layout-flex\">\n<div class=\"wp-block-column is-layout-flow wp-block-column-is-layout-flow\" style=\"flex-basis:25%\">\n<figure class=\"wp-block-image size-full\"><img decoding=\"async\" src=\"https:\/\/blogvaleco.com\/projeteoliendebessesurbraye\/wp-content\/uploads\/sites\/21\/2025\/02\/auddice_logo-1024x732-1.png\" alt=\"\" class=\"wp-image-889\" style=\"aspect-ratio:4\/3;object-fit:cover\" \/><\/figure>\n<\/div>\n\n\n\n<div class=\"wp-block-column is-layout-flow wp-block-column-is-layout-flow\" style=\"flex-basis:25%\">\n<figure class=\"wp-block-image size-large\"><img decoding=\"async\" src=\"https:\/\/blogvaleco.com\/projeteoliendelalandelivreul\/wp-content\/uploads\/sites\/22\/2025\/02\/auddice_logo-1024x732.png\" alt=\"\" class=\"wp-image-909\" style=\"aspect-ratio:4\/3;object-fit:cover\" \/><\/figure>\n<\/div>\n\n\n\n<div class=\"wp-block-column is-layout-flow wp-block-column-is-layout-flow\" style=\"flex-basis:25%\">\n<figure class=\"wp-block-image size-full\"><img decoding=\"async\" src=\"https:\/\/blogvaleco.com\/projeteoliendebessesurbraye\/wp-content\/uploads\/sites\/21\/2025\/02\/Logo-BE-Sixense.png\" alt=\"\" class=\"wp-image-887\" style=\"aspect-ratio:4\/3;object-fit:cover\" \/><\/figure>\n<\/div>\n\n\n\n<div class=\"wp-block-column is-layout-flow wp-block-column-is-layout-flow\" style=\"flex-basis:25%\">\n<figure class=\"wp-block-image aligncenter size-full\" style=\"margin-top:var(--wp--preset--spacing--70);margin-bottom:var(--wp--preset--spacing--70)\"><img decoding=\"async\" src=\"https:\/\/blogvaleco.com\/projeteoliendelalandelivreul\/wp-content\/uploads\/sites\/22\/2025\/02\/logo_valeco.png\" alt=\"\" class=\"wp-image-911\" \/><\/figure>\n<\/div>\n\n\n\n<div class=\"wp-block-column is-layout-flow wp-block-column-is-layout-flow\" style=\"flex-basis:25%\">\n<figure class=\"wp-block-image size-large\"><img decoding=\"async\" src=\"https:\/\/blogvaleco.com\/projeteoliendelalandelivreul\/wp-content\/uploads\/sites\/22\/2025\/02\/auddice_logo-1024x732.png\" alt=\"\" class=\"wp-image-909\" style=\"aspect-ratio:4\/3;object-fit:cover\" \/><\/figure>\n<\/div>\n<\/div>\n<\/div>\n\n\n\n<div class=\"wp-block-columns is-layout-flex wp-container-core-columns-is-layout-28f84493 wp-block-columns-is-layout-flex\">\n<div class=\"wp-block-column is-layout-flow wp-block-column-is-layout-flow\" style=\"flex-basis:25%\">\n<h5 class=\"wp-block-heading has-text-align-center\"><strong>Expertise du milieu naturel<\/strong><\/h5>\n<\/div>\n\n\n\n<div class=\"wp-block-column is-layout-flow wp-block-column-is-layout-flow\" style=\"flex-basis:25%\">\n<h5 class=\"wp-block-heading has-text-align-center\"><strong>Expertise paysag\u00e8re<\/strong><\/h5>\n<\/div>\n\n\n\n<div class=\"wp-block-column is-layout-flow wp-block-column-is-layout-flow\" style=\"flex-basis:25%\">\n<h5 class=\"wp-block-heading has-text-align-center\"><strong>Expertise acoustique<\/strong><\/h5>\n<\/div>\n\n\n\n<div class=\"wp-block-column is-layout-flow wp-block-column-is-layout-flow\" style=\"flex-basis:25%\">\n<h5 class=\"wp-block-heading has-text-align-center\"><strong>Expertise du gisement du vent<\/strong> <\/h5>\n\n\n\n<h5 class=\"wp-block-heading has-text-align-center\">\u00e9<strong>tude d&rsquo;ombres port\u00e9es<\/strong><\/h5>\n<\/div>\n\n\n\n<div class=\"wp-block-column is-layout-flow wp-block-column-is-layout-flow\" style=\"flex-basis:25%\">\n<h5 class=\"wp-block-heading has-text-align-center\"><strong>\u00e9tude d&rsquo;impact et \u00e9tude de danger<\/strong><\/h5>\n<\/div>\n<\/div>\n\n\n\n<div class=\"wp-block-group alignfull is-layout-constrained wp-block-group-is-layout-constrained\" style=\"margin-top:0;padding-top:var(--wp--preset--spacing--60);padding-bottom:var(--wp--preset--spacing--60)\">\n<div class=\"wp-block-media-text alignwide has-media-on-the-right is-stacked-on-mobile is-vertically-aligned-bottom is-image-fill-element\" style=\"grid-template-columns:auto 22%\"><div class=\"wp-block-media-text__content\">\n<h2 class=\"wp-block-heading\">L&rsquo;\u00e9tude de la biodiversit\u00e9<\/h2>\n\n\n\n<div class=\"wp-block-group is-nowrap is-layout-flex wp-container-core-group-is-layout-6c531013 wp-block-group-is-layout-flex\">\n<p>Dans le cadre du d\u00e9veloppement du projet \u00e9olien de la Croix de l&rsquo;Hommeau, une \u00e9tude environnementale approfondie a \u00e9t\u00e9 lanc\u00e9e en priorit\u00e9. R\u00e9alis\u00e9e par le bureau d\u2019\u00e9tude ind\u00e9pendant <strong>Auddic\u00e9<\/strong>, cette \u00e9tude vise \u00e0 r\u00e9aliser un inventaire exhaustif de la faune et de la flore, tant sur le site m\u00eame du projet que dans ses environs proches. Plusieurs passages d\u2019inventaires ont ainsi \u00e9t\u00e9 effectu\u00e9s tout au long de l&rsquo;ann\u00e9e, permettant de dresser un \u00e9tat initial pr\u00e9cis des esp\u00e8ces pr\u00e9sentes et d\u2019\u00e9valuer les sensibilit\u00e9s environnementales sp\u00e9cifiques au territoire.<\/p>\n<\/div>\n\n\n\n<p>Afin de garantir que l&rsquo;\u00e9tude couvre l&rsquo;ensemble du cycle biologique des esp\u00e8ces, cette d\u00e9marche s\u2019\u00e9tend sur une ann\u00e9e compl\u00e8te. Cela permet de prendre en compte les variations saisonni\u00e8res et d\u2019assurer une analyse d\u00e9taill\u00e9e des \u00e9cosyst\u00e8mes pr\u00e9sents sur la zone d\u2019\u00e9tude.<\/p>\n\n\n\n<p>Gr\u00e2ce \u00e0 cette expertise, le porteur du projet pourra, \u00e0 l\u2019issue de l&rsquo;inventaire, dimensionner le parc \u00e9olien en suivant la d\u00e9marche <strong>E.R.C (\u00c9viter, R\u00e9duire, Compenser)<\/strong>. Cette approche, en concertation avec les experts de <strong><strong>Auddic\u00e9<\/strong><\/strong>, permet de garantir que le projet soit con\u00e7u de mani\u00e8re \u00e0 respecter la biodiversit\u00e9 locale, en minimisant les impacts n\u00e9gatifs et en proposant des mesures compensatoires lorsque n\u00e9cessaire.<\/p>\n\n\n\n<p>L\u2019objectif de cette \u00e9tude est de s&rsquo;assurer que le projet s&rsquo;int\u00e8gre harmonieusement dans son environnement, en pr\u00e9servant la richesse de la faune et de la flore locales tout en contribuant \u00e0 la transition \u00e9nerg\u00e9tique.<\/p>\n\n\n\n<blockquote class=\"wp-block-quote is-layout-flow wp-block-quote-is-layout-flow\">\n<p>Ci-contre, un busard cendr\u00e9 photographi\u00e9 dans l&rsquo;Aisne <strong>(\u00a9Brieuc Pillorget)<\/strong><\/p>\n<\/blockquote>\n<\/div><figure class=\"wp-block-media-text__media\"><img loading=\"lazy\" decoding=\"async\" width=\"863\" height=\"597\" src=\"https:\/\/blogvaleco.com\/projeteoliendelalandelivreul\/wp-content\/uploads\/sites\/22\/2024\/07\/Busard-cendre_Brieuc-Pillorget_photodoiso.png\" alt=\"\" class=\"wp-image-521 size-full\" style=\"object-position:49% 38%\" srcset=\"https:\/\/blogvaleco.com\/projeteoliendethoiresurdinan\/wp-content\/uploads\/sites\/33\/2024\/07\/Busard-cendre_Brieuc-Pillorget_photodoiso.png 863w, https:\/\/blogvaleco.com\/projeteoliendethoiresurdinan\/wp-content\/uploads\/sites\/33\/2024\/07\/Busard-cendre_Brieuc-Pillorget_photodoiso-300x208.png 300w, https:\/\/blogvaleco.com\/projeteoliendethoiresurdinan\/wp-content\/uploads\/sites\/33\/2024\/07\/Busard-cendre_Brieuc-Pillorget_photodoiso-768x531.png 768w\" sizes=\"auto, (max-width: 863px) 100vw, 863px\" \/><\/figure><\/div>\n\n\n\n<div class=\"wp-block-media-text is-stacked-on-mobile is-image-fill-element\" style=\"grid-template-columns:24% auto\"><figure class=\"wp-block-media-text__media\"><img loading=\"lazy\" decoding=\"async\" width=\"662\" height=\"1024\" src=\"https:\/\/blogvaleco.com\/projeteoliendelalandelivreul\/wp-content\/uploads\/sites\/22\/2024\/07\/IMG_6283-662x1024.jpg\" alt=\"\" class=\"wp-image-527 size-full\" style=\"object-position:65% 46%\" srcset=\"https:\/\/blogvaleco.com\/projeteoliendethoiresurdinan\/wp-content\/uploads\/sites\/33\/2024\/07\/IMG_6283-662x1024.jpg 662w, https:\/\/blogvaleco.com\/projeteoliendethoiresurdinan\/wp-content\/uploads\/sites\/33\/2024\/07\/IMG_6283-194x300.jpg 194w, https:\/\/blogvaleco.com\/projeteoliendethoiresurdinan\/wp-content\/uploads\/sites\/33\/2024\/07\/IMG_6283-768x1189.jpg 768w, https:\/\/blogvaleco.com\/projeteoliendethoiresurdinan\/wp-content\/uploads\/sites\/33\/2024\/07\/IMG_6283-993x1536.jpg 993w, https:\/\/blogvaleco.com\/projeteoliendethoiresurdinan\/wp-content\/uploads\/sites\/33\/2024\/07\/IMG_6283.jpg 1030w\" sizes=\"auto, (max-width: 662px) 100vw, 662px\" \/><\/figure><div class=\"wp-block-media-text__content\">\n<h2 class=\"wp-block-heading has-secondary-color has-text-color has-link-color wp-elements-86e4b6c52c02435730fa8d1873fde9df\">L&rsquo;\u00e9tude acoustique<\/h2>\n\n\n\n<p><\/p>\n\n\n\n<p>Dans le cadre du d\u00e9veloppement du projet \u00e9olien de la Croix de l&rsquo;Hommeau, une \u00e9tude acoustique approfondie a \u00e9t\u00e9 men\u00e9e afin d\u2019\u00e9valuer l\u2019impact sonore du projet sur son environnement. Cette \u00e9tude, r\u00e9alis\u00e9e par des acousticiens sp\u00e9cialis\u00e9s, repose sur trois \u00e9tapes cl\u00e9s :<\/p>\n\n\n\n<ol class=\"wp-block-list\">\n<li><strong>Mesure du bruit r\u00e9siduel<\/strong> : Une premi\u00e8re phase de mesures a permis d\u2019\u00e9tablir l\u2019\u00e9tat initial du paysage sonore. Pour cela, des sonom\u00e8tres ont \u00e9t\u00e9 install\u00e9s durant plusieurs jours \u00e0 des points strat\u00e9giques, notamment \u00e0 proximit\u00e9 des habitations les plus proches du site. Ces enregistrements permettent d\u2019identifier le niveau de bruit ambiant avant toute implantation d\u2019\u00e9oliennes.<\/li>\n<\/ol>\n\n\n\n<ol class=\"wp-block-list\">\n<li><strong>Calculs de propagation acoustique<\/strong> : Une fois les mesures initiales r\u00e9alis\u00e9es, des mod\u00e9lisations ont \u00e9t\u00e9 effectu\u00e9es afin d\u2019estimer le bruit particulier g\u00e9n\u00e9r\u00e9 uniquement par les \u00e9oliennes du futur parc. Ces simulations prennent en compte divers param\u00e8tres, tels que la disposition des machines, la puissance sonore des \u00e9oliennes et les conditions m\u00e9t\u00e9orologiques locales.<\/li>\n<\/ol>\n\n\n\n<ol class=\"wp-block-list\">\n<li><strong>Calculs et conformit\u00e9 r\u00e9glementaire<\/strong> : L\u2019\u00e9tape finale de l\u2019\u00e9tude consiste \u00e0 analyser les \u00e9mergences acoustiques, c\u2019est-\u00e0-dire l\u2019augmentation du niveau sonore li\u00e9e au projet. Ces calculs sont effectu\u00e9s pour diff\u00e9rentes vitesses et directions de vent, de jour comme de nuit. Si les mod\u00e9lisations r\u00e9v\u00e8lent un d\u00e9passement des seuils r\u00e9glementaires, des mesures d\u2019att\u00e9nuation peuvent \u00eatre mises en place, comme un bridage temporaire des \u00e9oliennes ou un ajustement de leur implantation.<\/li>\n<\/ol>\n\n\n\n<p>Gr\u00e2ce \u00e0 cette approche m\u00e9thodique, le projet \u00e9olien de la Croix de l&rsquo;Hommeau est con\u00e7u pour s\u2019int\u00e9grer harmonieusement \u00e0 son environnement tout en respectant les exigences r\u00e9glementaires en mati\u00e8re de nuisances sonores.<\/p>\n\n\n\n<blockquote class=\"wp-block-quote is-layout-flow wp-block-quote-is-layout-flow\">\n<p>Ci-contre, un micro \u00e9quip\u00e9 d&rsquo;une boule anti-vent et anti-pluie, avec la batterie \u00e0 ses pieds.<\/p>\n<\/blockquote>\n<\/div><\/div>\n\n\n\n<div class=\"wp-block-media-text has-media-on-the-right is-stacked-on-mobile is-image-fill-element\" style=\"grid-template-columns:auto 31%\"><div class=\"wp-block-media-text__content\">\n<h2 class=\"wp-block-heading\">L&rsquo;\u00e9tude paysagere et patrimoniale<\/h2>\n\n\n\n<p>Le projet \u00e9olien de la Croix de l&rsquo;Hommeau s\u2019accompagne d\u2019une \u00e9tude paysag\u00e8re approfondie r\u00e9alis\u00e9e par un bureau d\u2019\u00e9tude sp\u00e9cialis\u00e9 et ind\u00e9pendant. Cette expertise vise \u00e0 \u00e9valuer l\u2019impact visuel du parc \u00e0 diff\u00e9rentes \u00e9chelles \u2013 rapproch\u00e9e, interm\u00e9diaire et \u00e9loign\u00e9e \u2013 afin d\u2019assurer une implantation en coh\u00e9rence avec le territoire et ses sensibilit\u00e9s paysag\u00e8res.<\/p>\n\n\n\n<p>L\u2019analyse prend en compte divers enjeux, notamment la pr\u00e9sence de paysages embl\u00e9matiques et de monuments historiques, afin d\u2019adapter le dimensionnement du projet et son int\u00e9gration dans le cadre environnant. Pour affiner cette \u00e9tude, des photomontages r\u00e9alistes sont r\u00e9alis\u00e9s \u00e0 l\u2019aide de logiciels sp\u00e9cialis\u00e9s. Ces outils utilisent des Mod\u00e8les Num\u00e9riques de Terrain (MNT), permettant de positionner pr\u00e9cis\u00e9ment les \u00e9oliennes sur l\u2019horizon et de donner une vision concr\u00e8te de leur impact visuel.<\/p>\n\n\n\n<p>Gr\u00e2ce \u00e0 cette d\u00e9marche rigoureuse, le projet \u00e9olien de la Croix de l&rsquo;Hommeau est con\u00e7u pour s\u2019int\u00e9grer harmonieusement \u00e0 son environnement, en respectant \u00e0 la fois les sensibilit\u00e9s locales et les exigences r\u00e9glementaires.<\/p>\n\n\n\n<blockquote class=\"wp-block-quote is-layout-flow wp-block-quote-is-layout-flow\">\n<p>Ci-contre, une prise de vue pour r\u00e9aliser un photomontage au Ch\u00e2teau de La Rochefoucauld (16) <\/p>\n<\/blockquote>\n<\/div><figure class=\"wp-block-media-text__media\"><img loading=\"lazy\" decoding=\"async\" width=\"1024\" height=\"768\" src=\"https:\/\/blogvaleco.com\/projeteoliendelalandelivreul\/wp-content\/uploads\/sites\/22\/2024\/07\/IMG_8637-1024x768.jpg\" alt=\"\" class=\"wp-image-523 size-full\" style=\"object-position:36% 56%\" srcset=\"https:\/\/blogvaleco.com\/projeteoliendethoiresurdinan\/wp-content\/uploads\/sites\/33\/2024\/07\/IMG_8637-1024x768.jpg 1024w, https:\/\/blogvaleco.com\/projeteoliendethoiresurdinan\/wp-content\/uploads\/sites\/33\/2024\/07\/IMG_8637-300x225.jpg 300w, https:\/\/blogvaleco.com\/projeteoliendethoiresurdinan\/wp-content\/uploads\/sites\/33\/2024\/07\/IMG_8637-768x576.jpg 768w, https:\/\/blogvaleco.com\/projeteoliendethoiresurdinan\/wp-content\/uploads\/sites\/33\/2024\/07\/IMG_8637-1536x1152.jpg 1536w, https:\/\/blogvaleco.com\/projeteoliendethoiresurdinan\/wp-content\/uploads\/sites\/33\/2024\/07\/IMG_8637-2048x1536.jpg 2048w\" sizes=\"auto, (max-width: 1024px) 100vw, 1024px\" \/><\/figure><\/div>\n\n\n\n<div class=\"wp-block-media-text is-stacked-on-mobile is-image-fill-element\" style=\"grid-template-columns:36% auto\"><figure class=\"wp-block-media-text__media\"><img loading=\"lazy\" decoding=\"async\" width=\"768\" height=\"1024\" src=\"https:\/\/blogvaleco.com\/projeteoliendethoiresurdinan\/wp-content\/uploads\/sites\/33\/2025\/02\/230201-Mat-de-mesure-768x1024.jpg\" alt=\"\" class=\"wp-image-894 size-full\" style=\"object-position:50% 50%\" srcset=\"https:\/\/blogvaleco.com\/projeteoliendethoiresurdinan\/wp-content\/uploads\/sites\/33\/2025\/02\/230201-Mat-de-mesure-768x1024.jpg 768w, https:\/\/blogvaleco.com\/projeteoliendethoiresurdinan\/wp-content\/uploads\/sites\/33\/2025\/02\/230201-Mat-de-mesure-225x300.jpg 225w, https:\/\/blogvaleco.com\/projeteoliendethoiresurdinan\/wp-content\/uploads\/sites\/33\/2025\/02\/230201-Mat-de-mesure-1152x1536.jpg 1152w, https:\/\/blogvaleco.com\/projeteoliendethoiresurdinan\/wp-content\/uploads\/sites\/33\/2025\/02\/230201-Mat-de-mesure-1536x2048.jpg 1536w, https:\/\/blogvaleco.com\/projeteoliendethoiresurdinan\/wp-content\/uploads\/sites\/33\/2025\/02\/230201-Mat-de-mesure-scaled.jpg 1920w\" sizes=\"auto, (max-width: 768px) 100vw, 768px\" \/><\/figure><div class=\"wp-block-media-text__content\">\n<h2 class=\"wp-block-heading has-secondary-color has-text-color has-link-color wp-elements-e77a050f1cf362cba5d74706bc8fe6a9\">Le mat de mesure de vent<\/h2>\n\n\n\n<p>Afin d\u2019\u00e9valuer pr\u00e9cis\u00e9ment le potentiel \u00e9olien du site de la Croix de l&rsquo;Hommeau, un m\u00e2t de mesure de vent a \u00e9t\u00e9 install\u00e9 sur la zone d\u2019\u00e9tude pendant environ deux ans. Ce dispositif, d\u2019une hauteur comprise entre 100 et 150 m\u00e8tres, est \u00e9quip\u00e9 d\u2019an\u00e9mom\u00e8tres, de girouettes et d\u2019un barom\u00e8tre permettant d\u2019enregistrer en continu les donn\u00e9es de vent, notamment sa vitesse, sa direction et la densit\u00e9 de l\u2019air. Ces mesures sont essentielles pour affiner l\u2019\u00e9valuation du gisement de vent et estimer avec pr\u00e9cision la production \u00e9lectrique future du parc sur toute sa dur\u00e9e d\u2019exploitation.<\/p>\n\n\n\n<p>En compl\u00e9ment de ces instruments m\u00e9t\u00e9orologiques, des capteurs sp\u00e9cialis\u00e9s ont \u00e9t\u00e9 install\u00e9s afin d\u2019\u00e9tudier l\u2019activit\u00e9 des chauves-souris en altitude. Tr\u00e8s souvent, ces m\u00e2ts sont \u00e9quip\u00e9s de micros \u00e0 ultrasons permettant d\u2019enregistrer et de caract\u00e9riser le comportement des chiropt\u00e8res en hauteur. Cette analyse permet d\u2019adapter le fonctionnement du parc \u00e9olien afin de limiter les impacts sur la biodiversit\u00e9 locale.<\/p>\n\n\n\n<p>Gr\u00e2ce \u00e0 ces \u00e9tudes pouss\u00e9es, le projet \u00e9olien de la Croix de l&rsquo;Hommeau repose sur une connaissance fine des conditions m\u00e9t\u00e9orologiques et \u00e9cologiques du site, garantissant ainsi une implantation optimis\u00e9e et respectueuse de son environnement.<\/p>\n\n\n\n<blockquote class=\"wp-block-quote is-layout-flow wp-block-quote-is-layout-flow\">\n<p>Ci-contre, photographie du m\u00e2t de mesure sur le site de la Croix de l&rsquo;Hommeau, \u00e0 Thoir\u00e9-sur-Dinan.<\/p>\n<\/blockquote>\n<\/div><\/div>\n<\/div>\n\n\n\n<p><\/p>\n","protected":false},"excerpt":{"rendered":"<p>Etudes r\u00e9alis\u00e9es Depuis 2011, les \u00e9oliennes sont soumises au r\u00e9gime des Installations Class\u00e9es pour la protection de l&rsquo;Environnement (ICPE &#8211; R\u00e9gime autorisation), et font l&rsquo;objet d&rsquo;un examen minutieux pour l&rsquo;identification de leurs impacts et la prescription de mesures d&rsquo;\u00e9vitement, de r\u00e9duction et de compensation adapt\u00e9es, ainsi qu&rsquo;un suivi environnemental adapt\u00e9 tout au long de leur [&hellip;]<\/p>\n","protected":false},"author":1,"featured_media":562,"parent":15,"menu_order":0,"comment_status":"closed","ping_status":"closed","template":"","meta":{"_acf_changed":false,"inline_featured_image":false,"footnotes":""},"class_list":["post-155","page","type-page","status-publish","has-post-thumbnail","hentry"],"acf":[],"_links":{"self":[{"href":"https:\/\/blogvaleco.com\/projeteoliendethoiresurdinan\/wp-json\/wp\/v2\/pages\/155","targetHints":{"allow":["GET"]}}],"collection":[{"href":"https:\/\/blogvaleco.com\/projeteoliendethoiresurdinan\/wp-json\/wp\/v2\/pages"}],"about":[{"href":"https:\/\/blogvaleco.com\/projeteoliendethoiresurdinan\/wp-json\/wp\/v2\/types\/page"}],"author":[{"embeddable":true,"href":"https:\/\/blogvaleco.com\/projeteoliendethoiresurdinan\/wp-json\/wp\/v2\/users\/1"}],"replies":[{"embeddable":true,"href":"https:\/\/blogvaleco.com\/projeteoliendethoiresurdinan\/wp-json\/wp\/v2\/comments?post=155"}],"version-history":[{"count":12,"href":"https:\/\/blogvaleco.com\/projeteoliendethoiresurdinan\/wp-json\/wp\/v2\/pages\/155\/revisions"}],"predecessor-version":[{"id":895,"href":"https:\/\/blogvaleco.com\/projeteoliendethoiresurdinan\/wp-json\/wp\/v2\/pages\/155\/revisions\/895"}],"up":[{"embeddable":true,"href":"https:\/\/blogvaleco.com\/projeteoliendethoiresurdinan\/wp-json\/wp\/v2\/pages\/15"}],"wp:featuredmedia":[{"embeddable":true,"href":"https:\/\/blogvaleco.com\/projeteoliendethoiresurdinan\/wp-json\/wp\/v2\/media\/562"}],"wp:attachment":[{"href":"https:\/\/blogvaleco.com\/projeteoliendethoiresurdinan\/wp-json\/wp\/v2\/media?parent=155"}],"curies":[{"name":"wp","href":"https:\/\/api.w.org\/{rel}","templated":true}]}}