{"id":15,"date":"2024-03-06T10:46:20","date_gmt":"2024-03-06T09:46:20","guid":{"rendered":"https:\/\/blogs.groupevaleco.com\/site-modele\/?page_id=15"},"modified":"2025-02-20T16:27:03","modified_gmt":"2025-02-20T15:27:03","slug":"projet","status":"publish","type":"page","link":"https:\/\/blogvaleco.com\/projeteoliendethoiresurdinan\/projet\/","title":{"rendered":"Projet"},"content":{"rendered":"\n<div class=\"wp-block-group alignfull has-tertiary-background-color has-background is-layout-constrained wp-block-group-is-layout-constrained\" style=\"margin-top:0;padding-top:var(--wp--preset--spacing--70);padding-bottom:var(--wp--preset--spacing--70)\">\n<h2 class=\"wp-block-heading has-text-align-center\">Chiffres cl\u00e9s du projet<\/h2>\n\n\n\n<div class=\"wp-block-columns is-layout-flex wp-container-core-columns-is-layout-28f84493 wp-block-columns-is-layout-flex\">\n<div class=\"wp-block-column is-layout-flow wp-block-column-is-layout-flow\" style=\"flex-basis:100%\">\n<div class=\"wp-block-columns cta-block-1 is-layout-flex wp-container-core-columns-is-layout-159f51c6 wp-block-columns-is-layout-flex\" style=\"margin-top:0\">\n<div class=\"wp-block-column has-white-background-color has-background is-layout-flow wp-container-core-column-is-layout-1d0ad487 wp-block-column-is-layout-flow\" style=\"padding-top:var(--wp--preset--spacing--50);padding-right:var(--wp--preset--spacing--40);padding-bottom:var(--wp--preset--spacing--50);padding-left:var(--wp--preset--spacing--40)\">\n<figure class=\"wp-block-image aligncenter size-full is-resized\"><img loading=\"lazy\" decoding=\"async\" width=\"300\" height=\"300\" src=\"https:\/\/blogvaleco.com\/projeteoliendethoiresurdinan\/wp-content\/uploads\/sites\/33\/2024\/03\/icone-eolienne.png\" alt=\"\" class=\"wp-image-62\" style=\"width:110px\" srcset=\"https:\/\/blogvaleco.com\/projeteoliendethoiresurdinan\/wp-content\/uploads\/sites\/33\/2024\/03\/icone-eolienne.png 300w, https:\/\/blogvaleco.com\/projeteoliendethoiresurdinan\/wp-content\/uploads\/sites\/33\/2024\/03\/icone-eolienne-150x150.png 150w\" sizes=\"auto, (max-width: 300px) 100vw, 300px\" \/><\/figure>\n\n\n\n<h3 class=\"wp-block-heading has-text-align-center has-black-color has-text-color has-link-color wp-elements-0fb5ed9893c57d8b04125a8be881f5fd\">2 \u00e9oliennes<\/h3>\n\n\n\n<p class=\"has-text-align-center has-text-color has-link-color wp-elements-75a7a03b61932f523836c45197322ceb\" style=\"color:#6a6a6a\">Potentiel du site<\/p>\n<\/div>\n\n\n\n<div class=\"wp-block-column has-white-background-color has-background is-layout-flow wp-container-core-column-is-layout-1d0ad487 wp-block-column-is-layout-flow\" style=\"padding-top:var(--wp--preset--spacing--50);padding-right:var(--wp--preset--spacing--40);padding-bottom:var(--wp--preset--spacing--50);padding-left:var(--wp--preset--spacing--40)\">\n<figure class=\"wp-block-image aligncenter size-full is-resized\"><img loading=\"lazy\" decoding=\"async\" width=\"300\" height=\"300\" src=\"https:\/\/blogvaleco.com\/projeteoliendethoiresurdinan\/wp-content\/uploads\/sites\/33\/2024\/03\/icone-energie.png\" alt=\"\" class=\"wp-image-61\" style=\"width:110px\" srcset=\"https:\/\/blogvaleco.com\/projeteoliendethoiresurdinan\/wp-content\/uploads\/sites\/33\/2024\/03\/icone-energie.png 300w, https:\/\/blogvaleco.com\/projeteoliendethoiresurdinan\/wp-content\/uploads\/sites\/33\/2024\/03\/icone-energie-150x150.png 150w\" sizes=\"auto, (max-width: 300px) 100vw, 300px\" \/><\/figure>\n\n\n\n<h3 class=\"wp-block-heading has-text-align-center has-black-color has-text-color has-link-color wp-elements-ace501fc197dbdbc81f67891cdf338b8\">9.6 MW<\/h3>\n\n\n\n<p class=\"has-text-align-center has-text-color has-link-color wp-elements-a5a8fb6db9edd64dbbdc3a16280af0f8\" style=\"color:#6a6a6a\">Puissance totale du projet<\/p>\n<\/div>\n\n\n\n<div class=\"wp-block-column has-white-background-color has-background is-layout-flow wp-container-core-column-is-layout-1d0ad487 wp-block-column-is-layout-flow\" style=\"padding-top:var(--wp--preset--spacing--50);padding-right:var(--wp--preset--spacing--40);padding-bottom:var(--wp--preset--spacing--50);padding-left:var(--wp--preset--spacing--40)\">\n<figure class=\"wp-block-image aligncenter size-full is-resized\"><img loading=\"lazy\" decoding=\"async\" width=\"300\" height=\"300\" src=\"https:\/\/blogvaleco.com\/projeteoliendethoiresurdinan\/wp-content\/uploads\/sites\/33\/2024\/03\/icone-energie.png\" alt=\"\" class=\"wp-image-61\" style=\"width:110px\" srcset=\"https:\/\/blogvaleco.com\/projeteoliendethoiresurdinan\/wp-content\/uploads\/sites\/33\/2024\/03\/icone-energie.png 300w, https:\/\/blogvaleco.com\/projeteoliendethoiresurdinan\/wp-content\/uploads\/sites\/33\/2024\/03\/icone-energie-150x150.png 150w\" sizes=\"auto, (max-width: 300px) 100vw, 300px\" \/><\/figure>\n\n\n\n<h3 class=\"wp-block-heading has-text-align-center has-black-color has-text-color has-link-color wp-elements-acfa821000c40940bc7b1a98701e7159\">23 000 MWh\/an<\/h3>\n\n\n\n<p class=\"has-text-align-center has-text-color has-link-color wp-elements-f04400e5b9ad16d89249436665c43167\" style=\"color:#6a6a6a\">Production annuelle attendue<\/p>\n<\/div>\n\n\n\n<div class=\"wp-block-column has-white-background-color has-background is-layout-flow wp-container-core-column-is-layout-1d0ad487 wp-block-column-is-layout-flow\" style=\"padding-top:var(--wp--preset--spacing--50);padding-right:var(--wp--preset--spacing--40);padding-bottom:var(--wp--preset--spacing--50);padding-left:var(--wp--preset--spacing--40)\">\n<figure class=\"wp-block-image aligncenter size-full is-resized\"><img loading=\"lazy\" decoding=\"async\" width=\"300\" height=\"300\" src=\"https:\/\/blogvaleco.com\/projeteoliendethoiresurdinan\/wp-content\/uploads\/sites\/33\/2024\/03\/icone-foyer.png\" alt=\"\" class=\"wp-image-63\" style=\"width:110px\" srcset=\"https:\/\/blogvaleco.com\/projeteoliendethoiresurdinan\/wp-content\/uploads\/sites\/33\/2024\/03\/icone-foyer.png 300w, https:\/\/blogvaleco.com\/projeteoliendethoiresurdinan\/wp-content\/uploads\/sites\/33\/2024\/03\/icone-foyer-150x150.png 150w\" sizes=\"auto, (max-width: 300px) 100vw, 300px\" \/><\/figure>\n\n\n\n<h3 class=\"wp-block-heading has-text-align-center has-black-color has-text-color has-link-color wp-elements-77026614296618fe785371972a43c4af\">5 500 foyers<\/h3>\n\n\n\n<p class=\"has-text-align-center has-text-color has-link-color wp-elements-d57cbb5d1cf7d09d7e154aaf540ba769\" style=\"color:#6a6a6a\">Equivalent en consommation d&rsquo;\u00e9lectricit\u00e9<\/p>\n<\/div>\n\n\n\n<div class=\"wp-block-column has-white-background-color has-background is-layout-flow wp-container-core-column-is-layout-1d0ad487 wp-block-column-is-layout-flow\" style=\"padding-top:var(--wp--preset--spacing--50);padding-right:var(--wp--preset--spacing--40);padding-bottom:var(--wp--preset--spacing--50);padding-left:var(--wp--preset--spacing--40)\">\n<figure class=\"wp-block-image aligncenter size-full is-resized\"><img loading=\"lazy\" decoding=\"async\" width=\"300\" height=\"300\" src=\"https:\/\/blogvaleco.com\/projeteoliendethoiresurdinan\/wp-content\/uploads\/sites\/33\/2024\/03\/icone-eco.png\" alt=\"\" class=\"wp-image-60\" style=\"width:110px\" srcset=\"https:\/\/blogvaleco.com\/projeteoliendethoiresurdinan\/wp-content\/uploads\/sites\/33\/2024\/03\/icone-eco.png 300w, https:\/\/blogvaleco.com\/projeteoliendethoiresurdinan\/wp-content\/uploads\/sites\/33\/2024\/03\/icone-eco-150x150.png 150w\" sizes=\"auto, (max-width: 300px) 100vw, 300px\" \/><\/figure>\n\n\n\n<h3 class=\"wp-block-heading has-text-align-center has-black-color has-text-color has-link-color wp-elements-405a384e33298156bb5f527dd4853e7d\">11 200 tonnes de co2<\/h3>\n\n\n\n<p class=\"has-text-align-center has-text-color has-link-color wp-elements-d75367e68f0367f00547fe2582951ef6\" style=\"color:#6a6a6a\">Rejet de CO2 \u00e9vit\u00e9 dans l&rsquo;atmosph\u00e8re<\/p>\n<\/div>\n<\/div>\n<\/div>\n<\/div>\n<\/div>\n\n\n\n<div class=\"wp-block-group alignfull is-layout-constrained wp-block-group-is-layout-constrained\" style=\"margin-top:0;padding-top:var(--wp--preset--spacing--60);padding-bottom:var(--wp--preset--spacing--60)\">\n<div class=\"wp-block-media-text has-media-on-the-right is-stacked-on-mobile\" style=\"grid-template-columns:auto 40%\"><div class=\"wp-block-media-text__content\">\n<h2 class=\"wp-block-heading\">Pr\u00e9sentation du projet<\/h2>\n\n\n\n<p>C&rsquo;est au d\u00e9but de l\u2019ann\u00e9e 2021 que le Groupe VALECO, producteur fran\u00e7ais d\u2019\u00e9nergie renouvelable, identifie la possibilit\u00e9 d\u2019implanter un projet \u00e9olien dans la commune de\u00a0<strong>Thoir\u00e9-sur-Dinan<\/strong>\u00a0dans la Sarthe (72). Des premi\u00e8res rencontres avec les \u00e9lus de la commune, puis avec les propri\u00e9taires et les exploitants concern\u00e9s ont eu lieu en mai 2021.<\/p>\n\n\n\n<p>Des&nbsp;<strong>premi\u00e8res consultations<\/strong>&nbsp;aupr\u00e8s des services publiques et administrations ont \u00e9t\u00e9 r\u00e9alis\u00e9es afin d\u2019\u00e9valuer les \u00e9ventuelles servitudes et contraintes pr\u00e9sentes dans le p\u00e9rim\u00e8tre d\u2019\u00e9tude&nbsp;: radar, couloir a\u00e9rien, faisceaux hertziens et internet, lignes hautes tensions, etc.<\/p>\n\n\n\n<p>A l&rsquo;heure actuelle, le projet permet l&rsquo;implantation de&nbsp;<strong>2 \u00e9oliennes<\/strong>. Le mod\u00e8le d\u2019\u00e9olienne n\u2019est pas encore d\u00e9fini \u00e0 ce jour, toutefois la hauteur totale (m\u00e2t + pale) devrait \u00eatre comprise&nbsp;<strong>entre 180 et 200 m\u00e8tres<\/strong>, pour une puissance unitaire de&nbsp;<strong>4.8 MW<\/strong>.<\/p>\n\n\n\n<p>Il a \u00e9t\u00e9 convenu avec le conseil municipal de Thoir\u00e9-sur-Dinan que le d\u00e9veloppement de ce projet serait r\u00e9alis\u00e9 en concertation avec les \u00e9lus et en informant la population, \u00e0 travers divers moyens de communication (lettres d\u2019information, blog projet, permanence d\u2019information\u2026).<\/p>\n\n\n\n<div class=\"wp-block-buttons is-content-justification-center is-layout-flex wp-container-core-buttons-is-layout-a89b3969 wp-block-buttons-is-layout-flex\">\n<div class=\"wp-block-button is-style-fill\"><a class=\"wp-block-button__link wp-element-button\" href=\"https:\/\/blogvaleco.com\/projeteoliendethoiresurdinan\/les-etapes\/\">En savoir plus sur les \u00e9tapes du projet<\/a><\/div>\n<\/div>\n<\/div><figure class=\"wp-block-media-text__media\"><img loading=\"lazy\" decoding=\"async\" width=\"1024\" height=\"683\" src=\"https:\/\/blogvaleco.com\/projeteoliendethoiresurdinan\/wp-content\/uploads\/sites\/33\/2024\/07\/Champs_perdus-2-1024x683.jpg\" alt=\"\" class=\"wp-image-575 size-full\" srcset=\"https:\/\/blogvaleco.com\/projeteoliendethoiresurdinan\/wp-content\/uploads\/sites\/33\/2024\/07\/Champs_perdus-2-1024x683.jpg 1024w, https:\/\/blogvaleco.com\/projeteoliendethoiresurdinan\/wp-content\/uploads\/sites\/33\/2024\/07\/Champs_perdus-2-300x200.jpg 300w, https:\/\/blogvaleco.com\/projeteoliendethoiresurdinan\/wp-content\/uploads\/sites\/33\/2024\/07\/Champs_perdus-2-768x512.jpg 768w, https:\/\/blogvaleco.com\/projeteoliendethoiresurdinan\/wp-content\/uploads\/sites\/33\/2024\/07\/Champs_perdus-2-1536x1024.jpg 1536w, https:\/\/blogvaleco.com\/projeteoliendethoiresurdinan\/wp-content\/uploads\/sites\/33\/2024\/07\/Champs_perdus-2-2048x1365.jpg 2048w\" sizes=\"auto, (max-width: 1024px) 100vw, 1024px\" \/><\/figure><\/div>\n<\/div>\n\n\n\n<div class=\"wp-block-group alignfull has-white-color has-primary-background-color has-text-color has-background has-link-color wp-elements-f142996a674ae02ffe42ef63fff69627 is-layout-constrained wp-block-group-is-layout-constrained\" style=\"margin-top:0;padding-top:var(--wp--preset--spacing--60);padding-bottom:var(--wp--preset--spacing--60)\">\n<div class=\"wp-block-columns is-layout-flex wp-container-core-columns-is-layout-f5a44f5b wp-block-columns-is-layout-flex\">\n<div class=\"wp-block-column is-layout-flow wp-block-column-is-layout-flow\" style=\"flex-basis:40%\">\n<figure class=\"wp-block-image size-full has-custom-border\"><img loading=\"lazy\" decoding=\"async\" width=\"600\" height=\"425\" src=\"https:\/\/blogvaleco.com\/projeteoliendethoiresurdinan\/wp-content\/uploads\/sites\/33\/2025\/02\/220616-carte-de-localisation-pe-de-thoire_page-0001.jpg\" alt=\"\" class=\"wp-image-871\" style=\"border-radius:15px\" srcset=\"https:\/\/blogvaleco.com\/projeteoliendethoiresurdinan\/wp-content\/uploads\/sites\/33\/2025\/02\/220616-carte-de-localisation-pe-de-thoire_page-0001.jpg 600w, https:\/\/blogvaleco.com\/projeteoliendethoiresurdinan\/wp-content\/uploads\/sites\/33\/2025\/02\/220616-carte-de-localisation-pe-de-thoire_page-0001-300x213.jpg 300w\" sizes=\"auto, (max-width: 600px) 100vw, 600px\" \/><\/figure>\n\n\n\n<div class=\"wp-block-buttons is-content-justification-center is-layout-flex wp-container-core-buttons-is-layout-a89b3969 wp-block-buttons-is-layout-flex\">\n<div class=\"wp-block-button\"><a class=\"wp-block-button__link has-secondary-background-color has-background wp-element-button\" href=\"https:\/\/blogvaleco.com\/projeteoliendethoiresurdinan\/projet\/localisation-implantation\/\">En savoir plus sur la localisation du projet <\/a><\/div>\n<\/div>\n<\/div>\n\n\n\n<div class=\"wp-block-column is-vertically-aligned-center is-layout-flow wp-block-column-is-layout-flow\" style=\"flex-basis:60%\">\n<h2 class=\"wp-block-heading has-secondary-color has-text-color has-link-color wp-elements-3eef0f8d3ec5b51568c8d78b59df7357\">le choix de la zone d&rsquo;etude<\/h2>\n\n\n\n<p>La zone d\u2019\u00e9tude du projet \u00e9olien de la Croix de l&rsquo;Hommeau se situe sur la commune de <strong>Thoir\u00e9-sur-Dinan<\/strong>. Elle respecte les contraintes r\u00e9glementaires telles que l\u2019\u00e9loignement aux habitations (500m), aux routes, etc. Des premi\u00e8res consultations ont \u00e9t\u00e9 r\u00e9alis\u00e9es afin de v\u00e9rifier qu\u2019aucune servitude n\u2019impacterait le projet : radar, couloir a\u00e9rien, faisceau de gendarmerie, faisceaux hertziens et internet, lignes hautes tensions, etc.<\/p>\n<\/div>\n<\/div>\n<\/div>\n\n\n\n<h2 class=\"wp-block-heading\">Les acteurs du projet<\/h2>\n\n\n\n<div class=\"wp-block-columns is-layout-flex wp-container-core-columns-is-layout-28f84493 wp-block-columns-is-layout-flex\">\n<div class=\"wp-block-column has-light-grey-background-color has-background is-layout-flow wp-block-column-is-layout-flow\" style=\"flex-basis:25%\">\n<p class=\"has-text-align-center has-border-color has-light-grey-border-color has-secondary-color has-text-color has-link-color has-small-font-size wp-elements-dd2880f057f790ba05b8c1222dc4a282\" style=\"border-width:18px\"><strong>Les collectivit\u00e9s locales<\/strong><\/p>\n\n\n\n<p class=\"has-border-color has-light-grey-border-color has-small-font-size\" style=\"border-width:16px\">La commune de Thoir\u00e9-sur-Dinan accueille sur son territoire le d\u00e9veloppement du projet \u00e9olien de la Croix de l&rsquo;Hommeau. Dans le cadre du d\u00e9veloppement de ce projet \u00e9olien, Valeco a d\u00e9cid\u00e9 de mettre en place de nombreuses actions de communication et de concertation pour maintenir un contact avec les riverains et les acteurs du territoire.<\/p>\n\n\n\n<p class=\"has-border-color has-light-grey-border-color has-small-font-size\" style=\"border-width:16px\">Gr\u00e2ce \u00e0 cette collaboration, le projet contribue \u00e0 la transition \u00e9nerg\u00e9tique locale tout en apportant des b\u00e9n\u00e9fices aux communes environnantes.<\/p>\n<\/div>\n\n\n\n<div class=\"wp-block-column has-primary-background-color has-background is-layout-flow wp-block-column-is-layout-flow\" style=\"flex-basis:50%\">\n<p class=\"has-text-align-center has-border-color has-primary-border-color has-white-color has-text-color has-link-color has-extra-large-font-size wp-elements-93cd91713de83acc1b60fcc47b3858d5\" style=\"border-width:8px\"><strong>Le porteur du projet<\/strong><\/p>\n\n\n\n<p class=\"has-border-color has-primary-border-color has-white-color has-text-color has-link-color has-small-font-size wp-elements-036891326af454d6cbe1e41ad98254a2\" style=\"border-width:12px\">Une soci\u00e9t\u00e9 projet (SPV) associ\u00e9e au projet \u00e9olien de la Croix de l&rsquo;Hommeau sur la commune de Bess\u00e9-sur-Braye a \u00e9t\u00e9 cr\u00e9\u00e9e en 2022 :<\/p>\n\n\n\n<figure class=\"wp-block-image size-large\"><img loading=\"lazy\" decoding=\"async\" width=\"1024\" height=\"695\" src=\"https:\/\/blogvaleco.com\/projeteoliendethoiresurdinan\/wp-content\/uploads\/sites\/33\/2025\/02\/210107_Organigrame_PE_Croix_de_l_Hommeau-1024x695.png\" alt=\"\" class=\"wp-image-877\" srcset=\"https:\/\/blogvaleco.com\/projeteoliendethoiresurdinan\/wp-content\/uploads\/sites\/33\/2025\/02\/210107_Organigrame_PE_Croix_de_l_Hommeau-1024x695.png 1024w, https:\/\/blogvaleco.com\/projeteoliendethoiresurdinan\/wp-content\/uploads\/sites\/33\/2025\/02\/210107_Organigrame_PE_Croix_de_l_Hommeau-300x204.png 300w, https:\/\/blogvaleco.com\/projeteoliendethoiresurdinan\/wp-content\/uploads\/sites\/33\/2025\/02\/210107_Organigrame_PE_Croix_de_l_Hommeau-768x521.png 768w, https:\/\/blogvaleco.com\/projeteoliendethoiresurdinan\/wp-content\/uploads\/sites\/33\/2025\/02\/210107_Organigrame_PE_Croix_de_l_Hommeau.png 1280w\" sizes=\"auto, (max-width: 1024px) 100vw, 1024px\" \/><\/figure>\n\n\n\n<ul class=\"wp-block-list\">\n<li class=\"has-border-color has-primary-border-color has-white-color has-text-color has-link-color has-small-font-size wp-elements-5dc8904bdb91db0b233fbb766c0ccbff\" style=\"border-width:12px\">Ouverture du capital de la soci\u00e9t\u00e9 projet<\/li>\n\n\n\n<li class=\"has-border-color has-primary-border-color has-white-color has-text-color has-link-color has-small-font-size wp-elements-b4b7d76232695c0b359a5f00c2767f59\" style=\"border-width:12px\">D\u00e9veloppement du projet par Valeco afin d&rsquo;int\u00e9grer le territoire dans le projet et avoir une meilleure acceptation locale.<\/li>\n<\/ul>\n<\/div>\n\n\n\n<div class=\"wp-block-column has-light-grey-background-color has-background is-layout-flow wp-block-column-is-layout-flow\" style=\"flex-basis:25%\">\n<p class=\"has-text-align-center has-secondary-color has-light-grey-background-color has-text-color has-background has-link-color has-small-font-size wp-elements-4505e50ef2ac2ae36989d0011beabee5\"><strong>Les bureaux d&rsquo;\u00e9tudes<\/strong><\/p>\n\n\n\n<figure class=\"wp-block-image aligncenter size-large is-resized\"><img decoding=\"async\" src=\"https:\/\/blogvaleco.com\/projeteoliendelalandelivreul\/wp-content\/uploads\/sites\/22\/2025\/02\/auddice_logo-1024x732.png\" alt=\"\" class=\"wp-image-909\" style=\"width:95px;height:auto\" \/><\/figure>\n\n\n\n<figure class=\"wp-block-image aligncenter size-full is-resized\"><img loading=\"lazy\" decoding=\"async\" width=\"559\" height=\"221\" src=\"https:\/\/blogvaleco.com\/projeteoliendethoiresurdinan\/wp-content\/uploads\/sites\/33\/2025\/02\/Logo-BE-Sixense.png\" alt=\"\" class=\"wp-image-879\" style=\"width:181px;height:auto\" srcset=\"https:\/\/blogvaleco.com\/projeteoliendethoiresurdinan\/wp-content\/uploads\/sites\/33\/2025\/02\/Logo-BE-Sixense.png 559w, https:\/\/blogvaleco.com\/projeteoliendethoiresurdinan\/wp-content\/uploads\/sites\/33\/2025\/02\/Logo-BE-Sixense-300x119.png 300w\" sizes=\"auto, (max-width: 559px) 100vw, 559px\" \/><\/figure>\n<\/div>\n<\/div>\n\n\n\n<h2 class=\"wp-block-heading\">une \u00e9quipe pluridisciplinaire au sein de valeco<\/h2>\n\n\n\n<p><\/p>\n\n\n\n<div class=\"wp-block-columns is-layout-flex wp-container-core-columns-is-layout-28f84493 wp-block-columns-is-layout-flex\">\n<div class=\"wp-block-column is-layout-flow wp-block-column-is-layout-flow\">\n<div class=\"wp-block-group is-nowrap is-layout-flex wp-container-core-group-is-layout-6c531013 wp-block-group-is-layout-flex\">\n<div class=\"wp-block-columns is-layout-flex wp-container-core-columns-is-layout-28f84493 wp-block-columns-is-layout-flex\">\n<div class=\"wp-block-column is-layout-flow wp-block-column-is-layout-flow\">\n<div class=\"wp-block-columns is-layout-flex wp-container-core-columns-is-layout-28f84493 wp-block-columns-is-layout-flex\">\n<div class=\"wp-block-column is-layout-flow wp-block-column-is-layout-flow\">\n<figure class=\"wp-block-image aligncenter size-full is-resized\"><img loading=\"lazy\" decoding=\"async\" width=\"565\" height=\"349\" src=\"https:\/\/blogvaleco.com\/projeteoliendethoiresurdinan-pv\/wp-content\/uploads\/sites\/10\/2024\/07\/poignee-de-main.png\" alt=\"\" class=\"wp-image-588\" style=\"width:100px\" srcset=\"https:\/\/blogvaleco.com\/projeteoliendethoiresurdinan\/wp-content\/uploads\/sites\/33\/2024\/07\/poignee-de-main.png 565w, https:\/\/blogvaleco.com\/projeteoliendethoiresurdinan\/wp-content\/uploads\/sites\/33\/2024\/07\/poignee-de-main-300x185.png 300w\" sizes=\"auto, (max-width: 565px) 100vw, 565px\" \/><\/figure>\n\n\n\n<p class=\"has-text-align-center\" style=\"text-transform:uppercase\">Charg\u00e9 de d\u00e9veloppement territorial et d&rsquo;affaires fonci\u00e8res<\/p>\n<\/div>\n<\/div>\n\n\n\n<div class=\"wp-block-columns is-layout-flex wp-container-core-columns-is-layout-28f84493 wp-block-columns-is-layout-flex\">\n<div class=\"wp-block-column is-layout-flow wp-block-column-is-layout-flow\">\n<figure class=\"wp-block-image aligncenter size-full is-resized\"><img loading=\"lazy\" decoding=\"async\" width=\"512\" height=\"512\" src=\"https:\/\/blogvaleco.com\/projeteoliendethoiresurdinan-pv\/wp-content\/uploads\/sites\/10\/2024\/07\/BLEU_boussole.png\" alt=\"\" class=\"wp-image-605\" style=\"width:80px\" srcset=\"https:\/\/blogvaleco.com\/projeteoliendethoiresurdinan\/wp-content\/uploads\/sites\/33\/2024\/07\/BLEU_boussole.png 512w, https:\/\/blogvaleco.com\/projeteoliendethoiresurdinan\/wp-content\/uploads\/sites\/33\/2024\/07\/BLEU_boussole-300x300.png 300w, https:\/\/blogvaleco.com\/projeteoliendethoiresurdinan\/wp-content\/uploads\/sites\/33\/2024\/07\/BLEU_boussole-150x150.png 150w\" sizes=\"auto, (max-width: 512px) 100vw, 512px\" \/><\/figure>\n\n\n\n<p class=\"has-text-align-center\" style=\"text-transform:uppercase\">Charg\u00e9s de gisement de vent et acoustique<\/p>\n<\/div>\n<\/div>\n\n\n\n<div class=\"wp-block-columns is-layout-flex wp-container-core-columns-is-layout-28f84493 wp-block-columns-is-layout-flex\">\n<div class=\"wp-block-column is-layout-flow wp-container-core-column-is-layout-22223934 wp-block-column-is-layout-flow\">\n<figure class=\"wp-block-image aligncenter size-full is-resized\"><img loading=\"lazy\" decoding=\"async\" width=\"384\" height=\"384\" src=\"https:\/\/blogvaleco.com\/projeteoliendethoiresurdinan-pv\/wp-content\/uploads\/sites\/10\/2024\/07\/BLEU_piece_main.png\" alt=\"\" class=\"wp-image-601\" style=\"width:100px\" srcset=\"https:\/\/blogvaleco.com\/projeteoliendethoiresurdinan\/wp-content\/uploads\/sites\/33\/2024\/07\/BLEU_piece_main.png 384w, https:\/\/blogvaleco.com\/projeteoliendethoiresurdinan\/wp-content\/uploads\/sites\/33\/2024\/07\/BLEU_piece_main-300x300.png 300w, https:\/\/blogvaleco.com\/projeteoliendethoiresurdinan\/wp-content\/uploads\/sites\/33\/2024\/07\/BLEU_piece_main-150x150.png 150w\" sizes=\"auto, (max-width: 384px) 100vw, 384px\" \/><\/figure>\n\n\n\n<p class=\"has-text-align-center\" style=\"text-transform:uppercase\">R\u00e9f\u00e9rents achats, comptabilit\u00e9 et gestion d&rsquo;actifs<\/p>\n<\/div>\n<\/div>\n<\/div>\n<\/div>\n<\/div>\n<\/div>\n\n\n\n<div class=\"wp-block-column is-layout-flow wp-block-column-is-layout-flow\">\n<div class=\"wp-block-columns is-layout-flex wp-container-core-columns-is-layout-28f84493 wp-block-columns-is-layout-flex\">\n<div class=\"wp-block-column is-layout-flow wp-container-core-column-is-layout-22223934 wp-block-column-is-layout-flow\">\n<figure class=\"wp-block-image aligncenter size-full is-resized\"><img loading=\"lazy\" decoding=\"async\" width=\"512\" height=\"512\" src=\"https:\/\/blogvaleco.com\/projeteoliendethoiresurdinan-pv\/wp-content\/uploads\/sites\/10\/2024\/07\/BLEU_engrenage_production.png\" alt=\"\" class=\"wp-image-589\" style=\"width:80px\" srcset=\"https:\/\/blogvaleco.com\/projeteoliendethoiresurdinan\/wp-content\/uploads\/sites\/33\/2024\/07\/BLEU_engrenage_production.png 512w, https:\/\/blogvaleco.com\/projeteoliendethoiresurdinan\/wp-content\/uploads\/sites\/33\/2024\/07\/BLEU_engrenage_production-300x300.png 300w, https:\/\/blogvaleco.com\/projeteoliendethoiresurdinan\/wp-content\/uploads\/sites\/33\/2024\/07\/BLEU_engrenage_production-150x150.png 150w\" sizes=\"auto, (max-width: 512px) 100vw, 512px\" \/><\/figure>\n\n\n\n<p class=\"has-text-align-center\" style=\"text-transform:uppercase\">Charg\u00e9 de d\u00e9veloppement du projet et du suivi de l&rsquo;instruction<\/p>\n<\/div>\n<\/div>\n\n\n\n<div class=\"wp-block-columns is-layout-flex wp-container-core-columns-is-layout-28f84493 wp-block-columns-is-layout-flex\">\n<div class=\"wp-block-column is-layout-flow wp-container-core-column-is-layout-22223934 wp-block-column-is-layout-flow\">\n<figure class=\"wp-block-image aligncenter size-full is-resized\"><img loading=\"lazy\" decoding=\"async\" width=\"512\" height=\"512\" src=\"https:\/\/blogvaleco.com\/projeteoliendethoiresurdinan-pv\/wp-content\/uploads\/sites\/10\/2024\/07\/BLEU_equipe_triple.png\" alt=\"\" class=\"wp-image-604\" style=\"width:100px\" srcset=\"https:\/\/blogvaleco.com\/projeteoliendethoiresurdinan\/wp-content\/uploads\/sites\/33\/2024\/07\/BLEU_equipe_triple.png 512w, https:\/\/blogvaleco.com\/projeteoliendethoiresurdinan\/wp-content\/uploads\/sites\/33\/2024\/07\/BLEU_equipe_triple-300x300.png 300w, https:\/\/blogvaleco.com\/projeteoliendethoiresurdinan\/wp-content\/uploads\/sites\/33\/2024\/07\/BLEU_equipe_triple-150x150.png 150w\" sizes=\"auto, (max-width: 512px) 100vw, 512px\" \/><\/figure>\n\n\n\n<p class=\"has-text-align-center\" style=\"text-transform:uppercase\">Charg\u00e9s de communication<\/p>\n<\/div>\n<\/div>\n\n\n\n<div class=\"wp-block-columns is-layout-flex wp-container-core-columns-is-layout-28f84493 wp-block-columns-is-layout-flex\">\n<div class=\"wp-block-column is-layout-flow wp-block-column-is-layout-flow\">\n<figure class=\"wp-block-image aligncenter size-full is-resized\"><img loading=\"lazy\" decoding=\"async\" width=\"512\" height=\"512\" src=\"https:\/\/blogvaleco.com\/projeteoliendethoiresurdinan-pv\/wp-content\/uploads\/sites\/10\/2024\/04\/BLEU_eclair.png\" alt=\"\" class=\"wp-image-430\" style=\"width:80px\" srcset=\"https:\/\/blogvaleco.com\/projeteoliendethoiresurdinan\/wp-content\/uploads\/sites\/33\/2024\/04\/BLEU_eclair.png 512w, https:\/\/blogvaleco.com\/projeteoliendethoiresurdinan\/wp-content\/uploads\/sites\/33\/2024\/04\/BLEU_eclair-300x300.png 300w, https:\/\/blogvaleco.com\/projeteoliendethoiresurdinan\/wp-content\/uploads\/sites\/33\/2024\/04\/BLEU_eclair-150x150.png 150w\" sizes=\"auto, (max-width: 512px) 100vw, 512px\" \/><\/figure>\n\n\n\n<p class=\"has-text-align-center\" style=\"text-transform:uppercase\">R\u00e9f\u00e9rents raccordement et march\u00e9s \u00e9lectriques<\/p>\n<\/div>\n<\/div>\n<\/div>\n\n\n\n<div class=\"wp-block-column is-layout-flow wp-block-column-is-layout-flow\">\n<div class=\"wp-block-columns is-layout-flex wp-container-core-columns-is-layout-28f84493 wp-block-columns-is-layout-flex\">\n<div class=\"wp-block-column is-layout-flow wp-block-column-is-layout-flow\">\n<figure class=\"wp-block-image aligncenter size-full is-resized\"><img loading=\"lazy\" decoding=\"async\" width=\"512\" height=\"512\" src=\"https:\/\/blogvaleco.com\/projeteoliendethoiresurdinan-pv\/wp-content\/uploads\/sites\/10\/2024\/07\/BLEU_oiseaux.png\" alt=\"\" class=\"wp-image-595\" style=\"width:100px\" srcset=\"https:\/\/blogvaleco.com\/projeteoliendethoiresurdinan\/wp-content\/uploads\/sites\/33\/2024\/07\/BLEU_oiseaux.png 512w, https:\/\/blogvaleco.com\/projeteoliendethoiresurdinan\/wp-content\/uploads\/sites\/33\/2024\/07\/BLEU_oiseaux-300x300.png 300w, https:\/\/blogvaleco.com\/projeteoliendethoiresurdinan\/wp-content\/uploads\/sites\/33\/2024\/07\/BLEU_oiseaux-150x150.png 150w\" sizes=\"auto, (max-width: 512px) 100vw, 512px\" \/><\/figure>\n\n\n\n<p class=\"has-text-align-center\" style=\"text-transform:uppercase\">Experts \u00e9cologues<\/p>\n<\/div>\n<\/div>\n\n\n\n<div class=\"wp-block-columns is-layout-flex wp-container-core-columns-is-layout-28f84493 wp-block-columns-is-layout-flex\">\n<div class=\"wp-block-column is-layout-flow wp-block-column-is-layout-flow\">\n<figure class=\"wp-block-image aligncenter size-full is-resized\"><img loading=\"lazy\" decoding=\"async\" width=\"512\" height=\"512\" src=\"https:\/\/blogvaleco.com\/projeteoliendethoiresurdinan-pv\/wp-content\/uploads\/sites\/10\/2024\/07\/BLEU_lois_02.png\" alt=\"\" class=\"wp-image-599\" style=\"width:90px;height:auto\" srcset=\"https:\/\/blogvaleco.com\/projeteoliendethoiresurdinan\/wp-content\/uploads\/sites\/33\/2024\/07\/BLEU_lois_02.png 512w, https:\/\/blogvaleco.com\/projeteoliendethoiresurdinan\/wp-content\/uploads\/sites\/33\/2024\/07\/BLEU_lois_02-300x300.png 300w, https:\/\/blogvaleco.com\/projeteoliendethoiresurdinan\/wp-content\/uploads\/sites\/33\/2024\/07\/BLEU_lois_02-150x150.png 150w\" sizes=\"auto, (max-width: 512px) 100vw, 512px\" \/><\/figure>\n\n\n\n<p class=\"has-text-align-center\" style=\"text-transform:uppercase\">R\u00e9f\u00e9rents juridiques<\/p>\n<\/div>\n<\/div>\n\n\n\n<div class=\"wp-block-columns is-layout-flex wp-container-core-columns-is-layout-28f84493 wp-block-columns-is-layout-flex\">\n<div class=\"wp-block-column is-layout-flow wp-container-core-column-is-layout-22223934 wp-block-column-is-layout-flow\">\n<figure class=\"wp-block-image aligncenter size-full is-resized\"><img loading=\"lazy\" decoding=\"async\" width=\"420\" height=\"512\" src=\"https:\/\/blogvaleco.com\/projeteoliendethoiresurdinan-pv\/wp-content\/uploads\/sites\/10\/2024\/07\/ouvrier_bleu.png\" alt=\"\" class=\"wp-image-596\" style=\"width:80px\" srcset=\"https:\/\/blogvaleco.com\/projeteoliendethoiresurdinan\/wp-content\/uploads\/sites\/33\/2024\/07\/ouvrier_bleu.png 420w, https:\/\/blogvaleco.com\/projeteoliendethoiresurdinan\/wp-content\/uploads\/sites\/33\/2024\/07\/ouvrier_bleu-246x300.png 246w\" sizes=\"auto, (max-width: 420px) 100vw, 420px\" \/><\/figure>\n\n\n\n<p class=\"has-text-align-center\" style=\"text-transform:uppercase\">Charg\u00e9s de pr\u00e9-construction et construction<\/p>\n<\/div>\n<\/div>\n<\/div>\n\n\n\n<div class=\"wp-block-column is-layout-flow wp-block-column-is-layout-flow\">\n<div class=\"wp-block-columns is-layout-flex wp-container-core-columns-is-layout-28f84493 wp-block-columns-is-layout-flex\">\n<div class=\"wp-block-column is-layout-flow wp-container-core-column-is-layout-0ab540ad wp-block-column-is-layout-flow\">\n<figure class=\"wp-block-image aligncenter size-full is-resized\"><img loading=\"lazy\" decoding=\"async\" width=\"358\" height=\"288\" src=\"https:\/\/blogvaleco.com\/projeteoliendethoiresurdinan-pv\/wp-content\/uploads\/sites\/10\/2024\/07\/agriculture.png\" alt=\"\" class=\"wp-image-677\" style=\"width:110px\" srcset=\"https:\/\/blogvaleco.com\/projeteoliendethoiresurdinan\/wp-content\/uploads\/sites\/33\/2024\/07\/agriculture.png 358w, https:\/\/blogvaleco.com\/projeteoliendethoiresurdinan\/wp-content\/uploads\/sites\/33\/2024\/07\/agriculture-300x241.png 300w\" sizes=\"auto, (max-width: 358px) 100vw, 358px\" \/><\/figure>\n\n\n\n<p class=\"has-text-align-center\" style=\"text-transform:uppercase\">Experts agronomes<\/p>\n<\/div>\n<\/div>\n\n\n\n<div class=\"wp-block-columns is-layout-flex wp-container-core-columns-is-layout-28f84493 wp-block-columns-is-layout-flex\">\n<div class=\"wp-block-column is-layout-flow wp-block-column-is-layout-flow\">\n<figure class=\"wp-block-image aligncenter size-full is-resized\"><img loading=\"lazy\" decoding=\"async\" width=\"512\" height=\"512\" src=\"https:\/\/blogvaleco.com\/projeteoliendethoiresurdinan-pv\/wp-content\/uploads\/sites\/10\/2024\/07\/BLEU_carte_localisation.png\" alt=\"\" class=\"wp-image-600\" style=\"width:90px\" srcset=\"https:\/\/blogvaleco.com\/projeteoliendethoiresurdinan\/wp-content\/uploads\/sites\/33\/2024\/07\/BLEU_carte_localisation.png 512w, https:\/\/blogvaleco.com\/projeteoliendethoiresurdinan\/wp-content\/uploads\/sites\/33\/2024\/07\/BLEU_carte_localisation-300x300.png 300w, https:\/\/blogvaleco.com\/projeteoliendethoiresurdinan\/wp-content\/uploads\/sites\/33\/2024\/07\/BLEU_carte_localisation-150x150.png 150w\" sizes=\"auto, (max-width: 512px) 100vw, 512px\" \/><\/figure>\n\n\n\n<p class=\"has-text-align-center\" style=\"text-transform:uppercase\">R\u00e9f\u00e9rents en cartographie<\/p>\n<\/div>\n<\/div>\n\n\n\n<div class=\"wp-block-columns is-layout-flex wp-container-core-columns-is-layout-28f84493 wp-block-columns-is-layout-flex\">\n<div class=\"wp-block-column is-layout-flow wp-block-column-is-layout-flow\">\n<figure class=\"wp-block-image aligncenter size-full is-resized\"><img loading=\"lazy\" decoding=\"async\" width=\"583\" height=\"583\" src=\"https:\/\/blogvaleco.com\/projeteoliendethoiresurdinan-pv\/wp-content\/uploads\/sites\/10\/2024\/07\/BLEU_production.png\" alt=\"\" class=\"wp-image-598\" style=\"width:90px;height:auto\" srcset=\"https:\/\/blogvaleco.com\/projeteoliendethoiresurdinan\/wp-content\/uploads\/sites\/33\/2024\/07\/BLEU_production.png 583w, https:\/\/blogvaleco.com\/projeteoliendethoiresurdinan\/wp-content\/uploads\/sites\/33\/2024\/07\/BLEU_production-300x300.png 300w, https:\/\/blogvaleco.com\/projeteoliendethoiresurdinan\/wp-content\/uploads\/sites\/33\/2024\/07\/BLEU_production-150x150.png 150w\" sizes=\"auto, (max-width: 583px) 100vw, 583px\" \/><\/figure>\n\n\n\n<p class=\"has-text-align-center\" style=\"text-transform:uppercase\">Charg\u00e9s d&rsquo;exploitation et maintenance<\/p>\n<\/div>\n<\/div>\n<\/div>\n<\/div>\n\n\n\n<p><\/p>\n\n\n\n<div class=\"wp-block-group alignfull is-layout-constrained wp-block-group-is-layout-constrained has-background\" style=\"margin-top:0;padding-top:var(--wp--preset--spacing--70);padding-bottom:var(--wp--preset--spacing--70);background-image:url(&apos;https:\/\/blogvaleco.com\/projeteoliendethoiresurdinan\/wp-content\/uploads\/sites\/33\/2024\/05\/DSC09815-2-scaled.jpg&apos;);background-position:46% 61%;background-size:cover;\">\n<div class=\"wp-block-query cta-actus is-layout-flow wp-block-query-is-layout-flow\"><ul class=\"columns-3 wp-block-post-template is-layout-grid wp-container-core-post-template-is-layout-6d3fbd8f wp-block-post-template-is-layout-grid\"><li class=\"wp-block-post post-927 post type-post status-publish format-standard hentry category-non-classe\">\n\n<div class=\"wp-block-group has-white-background-color has-background is-layout-constrained wp-container-core-group-is-layout-e0082cf6 wp-block-group-is-layout-constrained\" style=\"border-radius:20px\">\n<div class=\"wp-block-group is-nowrap is-layout-flex wp-container-core-group-is-layout-0e233f1e wp-block-group-is-layout-flex\">\n<figure class=\"wp-block-image size-large\"><img loading=\"lazy\" decoding=\"async\" width=\"12\" height=\"13\" src=\"https:\/\/blogvaleco.com\/projeteoliendethoiresurdinan\/wp-content\/uploads\/sites\/33\/2024\/03\/icone-calendrier.svg\" alt=\"\" class=\"wp-image-122\"\/><\/figure>\n\n\n<div class=\"wp-block-post-date\"><time datetime=\"2025-09-01T16:03:53+02:00\">1 septembre 2025<\/time><\/div><\/div>\n\n\n<h2 style=\"font-size:18px;font-style:normal;font-weight:600;text-transform:none;\" class=\"wp-block-post-title\"><a href=\"https:\/\/blogvaleco.com\/projeteoliendethoiresurdinan\/2025\/09\/01\/suspension-du-projet-eolien-de-la-croix-de-lhommeau\/\" target=\"_self\" >Suspension du projet \u00e9olien de la Croix de l\u2019Hommeau<\/a><\/h2>\n\n<div class=\"wp-block-post-excerpt\"><p class=\"wp-block-post-excerpt__excerpt\">La soci\u00e9t\u00e9 VALECO et la commune de Thoir\u00e9-sur-Dinan souhaitent informer\u2026 <\/p><\/div>\n\n\n<div class=\"wp-block-group is-nowrap is-layout-flex wp-container-core-group-is-layout-8a75d646 wp-block-group-is-layout-flex\" style=\"padding-top:var(--wp--preset--spacing--30)\">\n<figure class=\"wp-block-image size-large\"><img loading=\"lazy\" decoding=\"async\" width=\"5\" height=\"10\" src=\"https:\/\/blogvaleco.com\/projeteoliendethoiresurdinan\/wp-content\/uploads\/sites\/33\/2024\/03\/icone-fleche.svg\" alt=\"\" class=\"wp-image-124\"\/><\/figure>\n\n\n<a style=\"color:#7c7c7c;\" class=\"wp-elements-373d403f744cf76ac8657d781181aaaf wp-block-read-more has-text-color\" href=\"https:\/\/blogvaleco.com\/projeteoliendethoiresurdinan\/2025\/09\/01\/suspension-du-projet-eolien-de-la-croix-de-lhommeau\/\" target=\"_self\">Lire la suite<span class=\"screen-reader-text\">\u00a0: Suspension du projet \u00e9olien de la Croix de l\u2019Hommeau<\/span><\/a><\/div>\n<\/div>\n\n<\/li><li class=\"wp-block-post post-922 post type-post status-publish format-standard hentry category-non-classe\">\n\n<div class=\"wp-block-group has-white-background-color has-background is-layout-constrained wp-container-core-group-is-layout-e0082cf6 wp-block-group-is-layout-constrained\" style=\"border-radius:20px\">\n<div class=\"wp-block-group is-nowrap is-layout-flex wp-container-core-group-is-layout-0e233f1e wp-block-group-is-layout-flex\">\n<figure class=\"wp-block-image size-large\"><img loading=\"lazy\" decoding=\"async\" width=\"12\" height=\"13\" src=\"https:\/\/blogvaleco.com\/projeteoliendethoiresurdinan\/wp-content\/uploads\/sites\/33\/2024\/03\/icone-calendrier.svg\" alt=\"\" class=\"wp-image-122\"\/><\/figure>\n\n\n<div class=\"wp-block-post-date\"><time datetime=\"2024-12-06T17:19:04+01:00\">6 d\u00e9cembre 2024<\/time><\/div><\/div>\n\n\n<h2 style=\"font-size:18px;font-style:normal;font-weight:600;text-transform:none;\" class=\"wp-block-post-title\"><a href=\"https:\/\/blogvaleco.com\/projeteoliendethoiresurdinan\/2024\/12\/06\/depot-de-la-demande-dautorisation-environnementale-decembre-2024\/\" target=\"_self\" >D\u00e9p\u00f4t de la demande d&rsquo;autorisation environnementale &#8211; D\u00e9cembre 2024<\/a><\/h2>\n\n<div class=\"wp-block-post-excerpt\"><p class=\"wp-block-post-excerpt__excerpt\">L\u2019Equipe Projet souhaite vous informer que le 06 d\u00e9cembre 2024,\u2026 <\/p><\/div>\n\n\n<div class=\"wp-block-group is-nowrap is-layout-flex wp-container-core-group-is-layout-8a75d646 wp-block-group-is-layout-flex\" style=\"padding-top:var(--wp--preset--spacing--30)\">\n<figure class=\"wp-block-image size-large\"><img loading=\"lazy\" decoding=\"async\" width=\"5\" height=\"10\" src=\"https:\/\/blogvaleco.com\/projeteoliendethoiresurdinan\/wp-content\/uploads\/sites\/33\/2024\/03\/icone-fleche.svg\" alt=\"\" class=\"wp-image-124\"\/><\/figure>\n\n\n<a style=\"color:#7c7c7c;\" class=\"wp-elements-373d403f744cf76ac8657d781181aaaf wp-block-read-more has-text-color\" href=\"https:\/\/blogvaleco.com\/projeteoliendethoiresurdinan\/2024\/12\/06\/depot-de-la-demande-dautorisation-environnementale-decembre-2024\/\" target=\"_self\">Lire la suite<span class=\"screen-reader-text\">\u00a0: D\u00e9p\u00f4t de la demande d&rsquo;autorisation environnementale &#8211; D\u00e9cembre 2024<\/span><\/a><\/div>\n<\/div>\n\n<\/li><li class=\"wp-block-post post-107 post type-post status-publish format-standard hentry category-non-classe\">\n\n<div class=\"wp-block-group has-white-background-color has-background is-layout-constrained wp-container-core-group-is-layout-e0082cf6 wp-block-group-is-layout-constrained\" style=\"border-radius:20px\">\n<div class=\"wp-block-group is-nowrap is-layout-flex wp-container-core-group-is-layout-0e233f1e wp-block-group-is-layout-flex\">\n<figure class=\"wp-block-image size-large\"><img loading=\"lazy\" decoding=\"async\" width=\"12\" height=\"13\" src=\"https:\/\/blogvaleco.com\/projeteoliendethoiresurdinan\/wp-content\/uploads\/sites\/33\/2024\/03\/icone-calendrier.svg\" alt=\"\" class=\"wp-image-122\"\/><\/figure>\n\n\n<div class=\"wp-block-post-date\"><time datetime=\"2024-09-11T14:32:00+02:00\">11 septembre 2024<\/time><\/div><\/div>\n\n\n<h2 style=\"font-size:18px;font-style:normal;font-weight:600;text-transform:none;\" class=\"wp-block-post-title\"><a href=\"https:\/\/blogvaleco.com\/projeteoliendethoiresurdinan\/2024\/09\/11\/actualite-2\/\" target=\"_self\" >Comit\u00e9 de projet<\/a><\/h2>\n\n<div class=\"wp-block-post-excerpt\"><p class=\"wp-block-post-excerpt__excerpt\">Contexte r\u00e9glementaire Suite \u00e0 la loi n\u00b0 2023-175 du 10\u2026 <\/p><\/div>\n\n\n<div class=\"wp-block-group is-nowrap is-layout-flex wp-container-core-group-is-layout-8a75d646 wp-block-group-is-layout-flex\" style=\"padding-top:var(--wp--preset--spacing--30)\">\n<figure class=\"wp-block-image size-large\"><img loading=\"lazy\" decoding=\"async\" width=\"5\" height=\"10\" src=\"https:\/\/blogvaleco.com\/projeteoliendethoiresurdinan\/wp-content\/uploads\/sites\/33\/2024\/03\/icone-fleche.svg\" alt=\"\" class=\"wp-image-124\"\/><\/figure>\n\n\n<a style=\"color:#7c7c7c;\" class=\"wp-elements-373d403f744cf76ac8657d781181aaaf wp-block-read-more has-text-color\" href=\"https:\/\/blogvaleco.com\/projeteoliendethoiresurdinan\/2024\/09\/11\/actualite-2\/\" target=\"_self\">Lire la suite<span class=\"screen-reader-text\">\u00a0: Comit\u00e9 de projet<\/span><\/a><\/div>\n<\/div>\n\n<\/li><\/ul>\n\n<\/div>\n\n\n\n<div class=\"wp-block-buttons is-content-justification-center is-layout-flex wp-container-core-buttons-is-layout-a89b3969 wp-block-buttons-is-layout-flex\">\n<div class=\"wp-block-button\"><a class=\"wp-block-button__link has-secondary-background-color has-background wp-element-button\" href=\"https:\/\/blogvaleco.com\/projeteoliendethoiresurdinan\/actualites\/\">Voir toutes les actus<\/a><\/div>\n<\/div>\n<\/div>\n\n\n\n<p><\/p>\n","protected":false},"excerpt":{"rendered":"<p>Chiffres cl\u00e9s du projet Pr\u00e9sentation du projet C&rsquo;est au d\u00e9but de l\u2019ann\u00e9e 2021 que le Groupe VALECO, producteur fran\u00e7ais d\u2019\u00e9nergie renouvelable, identifie la possibilit\u00e9 d\u2019implanter un projet \u00e9olien dans la commune de\u00a0Thoir\u00e9-sur-Dinan\u00a0dans la Sarthe (72). Des premi\u00e8res rencontres avec les \u00e9lus de la commune, puis avec les propri\u00e9taires et les exploitants concern\u00e9s ont eu lieu [&hellip;]<\/p>\n","protected":false},"author":1,"featured_media":576,"parent":0,"menu_order":0,"comment_status":"closed","ping_status":"closed","template":"","meta":{"_acf_changed":false,"inline_featured_image":false,"footnotes":""},"class_list":["post-15","page","type-page","status-publish","has-post-thumbnail","hentry"],"acf":[],"_links":{"self":[{"href":"https:\/\/blogvaleco.com\/projeteoliendethoiresurdinan\/wp-json\/wp\/v2\/pages\/15","targetHints":{"allow":["GET"]}}],"collection":[{"href":"https:\/\/blogvaleco.com\/projeteoliendethoiresurdinan\/wp-json\/wp\/v2\/pages"}],"about":[{"href":"https:\/\/blogvaleco.com\/projeteoliendethoiresurdinan\/wp-json\/wp\/v2\/types\/page"}],"author":[{"embeddable":true,"href":"https:\/\/blogvaleco.com\/projeteoliendethoiresurdinan\/wp-json\/wp\/v2\/users\/1"}],"replies":[{"embeddable":true,"href":"https:\/\/blogvaleco.com\/projeteoliendethoiresurdinan\/wp-json\/wp\/v2\/comments?post=15"}],"version-history":[{"count":90,"href":"https:\/\/blogvaleco.com\/projeteoliendethoiresurdinan\/wp-json\/wp\/v2\/pages\/15\/revisions"}],"predecessor-version":[{"id":880,"href":"https:\/\/blogvaleco.com\/projeteoliendethoiresurdinan\/wp-json\/wp\/v2\/pages\/15\/revisions\/880"}],"wp:featuredmedia":[{"embeddable":true,"href":"https:\/\/blogvaleco.com\/projeteoliendethoiresurdinan\/wp-json\/wp\/v2\/media\/576"}],"wp:attachment":[{"href":"https:\/\/blogvaleco.com\/projeteoliendethoiresurdinan\/wp-json\/wp\/v2\/media?parent=15"}],"curies":[{"name":"wp","href":"https:\/\/api.w.org\/{rel}","templated":true}]}}