{"id":637,"date":"2024-07-25T18:06:00","date_gmt":"2024-07-25T16:06:00","guid":{"rendered":"https:\/\/blogvaleco.com\/perigordnontronnais\/?page_id=637"},"modified":"2025-01-21T09:56:33","modified_gmt":"2025-01-21T08:56:33","slug":"faq","status":"publish","type":"page","link":"https:\/\/blogvaleco.com\/perigordnontronnais\/faq\/","title":{"rendered":"FAQ"},"content":{"rendered":"\n<p><\/p>\n\n\n    <div  class=\"bf-faq\">\n                    <div class=\"bf-faq__main-container\">\n                <div class=\"bf-faq__question-container\">\n                    <img decoding=\"async\" class=\"bf-faq__question-plus\" src=\"https:\/\/blogvaleco.com\/perigordnontronnais\/wp-content\/themes\/beflex-child\/inc\/blocks\/bf-faq\/assets\/images\/plus-solid.svg\" \/>\n                    <div class=\"bf-faq__question\">Comment un panneau solaire fonctionne-t-il\u00a0?<\/div>\n                <\/div>\n                <div class=\"bf-faq__answer\">\n<p>Les panneaux solaires utilisent l\u2019effet photovolta\u00efque, d\u00e9couvert au XIX<sup>\u00e8me<\/sup> par le physicien fran\u00e7ais Edmond Becquerel, d\u00e9signant la production d\u2019\u00e9lectricit\u00e9 \u00e0 partir du rayonnement solaire. Des mat\u00e9riaux semi-conducteurs sont n\u00e9cessaires pour permettre ce ph\u00e9nom\u00e8ne et aujourd\u2019hui, la plupart des panneaux solaires utilisent le silicium.<\/p>\n\n\n\n<p>Ainsi, un panneau solaire est compos\u00e9 de&nbsp;:<\/p>\n\n\n\n<ul class=\"wp-block-list\">\n<li>Silicium, pour produire l\u2019\u00e9lectricit\u00e9<\/li>\n\n\n\n<li>Argent, pour r\u00e9cup\u00e9rer le courant<\/li>\n\n\n\n<li>Verre, pour prot\u00e9ger les diff\u00e9rents composants<\/li>\n\n\n\n<li>Cuivre pour les diff\u00e9rents composants \u00e9lectriques<\/li>\n\n\n\n<li>Aluminium, pour le cadre et la structure<\/li>\n\n\n\n<li>Plastique \u00e0 divers endroits<\/li>\n<\/ul>\n\n\n\n<p>Le courant cr\u00e9\u00e9 est un courant continu qui ne peut pas \u00eatre inject\u00e9 tel quel dans le r\u00e9seau. Des onduleurs sont n\u00e9cessaires pour transformer le courant continu en courant alternatif qui, lui, pourra rejoindre le r\u00e9seau d\u2019\u00e9lectricit\u00e9.<\/p>\n\n\n\n<figure class=\"wp-block-gallery has-nested-images columns-default is-cropped wp-block-gallery-1 is-layout-flex wp-block-gallery-is-layout-flex\">\n<figure class=\"wp-block-image size-large\"><img decoding=\"async\" data-id=\"183\" src=\"https:\/\/blogvaleco.com\/wp-content\/uploads\/2024\/09\/telechargement-1.png\" alt=\"\" class=\"wp-image-183\"\/><\/figure>\n<\/figure>\n<\/div>\n            <\/div>\n                    <div class=\"bf-faq__main-container\">\n                <div class=\"bf-faq__question-container\">\n                    <img decoding=\"async\" class=\"bf-faq__question-plus\" src=\"https:\/\/blogvaleco.com\/perigordnontronnais\/wp-content\/themes\/beflex-child\/inc\/blocks\/bf-faq\/assets\/images\/plus-solid.svg\" \/>\n                    <div class=\"bf-faq__question\">Qu\u2019est-ce qu\u2019un Wc\u00a0? Qu\u2019est-ce qu\u2019un onduleur\u00a0?<\/div>\n                <\/div>\n                <div class=\"bf-faq__answer\">\n<p>Le Watt-cr\u00e8te, aussi \u00e9crit Wc, est l\u2019unit\u00e9 utilis\u00e9e pour caract\u00e9riser la puissance d\u2019un panneau solaire. Elle correspond \u00e0 la puissance maximale qu\u2019est capable de fournir le panneau dans des conditions optimales. Dans les faits, la puissance produite par les panneaux est g\u00e9n\u00e9ralement inf\u00e9rieure \u00e0 cette puissance, du fait de l\u2019ensoleillement, de l\u2019inclinaison du Soleil, de pertes li\u00e9es \u00e0 la propret\u00e9 des panneaux, \u2026<\/p>\n\n\n\n<p>Avant d\u2019arriver sur le r\u00e9seau, l\u2019\u00e9lectricit\u00e9 doit passer par des onduleurs afin de transformer le courant continu produit par les panneaux en courant alternatif, dont le transport est beaucoup plus ais\u00e9. La puissance que sont capables de transformer les onduleurs est g\u00e9n\u00e9ralement inf\u00e9rieure \u00e0 la puissance-cr\u00e8te pour des raisons d\u2019optimisation du fonctionnement. Cela signifie que la puissance maximale injectable dans le r\u00e9seau est dimensionn\u00e9e par la puissance des onduleurs.<\/p>\n<\/div>\n            <\/div>\n                    <div class=\"bf-faq__main-container\">\n                <div class=\"bf-faq__question-container\">\n                    <img decoding=\"async\" class=\"bf-faq__question-plus\" src=\"https:\/\/blogvaleco.com\/perigordnontronnais\/wp-content\/themes\/beflex-child\/inc\/blocks\/bf-faq\/assets\/images\/plus-solid.svg\" \/>\n                    <div class=\"bf-faq__question\">Quel est le rendement d\u2019un panneau solaire\u00a0?<\/div>\n                <\/div>\n                <div class=\"bf-faq__answer\">\n<div class=\"wp-block-media-text is-stacked-on-mobile\"><figure class=\"wp-block-media-text__media\"><img decoding=\"async\" src=\"https:\/\/blogvaleco.com\/wp-content\/uploads\/2024\/09\/irradiation.png\" alt=\"\" class=\"wp-image-188 size-full\"\/><\/figure><div class=\"wp-block-media-text__content\">\n<p>Le rendement d\u2019un panneau solaire correspond au pourcentage de l\u2019\u00e9nergie re\u00e7ue transform\u00e9e en \u00e9nergie \u00e9lectrique. La quantit\u00e9 d\u2019\u00e9nergie re\u00e7ue d\u00e9pend de la position g\u00e9ographique de la centrale mais aussi de l\u2019inclinaison des panneaux, de l\u2019ombrage avec les autres panneaux ou des \u00e9l\u00e9ments ext\u00e9rieurs ou encore de la propret\u00e9 de la surface des panneaux.<\/p>\n\n\n\n<p>L\u2019un des outils utilis\u00e9s pour estimer la production d\u2019une centrale solaire est le GHI (Global Horizontal Irradiance), exprim\u00e9 en Wh\/m\u00b2 et qui correspond \u00e0 la quantit\u00e9 d\u2019\u00e9nergie solaire re\u00e7ue par unit\u00e9 de surface sur une p\u00e9riode donn\u00e9e. Cette valeur d\u00e9pend de la zone g\u00e9ographique de la centrale, et plus pr\u00e9cis\u00e9ment de sa latitude, puisqu\u2019un panneau solaire au sud de la France re\u00e7oit plus de soleil qu\u2019au nord.<\/p>\n\n\n\n<p>Le rendement du panneau solaire correspond donc \u00e0 la proportion de cette \u00e9nergie qui se retrouve sur le r\u00e9seau d\u2019\u00e9lectricit\u00e9. Les panneaux photovolta\u00efques les plus efficaces sont en silicium monocristallin et peuvent atteindre des rendements de 25% et sont majoritairement utilis\u00e9s dans les centrales d\u00e9velopp\u00e9es par Valeco.<\/p>\n<\/div><\/div>\n\n\n\n<p><\/p>\n<\/div>\n            <\/div>\n                    <div class=\"bf-faq__main-container\">\n                <div class=\"bf-faq__question-container\">\n                    <img decoding=\"async\" class=\"bf-faq__question-plus\" src=\"https:\/\/blogvaleco.com\/perigordnontronnais\/wp-content\/themes\/beflex-child\/inc\/blocks\/bf-faq\/assets\/images\/plus-solid.svg\" \/>\n                    <div class=\"bf-faq__question\">Un panneau solaire produit-il la nuit ou lorsqu\u2019il y a des nuages\u00a0?<\/div>\n                <\/div>\n                <div class=\"bf-faq__answer\">\n<p>La production d\u2019un panneau photovolta\u00efque est proportionnelle \u00e0 la luminosit\u00e9&nbsp;; plus il y a de lumi\u00e8re, plus la production est \u00e9lev\u00e9e. Cela ne veut pas dire que la production est nulle d\u00e8s qu\u2019il n\u2019y a pas de soleil. Tant que les panneaux re\u00e7oivent de la lumi\u00e8re, ils produisent de l\u2019\u00e9lectricit\u00e9, y compris lorsqu\u2019il y a des nuages. La production sera simplement moins importante. La nuit, les niveaux de luminosit\u00e9 per\u00e7us sont tr\u00e8s faibles et la production est n\u00e9gligeable.<\/p>\n\n\n\n<p>La temp\u00e9rature influe aussi sur les performances des panneaux photovolta\u00efques. La production est optimale jusqu\u2019\u00e0 25\u00b0C et elle diminue au-del\u00e0. Une journ\u00e9e parfaite pour produire de l\u2019\u00e9lectricit\u00e9 \u00e0 partir de l\u2019\u00e9nergie du soleil est donc une journ\u00e9e ensoleill\u00e9e et pas trop chaude&nbsp;!<\/p>\n<\/div>\n            <\/div>\n                    <div class=\"bf-faq__main-container\">\n                <div class=\"bf-faq__question-container\">\n                    <img decoding=\"async\" class=\"bf-faq__question-plus\" src=\"https:\/\/blogvaleco.com\/perigordnontronnais\/wp-content\/themes\/beflex-child\/inc\/blocks\/bf-faq\/assets\/images\/plus-solid.svg\" \/>\n                    <div class=\"bf-faq__question\">O\u00f9 va l\u2019\u00e9lectricit\u00e9 produite par les panneaux\u00a0?<\/div>\n                <\/div>\n                <div class=\"bf-faq__answer\">\n<p>L\u2019\u00e9lectricit\u00e9 produite par la centrale sera directement inject\u00e9e dans le r\u00e9seau de distribution \u00e9lectrique. En France, la production d\u2019\u00e9nergie est int\u00e9gr\u00e9e au r\u00e9seau \u00e9lectrique national. Cela signifie que l\u2019\u00e9lectricit\u00e9 g\u00e9n\u00e9r\u00e9e n\u2019est pas stock\u00e9e, mais utilis\u00e9e pour r\u00e9pondre \u00e0 la demande d\u2019\u00e9lectricit\u00e9 au moment o\u00f9 elle est produite. N\u00e9anmoins, on dit souvent que les \u00e9lectrons sont \u00ab&nbsp;fain\u00e9ants&nbsp;\u00bb, c\u2019est-\u00e0-dire que l\u2019\u00e9lectricit\u00e9 produite servira \u00e0 alimenter la demande la plus proche.<\/p>\n\n\n\n<p>Elle est rachet\u00e9e \u00e0 un tarif obtenu au travers d\u2019appels d\u2019offres de la CRE (Commission de R\u00e9gulation de l\u2019Energie) ou bien il arrive que les centrales de production d\u2019\u00e9lectricit\u00e9 soient li\u00e9es \u00e0 une entreprise par un PPA (Power Purchase Agreement), qui est un contrat de vente directe, en \u00ab\u00a0gr\u00e9 \u00e0 gr\u00e9\u00a0\u00bb d\u2019\u00e9lectricit\u00e9. Le PPA peut \u00eatre r\u00e9el, ce qui signifie que la centrale est directement raccord\u00e9e aux installations de l\u2019entreprise et que l\u2019\u00e9lectricit\u00e9 n\u2019est pas inject\u00e9e sur le r\u00e9seau. Si ce n\u2019est pas possible, le PPA peut \u00eatre virtuel, le courant est inject\u00e9 et l\u2019entreprise utilise l\u2019\u00e9lectricit\u00e9 du r\u00e9seau. C\u2019est malgr\u00e9 tout un moyen pour les entreprises de b\u00e9n\u00e9ficier d\u2019un tarif de l\u2019\u00e9lectricit\u00e9 plus stable, hors de la fluctuation des prix du march\u00e9, et de montrer leur engagement en investissant dans des installations de production d\u2019\u00e9lectricit\u00e9 d\u2019origine renouvelable.<\/p>\n<\/div>\n            <\/div>\n                    <div class=\"bf-faq__main-container\">\n                <div class=\"bf-faq__question-container\">\n                    <img decoding=\"async\" class=\"bf-faq__question-plus\" src=\"https:\/\/blogvaleco.com\/perigordnontronnais\/wp-content\/themes\/beflex-child\/inc\/blocks\/bf-faq\/assets\/images\/plus-solid.svg\" \/>\n                    <div class=\"bf-faq__question\">Combien un panneau solaire produit-il d\u2019\u00e9lectricit\u00e9 au cours de son cycle de vie\u00a0?<\/div>\n                <\/div>\n                <div class=\"bf-faq__answer\">\n<p>Afin d\u2019estimer la production des sources d\u2019\u00e9nergie, on peut se concentrer sur leur EROI (Energy Return On Investment). Cette grandeur correspond au ratio entre l\u2019\u00e9nergie produite par la source et l\u2019\u00e9nergie qu\u2019il a fallu d\u00e9penser pour l\u2019obtenir&nbsp;; pour le photovolta\u00efque, cela correspond \u00e0 l\u2019\u00e9nergie n\u00e9cessaire \u00e0 la fabrication et la pose des panneaux. Parmi les sources d\u2019\u00e9nergie \u00e0 notre disposition, celles pr\u00e9sentant le meilleur EROI sont les \u00e9nergies fossiles et le nucl\u00e9aire car leur extraction n\u00e9cessite peu d\u2019\u00e9nergie par rapport aux quantit\u00e9s stock\u00e9es dans un litre de p\u00e9trole, dans un litre de gaz ou dans un gramme d\u2019uranium. Il est n\u00e9anmoins important de noter qu\u2019avec l\u2019amenuisement des ressources, leur EROI est amen\u00e9 \u00e0 augmenter.<\/p>\n\n\n\n<p>Dans le cas du photovolta\u00efque, l\u2019EROI est de 4*, c\u2019est-\u00e0-dire qu\u2019un panneau solaire va, au cours de sa dur\u00e9e de vie, produire 4 fois plus d\u2019\u00e9nergie qu\u2019il n\u2019en a fallu pour le produire et l\u2019installer.<\/p>\n\n\n\n<p class=\"has-small-font-size\"><em>*Source : D. Wei\u00dfbach, G. Ruprecht, A. Huke, K. Czerski, S. Gottlieb, &amp; A. Hussein. Energy intensities, EROIs (energy returned on invested), and energy payback times of electricity generating power plants. Energy, 2013.<\/em><\/p>\n<\/div>\n            <\/div>\n                    <div class=\"bf-faq__main-container\">\n                <div class=\"bf-faq__question-container\">\n                    <img decoding=\"async\" class=\"bf-faq__question-plus\" src=\"https:\/\/blogvaleco.com\/perigordnontronnais\/wp-content\/themes\/beflex-child\/inc\/blocks\/bf-faq\/assets\/images\/plus-solid.svg\" \/>\n                    <div class=\"bf-faq__question\">Un panneau solaire \u00e9met-il des Gaz \u00e0 Effet de Serre\u00a0?<\/div>\n                <\/div>\n                <div class=\"bf-faq__answer\">\n<p>Un panneau solaire n\u2019\u00e9met aucun Gaz \u00e0 Effet de Serre lorsqu\u2019il est en phase de production. Il convient n\u00e9anmoins de se concentrer sur son Analyse du Cycle de Vie pour pouvoir comparer les impacts environnementaux des solutions de production d\u2019\u00e9lectricit\u00e9, de l\u2019extraction des mati\u00e8res premi\u00e8res n\u00e9cessaires \u00e0 sa fabrication \u00e0 son<br>traitement en fin de vie, en passant par les phases d\u2019exploitation, d\u2019entretien et de transport.<\/p>\n\n\n\n<p><span style=\"font-size: var(--wp--preset--font-size--normal); text-align: justify; background-color: var(--wp--preset--color--white); color: var(--wp--preset--color--anthracite); font-family: var(--wp--preset--font-family--open-sans);\">Dans le cas de l\u2019\u00e9lectricit\u00e9 solaire photovolta\u00efque, la fabrication repr\u00e9sente le plus poste d&rsquo;\u00e9missions. En effet, le silicium n\u00e9cessaire \u00e0 la production des panneaux est <\/span>aujourd\u2019hui produit majoritairement en Chine. L\u2019\u00e9lectricit\u00e9 chinoise reposant en grande partie sur les \u00e9nergies fossiles (60% de la production d\u2019\u00e9lectricit\u00e9<br>\u00e0 partir de charbon en 2021), la fabrication aura un impact beaucoup plus important que les autres postes d\u2019\u00e9missions, \u00e0 savoir le transport, l\u2019installation, la maintenance, la fin de vie.<br><br>Ainsi, l\u2019empreinte carbone d\u2019un panneau solaire d\u00e9pend de sa provenance. L\u2019ADEME estime qu\u2019un panneau solaire de fabrication chinoise \u00e9mettra, tout au long de son cycle de vie, 43,9 gCO<sub>2<\/sub>eq\/kWh, tandis qu\u2019un panneau solaire fran\u00e7ais, gr\u00e2ce \u00e0 notre mix \u00e9lectrique majoritairement d\u00e9carbon\u00e9, 25,2 gCO<sub>2<\/sub>eq\/kWh. Un panneau<br>photovolta\u00efque \u00e9met donc 24 fois moins de gaz \u00e0 effet de serre qu\u2019une centrale \u00e0 charbon et 9 fois moins qu\u2019une centrale \u00e0 gaz.<\/p>\n\n\n\n<p>Selon le principe de <a href=\"https:\/\/www.lab-energies.fr\/articles\/merit-order\"><em><span style=\"text-decoration: underline;\">merit order<\/span><\/em><\/a>, l\u2019\u00e9lectricit\u00e9 d\u2019origine renouvelable se substitue en majorit\u00e9 \u00e0 des sources d\u2019\u00e9nergie carbon\u00e9es, tel que le gaz, le fioul ou le charbon. L\u2019ADEME propose un mix de r\u00e9f\u00e9rence auquel se substituent les \u00e9nergies renouvelables compos\u00e9 de 39% de gaz, 19% de charbon, 28% de fioul et 14% de nucl\u00e9aire. Avec<br>ces hypoth\u00e8ses, chaque kilowattheure produit par un panneau solaire \u00e9vite un rejet de 526gCO<sub>2<\/sub>eq dans l\u2019atmosph\u00e8re.<\/p>\n<\/div>\n            <\/div>\n                    <div class=\"bf-faq__main-container\">\n                <div class=\"bf-faq__question-container\">\n                    <img decoding=\"async\" class=\"bf-faq__question-plus\" src=\"https:\/\/blogvaleco.com\/perigordnontronnais\/wp-content\/themes\/beflex-child\/inc\/blocks\/bf-faq\/assets\/images\/plus-solid.svg\" \/>\n                    <div class=\"bf-faq__question\">D&#039;o\u00f9 viennent les panneaux ?<\/div>\n                <\/div>\n                <div class=\"bf-faq__answer\">\n<p>Le principal producteur de panneaux solaires est aujourd\u2019hui la Chine. Ce pays a investi massivement dans les \u00e9nergies solaires au d\u00e9but des ann\u00e9es 2000. Ce pari a \u00e9t\u00e9 payant, car 70 % des producteurs sont \u00e0 pr\u00e9sent d\u2019origine chinoise.<\/p>\n\n\n\n<p>D\u2019autres pays commencent \u00e0 \u00e9merger dans la production de panneaux, comme la Cor\u00e9e du Sud, les \u00c9tats-Unis ou encore l\u2019Allemagne.<\/p>\n\n\n\n<p>En France, deux usines de production sont en projet et devraient d\u00e9marrer leurs productions en 2025 et 2026, \u00e0 Hambach dans le Grand Est, et \u00e0 Fos-sur-Mer dans la r\u00e9gion Sud.<\/p>\n<\/div>\n            <\/div>\n                    <div class=\"bf-faq__main-container\">\n                <div class=\"bf-faq__question-container\">\n                    <img decoding=\"async\" class=\"bf-faq__question-plus\" src=\"https:\/\/blogvaleco.com\/perigordnontronnais\/wp-content\/themes\/beflex-child\/inc\/blocks\/bf-faq\/assets\/images\/plus-solid.svg\" \/>\n                    <div class=\"bf-faq__question\">Les panneaux sont-ils recyclables ?<\/div>\n                <\/div>\n                <div class=\"bf-faq__answer\">\n<p>Un panneau photovolta\u00efque se recycle \u00e0 95%. Ils sont constitu\u00e9s de silicium cristallin et d\u2019aluminium qui sont des mat\u00e9riaux recyclables. Pour assurer le recyclage de ces panneaux photovolta\u00efques, le porteur de projet \u00e9nerg\u00e9tique paye une cotisation, au moment de l\u2019implantation du projet, qui finance l\u2019\u00e9co-organisme Soren, sp\u00e9cialis\u00e9 dans le recyclage des modules photovolta\u00efques, (agr\u00e9\u00e9 par les pouvoirs publics).<\/p>\n\n\n\n<p>Pour en savoir plus sur SOREN,&nbsp;rendez-vous sur <a href=\"https:\/\/www.soren.eco\/re-traitement-panneaux-solaires-photovoltaiques\/#:~:text=Elle%20est%20compos%C3%A9e%20de%20polym%C3%A8res,des%20fractions%20de%20mati%C3%A8res%20s%C3%A9par%C3%A9es.\">leur site internet<\/a>.<\/p>\n\n\n\n<p>A date de novembre 2022, SOREN organise la collecte des panneaux photovolta\u00efques dans toute la France et les conduit vers 3 centres de traitements :<br>&#8211;&nbsp;&nbsp; &nbsp;Toulouse<br>&#8211;&nbsp;&nbsp; &nbsp;Bordeaux (Saint-Loub\u00e8s)<br>&#8211;&nbsp;&nbsp; &nbsp;Lille<\/p>\n\n\n\n<p>Pour en savoir plus sur la fa\u00e7on dont sont recycl\u00e9s les panneaux, regardez la vid\u00e9o suivante, en immersion dans l\u2019usine de Saint-Loub\u00e8s :&nbsp;<a href=\"https:\/\/www.youtube.com\/watch?v=3foJDstoHR8\">cliquez ici<\/a><\/p>\n<\/div>\n            <\/div>\n                    <div class=\"bf-faq__main-container\">\n                <div class=\"bf-faq__question-container\">\n                    <img decoding=\"async\" class=\"bf-faq__question-plus\" src=\"https:\/\/blogvaleco.com\/perigordnontronnais\/wp-content\/themes\/beflex-child\/inc\/blocks\/bf-faq\/assets\/images\/plus-solid.svg\" \/>\n                    <div class=\"bf-faq__question\">Quelle est la dur\u00e9e de vie d&#039;un panneau solaire ?<\/div>\n                <\/div>\n                <div class=\"bf-faq__answer\">\n<p>Les panneaux photovolta\u00efques ont une dur\u00e9e de vie de 25 ans garantie par les constructeurs. Au-del\u00e0, il s\u2019agit principalement d\u2019une question de d\u00e9gradation des performances. \u00c0 titre d\u2019information, au bout de 25 ans, les panneaux produisent g\u00e9n\u00e9ralement 85% de leur puissance initiale. La centrale est pr\u00e9vue pour une exploitation de 40 ans, ce qui permet d\u2019exploiter le plus longtemps possible les panneaux install\u00e9s.<\/p>\n<\/div>\n            <\/div>\n                    <div class=\"bf-faq__main-container\">\n                <div class=\"bf-faq__question-container\">\n                    <img decoding=\"async\" class=\"bf-faq__question-plus\" src=\"https:\/\/blogvaleco.com\/perigordnontronnais\/wp-content\/themes\/beflex-child\/inc\/blocks\/bf-faq\/assets\/images\/plus-solid.svg\" \/>\n                    <div class=\"bf-faq__question\">Qui a la charge du d\u00e9mant\u00e8lement ?<\/div>\n                <\/div>\n                <div class=\"bf-faq__answer\">\n<p>Dans le cadre du bail emphyt\u00e9otique, une clause engage le producteur d\u2019\u00e9nergie renouvelable \u00e0 d\u00e9manteler la centrale. VALECO garantit donc le d\u00e9mant\u00e8lement et la remise en \u00e9tat du site :<\/p>\n\n\n\n<ul class=\"wp-block-list\">\n<li>\u00c9vacuation des modules, structures aluminium, pieux en acier, connectiques, c\u00e2bles, etc. ;<\/li>\n\n\n\n<li>D\u00e9mant\u00e8lement des postes \u00e9lectriques ;<\/li>\n\n\n\n<li>Travaux de restauration du site (maintien du model\u00e9 du relief initial du site) ;<\/li>\n\n\n\n<li>Suivi par un ing\u00e9nieur \u00e9cologue de la phase de re-v\u00e9g\u00e9talisation.<\/li>\n<\/ul>\n\n\n\n<p>Le d\u00e9mant\u00e8lement peut durer entre 4 \u00e0 6 mois.<\/p>\n<\/div>\n            <\/div>\n                    <div class=\"bf-faq__main-container\">\n                <div class=\"bf-faq__question-container\">\n                    <img decoding=\"async\" class=\"bf-faq__question-plus\" src=\"https:\/\/blogvaleco.com\/perigordnontronnais\/wp-content\/themes\/beflex-child\/inc\/blocks\/bf-faq\/assets\/images\/plus-solid.svg\" \/>\n                    <div class=\"bf-faq__question\">Les panneaux d\u00e9rangent-ils les animaux ?<\/div>\n                <\/div>\n                <div class=\"bf-faq__answer\">\n<p>Les centrales agrivolta\u00efques sont dimensionn\u00e9es de fa\u00e7on \u00e0 assurer le bien-\u00eatre animal. Les panneaux sont sur\u00e9lev\u00e9s pour faciliter le passage des animaux (par exemple \u00e0 1.50m pour un cheptel ovin), les c\u00e2bles sont enterr\u00e9s ou plaqu\u00e9s \u00e0 l\u2019arri\u00e8re des panneaux et les structures ne pr\u00e9senteront pas d\u2019angles contendants ou de visserie apparente, pour&nbsp;\u00e9viter tout risque de blessures des animaux.<\/p>\n\n\n\n<p>Le p\u00e2turage au sein de la centrale permet aux animaux de se prot\u00e9ger en s\u2019abritant sous les panneaux en cas d\u2019intemp\u00e9ries ou de fortes chaleurs.<\/p>\n<\/div>\n            <\/div>\n                    <div class=\"bf-faq__main-container\">\n                <div class=\"bf-faq__question-container\">\n                    <img decoding=\"async\" class=\"bf-faq__question-plus\" src=\"https:\/\/blogvaleco.com\/perigordnontronnais\/wp-content\/themes\/beflex-child\/inc\/blocks\/bf-faq\/assets\/images\/plus-solid.svg\" \/>\n                    <div class=\"bf-faq__question\">Comment pousse l&#039;herbe sous les panneaux ?<\/div>\n                <\/div>\n                <div class=\"bf-faq__answer\">\n<p>La centrale agrivolta\u00efque est con\u00e7ue pour assurer la meilleure pousse de l\u2019herbe sous les panneaux. Pour cela, plusieurs \u00e9l\u00e9ments font l\u2019objet d\u2019adaptations :<\/p>\n\n\n\n<ul class=\"wp-block-list\">\n<li>La distance entre les rang\u00e9es de structures photovolta\u00efques : les premiers bilans des exp\u00e9rimentations ont permis de conclure qu\u2019une quantit\u00e9 plus importante d\u2019herbe pousse lorsque l\u2019espacement entre les tables augmente.<\/li>\n\n\n\n<li>La pr\u00e9sence d\u2019interstices entre les panneaux permet un \u00e9coulement des eaux pluviales \u00e0 travers les tables et donc la pousse de l\u2019herbe y compris sous les panneaux.<\/li>\n\n\n\n<li>La hauteur des structures : plus les structures sont hautes, plus la dispersion des eaux pluviales et de la lumi\u00e8re est am\u00e9lior\u00e9e, ce qui favorise la pousse de l\u2019herbe.<\/li>\n<\/ul>\n\n\n\n<p>L\u2019ombrage partiel cr\u00e9\u00e9 par les panneaux peut m\u00eame contribuer \u00e0 r\u00e9duire le stress hydrique et thermique des sols, ce qui favorise la pousse de l\u2019herbe.<\/p>\n\n\n\n<p>En compl\u00e9ment, un ensemencement des terres aura lieu avant et apr\u00e8s le chantier, pour assurer une bonne qualit\u00e9 de la ressource fourrag\u00e8re sur les parcelles, d\u00e8s le d\u00e9but de l\u2019exploitation.<\/p>\n<\/div>\n            <\/div>\n                    <div class=\"bf-faq__main-container\">\n                <div class=\"bf-faq__question-container\">\n                    <img decoding=\"async\" class=\"bf-faq__question-plus\" src=\"https:\/\/blogvaleco.com\/perigordnontronnais\/wp-content\/themes\/beflex-child\/inc\/blocks\/bf-faq\/assets\/images\/plus-solid.svg\" \/>\n                    <div class=\"bf-faq__question\">Pourquoi ne pas mettre des panneaux directement sur les toits\u00a0ou sur les friches ?<\/div>\n                <\/div>\n                <div class=\"bf-faq__answer\">\n<p>&nbsp;L\u2019implantation des panneaux photovolta\u00efques est possible sur plusieurs types de surfaces :<\/p>\n\n\n\n<ul class=\"wp-block-list\">\n<li>Toitures des b\u00e2timents et zones artificialis\u00e9es ;<\/li>\n\n\n\n<li>Anciens sites industriels ;<\/li>\n\n\n\n<li>Terres agricoles, dans le cadre de projets agrivolta\u00efques.<\/li>\n<\/ul>\n\n\n\n<p>Chaque surface d\u2019implantation poss\u00e8de des contraintes qui lui sont propres, et tous les moyens de production d\u2019\u00e9nergie renouvelable ont leur place dans le mix \u00e9nerg\u00e9tique fran\u00e7ais. VALECO d\u00e9veloppe des projets photovolta\u00efques sur diff\u00e9rentes surfaces.<\/p>\n\n\n\n<p>La solarisation de toitures se heurte par exemple \u00e0 plusieurs enjeux de taille :<\/p>\n\n\n\n<ul class=\"wp-block-list\">\n<li>Les b\u00e2timents existants ne sont pas toujours con\u00e7us pour accueillir une centrale solaire en toiture. Il faut alors engager d\u2019importants co\u00fbts : renforcement de la structure, r\u00e9novation de la couverture et de l\u2019\u00e9tanch\u00e9it\u00e9 et parfois m\u00eame d\u00e9samiantage.\u00a0<\/li>\n\n\n\n<li>Ces surco\u00fbts se ressentent sur l\u2019\u00e9conomie des projets : l\u2019\u00e9nergie produite est tr\u00e8s ch\u00e8re ce qui peut s\u2019av\u00e9rer dissuasif.<\/li>\n<\/ul>\n\n\n\n<p>La construction de nouveaux b\u00e2timents est une tr\u00e8s bonne opportunit\u00e9 pour ce type de projets, puisque l\u2019anticipation d\u2019un projet photovolta\u00efque dans la conception du b\u00e2timent permet de s\u2019assurer de la compatibilit\u00e9. Les r\u00e9centes lois parues vont dans ce sens en imposant la solarisation des nouveaux b\u00e2timents et parkings d\u2019une certaine surface. Pour en savoir plus,&nbsp;<a href=\"https:\/\/www.photovoltaique.info\/fr\/actualites\/detail\/obligation-de-solarisation-pour-les-batiments-et-les-parcs-de-stationnement\/\">cliquez ici<\/a><\/p>\n\n\n\n<p>La solarisation des anciens sites industriels et des terrains sans conflit d\u2019usage reste prioris\u00e9e dans la recherche de terrains. Comme la solarisation des toitures, certaines contraintes techniques existent : l\u2019ancienne activit\u00e9 du site a potentiellement cr\u00e9\u00e9 des contraintes li\u00e9es sol, cr\u00e9ant des complexit\u00e9s de mise en \u0153uvre des projets ou alors les ann\u00e9es de friches sur le site ont cr\u00e9\u00e9 des habitats propices pour certaines esp\u00e8ces prot\u00e9g\u00e9es. Ainsi, tous les sites ne sont pas propices et certains pr\u00e9sentent des contraintes pouvant s\u2019av\u00e9rer r\u00e9dhibitoires. Le gisement de cette typologie de site a d\u00e9j\u00e0 fait l\u2019objet d\u2019importantes campagnes de prospection par les diff\u00e9rents acteurs du solaire : la grande majorit\u00e9 de ces sites a d\u00e9j\u00e0 \u00e9t\u00e9 \u00e9tudi\u00e9e, et est en cours de d\u00e9veloppement ou d\u00e9j\u00e0 en service.<\/p>\n\n\n\n<p>C\u2019est dans ce contexte l\u00e0 qu\u2019est apparu le projet de loi d\u2019acc\u00e9l\u00e9ration des \u00e9nergies renouvelables, dont l\u2019un des enjeux majeurs pour le photovolta\u00efque est la mobilisation de nouvelles sources de foncier pour permettre l\u2019atteinte des objectifs de d\u00e9veloppement d\u2019\u00e9nergie renouvelable.<\/p>\n\n\n\n<p>D\u2019ici \u00e0 2050, pour parvenir aux objectifs de d\u00e9veloppement d\u2019\u00e9nergie renouvelable solaire, il faudra d\u00e9velopper des projets de solarisation des toitures, des anciens sites industriels et des projets agrivolta\u00efques.<\/p>\n\n\n\n<p><\/p>\n<\/div>\n            <\/div>\n                    <div class=\"bf-faq__main-container\">\n                <div class=\"bf-faq__question-container\">\n                    <img decoding=\"async\" class=\"bf-faq__question-plus\" src=\"https:\/\/blogvaleco.com\/perigordnontronnais\/wp-content\/themes\/beflex-child\/inc\/blocks\/bf-faq\/assets\/images\/plus-solid.svg\" \/>\n                    <div class=\"bf-faq__question\">A qui une centrale photovolta\u00efque b\u00e9n\u00e9ficie\u00a0?<\/div>\n                <\/div>\n                <div class=\"bf-faq__answer\">\n<p>La centrale photovolta\u00efque ou agrivolta\u00efque b\u00e9n\u00e9ficie \u00e0 l\u2019\u00e9conomie locale de diff\u00e9rentes fa\u00e7ons. D\u2019abord, via des retomb\u00e9es fiscales. Selon la loi de finance actuellement en vigueur, comme toute installation industrielle, une centrale est imposable \u00e0 plusieurs titres. Le projet contribuera donc \u00e0 l\u2019\u00e9conomie locale selon les m\u00e9canismes suivants :<\/p>\n\n\n\n<ul class=\"wp-block-list\">\n<li>La Taxe Fonci\u00e8re sur les Propri\u00e9t\u00e9s B\u00e2ties (TFPB), per\u00e7ue par la commune ou par l\u2019EPCI<\/li>\n\n\n\n<li>La Cotisation Fonci\u00e8re des Entreprises (CFE), per\u00e7ue par la commune ou par l\u2019EPCI<\/li>\n\n\n\n<li>La Cotisation sur la Valeur Ajout\u00e9e des Entreprises (CVAE), per\u00e7ue par la commune ou par l\u2019EPCI <em>(amen\u00e9e \u00e0 dispara\u00eetre d\u2019ici 2027)<\/em><\/li>\n\n\n\n<li>La taxe d\u2019am\u00e9nagement (per\u00e7ue l\u2019ann\u00e9e de fin de construction par la commune)<\/li>\n\n\n\n<li>L\u2019imposition Forfaitaire sur les Entreprises de R\u00e9seaux (IFER) : l\u2019IFER s\u2019applique aux installations de production d\u2019\u00e9lectricit\u00e9 photovolta\u00efque dont la puissance est sup\u00e9rieure \u00e0 100 kilowatts. Son montant est de 3,254\u20ac par kW install\u00e9s. Le total est distribu\u00e9 \u00e0 hauteur de 20% pour la commune, 50% pour la communaut\u00e9 de commune et 30% pour le d\u00e9partement.<\/li>\n<\/ul>\n\n\n\n<p>Lors de la construction de la centrale, les entreprises locales sont le plus souvent sollicit\u00e9es afin de faire b\u00e9n\u00e9ficier l\u2019emploi du territoire de ce nouveau chantier.<\/p>\n\n\n\n<p>Aussi, dans le cadre d\u2019un projet agrivolta\u00efque, l\u2019agriculture du territoire b\u00e9n\u00e9ficie particuli\u00e8rement de la centrale via le ou les exploitants install\u00e9s.<\/p>\n<\/div>\n            <\/div>\n                    <div class=\"bf-faq__main-container\">\n                <div class=\"bf-faq__question-container\">\n                    <img decoding=\"async\" class=\"bf-faq__question-plus\" src=\"https:\/\/blogvaleco.com\/perigordnontronnais\/wp-content\/themes\/beflex-child\/inc\/blocks\/bf-faq\/assets\/images\/plus-solid.svg\" \/>\n                    <div class=\"bf-faq__question\">Comment se d\u00e9roulent les travaux d\u2019un projet photovolta\u00efque\u00a0?<\/div>\n                <\/div>\n                <div class=\"bf-faq__answer\">\n<p>Les travaux de construction d\u2019une centrale solaire s\u2019\u00e9talent sur une dur\u00e9e proche d\u2019un an. Un exemple de planning pr\u00e9visionnel de chantier est repr\u00e9sent\u00e9 ci-dessous&nbsp;:<\/p>\n\n\n\n<figure class=\"wp-block-image aligncenter size-full is-resized\"><img decoding=\"async\" src=\"https:\/\/blogvaleco.com\/wp-content\/uploads\/2024\/09\/Image3.png\" alt=\"\" class=\"wp-image-233\" style=\"width:517px;height:auto\"\/><\/figure>\n\n\n\n<p>Le chantier commence avec la phase de pr\u00e9paration du site. Des travaux de terrassement, de d\u00e9broussaillage ou de d\u00e9frichement peuvent \u00eatre r\u00e9alis\u00e9s selon la typologie du site. En parall\u00e8le, une \u00e9tude g\u00e9otechnique est r\u00e9alis\u00e9e pour dresser la carte d\u2019identit\u00e9 du sol. La finalit\u00e9 en est la connaissance pr\u00e9cise de la nature du terrain afin de d\u00e9finir et d\u2019adapter les choix techniques de la structure porteuse. Ensuite, les pistes sont cr\u00e9\u00e9es pour assurer l\u2019acc\u00e8s \u00e0 l\u2019ensemble du site, des tranch\u00e9es sont creus\u00e9es pour assurer le raccordement \u00e9lectrique et des cl\u00f4tures et portails sont pos\u00e9s par mesure de s\u00e9curit\u00e9.<\/p>\n\n\n\n<p>Lorsque la pr\u00e9paration du site est termin\u00e9e, la phase de construction peut commencer. Les pieux sont battus dans le sol et les structures porteuses y sont arrim\u00e9es. Les panneaux peuvent maintenant \u00eatre pos\u00e9s et raccord\u00e9s, tout comme les postes \u00e9lectriques et les onduleurs. Tous les ouvrages effectu\u00e9s par le g\u00e9nie \u00e9lectrique seront v\u00e9rifi\u00e9s par des organismes certifi\u00e9s afin de s&rsquo;assurer de la bonne application des normes en vigueur et permettre ainsi la mise en exploitation de la centrale.<\/p>\n\n\n\n<p>Suivant les impacts \u00e9valu\u00e9s par les experts \u00e9cologues, des mesures d\u2019\u00e9vitement ou de r\u00e9duction peuvent \u00eatre mises en place lors de la phase de chantier pour r\u00e9duire les nuisances sur l\u2019environnement humain et naturel. Des exemples de mesures peuvent \u00eatre l\u2019adaptation du calendrier des travaux pour \u00e9viter les p\u00e9riodes de nidification, le balisage de zones \u00e0 forts enjeux pour informer les travailleurs des zones \u00e0 \u00e9viter, etc.<\/p>\n<\/div>\n            <\/div>\n                    <div class=\"bf-faq__main-container\">\n                <div class=\"bf-faq__question-container\">\n                    <img decoding=\"async\" class=\"bf-faq__question-plus\" src=\"https:\/\/blogvaleco.com\/perigordnontronnais\/wp-content\/themes\/beflex-child\/inc\/blocks\/bf-faq\/assets\/images\/plus-solid.svg\" \/>\n                    <div class=\"bf-faq__question\">Un projet photovolta\u00efque a-t-il un impact sur la biodiversit\u00e9\u00a0?<\/div>\n                <\/div>\n                <div class=\"bf-faq__answer\">\n<p>Au d\u00e9but du d\u00e9veloppement d\u2019un projet, des \u00e9tudes approfondies sont men\u00e9es sur la faune et la flore par des bureaux d\u2019\u00e9tudes ind\u00e9pendants. Ces \u00e9tudes sont bas\u00e9es sur une ann\u00e9e compl\u00e8te de prospection de terrain de mani\u00e8re \u00e0 observer les enjeux du site sur chacune des saisons. Elles permettent ainsi de connaitre les esp\u00e8ces pr\u00e9sentes sur site, leur niveau d\u2019activit\u00e9, leur comportement ainsi que les zones pr\u00e9f\u00e9rentielles de fr\u00e9quentation de ces esp\u00e8ces.<\/p>\n\n\n\n<p>Ces informations sont ensuite utilis\u00e9es pour orienter les variantes d\u2019implantation envisag\u00e9es et le choix de l\u2019implantation d\u00e9finitive de mani\u00e8re que celle-ci \u00e9vite les zones sensibles sur le plan de la biodiversit\u00e9.<\/p>\n\n\n\n<p>Afin de choisir la variante de moindre impact et de minimiser celui de l\u2019implantation retenue, la s\u00e9quence ERC est appliqu\u00e9e dans tous les domaines ou l\u2019impact du parc pourrait \u00eatre n\u00e9gatif et significatif&nbsp;:<\/p>\n\n\n\n<ul class=\"wp-block-list\">\n<li>\u00ab \u00c9viter \u00bb au maximum les impacts. L\u2019\u00e9vitement intervient au plus t\u00f4t dans l\u2019\u00e9laboration du projet, afin d\u2019\u00e9viter l\u2019implantation d\u2019am\u00e9nagements dans les zones les plus impactantes.<\/li>\n\n\n\n<li>\u00ab R\u00e9duire \u00bb les impacts qui ne peuvent \u00eatre \u00e9vit\u00e9s. On peut par exemple r\u00e9duire les impacts sur la biodiversit\u00e9 en phase de travaux en adaptant le calendrier pour ne pas intervenir pendant les p\u00e9riodes de reproduction ;<\/li>\n\n\n\n<li>\u00a0\u00ab Compenser \u00bb les impacts r\u00e9siduels qui n\u2019ont pu \u00eatre \u00e9vit\u00e9s ou r\u00e9duits afin d\u2019apporter une contrepartie aux effets n\u00e9gatifs notables du projet. Les mesures compensatoires d\u00e9pendent des esp\u00e8ces et des habitats concern\u00e9s, elles sont mises en \u0153uvre en priorit\u00e9 sur le site impact\u00e9 ou \u00e0 proximit\u00e9 de celui-ci afin de garantir sa fonctionnalit\u00e9 de mani\u00e8re p\u00e9renne.<\/li>\n<\/ul>\n\n\n\n<p>En parall\u00e8le de la s\u00e9quence ERC, des mesures d\u2019accompagnement sont souvent propos\u00e9es en compl\u00e9ment des mesures compensatoires (ou de mesures d\u2019\u00e9vitement et de r\u00e9duction) pour renforcer leur pertinence et leur efficacit\u00e9, mais ne sont pas en elles-m\u00eames&nbsp;suffisantes pour assurer une compensation. Ainsi, des mesures d\u2019accompagnement possibles incluent des acquisitions de connaissance, la d\u00e9finition d\u2019une strat\u00e9gie de conservation plus globale, la mise en place d\u2019un arr\u00eat\u00e9 de protection de biotope qui rel\u00e8ve en fait des pouvoirs de l\u2019\u00c9tat ou des collectivit\u00e9s, etc.<\/p>\n\n\n\n<p>En d\u00e9finitive un projet ne peut pas \u00eatre autoris\u00e9 si son impact global sur la biodiversit\u00e9, en incluant les mesures ERC, est n\u00e9gatif.<\/p>\n\n\n\n<figure class=\"wp-block-image size-full\"><img decoding=\"async\" src=\"https:\/\/blogvaleco.com\/wp-content\/uploads\/2024\/09\/ERC.png\" alt=\"\" class=\"wp-image-230\"\/><\/figure>\n\n\n\n<p class=\"has-small-font-size\"><em>Source\u00a0: Office Fran\u00e7ais de la Biodiversit\u00e9\u00a0: <a href=\"https:\/\/erc-biodiversite.ofb.fr\/erc\/accompagner\/methodes-et-outils\/mettre-en-oeuvre-une-mesure-daccompagnement\">Mettre en \u0153uvre une mesure d&rsquo;accompagnement | ERC (ofb.fr)<\/a> &amp;<a href=\"https:\/\/www.ecologie.gouv.fr\/sites\/default\/files\/publications\/Th%C3%A9ma%20-%20Guide%20d%E2%80%99aide%20%C3%A0%20la%20d%C3%A9finition%20des%20mesures%20ERC.pdf\">Th\u00e9ma &#8211; Guide d\u2019aide \u00e0 la d\u00e9finition des mesures ERC.pdf (ecologie.gouv.fr)<\/a><\/em><\/p>\n<\/div>\n            <\/div>\n            <\/div>\n    \n\n\n<p><\/p>\n","protected":false},"excerpt":{"rendered":"","protected":false},"author":5,"featured_media":793,"parent":0,"menu_order":0,"comment_status":"closed","ping_status":"closed","template":"","meta":{"_acf_changed":false,"inline_featured_image":false,"footnotes":""},"class_list":["post-637","page","type-page","status-publish","has-post-thumbnail","hentry"],"acf":[],"_links":{"self":[{"href":"https:\/\/blogvaleco.com\/perigordnontronnais\/wp-json\/wp\/v2\/pages\/637","targetHints":{"allow":["GET"]}}],"collection":[{"href":"https:\/\/blogvaleco.com\/perigordnontronnais\/wp-json\/wp\/v2\/pages"}],"about":[{"href":"https:\/\/blogvaleco.com\/perigordnontronnais\/wp-json\/wp\/v2\/types\/page"}],"author":[{"embeddable":true,"href":"https:\/\/blogvaleco.com\/perigordnontronnais\/wp-json\/wp\/v2\/users\/5"}],"replies":[{"embeddable":true,"href":"https:\/\/blogvaleco.com\/perigordnontronnais\/wp-json\/wp\/v2\/comments?post=637"}],"version-history":[{"count":9,"href":"https:\/\/blogvaleco.com\/perigordnontronnais\/wp-json\/wp\/v2\/pages\/637\/revisions"}],"predecessor-version":[{"id":1075,"href":"https:\/\/blogvaleco.com\/perigordnontronnais\/wp-json\/wp\/v2\/pages\/637\/revisions\/1075"}],"wp:featuredmedia":[{"embeddable":true,"href":"https:\/\/blogvaleco.com\/perigordnontronnais\/wp-json\/wp\/v2\/media\/793"}],"wp:attachment":[{"href":"https:\/\/blogvaleco.com\/perigordnontronnais\/wp-json\/wp\/v2\/media?parent=637"}],"curies":[{"name":"wp","href":"https:\/\/api.w.org\/{rel}","templated":true}]}}