{"id":2,"date":"2024-03-06T10:01:15","date_gmt":"2024-03-06T09:01:15","guid":{"rendered":"https:\/\/blogs.groupevaleco.com\/site-modele\/?page_id=2"},"modified":"2025-07-16T10:18:57","modified_gmt":"2025-07-16T08:18:57","slug":"page-d-exemple","status":"publish","type":"page","link":"https:\/\/blogvaleco.com\/perigordnontronnais\/","title":{"rendered":"Accueil"},"content":{"rendered":"\n<div class=\"wp-block-cover alignfull has-custom-content-position is-position-bottom-center\" style=\"padding-bottom:var(--wp--preset--spacing--80);min-height:350px;aspect-ratio:unset;\"><img loading=\"lazy\" decoding=\"async\" width=\"2560\" height=\"1920\" class=\"wp-block-cover__image-background wp-image-792\" alt=\"\" src=\"https:\/\/blogvaleco.com\/perigordnontronnais\/wp-content\/uploads\/sites\/83\/2024\/07\/Gignac4-scaled.jpg\" data-object-fit=\"cover\" srcset=\"https:\/\/blogvaleco.com\/perigordnontronnais\/wp-content\/uploads\/sites\/83\/2024\/07\/Gignac4-scaled.jpg 2560w, https:\/\/blogvaleco.com\/perigordnontronnais\/wp-content\/uploads\/sites\/83\/2024\/07\/Gignac4-300x225.jpg 300w, https:\/\/blogvaleco.com\/perigordnontronnais\/wp-content\/uploads\/sites\/83\/2024\/07\/Gignac4-1024x768.jpg 1024w, https:\/\/blogvaleco.com\/perigordnontronnais\/wp-content\/uploads\/sites\/83\/2024\/07\/Gignac4-768x576.jpg 768w, https:\/\/blogvaleco.com\/perigordnontronnais\/wp-content\/uploads\/sites\/83\/2024\/07\/Gignac4-1536x1152.jpg 1536w, https:\/\/blogvaleco.com\/perigordnontronnais\/wp-content\/uploads\/sites\/83\/2024\/07\/Gignac4-2048x1536.jpg 2048w\" sizes=\"auto, (max-width: 2560px) 100vw, 2560px\" \/><span aria-hidden=\"true\" class=\"wp-block-cover__background has-primary-background-color has-background-dim-60 has-background-dim\"><\/span><div class=\"wp-block-cover__inner-container is-layout-constrained wp-block-cover-is-layout-constrained\">\n    <div  class=\"bf-timeline-horizontal bf-timeline-horizontal__theme-light\" data-dot=\"7\">\n        <div class=\"bf-timeline-horizontal__container\">\n                            <div class=\"bf-timeline-horizontal__event \">\n                    <span class=\"bf-timeline-horizontal__event-effect\"><\/span>\n                    <span class=\"bf-timeline-horizontal__event-element\" data-year=\"2022\" data-info=\"Pr\u00e9faisabilit\u00e9\"><\/span>\n                <\/div>\n\n                            <div class=\"bf-timeline-horizontal__event active\">\n                    <span class=\"bf-timeline-horizontal__event-effect\"><\/span>\n                    <span class=\"bf-timeline-horizontal__event-element\" data-year=\"2024\" data-info=\"D\u00e9veloppement\"><\/span>\n                <\/div>\n\n                            <div class=\"bf-timeline-horizontal__event \">\n                    <span class=\"bf-timeline-horizontal__event-effect\"><\/span>\n                    <span class=\"bf-timeline-horizontal__event-element\" data-year=\"2026\" data-info=\"Instruction\"><\/span>\n                <\/div>\n\n                            <div class=\"bf-timeline-horizontal__event \">\n                    <span class=\"bf-timeline-horizontal__event-effect\"><\/span>\n                    <span class=\"bf-timeline-horizontal__event-element\" data-year=\"2028\" data-info=\"Pr\u00e9-construction\"><\/span>\n                <\/div>\n\n                            <div class=\"bf-timeline-horizontal__event \">\n                    <span class=\"bf-timeline-horizontal__event-effect\"><\/span>\n                    <span class=\"bf-timeline-horizontal__event-element\" data-year=\"2029\" data-info=\"Construction\"><\/span>\n                <\/div>\n\n                            <div class=\"bf-timeline-horizontal__event \">\n                    <span class=\"bf-timeline-horizontal__event-effect\"><\/span>\n                    <span class=\"bf-timeline-horizontal__event-element\" data-year=\"2030\" data-info=\"Production\"><\/span>\n                <\/div>\n\n                            <div class=\"bf-timeline-horizontal__event \">\n                    <span class=\"bf-timeline-horizontal__event-effect\"><\/span>\n                    <span class=\"bf-timeline-horizontal__event-element\" data-year=\"+\/- 2070\" data-info=\"D\u00e9mant\u00e8lement\"><\/span>\n                <\/div>\n\n                    <\/div>\n    <\/div>\n<\/div><\/div>\n\n\n\n<div class=\"wp-block-group alignfull has-background is-layout-constrained wp-block-group-is-layout-constrained\" style=\"background-color:#efefef;margin-top:0;padding-top:var(--wp--preset--spacing--70);padding-bottom:var(--wp--preset--spacing--70)\">\n<div class=\"wp-block-columns is-layout-flex wp-container-core-columns-is-layout-28f84493 wp-block-columns-is-layout-flex\">\n<div class=\"wp-block-column is-layout-flow wp-block-column-is-layout-flow\" style=\"flex-basis:70%\">\n<h2 class=\"wp-block-heading has-text-align-center\">D\u00e9couvrez le projet parc AGRIVOLTA\u00cfQUE sur les communes de <mark style=\"background-color:#EFEFEF\" class=\"has-inline-color has-secondary-color\">Nontron<\/mark>, <mark style=\"background-color:#EFEFEF\" class=\"has-inline-color has-secondary-color\">sceau-saint-angel<\/mark>, <mark style=\"background-color:#EFEFEF\" class=\"has-inline-color has-secondary-color\">saint-martial-de-valette<\/mark> et <mark style=\"background-color:#EFEFEF\" class=\"has-inline-color has-secondary-color\">saint-pardoux-la-rivi\u00e8re<\/mark> en chiffres<\/h2>\n\n\n\n<div class=\"wp-block-columns cta-block-1 is-layout-flex wp-container-core-columns-is-layout-d9dd512a wp-block-columns-is-layout-flex\" style=\"margin-top:var(--wp--preset--spacing--20)\">\n<div class=\"wp-block-column has-white-background-color has-background is-layout-flow wp-container-core-column-is-layout-1d0ad487 wp-block-column-is-layout-flow\" style=\"padding-top:var(--wp--preset--spacing--50);padding-right:var(--wp--preset--spacing--40);padding-bottom:var(--wp--preset--spacing--50);padding-left:var(--wp--preset--spacing--40)\">\n<figure class=\"wp-block-image aligncenter size-full is-resized\"><img loading=\"lazy\" decoding=\"async\" width=\"300\" height=\"300\" src=\"https:\/\/blogvaleco.com\/perigordnontronnais\/wp-content\/uploads\/sites\/83\/2024\/04\/icone-pv.png\" alt=\"\" class=\"wp-image-386\" style=\"width:110px\" srcset=\"https:\/\/blogvaleco.com\/perigordnontronnais\/wp-content\/uploads\/sites\/83\/2024\/04\/icone-pv.png 300w, https:\/\/blogvaleco.com\/perigordnontronnais\/wp-content\/uploads\/sites\/83\/2024\/04\/icone-pv-150x150.png 150w\" sizes=\"auto, (max-width: 300px) 100vw, 300px\" \/><\/figure>\n\n\n\n<h3 class=\"wp-block-heading has-text-align-center has-black-color has-text-color has-link-color wp-elements-afac84bc4920160b1759f0776beeb675\">60 HECTARES<\/h3>\n\n\n\n<p class=\"has-text-align-center has-text-color has-link-color wp-elements-3326343e629d6b918a9fbc7ace7b8484\" style=\"color:#6a6a6a\">Surface vis\u00e9e<\/p>\n<\/div>\n\n\n\n<div class=\"wp-block-column has-white-background-color has-background is-layout-flow wp-container-core-column-is-layout-1d0ad487 wp-block-column-is-layout-flow\" style=\"padding-top:var(--wp--preset--spacing--50);padding-right:var(--wp--preset--spacing--40);padding-bottom:var(--wp--preset--spacing--50);padding-left:var(--wp--preset--spacing--40)\">\n<figure class=\"wp-block-image aligncenter size-full is-resized\"><img loading=\"lazy\" decoding=\"async\" width=\"300\" height=\"300\" src=\"https:\/\/blogvaleco.com\/perigordnontronnais\/wp-content\/uploads\/sites\/83\/2024\/03\/icone-energie.png\" alt=\"\" class=\"wp-image-61\" style=\"width:110px\" srcset=\"https:\/\/blogvaleco.com\/perigordnontronnais\/wp-content\/uploads\/sites\/83\/2024\/03\/icone-energie.png 300w, https:\/\/blogvaleco.com\/perigordnontronnais\/wp-content\/uploads\/sites\/83\/2024\/03\/icone-energie-150x150.png 150w\" sizes=\"auto, (max-width: 300px) 100vw, 300px\" \/><\/figure>\n\n\n\n<h3 class=\"wp-block-heading has-text-align-center has-black-color has-text-color has-link-color wp-elements-fa196f552b2966840c33de7e00d85f49\">46 MWc<\/h3>\n\n\n\n<p class=\"has-text-align-center has-text-color has-link-color wp-elements-054840cbf98b7d02ae9064553e8668c4\" style=\"color:#6a6a6a\">Puissance install\u00e9e totale du projet<\/p>\n<\/div>\n\n\n\n<div class=\"wp-block-column has-white-background-color has-background is-layout-flow wp-container-core-column-is-layout-1d0ad487 wp-block-column-is-layout-flow\" style=\"padding-top:var(--wp--preset--spacing--50);padding-right:var(--wp--preset--spacing--40);padding-bottom:var(--wp--preset--spacing--50);padding-left:var(--wp--preset--spacing--40)\">\n<figure class=\"wp-block-image aligncenter size-full is-resized\"><img loading=\"lazy\" decoding=\"async\" width=\"300\" height=\"300\" src=\"https:\/\/blogvaleco.com\/perigordnontronnais\/wp-content\/uploads\/sites\/83\/2024\/03\/icone-foyer.png\" alt=\"\" class=\"wp-image-63\" style=\"width:110px\" srcset=\"https:\/\/blogvaleco.com\/perigordnontronnais\/wp-content\/uploads\/sites\/83\/2024\/03\/icone-foyer.png 300w, https:\/\/blogvaleco.com\/perigordnontronnais\/wp-content\/uploads\/sites\/83\/2024\/03\/icone-foyer-150x150.png 150w\" sizes=\"auto, (max-width: 300px) 100vw, 300px\" \/><\/figure>\n\n\n\n<h3 class=\"wp-block-heading has-text-align-center has-black-color has-text-color has-link-color wp-elements-127d3b271ae64162f7080185cf6717f8\">13 000 foyers<\/h3>\n\n\n\n<p class=\"has-text-align-center has-text-color has-link-color wp-elements-d57cbb5d1cf7d09d7e154aaf540ba769\" style=\"color:#6a6a6a\">Equivalent en consommation d&rsquo;\u00e9lectricit\u00e9<\/p>\n<\/div>\n\n\n\n<div class=\"wp-block-column has-white-background-color has-background is-layout-flow wp-container-core-column-is-layout-1d0ad487 wp-block-column-is-layout-flow\" style=\"padding-top:var(--wp--preset--spacing--50);padding-right:var(--wp--preset--spacing--40);padding-bottom:var(--wp--preset--spacing--50);padding-left:var(--wp--preset--spacing--40)\">\n<figure class=\"wp-block-image aligncenter size-full is-resized\"><img loading=\"lazy\" decoding=\"async\" width=\"300\" height=\"300\" src=\"https:\/\/blogvaleco.com\/perigordnontronnais\/wp-content\/uploads\/sites\/83\/2024\/03\/icone-eco.png\" alt=\"\" class=\"wp-image-60\" style=\"width:110px\" srcset=\"https:\/\/blogvaleco.com\/perigordnontronnais\/wp-content\/uploads\/sites\/83\/2024\/03\/icone-eco.png 300w, https:\/\/blogvaleco.com\/perigordnontronnais\/wp-content\/uploads\/sites\/83\/2024\/03\/icone-eco-150x150.png 150w\" sizes=\"auto, (max-width: 300px) 100vw, 300px\" \/><\/figure>\n\n\n\n<h3 class=\"wp-block-heading has-text-align-center has-black-color has-text-color has-link-color wp-elements-edefda39397eac991e09c704ca5ededb\">22 500 tonnes de co2<\/h3>\n\n\n\n<p class=\"has-text-align-center has-text-color has-link-color wp-elements-d75367e68f0367f00547fe2582951ef6\" style=\"color:#6a6a6a\">Rejet de CO2 \u00e9vit\u00e9 dans l&rsquo;atmosph\u00e8re<\/p>\n<\/div>\n<\/div>\n\n\n\n<div class=\"wp-block-group has-secondary-color has-text-color has-background has-link-color wp-elements-06f876efdecc1ee274414c037f0bb0b0 is-layout-grid wp-container-core-group-is-layout-478b6e6b wp-block-group-is-layout-grid\" style=\"border-radius:63px;background-color:#f7a50045\">\n<div class=\"wp-block-columns is-layout-flex wp-container-core-columns-is-layout-28f84493 wp-block-columns-is-layout-flex\">\n<div class=\"wp-block-column is-layout-flow wp-container-core-column-is-layout-30a78a81 wp-block-column-is-layout-flow\" style=\"border-style:none;border-width:0px;padding-top:0;padding-right:0;padding-bottom:0;padding-left:0\">\n<div class=\"wp-block-group is-content-justification-center is-nowrap is-layout-flex wp-container-core-group-is-layout-23441af8 wp-block-group-is-layout-flex\">\n<figure class=\"wp-block-image size-full is-resized\"><img loading=\"lazy\" decoding=\"async\" width=\"110\" height=\"79\" src=\"https:\/\/blogvaleco.com\/perigordnontronnais\/wp-content\/uploads\/sites\/83\/2024\/07\/ORANGE_vache.png\" alt=\"\" class=\"wp-image-729\" style=\"width:138px;height:auto\" \/><\/figure>\n<\/div>\n\n\n\n<h5 class=\"wp-block-heading has-text-align-center has-secondary-color has-text-color has-link-color wp-elements-86f97a00fa8676c34bf007c38fad4adb\">5 exploitations<\/h5>\n\n\n\n<p class=\"has-text-align-center\">en \u00e9levage bovin<\/p>\n<\/div>\n<\/div>\n\n\n\n<div class=\"wp-block-columns is-layout-flex wp-container-core-columns-is-layout-28f84493 wp-block-columns-is-layout-flex\">\n<div class=\"wp-block-column is-layout-flow wp-block-column-is-layout-flow\" style=\"box-shadow:none\">\n<figure class=\"wp-block-image aligncenter size-full is-resized\"><img loading=\"lazy\" decoding=\"async\" width=\"1588\" height=\"1600\" src=\"https:\/\/blogvaleco.com\/perigordnontronnais\/wp-content\/uploads\/sites\/83\/2024\/07\/ORANGE_panneau_solaire_03.png\" alt=\"\" class=\"wp-image-720\" style=\"width:92px;height:auto\" srcset=\"https:\/\/blogvaleco.com\/perigordnontronnais\/wp-content\/uploads\/sites\/83\/2024\/07\/ORANGE_panneau_solaire_03.png 1588w, https:\/\/blogvaleco.com\/perigordnontronnais\/wp-content\/uploads\/sites\/83\/2024\/07\/ORANGE_panneau_solaire_03-298x300.png 298w, https:\/\/blogvaleco.com\/perigordnontronnais\/wp-content\/uploads\/sites\/83\/2024\/07\/ORANGE_panneau_solaire_03-1016x1024.png 1016w, https:\/\/blogvaleco.com\/perigordnontronnais\/wp-content\/uploads\/sites\/83\/2024\/07\/ORANGE_panneau_solaire_03-150x150.png 150w, https:\/\/blogvaleco.com\/perigordnontronnais\/wp-content\/uploads\/sites\/83\/2024\/07\/ORANGE_panneau_solaire_03-768x774.png 768w, https:\/\/blogvaleco.com\/perigordnontronnais\/wp-content\/uploads\/sites\/83\/2024\/07\/ORANGE_panneau_solaire_03-1524x1536.png 1524w\" sizes=\"auto, (max-width: 1588px) 100vw, 1588px\" \/><\/figure>\n\n\n\n<h5 class=\"wp-block-heading has-text-align-center has-secondary-color has-text-color has-link-color wp-elements-c60841c98a4a84fd53541e5c3370ee87\">9 \u00eelots<\/h5>\n\n\n\n<p class=\"has-text-align-center\">agrivolta\u00efques<\/p>\n<\/div>\n<\/div>\n\n\n\n<div class=\"wp-block-columns is-layout-flex wp-container-core-columns-is-layout-28f84493 wp-block-columns-is-layout-flex\">\n<div class=\"wp-block-column has-secondary-color has-text-color has-link-color wp-elements-808bc0c7750ad8637ab1892b6f2c16e0 is-layout-flow wp-block-column-is-layout-flow\" style=\"padding-top:var(--wp--preset--spacing--30);padding-right:var(--wp--preset--spacing--30);padding-bottom:var(--wp--preset--spacing--30);padding-left:var(--wp--preset--spacing--30);box-shadow:none\">\n<figure class=\"wp-block-image aligncenter size-full is-resized has-custom-border is-style-default\"><img loading=\"lazy\" decoding=\"async\" width=\"1715\" height=\"2135\" src=\"https:\/\/blogvaleco.com\/perigordnontronnais\/wp-content\/uploads\/sites\/83\/2024\/07\/ORANGE-_dimensions.png\" alt=\"\" class=\"wp-image-700\" style=\"border-style:none;border-width:0px;border-radius:0px;width:65px;height:auto\" srcset=\"https:\/\/blogvaleco.com\/perigordnontronnais\/wp-content\/uploads\/sites\/83\/2024\/07\/ORANGE-_dimensions.png 1715w, https:\/\/blogvaleco.com\/perigordnontronnais\/wp-content\/uploads\/sites\/83\/2024\/07\/ORANGE-_dimensions-241x300.png 241w, https:\/\/blogvaleco.com\/perigordnontronnais\/wp-content\/uploads\/sites\/83\/2024\/07\/ORANGE-_dimensions-823x1024.png 823w, https:\/\/blogvaleco.com\/perigordnontronnais\/wp-content\/uploads\/sites\/83\/2024\/07\/ORANGE-_dimensions-768x956.png 768w, https:\/\/blogvaleco.com\/perigordnontronnais\/wp-content\/uploads\/sites\/83\/2024\/07\/ORANGE-_dimensions-1234x1536.png 1234w, https:\/\/blogvaleco.com\/perigordnontronnais\/wp-content\/uploads\/sites\/83\/2024\/07\/ORANGE-_dimensions-1645x2048.png 1645w\" sizes=\"auto, (max-width: 1715px) 100vw, 1715px\" \/><\/figure>\n\n\n\n<h5 class=\"wp-block-heading has-text-align-center has-secondary-color has-text-color has-link-color wp-elements-53441dc16d5fc65ac4b815c471c61597\">DimensionS<\/h5>\n\n\n\n<p class=\"has-text-align-center has-secondary-color has-text-color has-link-color wp-elements-f146531057db9f802e707645a4e37da9\">2,40 m bas de panneau, <br>7 m d&rsquo;intertable<\/p>\n<\/div>\n<\/div>\n<\/div>\n\n\n\n<div class=\"wp-block-buttons is-content-justification-center is-layout-flex wp-container-core-buttons-is-layout-ba9ea59f wp-block-buttons-is-layout-flex\" style=\"margin-top:var(--wp--preset--spacing--60)\">\n<div class=\"wp-block-button\"><a class=\"wp-block-button__link has-secondary-background-color has-background wp-element-button\" href=\"https:\/\/blogvaleco.com\/perigordnontronnais\/projet\/\">En savoir plus sur le projet<\/a><\/div>\n<\/div>\n<\/div>\n\n\n\n<div class=\"wp-block-column home-sidebar is-layout-flow wp-block-column-is-layout-flow\" style=\"flex-basis:30%\">\n<div class=\"wp-block-group has-secondary-background-color has-background is-layout-constrained wp-container-core-group-is-layout-97829e9f wp-block-group-is-layout-constrained\" style=\"border-radius:20px;padding-right:var(--wp--preset--spacing--40);padding-left:var(--wp--preset--spacing--40)\">\n<h3 class=\"wp-block-heading has-text-align-center\">O\u00f9 en est le projet ?<\/h3>\n\n\n\n<div class=\"wp-block-group is-nowrap is-layout-flex wp-container-core-group-is-layout-6c531013 wp-block-group-is-layout-flex\">\n<figure class=\"wp-block-image size-full is-resized\"><img loading=\"lazy\" decoding=\"async\" width=\"300\" height=\"300\" src=\"https:\/\/blogvaleco.com\/perigordnontronnais\/wp-content\/uploads\/sites\/83\/2024\/03\/icone-projet.png\" alt=\"\" class=\"wp-image-101\" style=\"width:143px;height:auto\" srcset=\"https:\/\/blogvaleco.com\/perigordnontronnais\/wp-content\/uploads\/sites\/83\/2024\/03\/icone-projet.png 300w, https:\/\/blogvaleco.com\/perigordnontronnais\/wp-content\/uploads\/sites\/83\/2024\/03\/icone-projet-150x150.png 150w\" sizes=\"auto, (max-width: 300px) 100vw, 300px\" \/><\/figure>\n\n\n\n<p class=\"has-primary-color has-text-color has-link-color wp-elements-71fc2007ed0a720ba3360d47cabb0c09\">Le projet du parc agrivolta\u00efque du P\u00e9rigord Nontronnais est actuellement en phase de d\u00e9veloppement.<\/p>\n<\/div>\n<\/div>\n\n\n\n<div class=\"wp-block-columns is-layout-flex wp-container-core-columns-is-layout-28f84493 wp-block-columns-is-layout-flex\">\n<div class=\"wp-block-column is-layout-flow wp-block-column-is-layout-flow\" style=\"flex-basis:100%\">\n<div class=\"wp-block-group has-white-color has-primary-background-color has-text-color has-background has-link-color wp-elements-b83b33b28797d624bfc6eb7a471745c1 is-layout-constrained wp-container-core-group-is-layout-97829e9f wp-block-group-is-layout-constrained\" style=\"border-radius:20px;padding-right:var(--wp--preset--spacing--40);padding-left:var(--wp--preset--spacing--40)\">\n<h3 class=\"wp-block-heading has-text-align-center has-white-color has-text-color has-link-color wp-elements-ddb6c94cdcfb487a1845bb494c5f9890\">Interlocuteur<\/h3>\n\n\n\n<div class=\"wp-block-group has-background is-nowrap is-layout-flex wp-container-core-group-is-layout-af397ba8 wp-block-group-is-layout-flex\" style=\"border-radius:10px;background-color:#ffffff1c;padding-top:var(--wp--preset--spacing--30);padding-right:var(--wp--preset--spacing--30);padding-bottom:var(--wp--preset--spacing--30);padding-left:var(--wp--preset--spacing--30)\">\n<figure class=\"wp-block-image size-full is-resized has-custom-border\"><img loading=\"lazy\" decoding=\"async\" width=\"120\" height=\"120\" src=\"https:\/\/blogvaleco.com\/perigordnontronnais\/wp-content\/uploads\/sites\/83\/2024\/12\/51cfd79c-8c81-401c-8bf4-456b2b310cf1.jpg\" alt=\"\" class=\"wp-image-979\" style=\"border-radius:100px;width:132px;height:auto\" \/><\/figure>\n\n\n\n<div class=\"wp-block-group is-vertical is-layout-flex wp-container-core-group-is-layout-4b827052 wp-block-group-is-layout-flex\">\n<p style=\"font-style:normal;font-weight:700\"><strong>Monjoin Ma\u00eblys<\/strong><\/p>\n\n\n\n<p class=\"has-secondary-color has-text-color has-link-color has-small-font-size wp-elements-220aa78812eb10986b4da5e79c4e7341\">R\u00e9f\u00e9rente d\u00e9veloppement photovolta\u00efque Nouvelle-Aquitaine<\/p>\n\n\n\n<p class=\"has-small-font-size\">maelysmonjoin@groupevaleco.com<\/p>\n<\/div>\n<\/div>\n\n\n\n\n\n<div class=\"wp-block-group has-background is-nowrap is-layout-flex wp-container-core-group-is-layout-af397ba8 wp-block-group-is-layout-flex\" style=\"border-radius:10px;background-color:#ffffff1c;padding-top:var(--wp--preset--spacing--30);padding-right:var(--wp--preset--spacing--30);padding-bottom:var(--wp--preset--spacing--30);padding-left:var(--wp--preset--spacing--30)\">\n<figure class=\"wp-block-image size-full is-resized has-custom-border\"><img loading=\"lazy\" decoding=\"async\" width=\"811\" height=\"811\" src=\"https:\/\/blogvaleco.com\/perigordnontronnais\/wp-content\/uploads\/sites\/83\/2025\/07\/Rejane-BASTIEN.jpg\" alt=\"\" class=\"wp-image-1095\" style=\"border-radius:100px;width:67px;height:auto\" srcset=\"https:\/\/blogvaleco.com\/perigordnontronnais\/wp-content\/uploads\/sites\/83\/2025\/07\/Rejane-BASTIEN.jpg 811w, https:\/\/blogvaleco.com\/perigordnontronnais\/wp-content\/uploads\/sites\/83\/2025\/07\/Rejane-BASTIEN-300x300.jpg 300w, https:\/\/blogvaleco.com\/perigordnontronnais\/wp-content\/uploads\/sites\/83\/2025\/07\/Rejane-BASTIEN-150x150.jpg 150w, https:\/\/blogvaleco.com\/perigordnontronnais\/wp-content\/uploads\/sites\/83\/2025\/07\/Rejane-BASTIEN-768x768.jpg 768w\" sizes=\"auto, (max-width: 811px) 100vw, 811px\" \/><\/figure>\n\n\n\n<div class=\"wp-block-group is-vertical is-layout-flex wp-container-core-group-is-layout-4b827052 wp-block-group-is-layout-flex\">\n<p style=\"font-style:normal;font-weight:700\"><strong>R\u00e9jane BASTIEN<\/strong><\/p>\n\n\n\n<p class=\"has-secondary-color has-text-color has-link-color has-small-font-size wp-elements-22032d779997a2c63b74e9a2d63b06c2\">Cheffe de projets photovolta\u00efques<\/p>\n\n\n\n<p class=\"has-small-font-size\"><a href=\"mailto:rejanebastien@groupevaleco.com\" target=\"_blank\" rel=\"noreferrer noopener\">rejanebastien@groupevaleco.com<\/a><\/p>\n<\/div>\n<\/div>\n\n\n\n<div class=\"wp-block-group is-nowrap is-layout-flex wp-container-core-group-is-layout-6c531013 wp-block-group-is-layout-flex\">\n<figure class=\"wp-block-image size-full is-resized\"><img loading=\"lazy\" decoding=\"async\" width=\"512\" height=\"502\" src=\"https:\/\/blogvaleco.com\/perigordnontronnais\/wp-content\/uploads\/sites\/83\/2024\/03\/favicon-groupevaleco.png\" alt=\"\" class=\"wp-image-8\" style=\"width:30px\" srcset=\"https:\/\/blogvaleco.com\/perigordnontronnais\/wp-content\/uploads\/sites\/83\/2024\/03\/favicon-groupevaleco.png 512w, https:\/\/blogvaleco.com\/perigordnontronnais\/wp-content\/uploads\/sites\/83\/2024\/03\/favicon-groupevaleco-300x294.png 300w\" sizes=\"auto, (max-width: 512px) 100vw, 512px\" \/><\/figure>\n\n\n\n<p class=\"has-white-color has-text-color has-link-color has-small-font-size wp-elements-4a1116ab924745edd8aa697386d27f31\">Agence de Toulouse<br>56 boulevard de l&rsquo;Embouchure<br>31200 Toulouse<br>Tel : 05 62 88 63 62<\/p>\n<\/div>\n\n\n\n<div class=\"wp-block-buttons is-content-justification-center is-layout-flex wp-container-core-buttons-is-layout-a89b3969 wp-block-buttons-is-layout-flex\">\n<div class=\"wp-block-button\"><a class=\"wp-block-button__link has-primary-color has-white-background-color has-text-color has-background has-link-color wp-element-button\" href=\"https:\/\/blogvaleco.com\/perigordnontronnais\/contact\/\"><img loading=\"lazy\" decoding=\"async\" width=\"6\" height=\"13\" class=\"wp-image-200\" style=\"width: 6px\" src=\"https:\/\/blogvaleco.com\/perigordnontronnais\/wp-content\/uploads\/sites\/83\/2024\/03\/icone-fleche-bleu.svg\" alt=\"\"> Poser une question<\/a><\/div>\n<\/div>\n<\/div>\n<\/div>\n<\/div>\n<\/div>\n<\/div>\n<\/div>\n\n\n\n<h2 class=\"wp-block-heading\">Qu&rsquo;est-ce que l&rsquo;agrivolta\u00efsme ?<\/h2>\n\n\n\n<div class=\"wp-block-columns alignwide is-layout-flex wp-container-core-columns-is-layout-28f84493 wp-block-columns-is-layout-flex\">\n<div class=\"wp-block-column is-layout-flow wp-block-column-is-layout-flow\" style=\"flex-basis:100%\">\n<div class=\"wp-block-columns alignwide is-layout-flex wp-container-core-columns-is-layout-28f84493 wp-block-columns-is-layout-flex\">\n<div class=\"wp-block-column is-vertically-aligned-center is-layout-flow wp-block-column-is-layout-flow\" style=\"flex-basis:39%\">\n<p class=\"has-text-align-center has-background\" style=\"background-color:#f7a5007a;font-size:18px\"><em>La notion <strong>d\u2019agrivolta\u00efsme <\/strong>se r\u00e9f\u00e8re \u00e0 la <strong>synergie<\/strong> entre une<mark style=\"background-color:#ecc673\" class=\"has-inline-color\"> <strong>production agricole<\/strong> <\/mark>et une <strong><mark style=\"background-color:#ecd691;color:#6881d3\" class=\"has-inline-color\">production d\u2019\u00e9nergie photovolta\u00efque<\/mark><\/strong>, coexistant sur une m\u00eame emprise fonci\u00e8re dans l\u2019int\u00e9r\u00eat des agriculteurs et du territoire. Elle permet de pr\u00e9server la fonction nourrici\u00e8re de l\u2019agriculture tout en produisant de l\u2019\u00e9lectricit\u00e9 d\u2019origine renouvelable.<\/em><\/p>\n<\/div>\n\n\n\n<div class=\"wp-block-column is-layout-flow wp-block-column-is-layout-flow\" style=\"flex-basis:61%\">\n<figure class=\"wp-block-image aligncenter size-full is-resized\"><img loading=\"lazy\" decoding=\"async\" width=\"996\" height=\"555\" src=\"https:\/\/blogvaleco.com\/perigordnontronnais\/wp-content\/uploads\/sites\/83\/2024\/09\/agrivoltaisme-1.png\" alt=\"\" class=\"wp-image-965\" style=\"width:594px;height:auto\" srcset=\"https:\/\/blogvaleco.com\/perigordnontronnais\/wp-content\/uploads\/sites\/83\/2024\/09\/agrivoltaisme-1.png 996w, https:\/\/blogvaleco.com\/perigordnontronnais\/wp-content\/uploads\/sites\/83\/2024\/09\/agrivoltaisme-1-300x167.png 300w, https:\/\/blogvaleco.com\/perigordnontronnais\/wp-content\/uploads\/sites\/83\/2024\/09\/agrivoltaisme-1-768x428.png 768w\" sizes=\"auto, (max-width: 996px) 100vw, 996px\" \/><\/figure>\n<\/div>\n<\/div>\n<\/div>\n<\/div>\n\n\n\n<h3 class=\"wp-block-heading has-secondary-color has-text-color has-link-color wp-elements-0452d3b657da0f418a6a135df9731cff\" style=\"text-transform:none\"><mark style=\"background-color:#ffffff\" class=\"has-inline-color\">Les acteurs de l\u2019agrivolta\u00efsme<\/mark><\/h3>\n\n\n\n<p>Les projets agrivolta\u00efques se fondent sur la coop\u00e9ration entre diff\u00e9rents acteurs. Les services de l\u2019Etat, les exploitations agricoles, la soci\u00e9t\u00e9 civile, les experts agricoles (CA, recherche, \u2026), et enfin le secteur de l\u2019\u00e9nergie sont parties prenantes des projets agrivolta\u00efques.<\/p>\n\n\n\n<p>Afin de cr\u00e9er un dialogue \u00e9quilibr\u00e9 entre tous les acteurs de la fili\u00e8re et dans le but de construire des projets agrivolta\u00efques responsables, Valeco est adh\u00e9rent de&nbsp;<em>France Agrivolta\u00efsme<\/em>&nbsp;et de la&nbsp;<em>F\u00e9d\u00e9ration Fran\u00e7aise des Producteurs Agrivolta\u00efques<\/em>. Ces associations ont pour but de d\u00e9fendre et promouvoir cette nouvelle fili\u00e8re et tous ses acteurs.<\/p>\n\n\n\n<h3 class=\"wp-block-heading has-secondary-color has-text-color has-link-color wp-elements-29c42d724b4d9ec8104a79053d0493fb\" style=\"text-transform:none\">Les b\u00e9n\u00e9fices potentiels des projets<\/h3>\n\n\n\n<p>L&rsquo;agrivolta\u00efsme permet ainsi de b\u00e9n\u00e9ficier de nombreux avantages : la possibilit\u00e9 d&rsquo;am\u00e9liorer les conditions de travail, de s\u00e9curiser le foncier et de diversifier les sources de revenus tout en contribuant \u00e0 la transition \u00e9nerg\u00e9tique et \u00e0 la lutte contre la disparition des terres agricoles.<\/p>\n\n\n\n    <div  class=\"bf-timeline-vertical\">\n        <div class=\"process-line beflex-animation\" data-animation=\"beflexProcessLine\"><\/div>\n        <div class=\"process-line-active beflex-animation\" data-animation=\"beflexProcessLine\"><\/div>\n\n        <div class=\"process-box-container\">\n                            <div class=\"process-box beflex-animation\" data-animation=\"beflexProcess\">\n                    <div class=\"process-box-container\">\n                                                    <img loading=\"lazy\" decoding=\"async\" width=\"2560\" height=\"1703\" src=\"https:\/\/blogvaleco.com\/perigordnontronnais\/wp-content\/uploads\/sites\/83\/2024\/12\/DSC_3226-scaled.jpg\" class=\"container-image\" alt=\"\" srcset=\"https:\/\/blogvaleco.com\/perigordnontronnais\/wp-content\/uploads\/sites\/83\/2024\/12\/DSC_3226-scaled.jpg 2560w, https:\/\/blogvaleco.com\/perigordnontronnais\/wp-content\/uploads\/sites\/83\/2024\/12\/DSC_3226-300x200.jpg 300w, https:\/\/blogvaleco.com\/perigordnontronnais\/wp-content\/uploads\/sites\/83\/2024\/12\/DSC_3226-1024x681.jpg 1024w, https:\/\/blogvaleco.com\/perigordnontronnais\/wp-content\/uploads\/sites\/83\/2024\/12\/DSC_3226-768x511.jpg 768w, https:\/\/blogvaleco.com\/perigordnontronnais\/wp-content\/uploads\/sites\/83\/2024\/12\/DSC_3226-1536x1022.jpg 1536w, https:\/\/blogvaleco.com\/perigordnontronnais\/wp-content\/uploads\/sites\/83\/2024\/12\/DSC_3226-2048x1363.jpg 2048w\" sizes=\"auto, (max-width: 2560px) 100vw, 2560px\" \/>                        \n                        <h3 class=\"container-title\">Cultures<\/h3>\n                                                    <div class=\"container-content\"><p>-Protection face au changement climatique (s\u00e9cheresse, gel)<\/p>\n<p>-Equilibre de la ressource en herbe sur l\u2019ann\u00e9e<\/p>\n<\/div>\n                        \n                                            <\/div>\n\n                    <div class=\"process-box-order box-1\">\n                        <div class=\"box-number\">01<\/div>\n                        <div class=\"box-dot\"><\/div><div class=\"box-dot-line\"><\/div><div class=\"box-line\"><\/div>\n                    <\/div>\n                <\/div>\n                            <div class=\"process-box beflex-animation\" data-animation=\"beflexProcessRevert\">\n                    <div class=\"process-box-container\">\n                                                    <img loading=\"lazy\" decoding=\"async\" width=\"2560\" height=\"1703\" src=\"https:\/\/blogvaleco.com\/perigordnontronnais\/wp-content\/uploads\/sites\/83\/2024\/12\/DSC_3254-scaled.jpg\" class=\"container-image\" alt=\"\" srcset=\"https:\/\/blogvaleco.com\/perigordnontronnais\/wp-content\/uploads\/sites\/83\/2024\/12\/DSC_3254-scaled.jpg 2560w, https:\/\/blogvaleco.com\/perigordnontronnais\/wp-content\/uploads\/sites\/83\/2024\/12\/DSC_3254-300x200.jpg 300w, https:\/\/blogvaleco.com\/perigordnontronnais\/wp-content\/uploads\/sites\/83\/2024\/12\/DSC_3254-1024x681.jpg 1024w, https:\/\/blogvaleco.com\/perigordnontronnais\/wp-content\/uploads\/sites\/83\/2024\/12\/DSC_3254-768x511.jpg 768w, https:\/\/blogvaleco.com\/perigordnontronnais\/wp-content\/uploads\/sites\/83\/2024\/12\/DSC_3254-1536x1022.jpg 1536w, https:\/\/blogvaleco.com\/perigordnontronnais\/wp-content\/uploads\/sites\/83\/2024\/12\/DSC_3254-2048x1363.jpg 2048w\" sizes=\"auto, (max-width: 2560px) 100vw, 2560px\" \/>                        \n                        <h2 class=\"container-title\">Economie de l\u2019exploitation<\/h2>\n                                                    <div class=\"container-content\"><p>-Revenu fixe permettant des investissements (mat\u00e9riels, recrutement, etc.)<\/p>\n<p>-Diversification\/p\u00e9rennisation de l\u2019exploitation<\/p>\n<\/div>\n                        \n                                            <\/div>\n\n                    <div class=\"process-box-order box-2\">\n                        <div class=\"box-number\">02<\/div>\n                        <div class=\"box-dot\"><\/div><div class=\"box-dot-line\"><\/div><div class=\"box-line\"><\/div>\n                    <\/div>\n                <\/div>\n                            <div class=\"process-box beflex-animation\" data-animation=\"beflexProcess\">\n                    <div class=\"process-box-container\">\n                                                    <img loading=\"lazy\" decoding=\"async\" width=\"2560\" height=\"1703\" src=\"https:\/\/blogvaleco.com\/perigordnontronnais\/wp-content\/uploads\/sites\/83\/2024\/12\/DSC_3045-scaled.jpg\" class=\"container-image\" alt=\"\" srcset=\"https:\/\/blogvaleco.com\/perigordnontronnais\/wp-content\/uploads\/sites\/83\/2024\/12\/DSC_3045-scaled.jpg 2560w, https:\/\/blogvaleco.com\/perigordnontronnais\/wp-content\/uploads\/sites\/83\/2024\/12\/DSC_3045-300x200.jpg 300w, https:\/\/blogvaleco.com\/perigordnontronnais\/wp-content\/uploads\/sites\/83\/2024\/12\/DSC_3045-1024x681.jpg 1024w, https:\/\/blogvaleco.com\/perigordnontronnais\/wp-content\/uploads\/sites\/83\/2024\/12\/DSC_3045-768x511.jpg 768w, https:\/\/blogvaleco.com\/perigordnontronnais\/wp-content\/uploads\/sites\/83\/2024\/12\/DSC_3045-1536x1022.jpg 1536w, https:\/\/blogvaleco.com\/perigordnontronnais\/wp-content\/uploads\/sites\/83\/2024\/12\/DSC_3045-2048x1363.jpg 2048w\" sizes=\"auto, (max-width: 2560px) 100vw, 2560px\" \/>                        \n                        <h2 class=\"container-title\">Exploitant<\/h2>\n                                                    <div class=\"container-content\"><p>-S\u00e9curisation\/acc\u00e8s \u00e0 du foncier<\/p>\n<p>-Tranquillit\u00e9 (site s\u00e9curis\u00e9)<\/p>\n<p>-Opportunit\u00e9 d\u2019am\u00e9liorer les \u00e9quipements<\/p>\n<\/div>\n                        \n                                            <\/div>\n\n                    <div class=\"process-box-order box-3\">\n                        <div class=\"box-number\">03<\/div>\n                        <div class=\"box-dot\"><\/div><div class=\"box-dot-line\"><\/div><div class=\"box-line\"><\/div>\n                    <\/div>\n                <\/div>\n                            <div class=\"process-box beflex-animation\" data-animation=\"beflexProcessRevert\">\n                    <div class=\"process-box-container\">\n                                                    <img loading=\"lazy\" decoding=\"async\" width=\"2560\" height=\"1703\" src=\"https:\/\/blogvaleco.com\/perigordnontronnais\/wp-content\/uploads\/sites\/83\/2024\/12\/DSC_3257-scaled.jpg\" class=\"container-image\" alt=\"\" srcset=\"https:\/\/blogvaleco.com\/perigordnontronnais\/wp-content\/uploads\/sites\/83\/2024\/12\/DSC_3257-scaled.jpg 2560w, https:\/\/blogvaleco.com\/perigordnontronnais\/wp-content\/uploads\/sites\/83\/2024\/12\/DSC_3257-300x200.jpg 300w, https:\/\/blogvaleco.com\/perigordnontronnais\/wp-content\/uploads\/sites\/83\/2024\/12\/DSC_3257-1024x681.jpg 1024w, https:\/\/blogvaleco.com\/perigordnontronnais\/wp-content\/uploads\/sites\/83\/2024\/12\/DSC_3257-768x511.jpg 768w, https:\/\/blogvaleco.com\/perigordnontronnais\/wp-content\/uploads\/sites\/83\/2024\/12\/DSC_3257-1536x1022.jpg 1536w, https:\/\/blogvaleco.com\/perigordnontronnais\/wp-content\/uploads\/sites\/83\/2024\/12\/DSC_3257-2048x1363.jpg 2048w\" sizes=\"auto, (max-width: 2560px) 100vw, 2560px\" \/>                        \n                        <h2 class=\"container-title\">Troupeau<\/h2>\n                                                    <div class=\"container-content\"><p>-Bien-\u00eatre animal (ombrage, abri intemp\u00e9ries, protection pr\u00e9dateurs, etc.)<\/p>\n<p>-Protection sanitaire<\/p>\n<\/div>\n                        \n                                            <\/div>\n\n                    <div class=\"process-box-order box-4\">\n                        <div class=\"box-number\">04<\/div>\n                        <div class=\"box-dot\"><\/div><div class=\"box-dot-line\"><\/div><div class=\"box-line\"><\/div>\n                    <\/div>\n                <\/div>\n                            <div class=\"process-box beflex-animation\" data-animation=\"beflexProcess\">\n                    <div class=\"process-box-container\">\n                                                    <img loading=\"lazy\" decoding=\"async\" width=\"2560\" height=\"1920\" src=\"https:\/\/blogvaleco.com\/perigordnontronnais\/wp-content\/uploads\/sites\/83\/2024\/07\/Gignac4-scaled.jpg\" class=\"container-image\" alt=\"\" srcset=\"https:\/\/blogvaleco.com\/perigordnontronnais\/wp-content\/uploads\/sites\/83\/2024\/07\/Gignac4-scaled.jpg 2560w, https:\/\/blogvaleco.com\/perigordnontronnais\/wp-content\/uploads\/sites\/83\/2024\/07\/Gignac4-300x225.jpg 300w, https:\/\/blogvaleco.com\/perigordnontronnais\/wp-content\/uploads\/sites\/83\/2024\/07\/Gignac4-1024x768.jpg 1024w, https:\/\/blogvaleco.com\/perigordnontronnais\/wp-content\/uploads\/sites\/83\/2024\/07\/Gignac4-768x576.jpg 768w, https:\/\/blogvaleco.com\/perigordnontronnais\/wp-content\/uploads\/sites\/83\/2024\/07\/Gignac4-1536x1152.jpg 1536w, https:\/\/blogvaleco.com\/perigordnontronnais\/wp-content\/uploads\/sites\/83\/2024\/07\/Gignac4-2048x1536.jpg 2048w\" sizes=\"auto, (max-width: 2560px) 100vw, 2560px\" \/>                        \n                        <h2 class=\"container-title\">Engagement environnemental<\/h2>\n                                                    <div class=\"container-content\"><p>-Participation \u00e0 la production d\u2019\u00e9nergie renouvelable<\/p>\n<p>-D\u00e9veloppement de pratiques plus favorables \u00e0 la biodiversit\u00e9<\/p>\n<\/div>\n                        \n                                            <\/div>\n\n                    <div class=\"process-box-order box-5\">\n                        <div class=\"box-number\">05<\/div>\n                        <div class=\"box-dot\"><\/div><div class=\"box-dot-line\"><\/div><div class=\"box-line\"><\/div>\n                    <\/div>\n                <\/div>\n                    <\/div>\n    <\/div>\n\n\n\n<div style=\"height:35px\" aria-hidden=\"true\" class=\"wp-block-spacer\"><\/div>\n\n\n\n<h2 class=\"wp-block-heading\">Pourquoi l\u2019agrivolta\u00efsme ?<\/h2>\n\n\n\n<div class=\"wp-block-columns alignwide is-layout-flex wp-container-core-columns-is-layout-28f84493 wp-block-columns-is-layout-flex\">\n<div class=\"wp-block-column is-layout-flow wp-block-column-is-layout-flow\" style=\"flex-basis:35%\">\n<div style=\"height:50px\" aria-hidden=\"true\" class=\"wp-block-spacer\"><\/div>\n\n\n\n<figure class=\"wp-block-image aligncenter size-large is-resized\"><img decoding=\"async\" src=\"https:\/\/blogvaleco.com\/perigordnontronnais\/wp-content\/uploads\/sites\/83\/2024\/09\/agrivoltaisme-2.svg\" alt=\"\" class=\"wp-image-967\" style=\"aspect-ratio:1;width:356px;height:auto\" \/><\/figure>\n<\/div>\n\n\n\n<div class=\"wp-block-column is-vertically-aligned-center is-layout-flow wp-block-column-is-layout-flow\" style=\"flex-basis:65%\">\n<ul class=\"wp-block-list\">\n<li>En France, actuellement <strong>15 GW<\/strong> de solaire exploit\u00e9s et un objectif de <strong>100&nbsp;GW d\u2019ici 2050<\/strong><\/li>\n\n\n\n<li>Sites d\u00e9grad\u00e9s et toitures insuffisantes<\/li>\n<\/ul>\n\n\n\n<p class=\"has-text-align-left\" style=\"font-size:16px\">L\u2019agrivolta\u00efsme, raisonn\u00e9 et concert\u00e9, permet de r\u00e9pondre \u00e0 ces objectifs de production photovolta\u00efque en maintenant et en renfor\u00e7ant la production agricole tout en pr\u00e9servant les terres.<\/p>\n\n\n\n<figure class=\"wp-block-embed is-type-video is-provider-youtube wp-block-embed-youtube wp-embed-aspect-16-9 wp-has-aspect-ratio\"><div class=\"wp-block-embed__wrapper\">\n<iframe loading=\"lazy\" title=\"L&#039;agrivolta\u00efsme chez Valeco\" width=\"500\" height=\"281\" src=\"https:\/\/www.youtube.com\/embed\/LAlpfek77KQ?feature=oembed\" frameborder=\"0\" allow=\"accelerometer; autoplay; clipboard-write; encrypted-media; gyroscope; picture-in-picture; web-share\" referrerpolicy=\"strict-origin-when-cross-origin\" allowfullscreen><\/iframe>\n<\/div><\/figure>\n<\/div>\n<\/div>\n\n\n\n<div class=\"wp-block-buttons alignwide is-content-justification-center is-layout-flex wp-container-core-buttons-is-layout-a89b3969 wp-block-buttons-is-layout-flex\">\n<div class=\"wp-block-button has-custom-width wp-block-button__width-25\"><a class=\"wp-block-button__link has-secondary-background-color has-background wp-element-button\" href=\"https:\/\/www.groupevaleco.com\/wp-content\/uploads\/2023\/05\/Plaquette-3-volets_site_web.pdf\" style=\"border-radius:10px\" target=\"_blank\" rel=\"noreferrer noopener\">D\u00e9couvrez notre plaquette<br>Agrivolta\u00efsme<\/a><\/div>\n\n\n\n<div class=\"wp-block-button has-custom-width wp-block-button__width-25\"><a class=\"wp-block-button__link has-secondary-background-color has-background wp-element-button\" href=\"https:\/\/www.groupevaleco.com\/blog\/agrivoltaisme-avantages\/\" style=\"border-radius:10px\" target=\"_blank\" rel=\"noreferrer noopener\">En savoir plus sur les avantages de l&rsquo;agrivolta\u00efsme<\/a><\/div>\n<\/div>\n\n\n\n<div style=\"height:33px\" aria-hidden=\"true\" class=\"wp-block-spacer\"><\/div>\n\n\n\n<h2 class=\"wp-block-heading\">Valeco, acteur historique du photovolta\u00efque engag\u00e9 en faveur de l\u2019agriculture<\/h2>\n\n\n\n<div class=\"wp-block-group is-layout-constrained wp-block-group-is-layout-constrained\">\n<div class=\"wp-block-columns are-vertically-aligned-center is-layout-flex wp-container-core-columns-is-layout-28f84493 wp-block-columns-is-layout-flex\">\n<div class=\"wp-block-column is-vertically-aligned-center is-layout-flow wp-block-column-is-layout-flow\" style=\"flex-basis:50%\">\n<p>A l\u2019origine de la premi\u00e8re centrale photovolta\u00efque au sol de France \u00e0 Lunel (34) en 2008, Valeco con\u00e7oit, construit, exploite des parcs et centrales depuis plus de 25 ans.<\/p>\n\n\n\n<p>Des premiers retours d\u2019exp\u00e9rience sur les synergies entre \u00e9levage ovin et photovolta\u00efque au travers de p\u00e2turage de nos centrales photovolta\u00efques historiques depuis 2011.<\/p>\n<\/div>\n\n\n\n<div class=\"wp-block-column is-vertically-aligned-center is-layout-flow wp-block-column-is-layout-flow\" style=\"flex-basis:15%\">\n<figure class=\"wp-block-image alignleft size-full is-style-default\"><img loading=\"lazy\" decoding=\"async\" width=\"846\" height=\"230\" src=\"https:\/\/blogvaleco.com\/perigordnontronnais\/wp-content\/uploads\/sites\/83\/2024\/09\/Logo-FA.png\" alt=\"\" class=\"wp-image-969\" srcset=\"https:\/\/blogvaleco.com\/perigordnontronnais\/wp-content\/uploads\/sites\/83\/2024\/09\/Logo-FA.png 846w, https:\/\/blogvaleco.com\/perigordnontronnais\/wp-content\/uploads\/sites\/83\/2024\/09\/Logo-FA-300x82.png 300w, https:\/\/blogvaleco.com\/perigordnontronnais\/wp-content\/uploads\/sites\/83\/2024\/09\/Logo-FA-768x209.png 768w\" sizes=\"auto, (max-width: 846px) 100vw, 846px\" \/><\/figure>\n\n\n\n<figure class=\"wp-block-image alignleft size-full is-resized\"><img loading=\"lazy\" decoding=\"async\" width=\"1024\" height=\"900\" src=\"https:\/\/blogvaleco.com\/perigordnontronnais\/wp-content\/uploads\/sites\/83\/2024\/09\/LOGO-FFPA-2-1024x900-1.png\" alt=\"\" class=\"wp-image-968\" srcset=\"https:\/\/blogvaleco.com\/perigordnontronnais\/wp-content\/uploads\/sites\/83\/2024\/09\/LOGO-FFPA-2-1024x900-1.png 1024w, https:\/\/blogvaleco.com\/perigordnontronnais\/wp-content\/uploads\/sites\/83\/2024\/09\/LOGO-FFPA-2-1024x900-1-300x264.png 300w, https:\/\/blogvaleco.com\/perigordnontronnais\/wp-content\/uploads\/sites\/83\/2024\/09\/LOGO-FFPA-2-1024x900-1-768x675.png 768w\" sizes=\"auto, (max-width: 1024px) 100vw, 1024px\" \/><\/figure>\n<\/div>\n\n\n\n<div class=\"wp-block-column is-vertically-aligned-center is-layout-flow wp-block-column-is-layout-flow\" style=\"flex-basis:25%\">\n<p class=\"has-text-align-center has-white-color has-secondary-background-color has-text-color has-background\"><strong>Valeco est adh\u00e9rent de France Agrivolta\u00efsme et de la F\u00e9d\u00e9ration Fran\u00e7aise des Producteurs Agrivolta\u00efques.<\/strong><\/p>\n<\/div>\n<\/div>\n<\/div>\n\n\n\n<div style=\"height:40px\" aria-hidden=\"true\" class=\"wp-block-spacer\"><\/div>\n\n\n\n<div class=\"wp-block-group alignfull is-layout-constrained wp-block-group-is-layout-constrained has-background\" style=\"margin-top:0;padding-top:var(--wp--preset--spacing--70);padding-bottom:var(--wp--preset--spacing--70);background-image:url(&apos;https:\/\/blogvaleco.com\/perigordnontronnais\/wp-content\/uploads\/sites\/83\/2024\/07\/Terres_rouges-2-scaled.jpg&apos;);background-position:46% 61%;background-size:cover;\">\n<div class=\"wp-block-query cta-actus is-layout-flow wp-block-query-is-layout-flow\"><ul class=\"columns-3 wp-block-post-template is-layout-grid wp-container-core-post-template-is-layout-6d3fbd8f wp-block-post-template-is-layout-grid\"><li class=\"wp-block-post post-1146 post type-post status-publish format-standard hentry category-non-classe\">\n\n<div class=\"wp-block-group has-white-background-color has-background is-layout-constrained wp-container-core-group-is-layout-e0082cf6 wp-block-group-is-layout-constrained\" style=\"border-radius:20px\">\n<div class=\"wp-block-group is-nowrap is-layout-flex wp-container-core-group-is-layout-0e233f1e wp-block-group-is-layout-flex\">\n<figure class=\"wp-block-image size-large\"><img loading=\"lazy\" decoding=\"async\" width=\"12\" height=\"13\" src=\"https:\/\/blogvaleco.com\/perigordnontronnais\/wp-content\/uploads\/sites\/83\/2024\/03\/icone-calendrier.svg\" alt=\"\" class=\"wp-image-122\"\/><\/figure>\n\n\n<div class=\"wp-block-post-date\"><time datetime=\"2025-12-03T12:01:12+01:00\">3 d\u00e9cembre 2025<\/time><\/div><\/div>\n\n\n<h2 style=\"font-size:18px;font-style:normal;font-weight:600;text-transform:none;\" class=\"wp-block-post-title\"><a href=\"https:\/\/blogvaleco.com\/perigordnontronnais\/2025\/12\/03\/photomontages\/\" target=\"_self\" >Photomontages<\/a><\/h2>\n\n<div class=\"wp-block-post-excerpt\"><p class=\"wp-block-post-excerpt__excerpt\">Dans le cadre de l\u2019insertion paysag\u00e8re du projet du P\u00e9rigord\u2026 <\/p><\/div>\n\n\n<div class=\"wp-block-group is-nowrap is-layout-flex wp-container-core-group-is-layout-8a75d646 wp-block-group-is-layout-flex\" style=\"padding-top:var(--wp--preset--spacing--30)\">\n<figure class=\"wp-block-image size-large\"><img loading=\"lazy\" decoding=\"async\" width=\"5\" height=\"10\" src=\"https:\/\/blogvaleco.com\/perigordnontronnais\/wp-content\/uploads\/sites\/83\/2024\/03\/icone-fleche.svg\" alt=\"\" class=\"wp-image-124\"\/><\/figure>\n\n\n<a style=\"color:#7c7c7c;\" class=\"wp-elements-373d403f744cf76ac8657d781181aaaf wp-block-read-more has-text-color\" href=\"https:\/\/blogvaleco.com\/perigordnontronnais\/2025\/12\/03\/photomontages\/\" target=\"_self\">Lire la suite<span class=\"screen-reader-text\">\u00a0: Photomontages<\/span><\/a><\/div>\n<\/div>\n\n<\/li><li class=\"wp-block-post post-1141 post type-post status-publish format-standard hentry category-non-classe\">\n\n<div class=\"wp-block-group has-white-background-color has-background is-layout-constrained wp-container-core-group-is-layout-e0082cf6 wp-block-group-is-layout-constrained\" style=\"border-radius:20px\">\n<div class=\"wp-block-group is-nowrap is-layout-flex wp-container-core-group-is-layout-0e233f1e wp-block-group-is-layout-flex\">\n<figure class=\"wp-block-image size-large\"><img loading=\"lazy\" decoding=\"async\" width=\"12\" height=\"13\" src=\"https:\/\/blogvaleco.com\/perigordnontronnais\/wp-content\/uploads\/sites\/83\/2024\/03\/icone-calendrier.svg\" alt=\"\" class=\"wp-image-122\"\/><\/figure>\n\n\n<div class=\"wp-block-post-date\"><time datetime=\"2025-10-24T17:56:43+02:00\">24 octobre 2025<\/time><\/div><\/div>\n\n\n<h2 style=\"font-size:18px;font-style:normal;font-weight:600;text-transform:none;\" class=\"wp-block-post-title\"><a href=\"https:\/\/blogvaleco.com\/perigordnontronnais\/2025\/10\/24\/comite-de-projet\/\" target=\"_self\" >Comit\u00e9 de projet<\/a><\/h2>\n\n<div class=\"wp-block-post-excerpt\"><p class=\"wp-block-post-excerpt__excerpt\">Le comit\u00e9 de projet s\u2019est tenu le 8 octobre. Cette\u2026 <\/p><\/div>\n\n\n<div class=\"wp-block-group is-nowrap is-layout-flex wp-container-core-group-is-layout-8a75d646 wp-block-group-is-layout-flex\" style=\"padding-top:var(--wp--preset--spacing--30)\">\n<figure class=\"wp-block-image size-large\"><img loading=\"lazy\" decoding=\"async\" width=\"5\" height=\"10\" src=\"https:\/\/blogvaleco.com\/perigordnontronnais\/wp-content\/uploads\/sites\/83\/2024\/03\/icone-fleche.svg\" alt=\"\" class=\"wp-image-124\"\/><\/figure>\n\n\n<a style=\"color:#7c7c7c;\" class=\"wp-elements-373d403f744cf76ac8657d781181aaaf wp-block-read-more has-text-color\" href=\"https:\/\/blogvaleco.com\/perigordnontronnais\/2025\/10\/24\/comite-de-projet\/\" target=\"_self\">Lire la suite<span class=\"screen-reader-text\">\u00a0: Comit\u00e9 de projet<\/span><\/a><\/div>\n<\/div>\n\n<\/li><li class=\"wp-block-post post-1133 post type-post status-publish format-standard hentry category-non-classe\">\n\n<div class=\"wp-block-group has-white-background-color has-background is-layout-constrained wp-container-core-group-is-layout-e0082cf6 wp-block-group-is-layout-constrained\" style=\"border-radius:20px\">\n<div class=\"wp-block-group is-nowrap is-layout-flex wp-container-core-group-is-layout-0e233f1e wp-block-group-is-layout-flex\">\n<figure class=\"wp-block-image size-large\"><img loading=\"lazy\" decoding=\"async\" width=\"12\" height=\"13\" src=\"https:\/\/blogvaleco.com\/perigordnontronnais\/wp-content\/uploads\/sites\/83\/2024\/03\/icone-calendrier.svg\" alt=\"\" class=\"wp-image-122\"\/><\/figure>\n\n\n<div class=\"wp-block-post-date\"><time datetime=\"2025-10-06T14:38:55+02:00\">6 octobre 2025<\/time><\/div><\/div>\n\n\n<h2 style=\"font-size:18px;font-style:normal;font-weight:600;text-transform:none;\" class=\"wp-block-post-title\"><a href=\"https:\/\/blogvaleco.com\/perigordnontronnais\/2025\/10\/06\/permanences-dinformation\/\" target=\"_self\" >Permanences d&rsquo;information<\/a><\/h2>\n\n<div class=\"wp-block-post-excerpt\"><p class=\"wp-block-post-excerpt__excerpt\">Dans le cadre de la concertation riveraine, deux permanences d\u2019information\u2026 <\/p><\/div>\n\n\n<div class=\"wp-block-group is-nowrap is-layout-flex wp-container-core-group-is-layout-8a75d646 wp-block-group-is-layout-flex\" style=\"padding-top:var(--wp--preset--spacing--30)\">\n<figure class=\"wp-block-image size-large\"><img loading=\"lazy\" decoding=\"async\" width=\"5\" height=\"10\" src=\"https:\/\/blogvaleco.com\/perigordnontronnais\/wp-content\/uploads\/sites\/83\/2024\/03\/icone-fleche.svg\" alt=\"\" class=\"wp-image-124\"\/><\/figure>\n\n\n<a style=\"color:#7c7c7c;\" class=\"wp-elements-373d403f744cf76ac8657d781181aaaf wp-block-read-more has-text-color\" href=\"https:\/\/blogvaleco.com\/perigordnontronnais\/2025\/10\/06\/permanences-dinformation\/\" target=\"_self\">Lire la suite<span class=\"screen-reader-text\">\u00a0: Permanences d&rsquo;information<\/span><\/a><\/div>\n<\/div>\n\n<\/li><\/ul>\n\n<\/div>\n\n\n\n<div class=\"wp-block-buttons is-content-justification-center is-layout-flex wp-container-core-buttons-is-layout-a89b3969 wp-block-buttons-is-layout-flex\">\n<div class=\"wp-block-button\"><a class=\"wp-block-button__link has-secondary-background-color has-background wp-element-button\" href=\"https:\/\/blogvaleco.com\/perigordnontronnais\/actualites\/\">Voir toutes les actus<\/a><\/div>\n<\/div>\n<\/div>\n","protected":false},"excerpt":{"rendered":"<p>D\u00e9couvrez le projet parc AGRIVOLTA\u00cfQUE sur les communes de Nontron, sceau-saint-angel, saint-martial-de-valette et saint-pardoux-la-rivi\u00e8re en chiffres O\u00f9 en est le projet ? Le projet du parc agrivolta\u00efque du P\u00e9rigord Nontronnais est actuellement en phase de d\u00e9veloppement. Interlocuteur Monjoin Ma\u00eblys R\u00e9f\u00e9rente d\u00e9veloppement photovolta\u00efque Nouvelle-Aquitaine maelysmonjoin@groupevaleco.com R\u00e9jane BASTIEN Cheffe de projets photovolta\u00efques rejanebastien@groupevaleco.com Agence de Toulouse56 boulevard [&hellip;]<\/p>\n","protected":false},"author":1,"featured_media":0,"parent":0,"menu_order":0,"comment_status":"closed","ping_status":"open","template":"","meta":{"_acf_changed":false,"inline_featured_image":false,"footnotes":""},"class_list":["post-2","page","type-page","status-publish","hentry"],"acf":[],"_links":{"self":[{"href":"https:\/\/blogvaleco.com\/perigordnontronnais\/wp-json\/wp\/v2\/pages\/2","targetHints":{"allow":["GET"]}}],"collection":[{"href":"https:\/\/blogvaleco.com\/perigordnontronnais\/wp-json\/wp\/v2\/pages"}],"about":[{"href":"https:\/\/blogvaleco.com\/perigordnontronnais\/wp-json\/wp\/v2\/types\/page"}],"author":[{"embeddable":true,"href":"https:\/\/blogvaleco.com\/perigordnontronnais\/wp-json\/wp\/v2\/users\/1"}],"replies":[{"embeddable":true,"href":"https:\/\/blogvaleco.com\/perigordnontronnais\/wp-json\/wp\/v2\/comments?post=2"}],"version-history":[{"count":148,"href":"https:\/\/blogvaleco.com\/perigordnontronnais\/wp-json\/wp\/v2\/pages\/2\/revisions"}],"predecessor-version":[{"id":1115,"href":"https:\/\/blogvaleco.com\/perigordnontronnais\/wp-json\/wp\/v2\/pages\/2\/revisions\/1115"}],"wp:attachment":[{"href":"https:\/\/blogvaleco.com\/perigordnontronnais\/wp-json\/wp\/v2\/media?parent=2"}],"curies":[{"name":"wp","href":"https:\/\/api.w.org\/{rel}","templated":true}]}}