{"id":153,"date":"2024-03-07T18:00:29","date_gmt":"2024-03-07T17:00:29","guid":{"rendered":"https:\/\/blogs.groupevaleco.com\/site-modele\/?page_id=153"},"modified":"2025-07-16T10:59:23","modified_gmt":"2025-07-16T08:59:23","slug":"les-etapes","status":"publish","type":"page","link":"https:\/\/blogvaleco.com\/perigordnontronnais\/projet\/les-etapes\/","title":{"rendered":"Les \u00e9tapes"},"content":{"rendered":"\n<div style=\"height:20px\" aria-hidden=\"true\" class=\"wp-block-spacer\"><\/div>\n\n\n\n<p class=\"has-text-align-left\">Un projet agrivolta\u00efque est un projet au long cours.<\/p>\n\n\n\n<p>Apr\u00e8s avoir rep\u00e9r\u00e9 un<strong> site propice<\/strong> \u00e0 l&rsquo;implantation d&rsquo;un parc, initi\u00e9 les <strong>premiers contacts<\/strong> avec les \u00e9lus locaux, les exploitants agricoles et les propri\u00e9taires des terrains, des<strong> \u00e9tudes <\/strong>sont lanc\u00e9es pour une dur\u00e9e d&rsquo;au moins un an. Celles-ci sont r\u00e9alis\u00e9es par des&nbsp;bureaux d\u2019\u00e9tudes ou organismes ind\u00e9pendants sur plusieurs volets : le milieu agricole, naturel, physique, humain, paysager et patrimonial. Un&nbsp;lev\u00e9 topographique&nbsp;de la zone est \u00e9galement r\u00e9alis\u00e9 et permet d\u2019\u00e9valuer les pentes du site pour ainsi adapter l\u2019implantation au relief. <strong>Ces \u00e9tudes sont r\u00e9glementaires et permettent de concevoir un projet de moindre impact sur l\u2019environnement, au service de l&rsquo;agriculteur. <\/strong><\/p>\n\n\n\n<p>Les conclusions des inventaires et des \u00e9tudes initiales identifient les sensibilit\u00e9s du projet : l\u2019obtention de ces r\u00e9sultats permet d\u00e9finir les contours techniques et les plans du projet. Les experts s&rsquo;attachent ensuite \u00e0 \u00e9valuer les impacts du projet retenu afin de les <strong>\u00c9viter, les R\u00e9duire ou les Compenser<\/strong>, selon la logique ERC d\u00e9finie au sein du Code de l\u2019Environnement. Un dossier est alors mont\u00e9 en quelques mois et permet de d\u00e9poser un <strong>permis de construire. <\/strong><\/p>\n\n\n\n<p>S&rsquo;en suit une p\u00e9riode d&rsquo;instruction par les services de l&rsquo;Etat dont la dur\u00e9e varie selon les d\u00e9partements et les projets. Elle d\u00e9bute souvent par une phase d&rsquo;allers-retours entre les services de la DDT (Direction D\u00e9partementale des Territoires) et le porteur du projet pour apporter des compl\u00e9ments au dossier. Une <strong>CDPENAF <\/strong>(Commission De Pr\u00e9servation des Espaces Naturels, Agricoles et Forestiers) se r\u00e9unit ensuite pour donner un avis sur le projet agricole et le permis de construire en un ou deux temps. Cet avis est conforme dans le cadre de projets agrivolta\u00efques. Le projet fait ensuite l&rsquo;objet d&rsquo;une <strong>enqu\u00eate publique puis d&rsquo;une autorisation ou d&rsquo;un refus du Pr\u00e9fet.<\/strong><\/p>\n\n\n\n<p><\/p>\n\n\n\n<h2 class=\"wp-block-heading\"><mark style=\"background-color:#ffffff\" class=\"has-inline-color has-secondary-color\">Historique du projet<\/mark><\/h2>\n\n\n\n    <div  class=\"bf-timeline-vertical\">\n        <div class=\"process-line beflex-animation\" data-animation=\"beflexProcessLine\"><\/div>\n        <div class=\"process-line-active beflex-animation\" data-animation=\"beflexProcessLine\"><\/div>\n\n        <div class=\"process-box-container\">\n                            <div class=\"process-box beflex-animation\" data-animation=\"beflexProcess\">\n                    <div class=\"process-box-container\">\n                                                    <img loading=\"lazy\" decoding=\"async\" width=\"1280\" height=\"819\" src=\"https:\/\/blogvaleco.com\/perigordnontronnais\/wp-content\/uploads\/sites\/83\/2024\/12\/man-5710164_1280.jpg\" class=\"container-image\" alt=\"\" srcset=\"https:\/\/blogvaleco.com\/perigordnontronnais\/wp-content\/uploads\/sites\/83\/2024\/12\/man-5710164_1280.jpg 1280w, https:\/\/blogvaleco.com\/perigordnontronnais\/wp-content\/uploads\/sites\/83\/2024\/12\/man-5710164_1280-300x192.jpg 300w, https:\/\/blogvaleco.com\/perigordnontronnais\/wp-content\/uploads\/sites\/83\/2024\/12\/man-5710164_1280-1024x655.jpg 1024w, https:\/\/blogvaleco.com\/perigordnontronnais\/wp-content\/uploads\/sites\/83\/2024\/12\/man-5710164_1280-768x491.jpg 768w\" sizes=\"auto, (max-width: 1280px) 100vw, 1280px\" \/>                        \n                        <div class=\"container-title\">Octobre 2022<\/div>\n                                                    <div class=\"container-content\"><p>Signature des accords fonciers.<\/p>\n<\/div>\n                        \n                                            <\/div>\n\n                    <div class=\"process-box-order box-1\">\n                        <div class=\"box-number\">01<\/div>\n                        <div class=\"box-dot\"><\/div><div class=\"box-dot-line\"><\/div><div class=\"box-line\"><\/div>\n                    <\/div>\n                <\/div>\n                            <div class=\"process-box beflex-animation\" data-animation=\"beflexProcessRevert\">\n                    <div class=\"process-box-container\">\n                                                    <img loading=\"lazy\" decoding=\"async\" width=\"1261\" height=\"1005\" src=\"https:\/\/blogvaleco.com\/perigordnontronnais\/wp-content\/uploads\/sites\/83\/2024\/12\/hiboux.jpg\" class=\"container-image\" alt=\"\" srcset=\"https:\/\/blogvaleco.com\/perigordnontronnais\/wp-content\/uploads\/sites\/83\/2024\/12\/hiboux.jpg 1261w, https:\/\/blogvaleco.com\/perigordnontronnais\/wp-content\/uploads\/sites\/83\/2024\/12\/hiboux-300x239.jpg 300w, https:\/\/blogvaleco.com\/perigordnontronnais\/wp-content\/uploads\/sites\/83\/2024\/12\/hiboux-1024x816.jpg 1024w, https:\/\/blogvaleco.com\/perigordnontronnais\/wp-content\/uploads\/sites\/83\/2024\/12\/hiboux-768x612.jpg 768w\" sizes=\"auto, (max-width: 1261px) 100vw, 1261px\" \/>                        \n                        <div class=\"container-title\">Janvier 2024<\/div>\n                                                    <div class=\"container-content\"><p>Lancement des \u00e9tudes environnementale et agricole.<\/p>\n<\/div>\n                        \n                                            <\/div>\n\n                    <div class=\"process-box-order box-2\">\n                        <div class=\"box-number\">02<\/div>\n                        <div class=\"box-dot\"><\/div><div class=\"box-dot-line\"><\/div><div class=\"box-line\"><\/div>\n                    <\/div>\n                <\/div>\n                            <div class=\"process-box beflex-animation\" data-animation=\"beflexProcess\">\n                    <div class=\"process-box-container\">\n                                                    <img loading=\"lazy\" decoding=\"async\" width=\"747\" height=\"452\" src=\"https:\/\/blogvaleco.com\/perigordnontronnais\/wp-content\/uploads\/sites\/83\/2025\/01\/BLEU_groupe-discussion-300x300-2-1.png\" class=\"container-image\" alt=\"\" srcset=\"https:\/\/blogvaleco.com\/perigordnontronnais\/wp-content\/uploads\/sites\/83\/2025\/01\/BLEU_groupe-discussion-300x300-2-1.png 747w, https:\/\/blogvaleco.com\/perigordnontronnais\/wp-content\/uploads\/sites\/83\/2025\/01\/BLEU_groupe-discussion-300x300-2-1-300x182.png 300w\" sizes=\"auto, (max-width: 747px) 100vw, 747px\" \/>                        \n                        <div class=\"container-title\">F\u00e9vrier 2024<\/div>\n                                                    <div class=\"container-content\"><p>Premier comit\u00e9 de suivi avec les \u00e9lus des collectivit\u00e9s concern\u00e9es.<\/p>\n<\/div>\n                        \n                                            <\/div>\n\n                    <div class=\"process-box-order box-3\">\n                        <div class=\"box-number\">03<\/div>\n                        <div class=\"box-dot\"><\/div><div class=\"box-dot-line\"><\/div><div class=\"box-line\"><\/div>\n                    <\/div>\n                <\/div>\n                            <div class=\"process-box beflex-animation\" data-animation=\"beflexProcessRevert\">\n                    <div class=\"process-box-container\">\n                                                    <img loading=\"lazy\" decoding=\"async\" width=\"745\" height=\"452\" src=\"https:\/\/blogvaleco.com\/perigordnontronnais\/wp-content\/uploads\/sites\/83\/2025\/01\/BLEU_groupe-discussion-300x300-1.png\" class=\"container-image\" alt=\"\" srcset=\"https:\/\/blogvaleco.com\/perigordnontronnais\/wp-content\/uploads\/sites\/83\/2025\/01\/BLEU_groupe-discussion-300x300-1.png 745w, https:\/\/blogvaleco.com\/perigordnontronnais\/wp-content\/uploads\/sites\/83\/2025\/01\/BLEU_groupe-discussion-300x300-1-300x182.png 300w\" sizes=\"auto, (max-width: 745px) 100vw, 745px\" \/>                        \n                        <div class=\"container-title\">Juin 2024<\/div>\n                                                    <div class=\"container-content\"><p>Deuxi\u00e8me comit\u00e9 de suivi et r\u00e9union avec les exploitants.<\/p>\n<\/div>\n                        \n                                            <\/div>\n\n                    <div class=\"process-box-order box-4\">\n                        <div class=\"box-number\">04<\/div>\n                        <div class=\"box-dot\"><\/div><div class=\"box-dot-line\"><\/div><div class=\"box-line\"><\/div>\n                    <\/div>\n                <\/div>\n                            <div class=\"process-box beflex-animation\" data-animation=\"beflexProcess\">\n                    <div class=\"process-box-container\">\n                                                    <img loading=\"lazy\" decoding=\"async\" width=\"745\" height=\"452\" src=\"https:\/\/blogvaleco.com\/perigordnontronnais\/wp-content\/uploads\/sites\/83\/2025\/01\/BLEU_groupe-discussion-300x300-2-2.png\" class=\"container-image\" alt=\"\" srcset=\"https:\/\/blogvaleco.com\/perigordnontronnais\/wp-content\/uploads\/sites\/83\/2025\/01\/BLEU_groupe-discussion-300x300-2-2.png 745w, https:\/\/blogvaleco.com\/perigordnontronnais\/wp-content\/uploads\/sites\/83\/2025\/01\/BLEU_groupe-discussion-300x300-2-2-300x182.png 300w\" sizes=\"auto, (max-width: 745px) 100vw, 745px\" \/>                        \n                        <div class=\"container-title\">Novembre 2024<\/div>\n                                                    <div class=\"container-content\"><p>Troisi\u00e8me comit\u00e9 de suivi<\/p>\n<\/div>\n                        \n                                            <\/div>\n\n                    <div class=\"process-box-order box-5\">\n                        <div class=\"box-number\">05<\/div>\n                        <div class=\"box-dot\"><\/div><div class=\"box-dot-line\"><\/div><div class=\"box-line\"><\/div>\n                    <\/div>\n                <\/div>\n                            <div class=\"process-box beflex-animation\" data-animation=\"beflexProcessRevert\">\n                    <div class=\"process-box-container\">\n                                                    <img loading=\"lazy\" decoding=\"async\" width=\"2560\" height=\"1703\" src=\"https:\/\/blogvaleco.com\/perigordnontronnais\/wp-content\/uploads\/sites\/83\/2024\/12\/DSC_3226-scaled.jpg\" class=\"container-image\" alt=\"\" srcset=\"https:\/\/blogvaleco.com\/perigordnontronnais\/wp-content\/uploads\/sites\/83\/2024\/12\/DSC_3226-scaled.jpg 2560w, https:\/\/blogvaleco.com\/perigordnontronnais\/wp-content\/uploads\/sites\/83\/2024\/12\/DSC_3226-300x200.jpg 300w, https:\/\/blogvaleco.com\/perigordnontronnais\/wp-content\/uploads\/sites\/83\/2024\/12\/DSC_3226-1024x681.jpg 1024w, https:\/\/blogvaleco.com\/perigordnontronnais\/wp-content\/uploads\/sites\/83\/2024\/12\/DSC_3226-768x511.jpg 768w, https:\/\/blogvaleco.com\/perigordnontronnais\/wp-content\/uploads\/sites\/83\/2024\/12\/DSC_3226-1536x1022.jpg 1536w, https:\/\/blogvaleco.com\/perigordnontronnais\/wp-content\/uploads\/sites\/83\/2024\/12\/DSC_3226-2048x1363.jpg 2048w\" sizes=\"auto, (max-width: 2560px) 100vw, 2560px\" \/>                        \n                        <div class=\"container-title\">Janvier 2025<\/div>\n                                                    <div class=\"container-content\"><p>R\u00e9ception des premiers r\u00e9sultats et d\u00e9but de la r\u00e9flexion de l\u2019implantation en concertation avec les exploitants.<\/p>\n<\/div>\n                        \n                                            <\/div>\n\n                    <div class=\"process-box-order box-6\">\n                        <div class=\"box-number\">06<\/div>\n                        <div class=\"box-dot\"><\/div><div class=\"box-dot-line\"><\/div><div class=\"box-line\"><\/div>\n                    <\/div>\n                <\/div>\n                            <div class=\"process-box beflex-animation\" data-animation=\"beflexProcess\">\n                    <div class=\"process-box-container\">\n                                                    <img loading=\"lazy\" decoding=\"async\" width=\"2560\" height=\"1440\" src=\"https:\/\/blogvaleco.com\/perigordnontronnais\/wp-content\/uploads\/sites\/83\/2024\/07\/Argent-sur-Sauldre3-scaled.jpg\" class=\"container-image\" alt=\"\" srcset=\"https:\/\/blogvaleco.com\/perigordnontronnais\/wp-content\/uploads\/sites\/83\/2024\/07\/Argent-sur-Sauldre3-scaled.jpg 2560w, https:\/\/blogvaleco.com\/perigordnontronnais\/wp-content\/uploads\/sites\/83\/2024\/07\/Argent-sur-Sauldre3-300x169.jpg 300w, https:\/\/blogvaleco.com\/perigordnontronnais\/wp-content\/uploads\/sites\/83\/2024\/07\/Argent-sur-Sauldre3-1024x576.jpg 1024w, https:\/\/blogvaleco.com\/perigordnontronnais\/wp-content\/uploads\/sites\/83\/2024\/07\/Argent-sur-Sauldre3-768x432.jpg 768w, https:\/\/blogvaleco.com\/perigordnontronnais\/wp-content\/uploads\/sites\/83\/2024\/07\/Argent-sur-Sauldre3-1536x864.jpg 1536w, https:\/\/blogvaleco.com\/perigordnontronnais\/wp-content\/uploads\/sites\/83\/2024\/07\/Argent-sur-Sauldre3-2048x1152.jpg 2048w\" sizes=\"auto, (max-width: 2560px) 100vw, 2560px\" \/>                        \n                        <div class=\"container-title\">Avril 2025<\/div>\n                                                    <div class=\"container-content\"><p>Dimensionnement de la centrale et finalisation des \u00e9tudes<\/p>\n<\/div>\n                        \n                                            <\/div>\n\n                    <div class=\"process-box-order box-7\">\n                        <div class=\"box-number\">07<\/div>\n                        <div class=\"box-dot\"><\/div><div class=\"box-dot-line\"><\/div><div class=\"box-line\"><\/div>\n                    <\/div>\n                <\/div>\n                            <div class=\"process-box beflex-animation\" data-animation=\"beflexProcessRevert\">\n                    <div class=\"process-box-container\">\n                                                    <img loading=\"lazy\" decoding=\"async\" width=\"745\" height=\"452\" src=\"https:\/\/blogvaleco.com\/perigordnontronnais\/wp-content\/uploads\/sites\/83\/2025\/01\/BLEU_groupe-discussion-300x300-1.png\" class=\"container-image\" alt=\"\" srcset=\"https:\/\/blogvaleco.com\/perigordnontronnais\/wp-content\/uploads\/sites\/83\/2025\/01\/BLEU_groupe-discussion-300x300-1.png 745w, https:\/\/blogvaleco.com\/perigordnontronnais\/wp-content\/uploads\/sites\/83\/2025\/01\/BLEU_groupe-discussion-300x300-1-300x182.png 300w\" sizes=\"auto, (max-width: 745px) 100vw, 745px\" \/>                        \n                        <div class=\"container-title\">Juillet 2025<\/div>\n                                                    <div class=\"container-content\"><p>Quatri\u00e8me comit\u00e9 de suivi<\/p>\n<\/div>\n                        \n                                            <\/div>\n\n                    <div class=\"process-box-order box-8\">\n                        <div class=\"box-number\">08<\/div>\n                        <div class=\"box-dot\"><\/div><div class=\"box-dot-line\"><\/div><div class=\"box-line\"><\/div>\n                    <\/div>\n                <\/div>\n                            <div class=\"process-box beflex-animation\" data-animation=\"beflexProcess\">\n                    <div class=\"process-box-container\">\n                                                    <img loading=\"lazy\" decoding=\"async\" width=\"690\" height=\"256\" src=\"https:\/\/blogvaleco.com\/perigordnontronnais\/wp-content\/uploads\/sites\/83\/2025\/01\/ORANGE_document-2.png\" class=\"container-image\" alt=\"\" srcset=\"https:\/\/blogvaleco.com\/perigordnontronnais\/wp-content\/uploads\/sites\/83\/2025\/01\/ORANGE_document-2.png 690w, https:\/\/blogvaleco.com\/perigordnontronnais\/wp-content\/uploads\/sites\/83\/2025\/01\/ORANGE_document-2-300x111.png 300w\" sizes=\"auto, (max-width: 690px) 100vw, 690px\" \/>                        \n                        <div class=\"container-title\">Dernier trimestre 2025<\/div>\n                                                    <div class=\"container-content\"><p>D\u00e9p\u00f4t du permis de construire.<\/p>\n<\/div>\n                        \n                                            <\/div>\n\n                    <div class=\"process-box-order box-9\">\n                        <div class=\"box-number\">09<\/div>\n                        <div class=\"box-dot\"><\/div><div class=\"box-dot-line\"><\/div><div class=\"box-line\"><\/div>\n                    <\/div>\n                <\/div>\n                    <\/div>\n    <\/div>\n\n\n\n<p><\/p>\n","protected":false},"excerpt":{"rendered":"<p>Un projet agrivolta\u00efque est un projet au long cours. Apr\u00e8s avoir rep\u00e9r\u00e9 un site propice \u00e0 l&rsquo;implantation d&rsquo;un parc, initi\u00e9 les premiers contacts avec les \u00e9lus locaux, les exploitants agricoles et les propri\u00e9taires des terrains, des \u00e9tudes sont lanc\u00e9es pour une dur\u00e9e d&rsquo;au moins un an. Celles-ci sont r\u00e9alis\u00e9es par des&nbsp;bureaux d\u2019\u00e9tudes ou organismes ind\u00e9pendants [&hellip;]<\/p>\n","protected":false},"author":1,"featured_media":789,"parent":15,"menu_order":0,"comment_status":"closed","ping_status":"closed","template":"","meta":{"_acf_changed":false,"inline_featured_image":false,"footnotes":""},"class_list":["post-153","page","type-page","status-publish","has-post-thumbnail","hentry"],"acf":[],"_links":{"self":[{"href":"https:\/\/blogvaleco.com\/perigordnontronnais\/wp-json\/wp\/v2\/pages\/153","targetHints":{"allow":["GET"]}}],"collection":[{"href":"https:\/\/blogvaleco.com\/perigordnontronnais\/wp-json\/wp\/v2\/pages"}],"about":[{"href":"https:\/\/blogvaleco.com\/perigordnontronnais\/wp-json\/wp\/v2\/types\/page"}],"author":[{"embeddable":true,"href":"https:\/\/blogvaleco.com\/perigordnontronnais\/wp-json\/wp\/v2\/users\/1"}],"replies":[{"embeddable":true,"href":"https:\/\/blogvaleco.com\/perigordnontronnais\/wp-json\/wp\/v2\/comments?post=153"}],"version-history":[{"count":24,"href":"https:\/\/blogvaleco.com\/perigordnontronnais\/wp-json\/wp\/v2\/pages\/153\/revisions"}],"predecessor-version":[{"id":1121,"href":"https:\/\/blogvaleco.com\/perigordnontronnais\/wp-json\/wp\/v2\/pages\/153\/revisions\/1121"}],"up":[{"embeddable":true,"href":"https:\/\/blogvaleco.com\/perigordnontronnais\/wp-json\/wp\/v2\/pages\/15"}],"wp:featuredmedia":[{"embeddable":true,"href":"https:\/\/blogvaleco.com\/perigordnontronnais\/wp-json\/wp\/v2\/media\/789"}],"wp:attachment":[{"href":"https:\/\/blogvaleco.com\/perigordnontronnais\/wp-json\/wp\/v2\/media?parent=153"}],"curies":[{"name":"wp","href":"https:\/\/api.w.org\/{rel}","templated":true}]}}