{"id":15,"date":"2024-03-06T10:46:20","date_gmt":"2024-03-06T09:46:20","guid":{"rendered":"https:\/\/blogs.groupevaleco.com\/site-modele\/?page_id=15"},"modified":"2025-08-18T11:14:45","modified_gmt":"2025-08-18T09:14:45","slug":"projet","status":"publish","type":"page","link":"https:\/\/blogvaleco.com\/perigordnontronnais\/projet\/","title":{"rendered":"Projet"},"content":{"rendered":"\n<div class=\"wp-block-group alignfull has-light-grey-background-color has-background is-layout-constrained wp-block-group-is-layout-constrained\" style=\"margin-top:0;padding-top:var(--wp--preset--spacing--70);padding-bottom:var(--wp--preset--spacing--70)\">\n<h2 class=\"wp-block-heading has-text-align-center\">Chiffres cl\u00e9s et zone d&rsquo;\u00e9tude du projet<\/h2>\n\n\n\n<div class=\"wp-block-columns is-layout-flex wp-container-core-columns-is-layout-28f84493 wp-block-columns-is-layout-flex\">\n<div class=\"wp-block-column is-layout-flow wp-block-column-is-layout-flow\" style=\"flex-basis:60%\">\n<div class=\"wp-block-columns cta-block-1 is-layout-flex wp-container-core-columns-is-layout-d9dd512a wp-block-columns-is-layout-flex\" style=\"margin-top:var(--wp--preset--spacing--20)\">\n<div class=\"wp-block-column has-white-background-color has-background is-layout-flow wp-container-core-column-is-layout-1d0ad487 wp-block-column-is-layout-flow\" style=\"padding-top:var(--wp--preset--spacing--50);padding-right:var(--wp--preset--spacing--40);padding-bottom:var(--wp--preset--spacing--50);padding-left:var(--wp--preset--spacing--40)\">\n<figure class=\"wp-block-image aligncenter size-full is-resized\"><img loading=\"lazy\" decoding=\"async\" width=\"300\" height=\"300\" src=\"https:\/\/blogvaleco.com\/perigordnontronnais\/wp-content\/uploads\/sites\/83\/2024\/04\/icone-pv.png\" alt=\"\" class=\"wp-image-386\" style=\"width:110px\" srcset=\"https:\/\/blogvaleco.com\/perigordnontronnais\/wp-content\/uploads\/sites\/83\/2024\/04\/icone-pv.png 300w, https:\/\/blogvaleco.com\/perigordnontronnais\/wp-content\/uploads\/sites\/83\/2024\/04\/icone-pv-150x150.png 150w\" sizes=\"auto, (max-width: 300px) 100vw, 300px\" \/><\/figure>\n\n\n\n<h3 class=\"wp-block-heading has-text-align-center has-black-color has-text-color has-link-color wp-elements-afac84bc4920160b1759f0776beeb675\">60 HECTARES<\/h3>\n\n\n\n<p class=\"has-text-align-center has-text-color has-link-color wp-elements-3326343e629d6b918a9fbc7ace7b8484\" style=\"color:#6a6a6a\">Surface vis\u00e9e<\/p>\n<\/div>\n\n\n\n<div class=\"wp-block-column has-white-background-color has-background is-layout-flow wp-container-core-column-is-layout-1d0ad487 wp-block-column-is-layout-flow\" style=\"padding-top:var(--wp--preset--spacing--50);padding-right:var(--wp--preset--spacing--40);padding-bottom:var(--wp--preset--spacing--50);padding-left:var(--wp--preset--spacing--40)\">\n<figure class=\"wp-block-image aligncenter size-full is-resized\"><img loading=\"lazy\" decoding=\"async\" width=\"300\" height=\"300\" src=\"https:\/\/blogvaleco.com\/perigordnontronnais\/wp-content\/uploads\/sites\/83\/2024\/03\/icone-energie.png\" alt=\"\" class=\"wp-image-61\" style=\"width:110px\" srcset=\"https:\/\/blogvaleco.com\/perigordnontronnais\/wp-content\/uploads\/sites\/83\/2024\/03\/icone-energie.png 300w, https:\/\/blogvaleco.com\/perigordnontronnais\/wp-content\/uploads\/sites\/83\/2024\/03\/icone-energie-150x150.png 150w\" sizes=\"auto, (max-width: 300px) 100vw, 300px\" \/><\/figure>\n\n\n\n<h3 class=\"wp-block-heading has-text-align-center has-black-color has-text-color has-link-color wp-elements-fa196f552b2966840c33de7e00d85f49\">46 MWc<\/h3>\n\n\n\n<p class=\"has-text-align-center has-text-color has-link-color wp-elements-054840cbf98b7d02ae9064553e8668c4\" style=\"color:#6a6a6a\">Puissance install\u00e9e totale du projet<\/p>\n<\/div>\n\n\n\n<div class=\"wp-block-column has-white-background-color has-background is-layout-flow wp-container-core-column-is-layout-1d0ad487 wp-block-column-is-layout-flow\" style=\"padding-top:var(--wp--preset--spacing--50);padding-right:var(--wp--preset--spacing--40);padding-bottom:var(--wp--preset--spacing--50);padding-left:var(--wp--preset--spacing--40)\">\n<figure class=\"wp-block-image aligncenter size-full is-resized\"><img loading=\"lazy\" decoding=\"async\" width=\"300\" height=\"300\" src=\"https:\/\/blogvaleco.com\/perigordnontronnais\/wp-content\/uploads\/sites\/83\/2024\/03\/icone-foyer.png\" alt=\"\" class=\"wp-image-63\" style=\"width:110px\" srcset=\"https:\/\/blogvaleco.com\/perigordnontronnais\/wp-content\/uploads\/sites\/83\/2024\/03\/icone-foyer.png 300w, https:\/\/blogvaleco.com\/perigordnontronnais\/wp-content\/uploads\/sites\/83\/2024\/03\/icone-foyer-150x150.png 150w\" sizes=\"auto, (max-width: 300px) 100vw, 300px\" \/><\/figure>\n\n\n\n<h3 class=\"wp-block-heading has-text-align-center has-black-color has-text-color has-link-color wp-elements-127d3b271ae64162f7080185cf6717f8\">13 000 foyers<\/h3>\n\n\n\n<p class=\"has-text-align-center has-text-color has-link-color wp-elements-d57cbb5d1cf7d09d7e154aaf540ba769\" style=\"color:#6a6a6a\">Equivalent en consommation d&rsquo;\u00e9lectricit\u00e9<\/p>\n<\/div>\n\n\n\n<div class=\"wp-block-column has-white-background-color has-background is-layout-flow wp-container-core-column-is-layout-1d0ad487 wp-block-column-is-layout-flow\" style=\"padding-top:var(--wp--preset--spacing--50);padding-right:var(--wp--preset--spacing--40);padding-bottom:var(--wp--preset--spacing--50);padding-left:var(--wp--preset--spacing--40)\">\n<figure class=\"wp-block-image aligncenter size-full is-resized\"><img loading=\"lazy\" decoding=\"async\" width=\"300\" height=\"300\" src=\"https:\/\/blogvaleco.com\/perigordnontronnais\/wp-content\/uploads\/sites\/83\/2024\/03\/icone-eco.png\" alt=\"\" class=\"wp-image-60\" style=\"width:110px\" srcset=\"https:\/\/blogvaleco.com\/perigordnontronnais\/wp-content\/uploads\/sites\/83\/2024\/03\/icone-eco.png 300w, https:\/\/blogvaleco.com\/perigordnontronnais\/wp-content\/uploads\/sites\/83\/2024\/03\/icone-eco-150x150.png 150w\" sizes=\"auto, (max-width: 300px) 100vw, 300px\" \/><\/figure>\n\n\n\n<h3 class=\"wp-block-heading has-text-align-center has-black-color has-text-color has-link-color wp-elements-edefda39397eac991e09c704ca5ededb\">22 500 tonnes de co2<\/h3>\n\n\n\n<p class=\"has-text-align-center has-text-color has-link-color wp-elements-d75367e68f0367f00547fe2582951ef6\" style=\"color:#6a6a6a\">Rejet de CO2 \u00e9vit\u00e9 dans l&rsquo;atmosph\u00e8re<\/p>\n<\/div>\n<\/div>\n\n\n\n<div class=\"wp-block-group has-primary-color has-tertiary-background-color has-text-color has-background has-link-color wp-elements-63f649741bea2e2f30c5079f976981b0 is-layout-grid wp-container-core-group-is-layout-988b637e wp-block-group-is-layout-grid\" style=\"border-radius:63px\">\n<div class=\"wp-block-columns is-layout-flex wp-container-core-columns-is-layout-28f84493 wp-block-columns-is-layout-flex\">\n<div class=\"wp-block-column is-layout-flow wp-container-core-column-is-layout-30a78a81 wp-block-column-is-layout-flow\" style=\"border-style:none;border-width:0px;padding-top:0;padding-right:0;padding-bottom:0;padding-left:0\">\n<div class=\"wp-block-group is-content-justification-center is-nowrap is-layout-flex wp-container-core-group-is-layout-23441af8 wp-block-group-is-layout-flex\">\n<figure class=\"wp-block-image size-full is-resized\"><img loading=\"lazy\" decoding=\"async\" width=\"110\" height=\"79\" src=\"https:\/\/blogvaleco.com\/perigordnontronnais\/wp-content\/uploads\/sites\/83\/2024\/07\/BLEU_vache.png\" alt=\"\" class=\"wp-image-749\" style=\"width:140px;height:auto\" \/><\/figure>\n<\/div>\n\n\n\n<h5 class=\"wp-block-heading has-text-align-center\">5 exploitations<\/h5>\n\n\n\n<p class=\"has-text-align-center\">en \u00e9levage bovin<\/p>\n<\/div>\n<\/div>\n\n\n\n<div class=\"wp-block-columns is-layout-flex wp-container-core-columns-is-layout-28f84493 wp-block-columns-is-layout-flex\">\n<div class=\"wp-block-column is-layout-flow wp-block-column-is-layout-flow\" style=\"box-shadow:none\">\n<figure class=\"wp-block-image aligncenter size-full is-resized\"><img loading=\"lazy\" decoding=\"async\" width=\"354\" height=\"354\" src=\"https:\/\/blogvaleco.com\/perigordnontronnais\/wp-content\/uploads\/sites\/83\/2024\/08\/BLEU_panneau_solaire_01.png\" alt=\"\" class=\"wp-image-891\" style=\"width:92px;height:auto\" srcset=\"https:\/\/blogvaleco.com\/perigordnontronnais\/wp-content\/uploads\/sites\/83\/2024\/08\/BLEU_panneau_solaire_01.png 354w, https:\/\/blogvaleco.com\/perigordnontronnais\/wp-content\/uploads\/sites\/83\/2024\/08\/BLEU_panneau_solaire_01-300x300.png 300w, https:\/\/blogvaleco.com\/perigordnontronnais\/wp-content\/uploads\/sites\/83\/2024\/08\/BLEU_panneau_solaire_01-150x150.png 150w\" sizes=\"auto, (max-width: 354px) 100vw, 354px\" \/><\/figure>\n\n\n\n<h5 class=\"wp-block-heading has-text-align-center has-primary-color has-text-color has-link-color wp-elements-931416c920cb938b1a22fd99a1d97902\">9 \u00eelots<\/h5>\n\n\n\n<p class=\"has-text-align-center\">agrivolta\u00efques<\/p>\n<\/div>\n<\/div>\n\n\n\n<div class=\"wp-block-columns is-layout-flex wp-container-core-columns-is-layout-28f84493 wp-block-columns-is-layout-flex\">\n<div class=\"wp-block-column is-layout-flow wp-block-column-is-layout-flow\" style=\"padding-top:var(--wp--preset--spacing--30);padding-right:var(--wp--preset--spacing--30);padding-bottom:var(--wp--preset--spacing--30);padding-left:var(--wp--preset--spacing--30);box-shadow:none\">\n<figure class=\"wp-block-image aligncenter size-full is-resized has-custom-border is-style-default\"><img loading=\"lazy\" decoding=\"async\" width=\"412\" height=\"513\" src=\"https:\/\/blogvaleco.com\/perigordnontronnais\/wp-content\/uploads\/sites\/83\/2024\/07\/BLEU_mesure.png\" alt=\"\" class=\"wp-image-744\" style=\"border-style:none;border-width:0px;border-radius:0px;width:65px;height:auto\" srcset=\"https:\/\/blogvaleco.com\/perigordnontronnais\/wp-content\/uploads\/sites\/83\/2024\/07\/BLEU_mesure.png 412w, https:\/\/blogvaleco.com\/perigordnontronnais\/wp-content\/uploads\/sites\/83\/2024\/07\/BLEU_mesure-241x300.png 241w\" sizes=\"auto, (max-width: 412px) 100vw, 412px\" \/><\/figure>\n\n\n\n<h5 class=\"wp-block-heading has-text-align-center has-primary-color has-text-color has-link-color wp-elements-2c614095ae5a6772a33d32d6d7a79061\">DimensionS<\/h5>\n\n\n\n<p class=\"has-text-align-center has-primary-color has-text-color has-link-color wp-elements-5081cf3529140e03cc487e356522e00d\">2,40 m bas de panneau, 6 m d&rsquo;intertable<\/p>\n<\/div>\n<\/div>\n<\/div>\n<\/div>\n\n\n\n<div class=\"wp-block-column is-layout-flow wp-container-core-column-is-layout-650dc457 wp-block-column-is-layout-flow\" style=\"border-style:none;border-width:0px;padding-top:var(--wp--preset--spacing--30);padding-right:var(--wp--preset--spacing--30);padding-bottom:var(--wp--preset--spacing--30);padding-left:var(--wp--preset--spacing--30);flex-basis:40%\">\n<figure data-wp-context=\"{&quot;imageId&quot;:&quot;69f4cae1f32d3&quot;}\" data-wp-interactive=\"core\/image\" data-wp-key=\"69f4cae1f32d3\" class=\"wp-block-image size-full has-custom-border wp-lightbox-container\"><img loading=\"lazy\" decoding=\"async\" width=\"741\" height=\"558\" data-wp-class--hide=\"state.isContentHidden\" data-wp-class--show=\"state.isContentVisible\" data-wp-init=\"callbacks.setButtonStyles\" data-wp-on--click=\"actions.showLightbox\" data-wp-on--load=\"callbacks.setButtonStyles\" data-wp-on-window--resize=\"callbacks.setButtonStyles\" src=\"https:\/\/blogvaleco.com\/perigordnontronnais\/wp-content\/uploads\/sites\/83\/2024\/12\/Image1-1.png\" alt=\"\" class=\"wp-image-997\" style=\"border-radius:15px\" srcset=\"https:\/\/blogvaleco.com\/perigordnontronnais\/wp-content\/uploads\/sites\/83\/2024\/12\/Image1-1.png 741w, https:\/\/blogvaleco.com\/perigordnontronnais\/wp-content\/uploads\/sites\/83\/2024\/12\/Image1-1-300x226.png 300w\" sizes=\"auto, (max-width: 741px) 100vw, 741px\" \/><button\n\t\t\tclass=\"lightbox-trigger\"\n\t\t\ttype=\"button\"\n\t\t\taria-haspopup=\"dialog\"\n\t\t\taria-label=\"Agrandir\"\n\t\t\tdata-wp-init=\"callbacks.initTriggerButton\"\n\t\t\tdata-wp-on--click=\"actions.showLightbox\"\n\t\t\tdata-wp-style--right=\"state.imageButtonRight\"\n\t\t\tdata-wp-style--top=\"state.imageButtonTop\"\n\t\t>\n\t\t\t<svg xmlns=\"http:\/\/www.w3.org\/2000\/svg\" width=\"12\" height=\"12\" fill=\"none\" viewBox=\"0 0 12 12\">\n\t\t\t\t<path fill=\"#fff\" d=\"M2 0a2 2 0 0 0-2 2v2h1.5V2a.5.5 0 0 1 .5-.5h2V0H2Zm2 10.5H2a.5.5 0 0 1-.5-.5V8H0v2a2 2 0 0 0 2 2h2v-1.5ZM8 12v-1.5h2a.5.5 0 0 0 .5-.5V8H12v2a2 2 0 0 1-2 2H8Zm2-12a2 2 0 0 1 2 2v2h-1.5V2a.5.5 0 0 0-.5-.5H8V0h2Z\" \/>\n\t\t\t<\/svg>\n\t\t<\/button><\/figure>\n\n\n\n<p>La zone d\u2019\u00e9tude du projet agrivolta\u00efque du P\u00e9rigord Nontronnais se situe sur les communes de&nbsp;<mark style=\"background-color:#EFEFEF\" class=\"has-inline-color\">Nontron,&nbsp;Sceau-Saint-Angel,&nbsp;Saint-Martial-de-Valette&nbsp;et&nbsp;Saint-Pardoux-la-Rivi\u00e8re&nbsp;en chiffres<\/mark> sur le territoire de la Communaut\u00e9 de communes du P\u00e9rigord Nontronnais, dans le d\u00e9partement de la Dordogne.<\/p>\n\n\n\n<div class=\"wp-block-buttons is-content-justification-center is-layout-flex wp-container-core-buttons-is-layout-a89b3969 wp-block-buttons-is-layout-flex\">\n<div class=\"wp-block-button\"><a class=\"wp-block-button__link has-secondary-background-color has-background wp-element-button\" href=\"https:\/\/blogvaleco.com\/perigordnontronnais\/projet\/localisation-implantation\/\">En savoir plus sur la localisation du projet <\/a><\/div>\n<\/div>\n<\/div>\n<\/div>\n<\/div>\n\n\n\n<div class=\"wp-block-group alignfull is-layout-constrained wp-block-group-is-layout-constrained\" style=\"margin-top:0;padding-top:var(--wp--preset--spacing--60);padding-bottom:var(--wp--preset--spacing--60)\">\n<div class=\"wp-block-media-text has-media-on-the-right is-stacked-on-mobile\" style=\"grid-template-columns:auto 40%\"><div class=\"wp-block-media-text__content\">\n<h2 class=\"wp-block-heading\">gen\u00e8se du projet<\/h2>\n\n\n\n<p>C\u2019est \u00e0 partir de 2022 que l\u2019id\u00e9e d\u2019un projet agrivolta\u00efque a \u00e9clos entre les diff\u00e9rents propri\u00e9taires et la soci\u00e9t\u00e9 Valeco. En effet, ces derniers souhaitaient p\u00e9renniser leur exploitation, percevoir un compl\u00e9ment de revenu et assurer l&rsquo;installation de leur successeur pour certains. Les collectivit\u00e9s concern\u00e9es par la zone d\u2019\u00e9tude ( les 4 communes et la CC du P\u00e9rigord Nontronnais) ont alors \u00e9t\u00e9 contact\u00e9es et les \u00e9tudes ont \u00e9t\u00e9 lanc\u00e9es en janvier 2024. Le projet sera prochainement dimensionn\u00e9 en fonction des enjeux relev\u00e9s par les bureaux d\u2019\u00e9tudes et le d\u00e9p\u00f4t de la demande de permis de construire est pr\u00e9vu pour le dernier trimestre de 2025.<\/p>\n\n\n\n<div class=\"wp-block-buttons is-content-justification-center is-layout-flex wp-container-core-buttons-is-layout-a89b3969 wp-block-buttons-is-layout-flex\">\n<div class=\"wp-block-button is-style-fill\"><a class=\"wp-block-button__link wp-element-button\" href=\"https:\/\/blogvaleco.com\/perigordnontronnais\/les-etapes\/\">En savoir plus sur les \u00e9tapes du projet<\/a><\/div>\n<\/div>\n<\/div><figure class=\"wp-block-media-text__media\"><img loading=\"lazy\" decoding=\"async\" width=\"1024\" height=\"683\" src=\"https:\/\/blogvaleco.com\/perigordnontronnais\/wp-content\/uploads\/sites\/83\/2024\/07\/Gignac2-1024x683.jpg\" alt=\"\" class=\"wp-image-791 size-full\" srcset=\"https:\/\/blogvaleco.com\/perigordnontronnais\/wp-content\/uploads\/sites\/83\/2024\/07\/Gignac2-1024x683.jpg 1024w, https:\/\/blogvaleco.com\/perigordnontronnais\/wp-content\/uploads\/sites\/83\/2024\/07\/Gignac2-300x200.jpg 300w, https:\/\/blogvaleco.com\/perigordnontronnais\/wp-content\/uploads\/sites\/83\/2024\/07\/Gignac2-768x512.jpg 768w, https:\/\/blogvaleco.com\/perigordnontronnais\/wp-content\/uploads\/sites\/83\/2024\/07\/Gignac2-1536x1024.jpg 1536w, https:\/\/blogvaleco.com\/perigordnontronnais\/wp-content\/uploads\/sites\/83\/2024\/07\/Gignac2-2048x1365.jpg 2048w\" sizes=\"auto, (max-width: 1024px) 100vw, 1024px\" \/><\/figure><\/div>\n<\/div>\n\n\n\n<div class=\"wp-block-group alignfull has-white-color has-primary-background-color has-text-color has-background has-link-color wp-elements-381af5cd7fda991dc77a061b9faac897 is-layout-constrained wp-block-group-is-layout-constrained\" style=\"margin-top:0;padding-top:var(--wp--preset--spacing--60);padding-bottom:var(--wp--preset--spacing--60)\">\n<div class=\"wp-block-columns is-layout-flex wp-container-core-columns-is-layout-f5a44f5b wp-block-columns-is-layout-flex\">\n<div class=\"wp-block-column is-layout-flow wp-block-column-is-layout-flow\" style=\"flex-basis:40%\">\n<figure class=\"wp-block-image size-full is-resized has-custom-border\"><img loading=\"lazy\" decoding=\"async\" width=\"2560\" height=\"1703\" src=\"https:\/\/blogvaleco.com\/perigordnontronnais\/wp-content\/uploads\/sites\/83\/2024\/12\/DSC_3254-1-scaled.jpg\" alt=\"\" class=\"wp-image-1043\" style=\"border-radius:15px;width:458px;height:auto\" srcset=\"https:\/\/blogvaleco.com\/perigordnontronnais\/wp-content\/uploads\/sites\/83\/2024\/12\/DSC_3254-1-scaled.jpg 2560w, https:\/\/blogvaleco.com\/perigordnontronnais\/wp-content\/uploads\/sites\/83\/2024\/12\/DSC_3254-1-300x200.jpg 300w, https:\/\/blogvaleco.com\/perigordnontronnais\/wp-content\/uploads\/sites\/83\/2024\/12\/DSC_3254-1-1024x681.jpg 1024w, https:\/\/blogvaleco.com\/perigordnontronnais\/wp-content\/uploads\/sites\/83\/2024\/12\/DSC_3254-1-768x511.jpg 768w, https:\/\/blogvaleco.com\/perigordnontronnais\/wp-content\/uploads\/sites\/83\/2024\/12\/DSC_3254-1-1536x1022.jpg 1536w, https:\/\/blogvaleco.com\/perigordnontronnais\/wp-content\/uploads\/sites\/83\/2024\/12\/DSC_3254-1-2048x1363.jpg 2048w\" sizes=\"auto, (max-width: 2560px) 100vw, 2560px\" \/><\/figure>\n\n\n\n<div style=\"height:50px\" aria-hidden=\"true\" class=\"wp-block-spacer\"><\/div>\n\n\n\n<figure class=\"wp-block-image size-large has-custom-border\"><img loading=\"lazy\" decoding=\"async\" width=\"1024\" height=\"681\" src=\"https:\/\/blogvaleco.com\/perigordnontronnais\/wp-content\/uploads\/sites\/83\/2024\/12\/DSC_3081-1024x681.jpg\" alt=\"\" class=\"wp-image-1042\" style=\"border-radius:15px\" srcset=\"https:\/\/blogvaleco.com\/perigordnontronnais\/wp-content\/uploads\/sites\/83\/2024\/12\/DSC_3081-1024x681.jpg 1024w, https:\/\/blogvaleco.com\/perigordnontronnais\/wp-content\/uploads\/sites\/83\/2024\/12\/DSC_3081-300x200.jpg 300w, https:\/\/blogvaleco.com\/perigordnontronnais\/wp-content\/uploads\/sites\/83\/2024\/12\/DSC_3081-768x511.jpg 768w, https:\/\/blogvaleco.com\/perigordnontronnais\/wp-content\/uploads\/sites\/83\/2024\/12\/DSC_3081-1536x1022.jpg 1536w, https:\/\/blogvaleco.com\/perigordnontronnais\/wp-content\/uploads\/sites\/83\/2024\/12\/DSC_3081-2048x1363.jpg 2048w\" sizes=\"auto, (max-width: 1024px) 100vw, 1024px\" \/><\/figure>\n<\/div>\n\n\n\n<div class=\"wp-block-column is-vertically-aligned-center is-layout-flow wp-block-column-is-layout-flow\" style=\"flex-basis:60%\">\n<h2 class=\"wp-block-heading has-secondary-color has-text-color has-link-color wp-elements-885ed5e26a655bc98f1cc23da28e67f4\">le projet agriCOLE<\/h2>\n\n\n\n<p>La <strong>SCEA des Reclauds<\/strong> : Dirig\u00e9e par <strong>M. Puyzalinet<\/strong>, elle compte une SAU de 152 ha utilis\u00e9s pour de la polyculture \u00e9levages bovin lait et bovin viande. La surface des parcelles<br>identifi\u00e9e pour la zone d\u2019\u00e9tude du projet est de 23 ha, soit 15%  de la SAU. M. Puyzalinet per\u00e7oit l\u2019agrivolta\u00efsme comme un moyen de diversifier les revenus de la SCEA et de s\u00e9curiser ainsi la ferme familiale.<\/p>\n\n\n\n<p>Le <strong>GAEC des Taches<\/strong> : Repr\u00e9sent\u00e9e par <strong>M. Pragout<\/strong>, elle compte une SAU de 414 ha utilis\u00e9s pour de la polyculture \u00e9levage bovin. Les parcelles identifi\u00e9es pour le projet forment un \u00eelot de 27 ha aujourd\u2019hui utilis\u00e9 pour la p\u00e2ture des vaches, soit 7% de la SAU. Les revenus de l\u2019agrivolta\u00efsme permettront l&#8217;embauche d&rsquo;un salari\u00e9 \u00e0 temps-plein et s\u00e9curiseront l&rsquo;arriv\u00e9e de la belle fille de M. Pragout dans le GAEC.<\/p>\n\n\n\n<p>L&rsquo;<strong>EI de M. Desages<\/strong> compte une SAU de 192 ha utilis\u00e9s en polyculture \u00e9levage bovin. Les parcelles identifi\u00e9es pour le projet forment 4 \u00eelots pour un total de 56 ha, soit 29% de la SAU. L\u2019agrivolta\u00efsme est per\u00e7u par M. Desages comme un compl\u00e9ment de revenu appr\u00e9ciable<br>\u00e0 son activit\u00e9 de polyculture \u00e9levage et un attrait suppl\u00e9mentaire pour un futur candidat \u00e0 l&rsquo;installation.<\/p>\n\n\n\n<p>L&rsquo;<strong>EARL d&rsquo;Azat<\/strong> de <strong>M. Gaboulaud<\/strong> compte une SAU de 216 ha utilis\u00e9s en polyculture \u00e9levage bovin. Le parc agrivolta\u00efque concerne une surface potentielle de 40 ha, soit 18.5 % de la SAU. Il contribuera \u00e0 la transition d\u2019un p\u00e2turage \u00e0 la parcelle vers un syst\u00e8me de p\u00e2turage tournant et sera susceptible de conforter l\u2019installation du fils de M. Gaboulaud.<\/p>\n\n\n\n<p>Le <strong>SCEA Mibaine<\/strong> : Dirig\u00e9e par <strong>M. Missault<\/strong> compte une SAU de 180 ha utilis\u00e9s en \u00e9levage bovin. Le projet concerne une surface potentielle de 14 ha, soit 8% de la SAU. Il permettra d&rsquo;assurer l&rsquo;installation du fils et de la fille de M. Missault.<\/p>\n<\/div>\n<\/div>\n<\/div>\n\n\n\n<h2 class=\"wp-block-heading\">Les acteurs du projet<\/h2>\n\n\n\n<div class=\"wp-block-group alignfull is-layout-constrained wp-block-group-is-layout-constrained\" style=\"margin-top:0;padding-top:var(--wp--preset--spacing--60);padding-bottom:var(--wp--preset--spacing--60)\">\n<div class=\"wp-block-columns cta-block-3 is-layout-flex wp-container-core-columns-is-layout-28f84493 wp-block-columns-is-layout-flex\">\n<div class=\"wp-block-column has-white-color has-primary-background-color has-text-color has-background has-link-color wp-elements-93d13b43a04bc56cd8e32083574f2a74 is-layout-flow wp-block-column-is-layout-flow\" style=\"padding-top:var(--wp--preset--spacing--50);padding-right:var(--wp--preset--spacing--50);padding-bottom:var(--wp--preset--spacing--50);padding-left:var(--wp--preset--spacing--50)\">\n<p class=\"has-secondary-color has-text-color has-link-color has-small-font-size wp-elements-be9ab43a2268080685c12fbf133b5f67\" style=\"font-style:normal;font-weight:700\">Les porteurs du projet agricole<\/p>\n\n\n\n<p><strong>Les propri\u00e9taires :<\/strong><\/p>\n\n\n\n<ul class=\"wp-block-list\">\n<li>EI Jean-Pierre Desages<\/li>\n\n\n\n<li>SCEA des Reclauds<\/li>\n\n\n\n<li>SCEA Mibaine<\/li>\n\n\n\n<li>EARL d&rsquo;Azat<\/li>\n\n\n\n<li>GAEC des Taches<\/li>\n<\/ul>\n<\/div>\n\n\n\n<div class=\"wp-block-column has-tertiary-background-color has-background is-layout-flow wp-block-column-is-layout-flow\" style=\"padding-top:var(--wp--preset--spacing--50);padding-right:var(--wp--preset--spacing--50);padding-bottom:var(--wp--preset--spacing--50);padding-left:var(--wp--preset--spacing--50)\">\n<p class=\"has-primary-color has-text-color has-link-color has-small-font-size wp-elements-c9b8f26309d0f4d4f9bc870d940707c3\" style=\"font-style:normal;font-weight:700\">Collectivit\u00e9s et services de l\u2019Etat<\/p>\n\n\n\n<ul class=\"wp-block-list\">\n<li>Mairie de Nontron<\/li>\n\n\n\n<li>Mairie de Sceau-Saint-Angel<\/li>\n\n\n\n<li>Mairie de Saint- Martial-de-Valette<\/li>\n\n\n\n<li>Mairie de Saint-Pardoux-la-Rivi\u00e8re<\/li>\n\n\n\n<li>Communaut\u00e9 de Communes du P\u00e9rigord Nontronnais<\/li>\n\n\n\n<li>Direction d\u00e9partementale des territoires (DDT) (p\u00f4le ENR, police de l\u2019eau, p\u00f4le urbanisme)<\/li>\n\n\n\n<li>Chambre d\u2019Agriculture<\/li>\n\n\n\n<li>Le Parc Naturel R\u00e9gional P\u00e9rigord Limousin <\/li>\n<\/ul>\n<\/div>\n\n\n\n<div class=\"wp-block-column has-white-color has-primary-background-color has-text-color has-background has-link-color wp-elements-42bbc2003fcd63b25af5e2255c06aa1a is-layout-flow wp-block-column-is-layout-flow\" style=\"padding-top:var(--wp--preset--spacing--50);padding-right:var(--wp--preset--spacing--50);padding-bottom:var(--wp--preset--spacing--50);padding-left:var(--wp--preset--spacing--50)\">\n<p class=\"has-secondary-color has-text-color has-link-color has-small-font-size wp-elements-7b7d4c88c923b429f6f57a6a1a7c6443\" style=\"font-style:normal;font-weight:700\">Les bureaux d&rsquo;\u00e9tudes<\/p>\n\n\n\n<div class=\"wp-block-columns is-layout-flex wp-container-core-columns-is-layout-28f84493 wp-block-columns-is-layout-flex\">\n<div class=\"wp-block-column is-layout-flow wp-block-column-is-layout-flow\" style=\"flex-basis:100%\">\n<div class=\"wp-block-group is-nowrap is-layout-flex wp-container-core-group-is-layout-6c531013 wp-block-group-is-layout-flex\">\n<figure class=\"wp-block-image size-full is-resized\"><img loading=\"lazy\" decoding=\"async\" width=\"204\" height=\"310\" src=\"https:\/\/blogvaleco.com\/perigordnontronnais\/wp-content\/uploads\/sites\/83\/2024\/12\/inddigo-1.jpg\" alt=\"\" class=\"wp-image-1005\" style=\"width:92px;height:auto\" srcset=\"https:\/\/blogvaleco.com\/perigordnontronnais\/wp-content\/uploads\/sites\/83\/2024\/12\/inddigo-1.jpg 204w, https:\/\/blogvaleco.com\/perigordnontronnais\/wp-content\/uploads\/sites\/83\/2024\/12\/inddigo-1-197x300.jpg 197w\" sizes=\"auto, (max-width: 204px) 100vw, 204px\" \/><\/figure>\n\n\n\n<figure class=\"wp-block-image size-full is-resized\"><img loading=\"lazy\" decoding=\"async\" width=\"196\" height=\"141\" src=\"https:\/\/blogvaleco.com\/perigordnontronnais\/wp-content\/uploads\/sites\/83\/2024\/12\/Tact-1.png\" alt=\"\" class=\"wp-image-1007\" style=\"width:195px;height:auto\" \/><\/figure>\n<\/div>\n\n\n\n<div style=\"height:0px;width:0px\" aria-hidden=\"true\" class=\"wp-block-spacer\"><\/div>\n<\/div>\n<\/div>\n\n\n\n<figure class=\"wp-block-image aligncenter size-full is-resized\"><img loading=\"lazy\" decoding=\"async\" width=\"220\" height=\"66\" src=\"https:\/\/blogvaleco.com\/perigordnontronnais\/wp-content\/uploads\/sites\/83\/2024\/12\/logo-solagro-1.png\" alt=\"\" class=\"wp-image-1006\" style=\"width:252px;height:auto\" \/><\/figure>\n<\/div>\n<\/div>\n<\/div>\n\n\n\n<h2 class=\"wp-block-heading\">une \u00e9quipe pluridisciplinaire au sein de valeco<\/h2>\n\n\n\n<p><\/p>\n\n\n\n<div class=\"wp-block-columns is-layout-flex wp-container-core-columns-is-layout-28f84493 wp-block-columns-is-layout-flex\">\n<div class=\"wp-block-column is-layout-flow wp-block-column-is-layout-flow\">\n<div class=\"wp-block-group is-nowrap is-layout-flex wp-container-core-group-is-layout-6c531013 wp-block-group-is-layout-flex\">\n<div class=\"wp-block-columns is-layout-flex wp-container-core-columns-is-layout-28f84493 wp-block-columns-is-layout-flex\">\n<div class=\"wp-block-column is-layout-flow wp-block-column-is-layout-flow\">\n<div class=\"wp-block-columns is-layout-flex wp-container-core-columns-is-layout-28f84493 wp-block-columns-is-layout-flex\">\n<div class=\"wp-block-column is-layout-flow wp-block-column-is-layout-flow\">\n<figure class=\"wp-block-image aligncenter size-full is-resized\"><img loading=\"lazy\" decoding=\"async\" width=\"565\" height=\"349\" src=\"https:\/\/blogvaleco.com\/perigordnontronnais\/wp-content\/uploads\/sites\/83\/2024\/07\/poignee-de-main.png\" alt=\"\" class=\"wp-image-588\" style=\"width:100px\" srcset=\"https:\/\/blogvaleco.com\/perigordnontronnais\/wp-content\/uploads\/sites\/83\/2024\/07\/poignee-de-main.png 565w, https:\/\/blogvaleco.com\/perigordnontronnais\/wp-content\/uploads\/sites\/83\/2024\/07\/poignee-de-main-300x185.png 300w\" sizes=\"auto, (max-width: 565px) 100vw, 565px\" \/><\/figure>\n\n\n\n<p class=\"has-text-align-center\" style=\"text-transform:uppercase\">Charg\u00e9 de d\u00e9veloppement territorial et d&rsquo;affaires fonci\u00e8res<\/p>\n<\/div>\n<\/div>\n\n\n\n<div class=\"wp-block-columns is-layout-flex wp-container-core-columns-is-layout-28f84493 wp-block-columns-is-layout-flex\">\n<div class=\"wp-block-column is-layout-flow wp-block-column-is-layout-flow\">\n<figure class=\"wp-block-image aligncenter size-full is-resized\"><img loading=\"lazy\" decoding=\"async\" width=\"512\" height=\"512\" src=\"https:\/\/blogvaleco.com\/perigordnontronnais\/wp-content\/uploads\/sites\/83\/2024\/04\/ORANGE_soleil.png\" alt=\"\" class=\"wp-image-439\" style=\"width:80px\" srcset=\"https:\/\/blogvaleco.com\/perigordnontronnais\/wp-content\/uploads\/sites\/83\/2024\/04\/ORANGE_soleil.png 512w, https:\/\/blogvaleco.com\/perigordnontronnais\/wp-content\/uploads\/sites\/83\/2024\/04\/ORANGE_soleil-300x300.png 300w, https:\/\/blogvaleco.com\/perigordnontronnais\/wp-content\/uploads\/sites\/83\/2024\/04\/ORANGE_soleil-150x150.png 150w\" sizes=\"auto, (max-width: 512px) 100vw, 512px\" \/><\/figure>\n\n\n\n<p class=\"has-text-align-center\" style=\"text-transform:uppercase\">Charg\u00e9s de gisement SOLAIRE et acoustique<\/p>\n<\/div>\n<\/div>\n\n\n\n<div class=\"wp-block-columns is-layout-flex wp-container-core-columns-is-layout-28f84493 wp-block-columns-is-layout-flex\">\n<div class=\"wp-block-column is-layout-flow wp-container-core-column-is-layout-22223934 wp-block-column-is-layout-flow\">\n<figure class=\"wp-block-image aligncenter size-full is-resized\"><img loading=\"lazy\" decoding=\"async\" width=\"384\" height=\"384\" src=\"https:\/\/blogvaleco.com\/perigordnontronnais\/wp-content\/uploads\/sites\/83\/2024\/07\/BLEU_piece_main.png\" alt=\"\" class=\"wp-image-601\" style=\"width:100px\" srcset=\"https:\/\/blogvaleco.com\/perigordnontronnais\/wp-content\/uploads\/sites\/83\/2024\/07\/BLEU_piece_main.png 384w, https:\/\/blogvaleco.com\/perigordnontronnais\/wp-content\/uploads\/sites\/83\/2024\/07\/BLEU_piece_main-300x300.png 300w, https:\/\/blogvaleco.com\/perigordnontronnais\/wp-content\/uploads\/sites\/83\/2024\/07\/BLEU_piece_main-150x150.png 150w\" sizes=\"auto, (max-width: 384px) 100vw, 384px\" \/><\/figure>\n\n\n\n<p class=\"has-text-align-center\" style=\"text-transform:uppercase\">R\u00e9f\u00e9rents achats, comptabilit\u00e9 et gestion d&rsquo;actifs<\/p>\n<\/div>\n<\/div>\n<\/div>\n<\/div>\n<\/div>\n<\/div>\n\n\n\n<div class=\"wp-block-column is-layout-flow wp-block-column-is-layout-flow\">\n<div class=\"wp-block-columns is-layout-flex wp-container-core-columns-is-layout-28f84493 wp-block-columns-is-layout-flex\">\n<div class=\"wp-block-column is-layout-flow wp-container-core-column-is-layout-22223934 wp-block-column-is-layout-flow\">\n<figure class=\"wp-block-image aligncenter size-full is-resized\"><img loading=\"lazy\" decoding=\"async\" width=\"512\" height=\"512\" src=\"https:\/\/blogvaleco.com\/perigordnontronnais\/wp-content\/uploads\/sites\/83\/2024\/07\/BLEU_engrenage_production.png\" alt=\"\" class=\"wp-image-589\" style=\"width:80px\" srcset=\"https:\/\/blogvaleco.com\/perigordnontronnais\/wp-content\/uploads\/sites\/83\/2024\/07\/BLEU_engrenage_production.png 512w, https:\/\/blogvaleco.com\/perigordnontronnais\/wp-content\/uploads\/sites\/83\/2024\/07\/BLEU_engrenage_production-300x300.png 300w, https:\/\/blogvaleco.com\/perigordnontronnais\/wp-content\/uploads\/sites\/83\/2024\/07\/BLEU_engrenage_production-150x150.png 150w\" sizes=\"auto, (max-width: 512px) 100vw, 512px\" \/><\/figure>\n\n\n\n<p class=\"has-text-align-center\" style=\"text-transform:uppercase\">Charg\u00e9 de d\u00e9veloppement du projet et du suivi de l&rsquo;instruction<\/p>\n<\/div>\n<\/div>\n\n\n\n<div class=\"wp-block-columns is-layout-flex wp-container-core-columns-is-layout-28f84493 wp-block-columns-is-layout-flex\">\n<div class=\"wp-block-column is-layout-flow wp-container-core-column-is-layout-22223934 wp-block-column-is-layout-flow\">\n<figure class=\"wp-block-image aligncenter size-full is-resized\"><img loading=\"lazy\" decoding=\"async\" width=\"512\" height=\"512\" src=\"https:\/\/blogvaleco.com\/perigordnontronnais\/wp-content\/uploads\/sites\/83\/2024\/07\/BLEU_equipe_triple.png\" alt=\"\" class=\"wp-image-604\" style=\"width:100px\" srcset=\"https:\/\/blogvaleco.com\/perigordnontronnais\/wp-content\/uploads\/sites\/83\/2024\/07\/BLEU_equipe_triple.png 512w, https:\/\/blogvaleco.com\/perigordnontronnais\/wp-content\/uploads\/sites\/83\/2024\/07\/BLEU_equipe_triple-300x300.png 300w, https:\/\/blogvaleco.com\/perigordnontronnais\/wp-content\/uploads\/sites\/83\/2024\/07\/BLEU_equipe_triple-150x150.png 150w\" sizes=\"auto, (max-width: 512px) 100vw, 512px\" \/><\/figure>\n\n\n\n<p class=\"has-text-align-center\" style=\"text-transform:uppercase\">Charg\u00e9s de communication<\/p>\n<\/div>\n<\/div>\n\n\n\n<div class=\"wp-block-columns is-layout-flex wp-container-core-columns-is-layout-28f84493 wp-block-columns-is-layout-flex\">\n<div class=\"wp-block-column is-layout-flow wp-block-column-is-layout-flow\">\n<figure class=\"wp-block-image aligncenter size-full is-resized\"><img loading=\"lazy\" decoding=\"async\" width=\"512\" height=\"512\" src=\"https:\/\/blogvaleco.com\/perigordnontronnais\/wp-content\/uploads\/sites\/83\/2024\/04\/BLEU_eclair.png\" alt=\"\" class=\"wp-image-430\" style=\"width:80px\" srcset=\"https:\/\/blogvaleco.com\/perigordnontronnais\/wp-content\/uploads\/sites\/83\/2024\/04\/BLEU_eclair.png 512w, https:\/\/blogvaleco.com\/perigordnontronnais\/wp-content\/uploads\/sites\/83\/2024\/04\/BLEU_eclair-300x300.png 300w, https:\/\/blogvaleco.com\/perigordnontronnais\/wp-content\/uploads\/sites\/83\/2024\/04\/BLEU_eclair-150x150.png 150w\" sizes=\"auto, (max-width: 512px) 100vw, 512px\" \/><\/figure>\n\n\n\n<p class=\"has-text-align-center\" style=\"text-transform:uppercase\">R\u00e9f\u00e9rents raccordement et march\u00e9s \u00e9lectriques<\/p>\n<\/div>\n<\/div>\n<\/div>\n\n\n\n<div class=\"wp-block-column is-layout-flow wp-block-column-is-layout-flow\">\n<div class=\"wp-block-columns is-layout-flex wp-container-core-columns-is-layout-28f84493 wp-block-columns-is-layout-flex\">\n<div class=\"wp-block-column is-layout-flow wp-block-column-is-layout-flow\">\n<figure class=\"wp-block-image aligncenter size-full is-resized\"><img loading=\"lazy\" decoding=\"async\" width=\"512\" height=\"512\" src=\"https:\/\/blogvaleco.com\/perigordnontronnais\/wp-content\/uploads\/sites\/83\/2024\/07\/BLEU_oiseaux.png\" alt=\"\" class=\"wp-image-595\" style=\"width:100px\" srcset=\"https:\/\/blogvaleco.com\/perigordnontronnais\/wp-content\/uploads\/sites\/83\/2024\/07\/BLEU_oiseaux.png 512w, https:\/\/blogvaleco.com\/perigordnontronnais\/wp-content\/uploads\/sites\/83\/2024\/07\/BLEU_oiseaux-300x300.png 300w, https:\/\/blogvaleco.com\/perigordnontronnais\/wp-content\/uploads\/sites\/83\/2024\/07\/BLEU_oiseaux-150x150.png 150w\" sizes=\"auto, (max-width: 512px) 100vw, 512px\" \/><\/figure>\n\n\n\n<p class=\"has-text-align-center\" style=\"text-transform:uppercase\">Experts \u00e9cologues<\/p>\n<\/div>\n<\/div>\n\n\n\n<div class=\"wp-block-columns is-layout-flex wp-container-core-columns-is-layout-28f84493 wp-block-columns-is-layout-flex\">\n<div class=\"wp-block-column is-layout-flow wp-block-column-is-layout-flow\">\n<figure class=\"wp-block-image aligncenter size-full is-resized\"><img loading=\"lazy\" decoding=\"async\" width=\"512\" height=\"512\" src=\"https:\/\/blogvaleco.com\/perigordnontronnais\/wp-content\/uploads\/sites\/83\/2024\/07\/BLEU_lois_02.png\" alt=\"\" class=\"wp-image-599\" style=\"width:90px;height:auto\" srcset=\"https:\/\/blogvaleco.com\/perigordnontronnais\/wp-content\/uploads\/sites\/83\/2024\/07\/BLEU_lois_02.png 512w, https:\/\/blogvaleco.com\/perigordnontronnais\/wp-content\/uploads\/sites\/83\/2024\/07\/BLEU_lois_02-300x300.png 300w, https:\/\/blogvaleco.com\/perigordnontronnais\/wp-content\/uploads\/sites\/83\/2024\/07\/BLEU_lois_02-150x150.png 150w\" sizes=\"auto, (max-width: 512px) 100vw, 512px\" \/><\/figure>\n\n\n\n<p class=\"has-text-align-center\" style=\"text-transform:uppercase\">R\u00e9f\u00e9rents juridiques<\/p>\n<\/div>\n<\/div>\n\n\n\n<div class=\"wp-block-columns is-layout-flex wp-container-core-columns-is-layout-28f84493 wp-block-columns-is-layout-flex\">\n<div class=\"wp-block-column is-layout-flow wp-container-core-column-is-layout-22223934 wp-block-column-is-layout-flow\">\n<figure class=\"wp-block-image aligncenter size-full is-resized\"><img loading=\"lazy\" decoding=\"async\" width=\"420\" height=\"512\" src=\"https:\/\/blogvaleco.com\/perigordnontronnais\/wp-content\/uploads\/sites\/83\/2024\/07\/ouvrier_bleu.png\" alt=\"\" class=\"wp-image-596\" style=\"width:80px\" srcset=\"https:\/\/blogvaleco.com\/perigordnontronnais\/wp-content\/uploads\/sites\/83\/2024\/07\/ouvrier_bleu.png 420w, https:\/\/blogvaleco.com\/perigordnontronnais\/wp-content\/uploads\/sites\/83\/2024\/07\/ouvrier_bleu-246x300.png 246w\" sizes=\"auto, (max-width: 420px) 100vw, 420px\" \/><\/figure>\n\n\n\n<p class=\"has-text-align-center\" style=\"text-transform:uppercase\">Charg\u00e9s de pr\u00e9-construction et construction<\/p>\n<\/div>\n<\/div>\n<\/div>\n\n\n\n<div class=\"wp-block-column is-layout-flow wp-block-column-is-layout-flow\">\n<div class=\"wp-block-columns is-layout-flex wp-container-core-columns-is-layout-28f84493 wp-block-columns-is-layout-flex\">\n<div class=\"wp-block-column is-layout-flow wp-container-core-column-is-layout-0ab540ad wp-block-column-is-layout-flow\">\n<figure class=\"wp-block-image aligncenter size-full is-resized\"><img loading=\"lazy\" decoding=\"async\" width=\"358\" height=\"288\" src=\"https:\/\/blogvaleco.com\/perigordnontronnais\/wp-content\/uploads\/sites\/83\/2024\/07\/agriculture.png\" alt=\"\" class=\"wp-image-677\" style=\"width:110px\" srcset=\"https:\/\/blogvaleco.com\/perigordnontronnais\/wp-content\/uploads\/sites\/83\/2024\/07\/agriculture.png 358w, https:\/\/blogvaleco.com\/perigordnontronnais\/wp-content\/uploads\/sites\/83\/2024\/07\/agriculture-300x241.png 300w\" sizes=\"auto, (max-width: 358px) 100vw, 358px\" \/><\/figure>\n\n\n\n<p class=\"has-text-align-center\" style=\"text-transform:uppercase\">Experts agronomes<\/p>\n<\/div>\n<\/div>\n\n\n\n<div class=\"wp-block-columns is-layout-flex wp-container-core-columns-is-layout-28f84493 wp-block-columns-is-layout-flex\">\n<div class=\"wp-block-column is-layout-flow wp-block-column-is-layout-flow\">\n<figure class=\"wp-block-image aligncenter size-full is-resized\"><img loading=\"lazy\" decoding=\"async\" width=\"512\" height=\"512\" src=\"https:\/\/blogvaleco.com\/perigordnontronnais\/wp-content\/uploads\/sites\/83\/2024\/07\/BLEU_carte_localisation.png\" alt=\"\" class=\"wp-image-600\" style=\"width:90px\" srcset=\"https:\/\/blogvaleco.com\/perigordnontronnais\/wp-content\/uploads\/sites\/83\/2024\/07\/BLEU_carte_localisation.png 512w, https:\/\/blogvaleco.com\/perigordnontronnais\/wp-content\/uploads\/sites\/83\/2024\/07\/BLEU_carte_localisation-300x300.png 300w, https:\/\/blogvaleco.com\/perigordnontronnais\/wp-content\/uploads\/sites\/83\/2024\/07\/BLEU_carte_localisation-150x150.png 150w\" sizes=\"auto, (max-width: 512px) 100vw, 512px\" \/><\/figure>\n\n\n\n<p class=\"has-text-align-center\" style=\"text-transform:uppercase\">R\u00e9f\u00e9rents en cartographie<\/p>\n<\/div>\n<\/div>\n\n\n\n<div class=\"wp-block-columns is-layout-flex wp-container-core-columns-is-layout-28f84493 wp-block-columns-is-layout-flex\">\n<div class=\"wp-block-column is-layout-flow wp-block-column-is-layout-flow\">\n<figure class=\"wp-block-image aligncenter size-full is-resized\"><img loading=\"lazy\" decoding=\"async\" width=\"583\" height=\"583\" src=\"https:\/\/blogvaleco.com\/perigordnontronnais\/wp-content\/uploads\/sites\/83\/2024\/07\/BLEU_production.png\" alt=\"\" class=\"wp-image-598\" style=\"width:90px;height:auto\" srcset=\"https:\/\/blogvaleco.com\/perigordnontronnais\/wp-content\/uploads\/sites\/83\/2024\/07\/BLEU_production.png 583w, https:\/\/blogvaleco.com\/perigordnontronnais\/wp-content\/uploads\/sites\/83\/2024\/07\/BLEU_production-300x300.png 300w, https:\/\/blogvaleco.com\/perigordnontronnais\/wp-content\/uploads\/sites\/83\/2024\/07\/BLEU_production-150x150.png 150w\" sizes=\"auto, (max-width: 583px) 100vw, 583px\" \/><\/figure>\n\n\n\n<p class=\"has-text-align-center\" style=\"text-transform:uppercase\">Charg\u00e9s d&rsquo;exploitation et maintenance<\/p>\n<\/div>\n<\/div>\n<\/div>\n<\/div>\n\n\n\n<p><\/p>\n\n\n\n<div class=\"wp-block-group alignfull is-layout-constrained wp-block-group-is-layout-constrained has-background\" style=\"margin-top:0;padding-top:var(--wp--preset--spacing--70);padding-bottom:var(--wp--preset--spacing--70);background-image:url(&apos;https:\/\/blogvaleco.com\/perigordnontronnais\/wp-content\/uploads\/sites\/83\/2024\/07\/Terres_rouges-2-scaled.jpg&apos;);background-position:46% 61%;background-size:cover;\">\n<div class=\"wp-block-query cta-actus is-layout-flow wp-block-query-is-layout-flow\"><ul class=\"columns-3 wp-block-post-template is-layout-grid wp-container-core-post-template-is-layout-6d3fbd8f wp-block-post-template-is-layout-grid\"><li class=\"wp-block-post post-1146 post type-post status-publish format-standard hentry category-non-classe\">\n\n<div class=\"wp-block-group has-white-background-color has-background is-layout-constrained wp-container-core-group-is-layout-e0082cf6 wp-block-group-is-layout-constrained\" style=\"border-radius:20px\">\n<div class=\"wp-block-group is-nowrap is-layout-flex wp-container-core-group-is-layout-0e233f1e wp-block-group-is-layout-flex\">\n<figure class=\"wp-block-image size-large\"><img loading=\"lazy\" decoding=\"async\" width=\"12\" height=\"13\" src=\"https:\/\/blogvaleco.com\/perigordnontronnais\/wp-content\/uploads\/sites\/83\/2024\/03\/icone-calendrier.svg\" alt=\"\" class=\"wp-image-122\"\/><\/figure>\n\n\n<div class=\"wp-block-post-date\"><time datetime=\"2025-12-03T12:01:12+01:00\">3 d\u00e9cembre 2025<\/time><\/div><\/div>\n\n\n<h2 style=\"font-size:18px;font-style:normal;font-weight:600;text-transform:none;\" class=\"wp-block-post-title\"><a href=\"https:\/\/blogvaleco.com\/perigordnontronnais\/2025\/12\/03\/photomontages\/\" target=\"_self\" >Photomontages<\/a><\/h2>\n\n<div class=\"wp-block-post-excerpt\"><p class=\"wp-block-post-excerpt__excerpt\">Dans le cadre de l\u2019insertion paysag\u00e8re du projet du P\u00e9rigord\u2026 <\/p><\/div>\n\n\n<div class=\"wp-block-group is-nowrap is-layout-flex wp-container-core-group-is-layout-8a75d646 wp-block-group-is-layout-flex\" style=\"padding-top:var(--wp--preset--spacing--30)\">\n<figure class=\"wp-block-image size-large\"><img loading=\"lazy\" decoding=\"async\" width=\"5\" height=\"10\" src=\"https:\/\/blogvaleco.com\/perigordnontronnais\/wp-content\/uploads\/sites\/83\/2024\/03\/icone-fleche.svg\" alt=\"\" class=\"wp-image-124\"\/><\/figure>\n\n\n<a style=\"color:#7c7c7c;\" class=\"wp-elements-373d403f744cf76ac8657d781181aaaf wp-block-read-more has-text-color\" href=\"https:\/\/blogvaleco.com\/perigordnontronnais\/2025\/12\/03\/photomontages\/\" target=\"_self\">Lire la suite<span class=\"screen-reader-text\">\u00a0: Photomontages<\/span><\/a><\/div>\n<\/div>\n\n<\/li><li class=\"wp-block-post post-1141 post type-post status-publish format-standard hentry category-non-classe\">\n\n<div class=\"wp-block-group has-white-background-color has-background is-layout-constrained wp-container-core-group-is-layout-e0082cf6 wp-block-group-is-layout-constrained\" style=\"border-radius:20px\">\n<div class=\"wp-block-group is-nowrap is-layout-flex wp-container-core-group-is-layout-0e233f1e wp-block-group-is-layout-flex\">\n<figure class=\"wp-block-image size-large\"><img loading=\"lazy\" decoding=\"async\" width=\"12\" height=\"13\" src=\"https:\/\/blogvaleco.com\/perigordnontronnais\/wp-content\/uploads\/sites\/83\/2024\/03\/icone-calendrier.svg\" alt=\"\" class=\"wp-image-122\"\/><\/figure>\n\n\n<div class=\"wp-block-post-date\"><time datetime=\"2025-10-24T17:56:43+02:00\">24 octobre 2025<\/time><\/div><\/div>\n\n\n<h2 style=\"font-size:18px;font-style:normal;font-weight:600;text-transform:none;\" class=\"wp-block-post-title\"><a href=\"https:\/\/blogvaleco.com\/perigordnontronnais\/2025\/10\/24\/comite-de-projet\/\" target=\"_self\" >Comit\u00e9 de projet<\/a><\/h2>\n\n<div class=\"wp-block-post-excerpt\"><p class=\"wp-block-post-excerpt__excerpt\">Le comit\u00e9 de projet s\u2019est tenu le 8 octobre. Cette\u2026 <\/p><\/div>\n\n\n<div class=\"wp-block-group is-nowrap is-layout-flex wp-container-core-group-is-layout-8a75d646 wp-block-group-is-layout-flex\" style=\"padding-top:var(--wp--preset--spacing--30)\">\n<figure class=\"wp-block-image size-large\"><img loading=\"lazy\" decoding=\"async\" width=\"5\" height=\"10\" src=\"https:\/\/blogvaleco.com\/perigordnontronnais\/wp-content\/uploads\/sites\/83\/2024\/03\/icone-fleche.svg\" alt=\"\" class=\"wp-image-124\"\/><\/figure>\n\n\n<a style=\"color:#7c7c7c;\" class=\"wp-elements-373d403f744cf76ac8657d781181aaaf wp-block-read-more has-text-color\" href=\"https:\/\/blogvaleco.com\/perigordnontronnais\/2025\/10\/24\/comite-de-projet\/\" target=\"_self\">Lire la suite<span class=\"screen-reader-text\">\u00a0: Comit\u00e9 de projet<\/span><\/a><\/div>\n<\/div>\n\n<\/li><li class=\"wp-block-post post-1133 post type-post status-publish format-standard hentry category-non-classe\">\n\n<div class=\"wp-block-group has-white-background-color has-background is-layout-constrained wp-container-core-group-is-layout-e0082cf6 wp-block-group-is-layout-constrained\" style=\"border-radius:20px\">\n<div class=\"wp-block-group is-nowrap is-layout-flex wp-container-core-group-is-layout-0e233f1e wp-block-group-is-layout-flex\">\n<figure class=\"wp-block-image size-large\"><img loading=\"lazy\" decoding=\"async\" width=\"12\" height=\"13\" src=\"https:\/\/blogvaleco.com\/perigordnontronnais\/wp-content\/uploads\/sites\/83\/2024\/03\/icone-calendrier.svg\" alt=\"\" class=\"wp-image-122\"\/><\/figure>\n\n\n<div class=\"wp-block-post-date\"><time datetime=\"2025-10-06T14:38:55+02:00\">6 octobre 2025<\/time><\/div><\/div>\n\n\n<h2 style=\"font-size:18px;font-style:normal;font-weight:600;text-transform:none;\" class=\"wp-block-post-title\"><a href=\"https:\/\/blogvaleco.com\/perigordnontronnais\/2025\/10\/06\/permanences-dinformation\/\" target=\"_self\" >Permanences d&rsquo;information<\/a><\/h2>\n\n<div class=\"wp-block-post-excerpt\"><p class=\"wp-block-post-excerpt__excerpt\">Dans le cadre de la concertation riveraine, deux permanences d\u2019information\u2026 <\/p><\/div>\n\n\n<div class=\"wp-block-group is-nowrap is-layout-flex wp-container-core-group-is-layout-8a75d646 wp-block-group-is-layout-flex\" style=\"padding-top:var(--wp--preset--spacing--30)\">\n<figure class=\"wp-block-image size-large\"><img loading=\"lazy\" decoding=\"async\" width=\"5\" height=\"10\" src=\"https:\/\/blogvaleco.com\/perigordnontronnais\/wp-content\/uploads\/sites\/83\/2024\/03\/icone-fleche.svg\" alt=\"\" class=\"wp-image-124\"\/><\/figure>\n\n\n<a style=\"color:#7c7c7c;\" class=\"wp-elements-373d403f744cf76ac8657d781181aaaf wp-block-read-more has-text-color\" href=\"https:\/\/blogvaleco.com\/perigordnontronnais\/2025\/10\/06\/permanences-dinformation\/\" target=\"_self\">Lire la suite<span class=\"screen-reader-text\">\u00a0: Permanences d&rsquo;information<\/span><\/a><\/div>\n<\/div>\n\n<\/li><\/ul>\n\n<\/div>\n\n\n\n<div class=\"wp-block-buttons is-content-justification-center is-layout-flex wp-container-core-buttons-is-layout-a89b3969 wp-block-buttons-is-layout-flex\">\n<div class=\"wp-block-button\"><a class=\"wp-block-button__link has-secondary-background-color has-background wp-element-button\" href=\"https:\/\/blogvaleco.com\/perigordnontronnais\/actualites\/\">Voir toutes les actus<\/a><\/div>\n<\/div>\n<\/div>\n\n\n\n<p><\/p>\n","protected":false},"excerpt":{"rendered":"<p>Chiffres cl\u00e9s et zone d&rsquo;\u00e9tude du projet La zone d\u2019\u00e9tude du projet agrivolta\u00efque du P\u00e9rigord Nontronnais se situe sur les communes de&nbsp;Nontron,&nbsp;Sceau-Saint-Angel,&nbsp;Saint-Martial-de-Valette&nbsp;et&nbsp;Saint-Pardoux-la-Rivi\u00e8re&nbsp;en chiffres sur le territoire de la Communaut\u00e9 de communes du P\u00e9rigord Nontronnais, dans le d\u00e9partement de la Dordogne. gen\u00e8se du projet C\u2019est \u00e0 partir de 2022 que l\u2019id\u00e9e d\u2019un projet agrivolta\u00efque a \u00e9clos [&hellip;]<\/p>\n","protected":false},"author":1,"featured_media":995,"parent":0,"menu_order":0,"comment_status":"closed","ping_status":"closed","template":"","meta":{"_acf_changed":false,"inline_featured_image":false,"footnotes":""},"class_list":["post-15","page","type-page","status-publish","has-post-thumbnail","hentry"],"acf":[],"_links":{"self":[{"href":"https:\/\/blogvaleco.com\/perigordnontronnais\/wp-json\/wp\/v2\/pages\/15","targetHints":{"allow":["GET"]}}],"collection":[{"href":"https:\/\/blogvaleco.com\/perigordnontronnais\/wp-json\/wp\/v2\/pages"}],"about":[{"href":"https:\/\/blogvaleco.com\/perigordnontronnais\/wp-json\/wp\/v2\/types\/page"}],"author":[{"embeddable":true,"href":"https:\/\/blogvaleco.com\/perigordnontronnais\/wp-json\/wp\/v2\/users\/1"}],"replies":[{"embeddable":true,"href":"https:\/\/blogvaleco.com\/perigordnontronnais\/wp-json\/wp\/v2\/comments?post=15"}],"version-history":[{"count":107,"href":"https:\/\/blogvaleco.com\/perigordnontronnais\/wp-json\/wp\/v2\/pages\/15\/revisions"}],"predecessor-version":[{"id":1131,"href":"https:\/\/blogvaleco.com\/perigordnontronnais\/wp-json\/wp\/v2\/pages\/15\/revisions\/1131"}],"wp:featuredmedia":[{"embeddable":true,"href":"https:\/\/blogvaleco.com\/perigordnontronnais\/wp-json\/wp\/v2\/media\/995"}],"wp:attachment":[{"href":"https:\/\/blogvaleco.com\/perigordnontronnais\/wp-json\/wp\/v2\/media?parent=15"}],"curies":[{"name":"wp","href":"https:\/\/api.w.org\/{rel}","templated":true}]}}