{"id":157,"date":"2024-03-07T18:00:45","date_gmt":"2024-03-07T17:00:45","guid":{"rendered":"https:\/\/blogs.groupevaleco.com\/site-modele\/?page_id=157"},"modified":"2025-10-14T10:32:55","modified_gmt":"2025-10-14T08:32:55","slug":"le-territoire","status":"publish","type":"page","link":"https:\/\/blogvaleco.com\/la-ferriere-en-parthenay\/projet\/le-territoire\/","title":{"rendered":"Le territoire"},"content":{"rendered":"\n<p><\/p>\n\n\n\n<p><\/p>\n\n\n\n<h2 class=\"wp-block-heading has-secondary-color has-text-color has-link-color has-large-font-size wp-elements-9408a88effebce5b9cbad93c07b47415\">Les documents d&rsquo;informations diffus\u00e9s sur le projet<strong> <\/strong><\/h2>\n\n\n\n<div class=\"wp-block-group alignfull has-light-grey-background-color has-background is-layout-constrained wp-block-group-is-layout-constrained\" style=\"padding-top:var(--wp--preset--spacing--60);padding-bottom:var(--wp--preset--spacing--60)\">\n<div class=\"wp-block-columns cta-block-1 is-layout-flex wp-container-core-columns-is-layout-28f84493 wp-block-columns-is-layout-flex\">\n<div class=\"wp-block-column has-white-background-color has-background is-layout-flow wp-block-column-is-layout-flow\" style=\"padding-top:var(--wp--preset--spacing--50);padding-right:var(--wp--preset--spacing--60);padding-bottom:var(--wp--preset--spacing--50);padding-left:var(--wp--preset--spacing--60);flex-basis:33.333333%\">\n<p class=\"has-primary-color has-text-color has-link-color has-lato-font-family wp-elements-ffe0e6f5843b8897ed2c48743c772119\" style=\"font-size:18px;font-style:normal;font-weight:600\">Permanence d&rsquo;information n\u00b01<\/p>\n\n\n\n<p class=\"has-text-color has-link-color wp-elements-707be6a94842f442f5a8123ad43231e2\" style=\"color:#7c7c7c\">Juin 2025<\/p>\n\n\n\n<div data-wp-interactive=\"core\/file\" class=\"wp-block-file\"><object data-wp-bind--hidden=\"!state.hasPdfPreview\" hidden class=\"wp-block-file__embed\" data=\"https:\/\/blogvaleco.com\/la-ferriere-en-parthenay\/wp-content\/uploads\/sites\/96\/2025\/10\/Panneau_LFeP_presentation_projet_imp-1.pdf\" type=\"application\/pdf\" style=\"width:100%;height:200px\" aria-label=\"Contenu embarqu\u00e9 Panneau_LFeP_pr\u00e9sentation_projet_imp.\"><\/object><a id=\"wp-block-file--media-a9d2031d-7ea0-42b8-b984-949f58861bbb\" href=\"https:\/\/blogvaleco.com\/la-ferriere-en-parthenay\/wp-content\/uploads\/sites\/96\/2025\/10\/Panneau_LFeP_presentation_projet_imp-1.pdf\">Panneau_LFeP_pr\u00e9sentation_projet_imp<\/a><a href=\"https:\/\/blogvaleco.com\/la-ferriere-en-parthenay\/wp-content\/uploads\/sites\/96\/2025\/10\/Panneau_LFeP_presentation_projet_imp-1.pdf\" class=\"wp-block-file__button wp-element-button\" download aria-describedby=\"wp-block-file--media-a9d2031d-7ea0-42b8-b984-949f58861bbb\">T\u00e9l\u00e9charger<\/a><\/div>\n\n\n\n<div data-wp-interactive=\"core\/file\" class=\"wp-block-file\"><object data-wp-bind--hidden=\"!state.hasPdfPreview\" hidden class=\"wp-block-file__embed\" data=\"https:\/\/blogvaleco.com\/la-ferriere-en-parthenay\/wp-content\/uploads\/sites\/96\/2025\/10\/Panneau_Millac-enjeux-energetiques_FORMAT_A0_imp-1.pdf\" type=\"application\/pdf\" style=\"width:100%;height:200px\" aria-label=\"Contenu embarqu\u00e9 Panneau_Millac-enjeux-\u00e9nerg\u00e9tiques_FORMAT_A0_imp.\"><\/object><a id=\"wp-block-file--media-2627bf42-3031-46ff-9dbc-81a1584eb3c2\" href=\"https:\/\/blogvaleco.com\/la-ferriere-en-parthenay\/wp-content\/uploads\/sites\/96\/2025\/10\/Panneau_Millac-enjeux-energetiques_FORMAT_A0_imp-1.pdf\">Panneau_Millac-enjeux-\u00e9nerg\u00e9tiques_FORMAT_A0_imp<\/a><a href=\"https:\/\/blogvaleco.com\/la-ferriere-en-parthenay\/wp-content\/uploads\/sites\/96\/2025\/10\/Panneau_Millac-enjeux-energetiques_FORMAT_A0_imp-1.pdf\" class=\"wp-block-file__button wp-element-button\" download aria-describedby=\"wp-block-file--media-2627bf42-3031-46ff-9dbc-81a1584eb3c2\">T\u00e9l\u00e9charger<\/a><\/div>\n\n\n\n<div data-wp-interactive=\"core\/file\" class=\"wp-block-file\"><object data-wp-bind--hidden=\"!state.hasPdfPreview\" hidden class=\"wp-block-file__embed\" data=\"https:\/\/blogvaleco.com\/la-ferriere-en-parthenay\/wp-content\/uploads\/sites\/96\/2025\/10\/Panneau_Millac-idees_recues_sur_eolien_FORMAT_A0_imp-1.pdf\" type=\"application\/pdf\" style=\"width:100%;height:200px\" aria-label=\"Contenu embarqu\u00e9 Panneau_Millac-id\u00e9es_re\u00e7ues_sur_\u00e9olien_FORMAT_A0_imp.\"><\/object><a id=\"wp-block-file--media-52d23d43-53ef-4cae-9660-a5cf2719a245\" href=\"https:\/\/blogvaleco.com\/la-ferriere-en-parthenay\/wp-content\/uploads\/sites\/96\/2025\/10\/Panneau_Millac-idees_recues_sur_eolien_FORMAT_A0_imp-1.pdf\">Panneau_Millac-id\u00e9es_re\u00e7ues_sur_\u00e9olien_FORMAT_A0_imp<\/a><a href=\"https:\/\/blogvaleco.com\/la-ferriere-en-parthenay\/wp-content\/uploads\/sites\/96\/2025\/10\/Panneau_Millac-idees_recues_sur_eolien_FORMAT_A0_imp-1.pdf\" class=\"wp-block-file__button wp-element-button\" download aria-describedby=\"wp-block-file--media-52d23d43-53ef-4cae-9660-a5cf2719a245\">T\u00e9l\u00e9charger<\/a><\/div>\n<\/div>\n<\/div>\n<\/div>\n\n\n\n<h2 class=\"wp-block-heading has-primary-color has-text-color has-link-color has-large-font-size wp-elements-887a5ba6c16bb5df522816c3892be46d\">La concertation avec le territoire<strong> <\/strong><\/h2>\n\n\n\n<p>Les premiers contacts et rencontres entre les \u00e9lus de la commune de La Ferri\u00e8re-en-Parthenay et la soci\u00e9t\u00e9 Valeco ont \u00e9t\u00e9 initi\u00e9s en fin 2023, en vue d\u2019\u00e9tudier les potentialit\u00e9s de d\u00e9veloppement de l\u2019\u00e9olien sur la commune.<\/p>\n\n\n\n<p>La fin de l\u2019ann\u00e9e 2023 ainsi que l\u2019ann\u00e9e 2024 ont \u00e9t\u00e9 consacr\u00e9es aux contacts avec les propri\u00e9taires fonciers et exploitants agricoles concern\u00e9s par les parcelles identifi\u00e9es comme potentiellement int\u00e9ressantes vis-\u00e0-vis de l\u2019installation d\u2019\u00e9oliennes.<\/p>\n\n\n\n<p>Depuis le passage du projet en phase dite de \u00ab&nbsp;d\u00e9veloppement&nbsp;\u00bb en janvier 2025, un comit\u00e9 de pilotage (COPIL) a \u00e9t\u00e9 r\u00e9alis\u00e9 avec les \u00e9lus de La Ferri\u00e8re-en-Parthenay le 20 mai 2025. Le projet a alors pu \u00eatre pr\u00e9sent\u00e9 aux \u00e9lus.<\/p>\n\n\n\n<p>A la suite de ce COPIL, une permanence d\u2019information a \u00e9t\u00e9 r\u00e9alis\u00e9e \u00e0 la mairie de La Ferri\u00e8re-en-Parthenay les 11 et 12 juin 2025, afin de pr\u00e9senter le projet \u00e0 l\u2019ensemble de la population et de r\u00e9pondre \u00e0 leurs \u00e9ventuelles questions.<\/p>\n\n\n\n<p><\/p>\n\n\n\n<div class=\"wp-block-cover alignfull is-light\" style=\"min-height:269px;aspect-ratio:unset;\"><span aria-hidden=\"true\" class=\"wp-block-cover__background has-white-background-color has-background-dim-100 has-background-dim\"><\/span><div class=\"wp-block-cover__inner-container is-layout-constrained wp-block-cover-is-layout-constrained\">\n    <div  class=\"bf-timeline-horizontal alignfull bf-timeline-horizontal__theme-dark\" data-dot=\"4\">\n        <div class=\"bf-timeline-horizontal__container\">\n                            <div class=\"bf-timeline-horizontal__event \">\n                    <span class=\"bf-timeline-horizontal__event-effect\"><\/span>\n                    <span class=\"bf-timeline-horizontal__event-element\" data-year=\"2023\" data-info=\"Rencontre \u00e9lus\"><\/span>\n                <\/div>\n\n                            <div class=\"bf-timeline-horizontal__event \">\n                    <span class=\"bf-timeline-horizontal__event-effect\"><\/span>\n                    <span class=\"bf-timeline-horizontal__event-element\" data-year=\"2024\" data-info=\"Contacts proprios\/exploitants\"><\/span>\n                <\/div>\n\n                            <div class=\"bf-timeline-horizontal__event \">\n                    <span class=\"bf-timeline-horizontal__event-effect\"><\/span>\n                    <span class=\"bf-timeline-horizontal__event-element\" data-year=\"Mai 2025\" data-info=\"Comit\u00e9 de pilotage n\u00b01\"><\/span>\n                <\/div>\n\n                            <div class=\"bf-timeline-horizontal__event active\">\n                    <span class=\"bf-timeline-horizontal__event-effect\"><\/span>\n                    <span class=\"bf-timeline-horizontal__event-element\" data-year=\"Juin 2025\" data-info=\"Permanence d&#039;information n\u00b01\"><\/span>\n                <\/div>\n\n                    <\/div>\n    <\/div>\n<\/div><\/div>\n\n\n\n<h2 class=\"wp-block-heading\"><mark style=\"background-color:#ffffff\" class=\"has-inline-color has-secondary-color\">Des retomb\u00e9es locales<\/mark><\/h2>\n\n\n\n<p>Le projet \u00e9olien est un r\u00e9el projet d&rsquo;int\u00e9r\u00eat collectif au service du territoire. Au travers des \u00e9tudes en cours, une d\u00e9marche est en \u0153uvre pour identifier des&nbsp;<strong>mesures cibl\u00e9es<\/strong>, d&rsquo;int\u00e9r\u00eat environnemental et en ad\u00e9quation avec les attentes du territoire, qui seront \u00e0 mettre en place dans le cadre du projet.<\/p>\n\n\n\n<p>Un tel projet g\u00e9n\u00e8re \u00e9galement des&nbsp;<strong>retomb\u00e9es fiscales annuelles<\/strong>, permettant de contribuer au d\u00e9veloppement territorial local. L\u2019<strong>IFER<\/strong> (Imposition Forfaitaire sur les Entreprises et R\u00e9seaux), la <strong>CFE<\/strong> (cotisation fonci\u00e8re des entreprises), ou encore la <strong>taxe fonci\u00e8re<\/strong> sur les propri\u00e9t\u00e9s b\u00e2ties sont autant de ressources pour la commune, la communaut\u00e9 de communes et le d\u00e9partement. Ces taxes b\u00e9n\u00e9ficient donc indirectement \u00e0 l&rsquo;ensemble des habitants du territoire au travers des projets r\u00e9alis\u00e9s par les collectivit\u00e9s.<\/p>\n\n\n\n\n\n<p>Enfin, Valeco aura \u00e0 c\u0153ur de&nbsp;<strong>valoriser les comp\u00e9tences locales<\/strong>, en sollicitant des entreprises r\u00e9gionales pour la construction de la centrale et via la potentielle cr\u00e9ation d&rsquo;un emploi sur la base de maintenance.<\/p>\n\n\n\n<p><\/p>\n\n\n\n<h2 class=\"wp-block-heading has-large-font-size\"><mark style=\"background-color:#ffffff\" class=\"has-inline-color has-secondary-color\">Valeco sur le territoire national<\/mark><\/h2>\n\n\n\n<figure class=\"wp-block-image size-large\"><img loading=\"lazy\" decoding=\"async\" width=\"1024\" height=\"720\" src=\"https:\/\/blogvaleco.com\/la-ferriere-en-parthenay\/wp-content\/uploads\/sites\/96\/2024\/07\/valeco_territoire-1024x720.png\" alt=\"\" class=\"wp-image-668\" srcset=\"https:\/\/blogvaleco.com\/la-ferriere-en-parthenay\/wp-content\/uploads\/sites\/96\/2024\/07\/valeco_territoire-1024x720.png 1024w, https:\/\/blogvaleco.com\/la-ferriere-en-parthenay\/wp-content\/uploads\/sites\/96\/2024\/07\/valeco_territoire-300x211.png 300w, https:\/\/blogvaleco.com\/la-ferriere-en-parthenay\/wp-content\/uploads\/sites\/96\/2024\/07\/valeco_territoire-768x540.png 768w, https:\/\/blogvaleco.com\/la-ferriere-en-parthenay\/wp-content\/uploads\/sites\/96\/2024\/07\/valeco_territoire-1536x1080.png 1536w, https:\/\/blogvaleco.com\/la-ferriere-en-parthenay\/wp-content\/uploads\/sites\/96\/2024\/07\/valeco_territoire-2048x1440.png 2048w\" sizes=\"auto, (max-width: 1024px) 100vw, 1024px\" \/><\/figure>\n\n\n\n<p><\/p>\n\n\n\n<h2 class=\"wp-block-heading\"><mark style=\"background-color:#ffffff\" class=\"has-inline-color has-secondary-color\">Et dans votre r\u00e9gion<\/mark><\/h2>\n\n\n\n<p><a href=\"https:\/\/www.groupevaleco.com\/presence-france\/\" data-type=\"link\" data-id=\"https:\/\/www.groupevaleco.com\/presence-france\/\">Retrouvez les activit\u00e9s de Valeco dans la r\u00e9gion <mark style=\"background-color:#ffffff\" class=\"has-inline-color has-secondary-color\">Nouvelle Aquitaine<\/mark> au lien suivant.<\/a><\/p>\n\n\n\n\n\n<p><\/p>\n\n\n\n<p><\/p>\n","protected":false},"excerpt":{"rendered":"<p>Les documents d&rsquo;informations diffus\u00e9s sur le projet Permanence d&rsquo;information n\u00b01 Juin 2025 La concertation avec le territoire Les premiers contacts et rencontres entre les \u00e9lus de la commune de La Ferri\u00e8re-en-Parthenay et la soci\u00e9t\u00e9 Valeco ont \u00e9t\u00e9 initi\u00e9s en fin 2023, en vue d\u2019\u00e9tudier les potentialit\u00e9s de d\u00e9veloppement de l\u2019\u00e9olien sur la commune. La fin [&hellip;]<\/p>\n","protected":false},"author":1,"featured_media":578,"parent":15,"menu_order":0,"comment_status":"open","ping_status":"closed","template":"","meta":{"_acf_changed":false,"inline_featured_image":false,"footnotes":""},"class_list":["post-157","page","type-page","status-publish","has-post-thumbnail","hentry"],"acf":[],"_links":{"self":[{"href":"https:\/\/blogvaleco.com\/la-ferriere-en-parthenay\/wp-json\/wp\/v2\/pages\/157","targetHints":{"allow":["GET"]}}],"collection":[{"href":"https:\/\/blogvaleco.com\/la-ferriere-en-parthenay\/wp-json\/wp\/v2\/pages"}],"about":[{"href":"https:\/\/blogvaleco.com\/la-ferriere-en-parthenay\/wp-json\/wp\/v2\/types\/page"}],"author":[{"embeddable":true,"href":"https:\/\/blogvaleco.com\/la-ferriere-en-parthenay\/wp-json\/wp\/v2\/users\/1"}],"replies":[{"embeddable":true,"href":"https:\/\/blogvaleco.com\/la-ferriere-en-parthenay\/wp-json\/wp\/v2\/comments?post=157"}],"version-history":[{"count":43,"href":"https:\/\/blogvaleco.com\/la-ferriere-en-parthenay\/wp-json\/wp\/v2\/pages\/157\/revisions"}],"predecessor-version":[{"id":978,"href":"https:\/\/blogvaleco.com\/la-ferriere-en-parthenay\/wp-json\/wp\/v2\/pages\/157\/revisions\/978"}],"up":[{"embeddable":true,"href":"https:\/\/blogvaleco.com\/la-ferriere-en-parthenay\/wp-json\/wp\/v2\/pages\/15"}],"wp:featuredmedia":[{"embeddable":true,"href":"https:\/\/blogvaleco.com\/la-ferriere-en-parthenay\/wp-json\/wp\/v2\/media\/578"}],"wp:attachment":[{"href":"https:\/\/blogvaleco.com\/la-ferriere-en-parthenay\/wp-json\/wp\/v2\/media?parent=157"}],"curies":[{"name":"wp","href":"https:\/\/api.w.org\/{rel}","templated":true}]}}