{"id":15,"date":"2024-03-06T10:46:20","date_gmt":"2024-03-06T09:46:20","guid":{"rendered":"https:\/\/blogs.groupevaleco.com\/site-modele\/?page_id=15"},"modified":"2025-10-14T10:26:17","modified_gmt":"2025-10-14T08:26:17","slug":"projet","status":"publish","type":"page","link":"https:\/\/blogvaleco.com\/la-ferriere-en-parthenay\/projet\/","title":{"rendered":"Projet"},"content":{"rendered":"\n<div class=\"wp-block-group alignfull has-tertiary-background-color has-background is-layout-constrained wp-block-group-is-layout-constrained\" style=\"margin-top:0;padding-top:var(--wp--preset--spacing--70);padding-bottom:var(--wp--preset--spacing--70)\">\n<h2 class=\"wp-block-heading has-text-align-center\">Chiffres cl\u00e9s du projet<\/h2>\n\n\n\n<div class=\"wp-block-columns is-layout-flex wp-container-core-columns-is-layout-28f84493 wp-block-columns-is-layout-flex\">\n<div class=\"wp-block-column is-layout-flow wp-block-column-is-layout-flow\" style=\"flex-basis:100%\">\n<div class=\"wp-block-columns cta-block-1 is-layout-flex wp-container-core-columns-is-layout-159f51c6 wp-block-columns-is-layout-flex\" style=\"margin-top:0\">\n<div class=\"wp-block-column has-white-background-color has-background is-layout-flow wp-container-core-column-is-layout-1d0ad487 wp-block-column-is-layout-flow\" style=\"padding-top:var(--wp--preset--spacing--50);padding-right:var(--wp--preset--spacing--40);padding-bottom:var(--wp--preset--spacing--50);padding-left:var(--wp--preset--spacing--40)\">\n<figure class=\"wp-block-image aligncenter size-full is-resized\"><img loading=\"lazy\" decoding=\"async\" width=\"300\" height=\"300\" src=\"https:\/\/blogvaleco.com\/la-ferriere-en-parthenay\/wp-content\/uploads\/sites\/96\/2024\/03\/icone-eolienne.png\" alt=\"\" class=\"wp-image-62\" style=\"width:110px\" srcset=\"https:\/\/blogvaleco.com\/la-ferriere-en-parthenay\/wp-content\/uploads\/sites\/96\/2024\/03\/icone-eolienne.png 300w, https:\/\/blogvaleco.com\/la-ferriere-en-parthenay\/wp-content\/uploads\/sites\/96\/2024\/03\/icone-eolienne-150x150.png 150w\" sizes=\"auto, (max-width: 300px) 100vw, 300px\" \/><\/figure>\n\n\n\n<h3 class=\"wp-block-heading has-text-align-center has-black-color has-text-color has-link-color wp-elements-a3aee5db7a3418684113b303d9896826\">4 \u00e9oliennes<\/h3>\n\n\n\n<p class=\"has-text-align-center has-text-color has-link-color wp-elements-75a7a03b61932f523836c45197322ceb\" style=\"color:#6a6a6a\">Potentiel du site<\/p>\n<\/div>\n\n\n\n<div class=\"wp-block-column has-white-background-color has-background is-layout-flow wp-container-core-column-is-layout-1d0ad487 wp-block-column-is-layout-flow\" style=\"padding-top:var(--wp--preset--spacing--50);padding-right:var(--wp--preset--spacing--40);padding-bottom:var(--wp--preset--spacing--50);padding-left:var(--wp--preset--spacing--40)\">\n<figure class=\"wp-block-image aligncenter size-full is-resized\"><img loading=\"lazy\" decoding=\"async\" width=\"300\" height=\"300\" src=\"https:\/\/blogvaleco.com\/la-ferriere-en-parthenay\/wp-content\/uploads\/sites\/96\/2024\/03\/icone-energie.png\" alt=\"\" class=\"wp-image-61\" style=\"width:110px\" srcset=\"https:\/\/blogvaleco.com\/la-ferriere-en-parthenay\/wp-content\/uploads\/sites\/96\/2024\/03\/icone-energie.png 300w, https:\/\/blogvaleco.com\/la-ferriere-en-parthenay\/wp-content\/uploads\/sites\/96\/2024\/03\/icone-energie-150x150.png 150w\" sizes=\"auto, (max-width: 300px) 100vw, 300px\" \/><\/figure>\n\n\n\n<h3 class=\"wp-block-heading has-text-align-center has-black-color has-text-color has-link-color wp-elements-616e18e71ff35b4282791c6157deae8c\">22,8 MW<\/h3>\n\n\n\n<p class=\"has-text-align-center has-text-color has-link-color wp-elements-a5a8fb6db9edd64dbbdc3a16280af0f8\" style=\"color:#6a6a6a\">Puissance totale du projet<\/p>\n<\/div>\n\n\n\n<div class=\"wp-block-column has-white-background-color has-background is-layout-flow wp-container-core-column-is-layout-1d0ad487 wp-block-column-is-layout-flow\" style=\"padding-top:var(--wp--preset--spacing--50);padding-right:var(--wp--preset--spacing--40);padding-bottom:var(--wp--preset--spacing--50);padding-left:var(--wp--preset--spacing--40)\">\n<figure class=\"wp-block-image aligncenter size-full is-resized\"><img loading=\"lazy\" decoding=\"async\" width=\"300\" height=\"300\" src=\"https:\/\/blogvaleco.com\/la-ferriere-en-parthenay\/wp-content\/uploads\/sites\/96\/2024\/03\/icone-foyer.png\" alt=\"\" class=\"wp-image-63\" style=\"width:110px\" srcset=\"https:\/\/blogvaleco.com\/la-ferriere-en-parthenay\/wp-content\/uploads\/sites\/96\/2024\/03\/icone-foyer.png 300w, https:\/\/blogvaleco.com\/la-ferriere-en-parthenay\/wp-content\/uploads\/sites\/96\/2024\/03\/icone-foyer-150x150.png 150w\" sizes=\"auto, (max-width: 300px) 100vw, 300px\" \/><\/figure>\n\n\n\n<h3 class=\"wp-block-heading has-text-align-center has-black-color has-text-color has-link-color wp-elements-0671fc2d4a2c33584d9cefab7b70282f\">11 000 foyers<\/h3>\n\n\n\n<p class=\"has-text-align-center has-text-color has-link-color wp-elements-d57cbb5d1cf7d09d7e154aaf540ba769\" style=\"color:#6a6a6a\">Equivalent en consommation d&rsquo;\u00e9lectricit\u00e9<\/p>\n<\/div>\n\n\n\n<div class=\"wp-block-column has-white-background-color has-background is-layout-flow wp-container-core-column-is-layout-1d0ad487 wp-block-column-is-layout-flow\" style=\"padding-top:var(--wp--preset--spacing--50);padding-right:var(--wp--preset--spacing--40);padding-bottom:var(--wp--preset--spacing--50);padding-left:var(--wp--preset--spacing--40)\">\n<figure class=\"wp-block-image aligncenter size-full is-resized\"><img loading=\"lazy\" decoding=\"async\" width=\"300\" height=\"300\" src=\"https:\/\/blogvaleco.com\/la-ferriere-en-parthenay\/wp-content\/uploads\/sites\/96\/2024\/03\/icone-eco.png\" alt=\"\" class=\"wp-image-60\" style=\"width:110px\" srcset=\"https:\/\/blogvaleco.com\/la-ferriere-en-parthenay\/wp-content\/uploads\/sites\/96\/2024\/03\/icone-eco.png 300w, https:\/\/blogvaleco.com\/la-ferriere-en-parthenay\/wp-content\/uploads\/sites\/96\/2024\/03\/icone-eco-150x150.png 150w\" sizes=\"auto, (max-width: 300px) 100vw, 300px\" \/><\/figure>\n\n\n\n<h3 class=\"wp-block-heading has-text-align-center has-black-color has-text-color has-link-color wp-elements-610e9318ec62417a9b35296aa366bce7\">20 000 tonnes de co2<\/h3>\n\n\n\n<p class=\"has-text-align-center has-text-color has-link-color wp-elements-d75367e68f0367f00547fe2582951ef6\" style=\"color:#6a6a6a\">Rejet de CO2 \u00e9vit\u00e9 dans l&rsquo;atmosph\u00e8re<\/p>\n<\/div>\n<\/div>\n<\/div>\n<\/div>\n<\/div>\n\n\n\n<div class=\"wp-block-group alignfull is-layout-constrained wp-block-group-is-layout-constrained\" style=\"margin-top:0;padding-top:var(--wp--preset--spacing--60);padding-bottom:var(--wp--preset--spacing--60)\">\n<div class=\"wp-block-media-text has-media-on-the-right is-stacked-on-mobile\" style=\"grid-template-columns:auto 40%\"><div class=\"wp-block-media-text__content\">\n<h2 class=\"wp-block-heading\">gen\u00e8se du projet<\/h2>\n\n\n\n<p>Le projet du parc \u00e9olien de<mark style=\"background-color:#ffffff\" class=\"has-inline-color has-secondary-color\"> La Ferri\u00e8re-en-Parthenay<\/mark> se situe dans l\u2019Est du d\u00e9partement des <mark style=\"background-color:#ffffff\" class=\"has-inline-color has-secondary-color\">Deux-S\u00e8vres<\/mark>, sur la commune de <mark style=\"background-color:#ffffff\" class=\"has-inline-color has-secondary-color\">La Ferri\u00e8re-en-Parthenay<\/mark>. Prospect\u00e9 en 2024, il est entr\u00e9 en phase de d\u00e9veloppement en Janvier 2025. Actuellement toujours au d\u00e9but de cette phase, les \u00e9tudes des \u00e9tats initiaux ont \u00e9t\u00e9 lanc\u00e9es en Mars 2025 pour \u00e9valuer l\u2019\u00e9tat naturel, paysager, acoustique et humain du site. Le dimensionnement du parc reste \u00e0 d\u00e9finir en fonction de tous les enjeux.<\/p>\n\n\n\n<div class=\"wp-block-buttons is-content-justification-center is-layout-flex wp-container-core-buttons-is-layout-a89b3969 wp-block-buttons-is-layout-flex\">\n<div class=\"wp-block-button is-style-fill\"><a class=\"wp-block-button__link wp-element-button\" href=\"https:\/\/blogvaleco.com\/la-ferriere-en-parthenay\/les-etapes\/\">En savoir plus sur les \u00e9tapes du projet<\/a><\/div>\n<\/div>\n<\/div><figure class=\"wp-block-media-text__media\"><img loading=\"lazy\" decoding=\"async\" width=\"1024\" height=\"683\" src=\"https:\/\/blogvaleco.com\/la-ferriere-en-parthenay\/wp-content\/uploads\/sites\/96\/2024\/07\/Champs_perdus-2-1024x683.jpg\" alt=\"\" class=\"wp-image-575 size-full\" srcset=\"https:\/\/blogvaleco.com\/la-ferriere-en-parthenay\/wp-content\/uploads\/sites\/96\/2024\/07\/Champs_perdus-2-1024x683.jpg 1024w, https:\/\/blogvaleco.com\/la-ferriere-en-parthenay\/wp-content\/uploads\/sites\/96\/2024\/07\/Champs_perdus-2-300x200.jpg 300w, https:\/\/blogvaleco.com\/la-ferriere-en-parthenay\/wp-content\/uploads\/sites\/96\/2024\/07\/Champs_perdus-2-768x512.jpg 768w, https:\/\/blogvaleco.com\/la-ferriere-en-parthenay\/wp-content\/uploads\/sites\/96\/2024\/07\/Champs_perdus-2-1536x1024.jpg 1536w, https:\/\/blogvaleco.com\/la-ferriere-en-parthenay\/wp-content\/uploads\/sites\/96\/2024\/07\/Champs_perdus-2-2048x1365.jpg 2048w\" sizes=\"auto, (max-width: 1024px) 100vw, 1024px\" \/><\/figure><\/div>\n<\/div>\n\n\n\n<div class=\"wp-block-group alignfull has-white-color has-primary-background-color has-text-color has-background has-link-color wp-elements-35108dc870265c9fc055ef04b9a57d4a is-layout-constrained wp-block-group-is-layout-constrained\" style=\"margin-top:0;padding-top:var(--wp--preset--spacing--60);padding-bottom:var(--wp--preset--spacing--60)\">\n<div class=\"wp-block-columns is-layout-flex wp-container-core-columns-is-layout-f5a44f5b wp-block-columns-is-layout-flex\">\n<div class=\"wp-block-column is-layout-flow wp-block-column-is-layout-flow\" style=\"flex-basis:40%\">\n<figure data-wp-context=\"{&quot;imageId&quot;:&quot;69f3a41e8c57b&quot;}\" data-wp-interactive=\"core\/image\" data-wp-key=\"69f3a41e8c57b\" class=\"wp-block-image size-full has-custom-border wp-lightbox-container\"><img loading=\"lazy\" decoding=\"async\" width=\"1262\" height=\"892\" data-wp-class--hide=\"state.isContentHidden\" data-wp-class--show=\"state.isContentVisible\" data-wp-init=\"callbacks.setButtonStyles\" data-wp-on--click=\"actions.showLightbox\" data-wp-on--load=\"callbacks.setButtonStyles\" data-wp-on-window--resize=\"callbacks.setButtonStyles\" src=\"https:\/\/blogvaleco.com\/la-ferriere-en-parthenay\/wp-content\/uploads\/sites\/96\/2025\/09\/20250919_1619-Projet-eolien-de-La-Ferriere-en-Parthenay.png\" alt=\"\" class=\"wp-image-920\" style=\"border-radius:15px\" srcset=\"https:\/\/blogvaleco.com\/la-ferriere-en-parthenay\/wp-content\/uploads\/sites\/96\/2025\/09\/20250919_1619-Projet-eolien-de-La-Ferriere-en-Parthenay.png 1262w, https:\/\/blogvaleco.com\/la-ferriere-en-parthenay\/wp-content\/uploads\/sites\/96\/2025\/09\/20250919_1619-Projet-eolien-de-La-Ferriere-en-Parthenay-300x212.png 300w, https:\/\/blogvaleco.com\/la-ferriere-en-parthenay\/wp-content\/uploads\/sites\/96\/2025\/09\/20250919_1619-Projet-eolien-de-La-Ferriere-en-Parthenay-1024x724.png 1024w, https:\/\/blogvaleco.com\/la-ferriere-en-parthenay\/wp-content\/uploads\/sites\/96\/2025\/09\/20250919_1619-Projet-eolien-de-La-Ferriere-en-Parthenay-768x543.png 768w\" sizes=\"auto, (max-width: 1262px) 100vw, 1262px\" \/><button\n\t\t\tclass=\"lightbox-trigger\"\n\t\t\ttype=\"button\"\n\t\t\taria-haspopup=\"dialog\"\n\t\t\taria-label=\"Agrandir\"\n\t\t\tdata-wp-init=\"callbacks.initTriggerButton\"\n\t\t\tdata-wp-on--click=\"actions.showLightbox\"\n\t\t\tdata-wp-style--right=\"state.imageButtonRight\"\n\t\t\tdata-wp-style--top=\"state.imageButtonTop\"\n\t\t>\n\t\t\t<svg xmlns=\"http:\/\/www.w3.org\/2000\/svg\" width=\"12\" height=\"12\" fill=\"none\" viewBox=\"0 0 12 12\">\n\t\t\t\t<path fill=\"#fff\" d=\"M2 0a2 2 0 0 0-2 2v2h1.5V2a.5.5 0 0 1 .5-.5h2V0H2Zm2 10.5H2a.5.5 0 0 1-.5-.5V8H0v2a2 2 0 0 0 2 2h2v-1.5ZM8 12v-1.5h2a.5.5 0 0 0 .5-.5V8H12v2a2 2 0 0 1-2 2H8Zm2-12a2 2 0 0 1 2 2v2h-1.5V2a.5.5 0 0 0-.5-.5H8V0h2Z\" \/>\n\t\t\t<\/svg>\n\t\t<\/button><\/figure>\n\n\n\n<div class=\"wp-block-buttons is-content-justification-center is-layout-flex wp-container-core-buttons-is-layout-a89b3969 wp-block-buttons-is-layout-flex\">\n<div class=\"wp-block-button\"><a class=\"wp-block-button__link has-secondary-background-color has-background wp-element-button\" href=\"https:\/\/blogvaleco.com\/la-ferriere-en-parthenay\/projet\/localisation-implantation\/\">En savoir plus sur la localisation du projet <\/a><\/div>\n<\/div>\n<\/div>\n\n\n\n<div class=\"wp-block-column is-vertically-aligned-center is-layout-flow wp-block-column-is-layout-flow\" style=\"flex-basis:60%\">\n<h2 class=\"wp-block-heading has-secondary-color has-text-color has-link-color wp-elements-3eef0f8d3ec5b51568c8d78b59df7357\">le choix de la zone d&rsquo;etude<\/h2>\n\n\n\n<p>La zone d\u2019\u00e9tude du projet \u00e9olien de<mark style=\"background-color:#213A8F\" class=\"has-inline-color has-secondary-color\"> <strong>La Ferri\u00e8re-en-Parthenay<\/strong><\/mark> se situe sur la commune de<mark style=\"background-color:#213A8F\" class=\"has-inline-color has-secondary-color\"> <strong>La Ferri\u00e8re-en-Parthenay<\/strong><\/mark>. Elle respecte les contraintes r\u00e9glementaires telles que l\u2019\u00e9loignement aux habitations (500 m), aux routes, etc. Des premi\u00e8res consultations ont \u00e9t\u00e9 r\u00e9alis\u00e9es afin de v\u00e9rifier qu\u2019aucune servitude n\u2019impacterait le projet\u00a0: radar, couloir a\u00e9rien, faisceau de gendarmerie, faisceaux hertziens et internet, lignes hautes tensions, etc.<\/p>\n<\/div>\n<\/div>\n<\/div>\n\n\n\n<h2 class=\"wp-block-heading\">Les acteurs du projet<\/h2>\n\n\n\n<div class=\"wp-block-group alignfull is-layout-constrained wp-block-group-is-layout-constrained\" style=\"margin-top:0;padding-top:var(--wp--preset--spacing--60);padding-bottom:var(--wp--preset--spacing--60)\">\n<div class=\"wp-block-columns cta-block-3 is-layout-flex wp-container-core-columns-is-layout-28f84493 wp-block-columns-is-layout-flex\">\n<div class=\"wp-block-column has-white-color has-primary-background-color has-text-color has-background has-link-color wp-elements-0e7571c4b93be463fb72dfa508dba1c7 is-layout-flow wp-block-column-is-layout-flow\" style=\"padding-top:var(--wp--preset--spacing--50);padding-right:var(--wp--preset--spacing--50);padding-bottom:var(--wp--preset--spacing--50);padding-left:var(--wp--preset--spacing--50)\">\n<p class=\"has-secondary-color has-text-color has-link-color has-small-font-size wp-elements-86ccec9d35ab2b3ff5270c479193949c\" style=\"font-style:normal;font-weight:700\">Les collectivit\u00e9s locales<\/p>\n\n\n\n<p>Les collectivit\u00e9s locales participent \u00e0 la concertation avec les habitants, en mettant \u00e0 disposition les informations sur le projet et en recueillant les avis via des registres publics et des r\u00e9unions. Les \u00e9lus locaux sont \u00e9galement impliqu\u00e9s dans le suivi du projet et son int\u00e9gration dans la vie du territoire, en veillant \u00e0 ce que les enjeux locaux soient pris en compte tout au long du processus.<\/p>\n<\/div>\n\n\n\n<div class=\"wp-block-column has-primary-color has-secondary-background-color has-text-color has-background has-link-color wp-elements-f6c67dc9a79a6c995ea8c7e2c25cc641 is-layout-flow wp-block-column-is-layout-flow\" style=\"padding-top:var(--wp--preset--spacing--50);padding-right:var(--wp--preset--spacing--50);padding-bottom:var(--wp--preset--spacing--50);padding-left:var(--wp--preset--spacing--50)\">\n<p class=\"has-primary-color has-text-color has-link-color has-small-font-size wp-elements-a0440ec745668c897a7c49035f00d241\" style=\"font-style:normal;font-weight:700\">Les services de l&rsquo;Etat<\/p>\n\n\n\n<p>Les services de l\u2019\u00c9tat, notamment la DREAL, ont la responsabilit\u00e9 d\u2019instruire les projets \u00e9oliens. Ils examinent le dossier avant et pendant l\u2019enqu\u00eate publique, en consultant divers services et collectivit\u00e9s locales. Ce processus, qui dure g\u00e9n\u00e9ralement plusieurs mois, permet de s\u2019assurer que le projet respecte toutes les r\u00e9glementations avant qu\u2019une d\u00e9cision finale ne soit prise.<\/p>\n<\/div>\n\n\n\n<div class=\"wp-block-column has-tertiary-background-color has-background is-layout-flow wp-block-column-is-layout-flow\" style=\"padding-top:var(--wp--preset--spacing--50);padding-right:var(--wp--preset--spacing--50);padding-bottom:var(--wp--preset--spacing--50);padding-left:var(--wp--preset--spacing--50)\">\n<p class=\"has-primary-color has-text-color has-link-color has-small-font-size wp-elements-f0a56fb6b78b27cbad23105f6ce82cdc\" style=\"font-style:normal;font-weight:700\">Les bureaux d&rsquo;\u00e9tudes<\/p>\n\n\n\n<div class=\"wp-block-group is-layout-grid wp-container-core-group-is-layout-d59c48d4 wp-block-group-is-layout-grid\">\n<figure class=\"wp-block-image size-full wp-container-content-93a36b61\"><img loading=\"lazy\" decoding=\"async\" width=\"395\" height=\"128\" src=\"https:\/\/blogvaleco.com\/la-ferriere-en-parthenay\/wp-content\/uploads\/sites\/96\/2025\/09\/TACT.jpg\" alt=\"\" class=\"wp-image-934\" srcset=\"https:\/\/blogvaleco.com\/la-ferriere-en-parthenay\/wp-content\/uploads\/sites\/96\/2025\/09\/TACT.jpg 395w, https:\/\/blogvaleco.com\/la-ferriere-en-parthenay\/wp-content\/uploads\/sites\/96\/2025\/09\/TACT-300x97.jpg 300w\" sizes=\"auto, (max-width: 395px) 100vw, 395px\" \/><\/figure>\n\n\n\n<figure class=\"wp-block-image size-large wp-container-content-e21cbf00\"><img loading=\"lazy\" decoding=\"async\" width=\"674\" height=\"1024\" src=\"https:\/\/blogvaleco.com\/la-ferriere-en-parthenay\/wp-content\/uploads\/sites\/96\/2025\/09\/R-674x1024.jpg\" alt=\"\" class=\"wp-image-936\" srcset=\"https:\/\/blogvaleco.com\/la-ferriere-en-parthenay\/wp-content\/uploads\/sites\/96\/2025\/09\/R-674x1024.jpg 674w, https:\/\/blogvaleco.com\/la-ferriere-en-parthenay\/wp-content\/uploads\/sites\/96\/2025\/09\/R-197x300.jpg 197w, https:\/\/blogvaleco.com\/la-ferriere-en-parthenay\/wp-content\/uploads\/sites\/96\/2025\/09\/R-768x1167.jpg 768w, https:\/\/blogvaleco.com\/la-ferriere-en-parthenay\/wp-content\/uploads\/sites\/96\/2025\/09\/R-1011x1536.jpg 1011w, https:\/\/blogvaleco.com\/la-ferriere-en-parthenay\/wp-content\/uploads\/sites\/96\/2025\/09\/R.jpg 1181w\" sizes=\"auto, (max-width: 674px) 100vw, 674px\" \/><\/figure>\n<\/div>\n<\/div>\n<\/div>\n<\/div>\n\n\n\n<h2 class=\"wp-block-heading\">une \u00e9quipe pluridisciplinaire au sein de valeco<\/h2>\n\n\n\n<p><\/p>\n\n\n\n<div class=\"wp-block-columns is-layout-flex wp-container-core-columns-is-layout-28f84493 wp-block-columns-is-layout-flex\">\n<div class=\"wp-block-column is-layout-flow wp-block-column-is-layout-flow\">\n<div class=\"wp-block-group is-nowrap is-layout-flex wp-container-core-group-is-layout-6c531013 wp-block-group-is-layout-flex\">\n<div class=\"wp-block-columns is-layout-flex wp-container-core-columns-is-layout-28f84493 wp-block-columns-is-layout-flex\">\n<div class=\"wp-block-column is-layout-flow wp-block-column-is-layout-flow\">\n<div class=\"wp-block-columns is-layout-flex wp-container-core-columns-is-layout-28f84493 wp-block-columns-is-layout-flex\">\n<div class=\"wp-block-column is-layout-flow wp-block-column-is-layout-flow\">\n<figure class=\"wp-block-image aligncenter size-full is-resized\"><img loading=\"lazy\" decoding=\"async\" width=\"565\" height=\"349\" src=\"https:\/\/blogvaleco.com\/la-ferriere-en-parthenay-pv\/wp-content\/uploads\/sites\/10\/2024\/07\/poignee-de-main.png\" alt=\"\" class=\"wp-image-588\" style=\"width:100px\" srcset=\"https:\/\/blogvaleco.com\/la-ferriere-en-parthenay\/wp-content\/uploads\/sites\/96\/2024\/07\/poignee-de-main.png 565w, https:\/\/blogvaleco.com\/la-ferriere-en-parthenay\/wp-content\/uploads\/sites\/96\/2024\/07\/poignee-de-main-300x185.png 300w\" sizes=\"auto, (max-width: 565px) 100vw, 565px\" \/><\/figure>\n\n\n\n<p class=\"has-text-align-center\" style=\"text-transform:uppercase\">Charg\u00e9 de d\u00e9veloppement territorial et d&rsquo;affaires fonci\u00e8res<\/p>\n<\/div>\n<\/div>\n\n\n\n<div class=\"wp-block-columns is-layout-flex wp-container-core-columns-is-layout-28f84493 wp-block-columns-is-layout-flex\">\n<div class=\"wp-block-column is-layout-flow wp-block-column-is-layout-flow\">\n<figure class=\"wp-block-image aligncenter size-full is-resized\"><img loading=\"lazy\" decoding=\"async\" width=\"512\" height=\"512\" src=\"https:\/\/blogvaleco.com\/la-ferriere-en-parthenay-pv\/wp-content\/uploads\/sites\/10\/2024\/07\/BLEU_boussole.png\" alt=\"\" class=\"wp-image-605\" style=\"width:80px\" srcset=\"https:\/\/blogvaleco.com\/la-ferriere-en-parthenay\/wp-content\/uploads\/sites\/96\/2024\/07\/BLEU_boussole.png 512w, https:\/\/blogvaleco.com\/la-ferriere-en-parthenay\/wp-content\/uploads\/sites\/96\/2024\/07\/BLEU_boussole-300x300.png 300w, https:\/\/blogvaleco.com\/la-ferriere-en-parthenay\/wp-content\/uploads\/sites\/96\/2024\/07\/BLEU_boussole-150x150.png 150w\" sizes=\"auto, (max-width: 512px) 100vw, 512px\" \/><\/figure>\n\n\n\n<p class=\"has-text-align-center\" style=\"text-transform:uppercase\">Charg\u00e9s de gisement de vent et acoustique<\/p>\n<\/div>\n<\/div>\n\n\n\n<div class=\"wp-block-columns is-layout-flex wp-container-core-columns-is-layout-28f84493 wp-block-columns-is-layout-flex\">\n<div class=\"wp-block-column is-layout-flow wp-container-core-column-is-layout-22223934 wp-block-column-is-layout-flow\">\n<figure class=\"wp-block-image aligncenter size-full is-resized\"><img loading=\"lazy\" decoding=\"async\" width=\"384\" height=\"384\" src=\"https:\/\/blogvaleco.com\/la-ferriere-en-parthenay-pv\/wp-content\/uploads\/sites\/10\/2024\/07\/BLEU_piece_main.png\" alt=\"\" class=\"wp-image-601\" style=\"width:100px\" srcset=\"https:\/\/blogvaleco.com\/la-ferriere-en-parthenay\/wp-content\/uploads\/sites\/96\/2024\/07\/BLEU_piece_main.png 384w, https:\/\/blogvaleco.com\/la-ferriere-en-parthenay\/wp-content\/uploads\/sites\/96\/2024\/07\/BLEU_piece_main-300x300.png 300w, https:\/\/blogvaleco.com\/la-ferriere-en-parthenay\/wp-content\/uploads\/sites\/96\/2024\/07\/BLEU_piece_main-150x150.png 150w\" sizes=\"auto, (max-width: 384px) 100vw, 384px\" \/><\/figure>\n\n\n\n<p class=\"has-text-align-center\" style=\"text-transform:uppercase\">R\u00e9f\u00e9rents achats, comptabilit\u00e9 et gestion d&rsquo;actifs<\/p>\n<\/div>\n<\/div>\n<\/div>\n<\/div>\n<\/div>\n<\/div>\n\n\n\n<div class=\"wp-block-column is-layout-flow wp-block-column-is-layout-flow\">\n<div class=\"wp-block-columns is-layout-flex wp-container-core-columns-is-layout-28f84493 wp-block-columns-is-layout-flex\">\n<div class=\"wp-block-column is-layout-flow wp-container-core-column-is-layout-22223934 wp-block-column-is-layout-flow\">\n<figure class=\"wp-block-image aligncenter size-full is-resized\"><img loading=\"lazy\" decoding=\"async\" width=\"512\" height=\"512\" src=\"https:\/\/blogvaleco.com\/la-ferriere-en-parthenay-pv\/wp-content\/uploads\/sites\/10\/2024\/07\/BLEU_engrenage_production.png\" alt=\"\" class=\"wp-image-589\" style=\"width:80px\" srcset=\"https:\/\/blogvaleco.com\/la-ferriere-en-parthenay\/wp-content\/uploads\/sites\/96\/2024\/07\/BLEU_engrenage_production.png 512w, https:\/\/blogvaleco.com\/la-ferriere-en-parthenay\/wp-content\/uploads\/sites\/96\/2024\/07\/BLEU_engrenage_production-300x300.png 300w, https:\/\/blogvaleco.com\/la-ferriere-en-parthenay\/wp-content\/uploads\/sites\/96\/2024\/07\/BLEU_engrenage_production-150x150.png 150w\" sizes=\"auto, (max-width: 512px) 100vw, 512px\" \/><\/figure>\n\n\n\n<p class=\"has-text-align-center\" style=\"text-transform:uppercase\">Charg\u00e9 de d\u00e9veloppement du projet et du suivi de l&rsquo;instruction<\/p>\n<\/div>\n<\/div>\n\n\n\n<div class=\"wp-block-columns is-layout-flex wp-container-core-columns-is-layout-28f84493 wp-block-columns-is-layout-flex\">\n<div class=\"wp-block-column is-layout-flow wp-container-core-column-is-layout-22223934 wp-block-column-is-layout-flow\">\n<figure class=\"wp-block-image aligncenter size-full is-resized\"><img loading=\"lazy\" decoding=\"async\" width=\"512\" height=\"512\" src=\"https:\/\/blogvaleco.com\/la-ferriere-en-parthenay-pv\/wp-content\/uploads\/sites\/10\/2024\/07\/BLEU_equipe_triple.png\" alt=\"\" class=\"wp-image-604\" style=\"width:100px\" srcset=\"https:\/\/blogvaleco.com\/la-ferriere-en-parthenay\/wp-content\/uploads\/sites\/96\/2024\/07\/BLEU_equipe_triple.png 512w, https:\/\/blogvaleco.com\/la-ferriere-en-parthenay\/wp-content\/uploads\/sites\/96\/2024\/07\/BLEU_equipe_triple-300x300.png 300w, https:\/\/blogvaleco.com\/la-ferriere-en-parthenay\/wp-content\/uploads\/sites\/96\/2024\/07\/BLEU_equipe_triple-150x150.png 150w\" sizes=\"auto, (max-width: 512px) 100vw, 512px\" \/><\/figure>\n\n\n\n<p class=\"has-text-align-center\" style=\"text-transform:uppercase\">Charg\u00e9s de communication<\/p>\n<\/div>\n<\/div>\n\n\n\n<div class=\"wp-block-columns is-layout-flex wp-container-core-columns-is-layout-28f84493 wp-block-columns-is-layout-flex\">\n<div class=\"wp-block-column is-layout-flow wp-block-column-is-layout-flow\">\n<figure class=\"wp-block-image aligncenter size-full is-resized\"><img loading=\"lazy\" decoding=\"async\" width=\"512\" height=\"512\" src=\"https:\/\/blogvaleco.com\/la-ferriere-en-parthenay-pv\/wp-content\/uploads\/sites\/10\/2024\/04\/BLEU_eclair.png\" alt=\"\" class=\"wp-image-430\" style=\"width:80px\" srcset=\"https:\/\/blogvaleco.com\/la-ferriere-en-parthenay\/wp-content\/uploads\/sites\/96\/2024\/04\/BLEU_eclair.png 512w, https:\/\/blogvaleco.com\/la-ferriere-en-parthenay\/wp-content\/uploads\/sites\/96\/2024\/04\/BLEU_eclair-300x300.png 300w, https:\/\/blogvaleco.com\/la-ferriere-en-parthenay\/wp-content\/uploads\/sites\/96\/2024\/04\/BLEU_eclair-150x150.png 150w\" sizes=\"auto, (max-width: 512px) 100vw, 512px\" \/><\/figure>\n\n\n\n<p class=\"has-text-align-center\" style=\"text-transform:uppercase\">R\u00e9f\u00e9rents raccordement et march\u00e9s \u00e9lectriques<\/p>\n<\/div>\n<\/div>\n<\/div>\n\n\n\n<div class=\"wp-block-column is-layout-flow wp-block-column-is-layout-flow\">\n<div class=\"wp-block-columns is-layout-flex wp-container-core-columns-is-layout-28f84493 wp-block-columns-is-layout-flex\">\n<div class=\"wp-block-column is-layout-flow wp-block-column-is-layout-flow\">\n<figure class=\"wp-block-image aligncenter size-full is-resized\"><img loading=\"lazy\" decoding=\"async\" width=\"512\" height=\"512\" src=\"https:\/\/blogvaleco.com\/la-ferriere-en-parthenay-pv\/wp-content\/uploads\/sites\/10\/2024\/07\/BLEU_oiseaux.png\" alt=\"\" class=\"wp-image-595\" style=\"width:100px\" srcset=\"https:\/\/blogvaleco.com\/la-ferriere-en-parthenay\/wp-content\/uploads\/sites\/96\/2024\/07\/BLEU_oiseaux.png 512w, https:\/\/blogvaleco.com\/la-ferriere-en-parthenay\/wp-content\/uploads\/sites\/96\/2024\/07\/BLEU_oiseaux-300x300.png 300w, https:\/\/blogvaleco.com\/la-ferriere-en-parthenay\/wp-content\/uploads\/sites\/96\/2024\/07\/BLEU_oiseaux-150x150.png 150w\" sizes=\"auto, (max-width: 512px) 100vw, 512px\" \/><\/figure>\n\n\n\n<p class=\"has-text-align-center\" style=\"text-transform:uppercase\">Experts \u00e9cologues<\/p>\n<\/div>\n<\/div>\n\n\n\n<div class=\"wp-block-columns is-layout-flex wp-container-core-columns-is-layout-28f84493 wp-block-columns-is-layout-flex\">\n<div class=\"wp-block-column is-layout-flow wp-block-column-is-layout-flow\">\n<figure class=\"wp-block-image aligncenter size-full is-resized\"><img loading=\"lazy\" decoding=\"async\" width=\"512\" height=\"512\" src=\"https:\/\/blogvaleco.com\/la-ferriere-en-parthenay-pv\/wp-content\/uploads\/sites\/10\/2024\/07\/BLEU_lois_02.png\" alt=\"\" class=\"wp-image-599\" style=\"width:90px;height:auto\" srcset=\"https:\/\/blogvaleco.com\/la-ferriere-en-parthenay\/wp-content\/uploads\/sites\/96\/2024\/07\/BLEU_lois_02.png 512w, https:\/\/blogvaleco.com\/la-ferriere-en-parthenay\/wp-content\/uploads\/sites\/96\/2024\/07\/BLEU_lois_02-300x300.png 300w, https:\/\/blogvaleco.com\/la-ferriere-en-parthenay\/wp-content\/uploads\/sites\/96\/2024\/07\/BLEU_lois_02-150x150.png 150w\" sizes=\"auto, (max-width: 512px) 100vw, 512px\" \/><\/figure>\n\n\n\n<p class=\"has-text-align-center\" style=\"text-transform:uppercase\">R\u00e9f\u00e9rents juridiques<\/p>\n<\/div>\n<\/div>\n\n\n\n<div class=\"wp-block-columns is-layout-flex wp-container-core-columns-is-layout-28f84493 wp-block-columns-is-layout-flex\">\n<div class=\"wp-block-column is-layout-flow wp-container-core-column-is-layout-22223934 wp-block-column-is-layout-flow\">\n<figure class=\"wp-block-image aligncenter size-full is-resized\"><img loading=\"lazy\" decoding=\"async\" width=\"420\" height=\"512\" src=\"https:\/\/blogvaleco.com\/la-ferriere-en-parthenay-pv\/wp-content\/uploads\/sites\/10\/2024\/07\/ouvrier_bleu.png\" alt=\"\" class=\"wp-image-596\" style=\"width:80px\" srcset=\"https:\/\/blogvaleco.com\/la-ferriere-en-parthenay\/wp-content\/uploads\/sites\/96\/2024\/07\/ouvrier_bleu.png 420w, https:\/\/blogvaleco.com\/la-ferriere-en-parthenay\/wp-content\/uploads\/sites\/96\/2024\/07\/ouvrier_bleu-246x300.png 246w\" sizes=\"auto, (max-width: 420px) 100vw, 420px\" \/><\/figure>\n\n\n\n<p class=\"has-text-align-center\" style=\"text-transform:uppercase\">Charg\u00e9s de pr\u00e9-construction et construction<\/p>\n<\/div>\n<\/div>\n<\/div>\n\n\n\n<div class=\"wp-block-column is-layout-flow wp-block-column-is-layout-flow\">\n<div class=\"wp-block-columns is-layout-flex wp-container-core-columns-is-layout-28f84493 wp-block-columns-is-layout-flex\">\n<div class=\"wp-block-column is-layout-flow wp-container-core-column-is-layout-0ab540ad wp-block-column-is-layout-flow\">\n<figure class=\"wp-block-image aligncenter size-full is-resized\"><img loading=\"lazy\" decoding=\"async\" width=\"358\" height=\"288\" src=\"https:\/\/blogvaleco.com\/la-ferriere-en-parthenay-pv\/wp-content\/uploads\/sites\/10\/2024\/07\/agriculture.png\" alt=\"\" class=\"wp-image-677\" style=\"width:110px\" srcset=\"https:\/\/blogvaleco.com\/la-ferriere-en-parthenay\/wp-content\/uploads\/sites\/96\/2024\/07\/agriculture.png 358w, https:\/\/blogvaleco.com\/la-ferriere-en-parthenay\/wp-content\/uploads\/sites\/96\/2024\/07\/agriculture-300x241.png 300w\" sizes=\"auto, (max-width: 358px) 100vw, 358px\" \/><\/figure>\n\n\n\n<p class=\"has-text-align-center\" style=\"text-transform:uppercase\">Experts agronomes<\/p>\n<\/div>\n<\/div>\n\n\n\n<div class=\"wp-block-columns is-layout-flex wp-container-core-columns-is-layout-28f84493 wp-block-columns-is-layout-flex\">\n<div class=\"wp-block-column is-layout-flow wp-block-column-is-layout-flow\">\n<figure class=\"wp-block-image aligncenter size-full is-resized\"><img loading=\"lazy\" decoding=\"async\" width=\"512\" height=\"512\" src=\"https:\/\/blogvaleco.com\/la-ferriere-en-parthenay-pv\/wp-content\/uploads\/sites\/10\/2024\/07\/BLEU_carte_localisation.png\" alt=\"\" class=\"wp-image-600\" style=\"width:90px\" srcset=\"https:\/\/blogvaleco.com\/la-ferriere-en-parthenay\/wp-content\/uploads\/sites\/96\/2024\/07\/BLEU_carte_localisation.png 512w, https:\/\/blogvaleco.com\/la-ferriere-en-parthenay\/wp-content\/uploads\/sites\/96\/2024\/07\/BLEU_carte_localisation-300x300.png 300w, https:\/\/blogvaleco.com\/la-ferriere-en-parthenay\/wp-content\/uploads\/sites\/96\/2024\/07\/BLEU_carte_localisation-150x150.png 150w\" sizes=\"auto, (max-width: 512px) 100vw, 512px\" \/><\/figure>\n\n\n\n<p class=\"has-text-align-center\" style=\"text-transform:uppercase\">R\u00e9f\u00e9rents en cartographie<\/p>\n<\/div>\n<\/div>\n\n\n\n<div class=\"wp-block-columns is-layout-flex wp-container-core-columns-is-layout-28f84493 wp-block-columns-is-layout-flex\">\n<div class=\"wp-block-column is-layout-flow wp-block-column-is-layout-flow\">\n<figure class=\"wp-block-image aligncenter size-full is-resized\"><img loading=\"lazy\" decoding=\"async\" width=\"583\" height=\"583\" src=\"https:\/\/blogvaleco.com\/la-ferriere-en-parthenay-pv\/wp-content\/uploads\/sites\/10\/2024\/07\/BLEU_production.png\" alt=\"\" class=\"wp-image-598\" style=\"width:90px;height:auto\" srcset=\"https:\/\/blogvaleco.com\/la-ferriere-en-parthenay\/wp-content\/uploads\/sites\/96\/2024\/07\/BLEU_production.png 583w, https:\/\/blogvaleco.com\/la-ferriere-en-parthenay\/wp-content\/uploads\/sites\/96\/2024\/07\/BLEU_production-300x300.png 300w, https:\/\/blogvaleco.com\/la-ferriere-en-parthenay\/wp-content\/uploads\/sites\/96\/2024\/07\/BLEU_production-150x150.png 150w\" sizes=\"auto, (max-width: 583px) 100vw, 583px\" \/><\/figure>\n\n\n\n<p class=\"has-text-align-center\" style=\"text-transform:uppercase\">Charg\u00e9s d&rsquo;exploitation et maintenance<\/p>\n<\/div>\n<\/div>\n<\/div>\n<\/div>\n\n\n\n<p><\/p>\n\n\n\n<div class=\"wp-block-group alignfull is-layout-constrained wp-block-group-is-layout-constrained has-background\" style=\"margin-top:0;padding-top:var(--wp--preset--spacing--70);padding-bottom:var(--wp--preset--spacing--70);background-image:url(&apos;https:\/\/blogvaleco.com\/la-ferriere-en-parthenay\/wp-content\/uploads\/sites\/96\/2024\/05\/DSC09815-2-scaled.jpg&apos;);background-position:46% 61%;background-size:cover;\">\n<div class=\"wp-block-query cta-actus is-layout-flow wp-block-query-is-layout-flow\"><ul class=\"columns-3 wp-block-post-template is-layout-grid wp-container-core-post-template-is-layout-6d3fbd8f wp-block-post-template-is-layout-grid\"><li class=\"wp-block-post post-982 post type-post status-publish format-standard hentry category-non-classe\">\n\n<div class=\"wp-block-group has-white-background-color has-background is-layout-constrained wp-container-core-group-is-layout-e0082cf6 wp-block-group-is-layout-constrained\" style=\"border-radius:20px\">\n<div class=\"wp-block-group is-nowrap is-layout-flex wp-container-core-group-is-layout-0e233f1e wp-block-group-is-layout-flex\">\n<figure class=\"wp-block-image size-large\"><img loading=\"lazy\" decoding=\"async\" width=\"12\" height=\"13\" src=\"https:\/\/blogvaleco.com\/la-ferriere-en-parthenay\/wp-content\/uploads\/sites\/96\/2024\/03\/icone-calendrier.svg\" alt=\"\" class=\"wp-image-122\"\/><\/figure>\n\n\n<div class=\"wp-block-post-date\"><time datetime=\"2025-10-30T12:25:05+01:00\">30 octobre 2025<\/time><\/div><\/div>\n\n\n<h2 style=\"font-size:18px;font-style:normal;font-weight:600;text-transform:none;\" class=\"wp-block-post-title\"><a href=\"https:\/\/blogvaleco.com\/la-ferriere-en-parthenay\/2025\/10\/30\/comite-de-pilotage-n2\/\" target=\"_self\" >Comit\u00e9 de pilotage n\u00b02<\/a><\/h2>\n\n<div class=\"wp-block-post-excerpt\"><p class=\"wp-block-post-excerpt__excerpt\">Un deuxi\u00e8me\u00a0comit\u00e9 de pilotage\u00a0pour le projet \u00e9olien de La Ferri\u00e8re-en-Parthenay\u2026 <\/p><\/div>\n\n\n<div class=\"wp-block-group is-nowrap is-layout-flex wp-container-core-group-is-layout-8a75d646 wp-block-group-is-layout-flex\" style=\"padding-top:var(--wp--preset--spacing--30)\">\n<figure class=\"wp-block-image size-large\"><img loading=\"lazy\" decoding=\"async\" width=\"5\" height=\"10\" src=\"https:\/\/blogvaleco.com\/la-ferriere-en-parthenay\/wp-content\/uploads\/sites\/96\/2024\/03\/icone-fleche.svg\" alt=\"\" class=\"wp-image-124\"\/><\/figure>\n\n\n<a style=\"color:#7c7c7c;\" class=\"wp-elements-373d403f744cf76ac8657d781181aaaf wp-block-read-more has-text-color\" href=\"https:\/\/blogvaleco.com\/la-ferriere-en-parthenay\/2025\/10\/30\/comite-de-pilotage-n2\/\" target=\"_self\">Lire la suite<span class=\"screen-reader-text\">\u00a0: Comit\u00e9 de pilotage n\u00b02<\/span><\/a><\/div>\n<\/div>\n\n<\/li><li class=\"wp-block-post post-962 post type-post status-publish format-standard hentry category-non-classe\">\n\n<div class=\"wp-block-group has-white-background-color has-background is-layout-constrained wp-container-core-group-is-layout-e0082cf6 wp-block-group-is-layout-constrained\" style=\"border-radius:20px\">\n<div class=\"wp-block-group is-nowrap is-layout-flex wp-container-core-group-is-layout-0e233f1e wp-block-group-is-layout-flex\">\n<figure class=\"wp-block-image size-large\"><img loading=\"lazy\" decoding=\"async\" width=\"12\" height=\"13\" src=\"https:\/\/blogvaleco.com\/la-ferriere-en-parthenay\/wp-content\/uploads\/sites\/96\/2024\/03\/icone-calendrier.svg\" alt=\"\" class=\"wp-image-122\"\/><\/figure>\n\n\n<div class=\"wp-block-post-date\"><time datetime=\"2025-10-01T17:10:58+02:00\">1 octobre 2025<\/time><\/div><\/div>\n\n\n<h2 style=\"font-size:18px;font-style:normal;font-weight:600;text-transform:none;\" class=\"wp-block-post-title\"><a href=\"https:\/\/blogvaleco.com\/la-ferriere-en-parthenay\/2025\/10\/01\/permanence-dinformation-n1\/\" target=\"_self\" >Permanence d&rsquo;information n\u00b01<\/a><\/h2>\n\n<div class=\"wp-block-post-excerpt\"><p class=\"wp-block-post-excerpt__excerpt\">Les 11 et 12 juin 2025 s&rsquo;est tenue la premi\u00e8re\u2026 <\/p><\/div>\n\n\n<div class=\"wp-block-group is-nowrap is-layout-flex wp-container-core-group-is-layout-8a75d646 wp-block-group-is-layout-flex\" style=\"padding-top:var(--wp--preset--spacing--30)\">\n<figure class=\"wp-block-image size-large\"><img loading=\"lazy\" decoding=\"async\" width=\"5\" height=\"10\" src=\"https:\/\/blogvaleco.com\/la-ferriere-en-parthenay\/wp-content\/uploads\/sites\/96\/2024\/03\/icone-fleche.svg\" alt=\"\" class=\"wp-image-124\"\/><\/figure>\n\n\n<a style=\"color:#7c7c7c;\" class=\"wp-elements-373d403f744cf76ac8657d781181aaaf wp-block-read-more has-text-color\" href=\"https:\/\/blogvaleco.com\/la-ferriere-en-parthenay\/2025\/10\/01\/permanence-dinformation-n1\/\" target=\"_self\">Lire la suite<span class=\"screen-reader-text\">\u00a0: Permanence d&rsquo;information n\u00b01<\/span><\/a><\/div>\n<\/div>\n\n<\/li><li class=\"wp-block-post post-960 post type-post status-publish format-standard hentry category-non-classe\">\n\n<div class=\"wp-block-group has-white-background-color has-background is-layout-constrained wp-container-core-group-is-layout-e0082cf6 wp-block-group-is-layout-constrained\" style=\"border-radius:20px\">\n<div class=\"wp-block-group is-nowrap is-layout-flex wp-container-core-group-is-layout-0e233f1e wp-block-group-is-layout-flex\">\n<figure class=\"wp-block-image size-large\"><img loading=\"lazy\" decoding=\"async\" width=\"12\" height=\"13\" src=\"https:\/\/blogvaleco.com\/la-ferriere-en-parthenay\/wp-content\/uploads\/sites\/96\/2024\/03\/icone-calendrier.svg\" alt=\"\" class=\"wp-image-122\"\/><\/figure>\n\n\n<div class=\"wp-block-post-date\"><time datetime=\"2025-10-01T16:25:40+02:00\">1 octobre 2025<\/time><\/div><\/div>\n\n\n<h2 style=\"font-size:18px;font-style:normal;font-weight:600;text-transform:none;\" class=\"wp-block-post-title\"><a href=\"https:\/\/blogvaleco.com\/la-ferriere-en-parthenay\/2025\/10\/01\/comite-de-pilotage-n1\/\" target=\"_self\" >Comit\u00e9 de pilotage n\u00b01<\/a><\/h2>\n\n<div class=\"wp-block-post-excerpt\"><p class=\"wp-block-post-excerpt__excerpt\">Un premier\u00a0comit\u00e9 de pilotage\u00a0pour le projet \u00e9olien de La Ferri\u00e8re-en-Parthenay\u2026 <\/p><\/div>\n\n\n<div class=\"wp-block-group is-nowrap is-layout-flex wp-container-core-group-is-layout-8a75d646 wp-block-group-is-layout-flex\" style=\"padding-top:var(--wp--preset--spacing--30)\">\n<figure class=\"wp-block-image size-large\"><img loading=\"lazy\" decoding=\"async\" width=\"5\" height=\"10\" src=\"https:\/\/blogvaleco.com\/la-ferriere-en-parthenay\/wp-content\/uploads\/sites\/96\/2024\/03\/icone-fleche.svg\" alt=\"\" class=\"wp-image-124\"\/><\/figure>\n\n\n<a style=\"color:#7c7c7c;\" class=\"wp-elements-373d403f744cf76ac8657d781181aaaf wp-block-read-more has-text-color\" href=\"https:\/\/blogvaleco.com\/la-ferriere-en-parthenay\/2025\/10\/01\/comite-de-pilotage-n1\/\" target=\"_self\">Lire la suite<span class=\"screen-reader-text\">\u00a0: Comit\u00e9 de pilotage n\u00b01<\/span><\/a><\/div>\n<\/div>\n\n<\/li><\/ul>\n\n<\/div>\n\n\n\n<div class=\"wp-block-buttons is-content-justification-center is-layout-flex wp-container-core-buttons-is-layout-a89b3969 wp-block-buttons-is-layout-flex\">\n<div class=\"wp-block-button\"><a class=\"wp-block-button__link has-secondary-background-color has-background wp-element-button\" href=\"https:\/\/blogvaleco.com\/la-ferriere-en-parthenay\/actualites\/\">Voir toutes les actus<\/a><\/div>\n<\/div>\n<\/div>\n\n\n\n<p><\/p>\n","protected":false},"excerpt":{"rendered":"<p>Chiffres cl\u00e9s du projet gen\u00e8se du projet Le projet du parc \u00e9olien de La Ferri\u00e8re-en-Parthenay se situe dans l\u2019Est du d\u00e9partement des Deux-S\u00e8vres, sur la commune de La Ferri\u00e8re-en-Parthenay. Prospect\u00e9 en 2024, il est entr\u00e9 en phase de d\u00e9veloppement en Janvier 2025. Actuellement toujours au d\u00e9but de cette phase, les \u00e9tudes des \u00e9tats initiaux ont [&hellip;]<\/p>\n","protected":false},"author":1,"featured_media":576,"parent":0,"menu_order":0,"comment_status":"closed","ping_status":"closed","template":"","meta":{"_acf_changed":false,"inline_featured_image":false,"footnotes":""},"class_list":["post-15","page","type-page","status-publish","has-post-thumbnail","hentry"],"acf":[],"_links":{"self":[{"href":"https:\/\/blogvaleco.com\/la-ferriere-en-parthenay\/wp-json\/wp\/v2\/pages\/15","targetHints":{"allow":["GET"]}}],"collection":[{"href":"https:\/\/blogvaleco.com\/la-ferriere-en-parthenay\/wp-json\/wp\/v2\/pages"}],"about":[{"href":"https:\/\/blogvaleco.com\/la-ferriere-en-parthenay\/wp-json\/wp\/v2\/types\/page"}],"author":[{"embeddable":true,"href":"https:\/\/blogvaleco.com\/la-ferriere-en-parthenay\/wp-json\/wp\/v2\/users\/1"}],"replies":[{"embeddable":true,"href":"https:\/\/blogvaleco.com\/la-ferriere-en-parthenay\/wp-json\/wp\/v2\/comments?post=15"}],"version-history":[{"count":101,"href":"https:\/\/blogvaleco.com\/la-ferriere-en-parthenay\/wp-json\/wp\/v2\/pages\/15\/revisions"}],"predecessor-version":[{"id":968,"href":"https:\/\/blogvaleco.com\/la-ferriere-en-parthenay\/wp-json\/wp\/v2\/pages\/15\/revisions\/968"}],"wp:featuredmedia":[{"embeddable":true,"href":"https:\/\/blogvaleco.com\/la-ferriere-en-parthenay\/wp-json\/wp\/v2\/media\/576"}],"wp:attachment":[{"href":"https:\/\/blogvaleco.com\/la-ferriere-en-parthenay\/wp-json\/wp\/v2\/media?parent=15"}],"curies":[{"name":"wp","href":"https:\/\/api.w.org\/{rel}","templated":true}]}}